{"id":794,"date":"2026-03-03T07:25:25","date_gmt":"2026-03-03T07:25:25","guid":{"rendered":"https:\/\/www.monteure-auf-zeit.de\/home\/?page_id=794"},"modified":"2026-03-12T08:21:12","modified_gmt":"2026-03-12T08:21:12","slug":"tiefkuehlpaneele","status":"publish","type":"page","link":"https:\/\/www.monteure-auf-zeit.de\/home\/leistungen\/kuehlraumpaneele-isolierbau\/tiefkuehlpaneele\/","title":{"rendered":"Tiefk\u00fchlpaneele"},"content":{"rendered":"<div id='av_section_1'  class='avia-section av-1pk9c2-f806048b4561a95160dc507138a63eb7 main_color avia-section-default avia-no-border-styling  avia-builder-el-0  el_before_av_section  avia-builder-el-first  avia-bg-style-scroll container_wrap sidebar_right'  ><div class='container av-section-cont-open' ><main  role=\"main\" itemprop=\"mainContentOfPage\"  class='template-page content  av-content-small alpha units'><div class='post-entry post-entry-type-page post-entry-794'><div class='entry-content-wrapper clearfix'>\n<div  class='flex_column av-1ky1je-6a120f969c425c9bc053e4bf9917e455 av_one_full  avia-builder-el-1  el_before_av_one_full  avia-builder-el-first  first flex_column_div  '     ><section  class='av_textblock_section av-mman7tih-a0c62b4c2bbbb82be4c2d7cb834eb776 '   itemscope=\"itemscope\" itemtype=\"https:\/\/schema.org\/CreativeWork\" ><div class='avia_textblock'  itemprop=\"text\" ><h1>Montage von Tiefk\u00fchlpaneelen im Industrie- und Hallenbau<\/h1>\n<p>Tiefk\u00fchlpaneele werden im Industrie- und Hallenbau eingesetzt, wenn dauerhaft sehr niedrige Temperaturen sicher und energieeffizient gehalten werden m\u00fcssen. Sie kommen insbesondere in Tiefk\u00fchllagern, K\u00fchlh\u00e4usern, Lebensmittelproduktionsst\u00e4tten sowie in Logistikzentren mit Tiefk\u00fchlbereichen zum Einsatz. Aufgrund der extremen Temperaturunterschiede zwischen Innen- und Au\u00dfenbereich sind h\u00f6chste Anforderungen an D\u00e4mmleistung, Dichtigkeit und Montagepr\u00e4zision gestellt.<\/p>\n<p>Unsere erfahrenen Monteure unterst\u00fctzen Bauunternehmen, Isolierbauunternehmen und Hallenbauer bei der fachgerechten Montage von Tiefk\u00fchlpaneelen. Die Arbeiten erfolgen strukturiert nach technischen Zeichnungen, Montagepl\u00e4nen und projektspezifischen Temperaturanforderungen. Bundesweit einsetzbar und bei Bedarf auch kurzfristig verf\u00fcgbar.<\/p>\n<\/div><\/section><\/div><div class='flex_column_table av-1fn3b6-9ad7f288ac0e5806d15f6f4c58c7bfec sc-av_one_full av-equal-height-column-flextable'><div  class='flex_column av-1fn3b6-9ad7f288ac0e5806d15f6f4c58c7bfec av_one_full  avia-builder-el-3  el_after_av_one_full  el_before_av_one_full  first flex_column_table_cell av-equal-height-column av-align-middle  column-top-margin'     ><section  class='av_textblock_section av-mman7yfn-48d9217906f842a1e5bbb3aa31a47b3b '   itemscope=\"itemscope\" itemtype=\"https:\/\/schema.org\/CreativeWork\" ><div class='avia_textblock'  itemprop=\"text\" ><h2>Besondere Anforderungen im Tiefk\u00fchlbereich<\/h2>\n<p>Tiefk\u00fchlpaneele verf\u00fcgen \u00fcber besonders starke D\u00e4mmkerne und spezielle Verbindungssysteme, um W\u00e4rmebr\u00fccken und Feuchtigkeitseintrag zuverl\u00e4ssig zu vermeiden. Bereits geringf\u00fcgige Montageabweichungen k\u00f6nnen zu Kondensatbildung, Eisbildung oder Energieverlusten f\u00fchren. Eine pr\u00e4zise Ausrichtung und dichte Verbindung der einzelnen Paneele ist daher entscheidend.<\/p>\n<p>Unsere Montageteams \u00fcbernehmen unter anderem:<\/p>\n<ul>\n<li>Montage von Tiefk\u00fchl-Wandpaneelen<\/li>\n<li>Montage von Tiefk\u00fchl-Deckenpaneelen<\/li>\n<li>Ausbildung luft- und dampfdichter Fugen<\/li>\n<li>Integration von Tiefk\u00fchlraumt\u00fcren und Schleusensystemen<\/li>\n<li>Umsetzung thermisch getrennter Anschlussdetails<\/li>\n<\/ul>\n<p>Die Arbeiten erfolgen unter konsequenter Beachtung der jeweiligen Systemvorgaben und projektspezifischen Anforderungen.<\/p>\n<h2><\/h2>\n<\/div><\/section><\/div><\/div><!--close column table wrapper. Autoclose: 1 --><div  class='flex_column av-yi5fm-00f6fa43a88b88f405d798b48a8c69fd av_one_full  avia-builder-el-5  el_after_av_one_full  avia-builder-el-last  first flex_column_div  column-top-margin'     ><section  class='av_textblock_section av-mman81dd-0bfb92ee74e281dcfebbd2fdfc02fde4 '   itemscope=\"itemscope\" itemtype=\"https:\/\/schema.org\/CreativeWork\" ><div class='avia_textblock'  itemprop=\"text\" ><h2>Vermeidung von W\u00e4rmebr\u00fccken und Kondensatbildung<\/h2>\n<p>Im Tiefk\u00fchlbau ist die Vermeidung von W\u00e4rmebr\u00fccken besonders wichtig. Fugen, Anschl\u00fcsse und \u00dcberg\u00e4nge m\u00fcssen exakt ausgef\u00fchrt werden, um das Eindringen warmer Luft zu verhindern. Unsere erfahrenen Monteure arbeiten sorgf\u00e4ltig bei der Ausbildung aller Sto\u00df- und Eckverbindungen sowie bei der Integration technischer Durchdringungen.<\/p>\n<p>Eine spannungsfreie Montage und die korrekte Positionierung der Paneele tragen ma\u00dfgeblich zur langfristigen Funktionsf\u00e4higkeit der gesamten Tiefk\u00fchlkonstruktion bei.<\/p>\n<h2>Einsatzbereiche im Tiefk\u00fchlbau<\/h2>\n<p>Unsere Montageteams f\u00fcr Tiefk\u00fchlpaneele unterst\u00fctzen Projekte in:<\/p>\n<ul>\n<li>Tiefk\u00fchllagern<\/li>\n<li>K\u00fchlh\u00e4usern mit Tiefk\u00fchlzonen<\/li>\n<li>Lebensmittelproduktionsst\u00e4tten<\/li>\n<li>Logistikzentren mit Tiefk\u00fchlbereichen<\/li>\n<li>Pharma-Produktionsanlagen mit kontrollierten Temperaturzonen<\/li>\n<\/ul>\n<p>Durch unsere Spezialisierung auf Industrie- und Hallenbau sind unsere Teams mit gro\u00dfvolumigen K\u00fchlprojekten und komplexen Bauabl\u00e4ufen vertraut.<\/p>\n<h2>Montage unter anspruchsvollen Baustellenbedingungen<\/h2>\n<p>Die Installation von Tiefk\u00fchlpaneelen erfolgt h\u00e4ufig unter engen terminlichen Vorgaben und in Abstimmung mit K\u00e4lteanlagenbauern sowie Haustechnikgewerken. Teilweise werden Montagearbeiten in temperierten Bauphasen oder im laufenden Betrieb durchgef\u00fchrt.<\/p>\n<p>Unsere erfahrenen Monteure arbeiten sicher, planorientiert und unter Einhaltung aller geltenden Sicherheits- und Baustellenvorgaben. Eine klare interne Abstimmung innerhalb des Montageteams sorgt f\u00fcr effiziente und strukturierte Abl\u00e4ufe.<\/p>\n<h2>Montageteams ab zwei erfahrenen Monteuren<\/h2>\n<p>Wir stellen eingespielte Montageteams mit mindestens zwei erfahrenen Monteuren zur Verf\u00fcgung. Je nach Projektumfang und Gr\u00f6\u00dfe der Tiefk\u00fchlbereiche k\u00f6nnen entsprechend gr\u00f6\u00dfere Teams eingesetzt werden.<\/p>\n<p>Diese Teamstruktur gew\u00e4hrleistet eine koordinierte Arbeitsweise, sichere Montage und eine zuverl\u00e4ssige Umsetzung auch bei technisch anspruchsvollen Tiefk\u00fchlprojekten.<\/p>\n<h2>Ihr Partner f\u00fcr Tiefk\u00fchlpaneel-Montage<\/h2>\n<p>Tiefk\u00fchlpaneele im Industrie- und Hallenbau erfordern h\u00f6chste Pr\u00e4zision, Erfahrung und eine strukturierte Arbeitsweise auf der Baustelle. Mit unseren spezialisierten Montageteams unterst\u00fctzen wir Ihr Projekt von der Unterkonstruktion bis zur fertig montierten Tiefk\u00fchlzelle \u2013 flexibel und bundesweit einsetzbar.<\/p>\n<p>Wir stellen qualifizierte und erfahrene Montageteams f\u00fcr Tiefk\u00fchlpaneel-Projekte im gesamten Bundesgebiet zur Verf\u00fcgung.<\/p>\n<\/div><\/section><\/div><\/div><\/div><\/main><!-- close content main element --><\/div><\/div>\n<style type=\"text\/css\" data-created_by=\"avia_inline_auto\" id=\"style-css-av-rylhu-98d08f9d51223834edc503ad7f5c4b41\">\n.avia-section.av-rylhu-98d08f9d51223834edc503ad7f5c4b41{\nposition:relative;\n}\n.avia-section.av-rylhu-98d08f9d51223834edc503ad7f5c4b41 .av-parallax .av-parallax-inner{\nbackground-repeat:no-repeat;\nbackground-image:url(https:\/\/www.monteure-auf-zeit.de\/home\/wp-content\/uploads\/2022\/03\/AdobeStock_43086186.jpeg);\nbackground-position:50% 50%;\nbackground-attachment:scroll;\n}\n.avia-section.av-rylhu-98d08f9d51223834edc503ad7f5c4b41 .av-section-color-overlay{\nopacity:0.5;\nbackground-color:#000000;\n}\n.avia-section.av-rylhu-98d08f9d51223834edc503ad7f5c4b41 .avia-divider-svg-top svg{\nheight:50px;\nwidth:calc(100% + 1.3px);\nfill:#ffffff;\n}\n<\/style>\n<div id='av_section_2'  class='avia-section av-rylhu-98d08f9d51223834edc503ad7f5c4b41 main_color avia-section-default avia-no-border-styling  avia-builder-el-7  el_after_av_section  avia-builder-el-last  avia-full-stretch av-parallax-section avia-bg-style-parallax av-section-color-overlay-active av-minimum-height av-minimum-height-50 av-height-50  container_wrap sidebar_right'  data-section-bg-repeat='stretch' data-av_minimum_height_pc='50' data-av_min_height_opt='50'><div class='avia-divider-svg avia-divider-svg-curve avia-divider-svg-top avia-to-front avia-svg-original'><svg xmlns=\"http:\/\/www.w3.org\/2000\/svg\" viewBox=\"0 0 1000 100\" preserveAspectRatio=\"none\">\n    <path d=\"M1000,4.3V0H0v4.3C0.9,23.1,126.7,99.2,500,100S1000,22.7,1000,4.3z\"\/>\n<\/svg><\/div><div class='av-parallax' data-avia-parallax-ratio='0.3' ><div class='av-parallax-inner main_color avia-full-stretch'><\/div><\/div><div class=\"av-section-color-overlay-wrap\"><div class=\"av-section-color-overlay\"><\/div><div class='container av-section-cont-open' ><div class='template-page content  av-content-small alpha units'><div class='post-entry post-entry-type-page post-entry-794'><div class='entry-content-wrapper clearfix'>\n\n<style type=\"text\/css\" data-created_by=\"avia_inline_auto\" id=\"style-css-av-lgvwy-e4a7c28a627240143d0121bc4df6fac0\">\n.flex_column.av-lgvwy-e4a7c28a627240143d0121bc4df6fac0{\nborder-radius:0px 0px 0px 0px;\npadding:0px 0px 0px 0px;\n}\n<\/style>\n<div  class='flex_column av-lgvwy-e4a7c28a627240143d0121bc4df6fac0 av_one_fifth  avia-builder-el-8  el_before_av_three_fifth  avia-builder-el-first  first flex_column_div av-zero-column-padding  '     ><\/div>\n<style type=\"text\/css\" data-created_by=\"avia_inline_auto\" id=\"style-css-av-cj97m-12c04bfabfedb2f3c3f4aac6dde3eb84\">\n.flex_column.av-cj97m-12c04bfabfedb2f3c3f4aac6dde3eb84{\nborder-radius:0px 0px 0px 0px;\npadding:0px 0px 0px 0px;\n}\n<\/style>\n<div  class='flex_column av-cj97m-12c04bfabfedb2f3c3f4aac6dde3eb84 av_three_fifth  avia-builder-el-9  el_after_av_one_fifth  avia-builder-el-last  flex_column_div av-zero-column-padding  '     ><div  class='avia-button-wrap avia-button-center  avia-builder-el-10  avia-builder-el-no-sibling '>\n<style type=\"text\/css\" data-created_by=\"avia_inline_auto\" id=\"style-css-av-6oisi-aec4f56cb0e9c77d07ba12ca8c7d4c68\">\n#top #wrap_all .avia-button.av-6oisi-aec4f56cb0e9c77d07ba12ca8c7d4c68{\ncolor:#ffffff;\ntransition:all 0.4s ease-in-out;\n}\n#top #wrap_all .avia-button.av-6oisi-aec4f56cb0e9c77d07ba12ca8c7d4c68:hover{\ncolor:#ffffff;\ntransition:all 0.4s ease-in-out;\n}\n<\/style>\n<a href='https:\/\/www.monteure-auf-zeit.de\/home\/kontakt\/' class='avia-color-theme-color avia-button avia-button-fullwidth av-6oisi-aec4f56cb0e9c77d07ba12ca8c7d4c68 avia-icon_select-yes-left-icon avia-color-theme-color'   aria-label=\"Hier geht\u2019s zum ersten Kontakt!\"><span class='avia_button_icon avia_button_icon_left' aria-hidden='true' data-av_icon='\ue80b' data-av_iconfont='entypo-fontello'><\/span><span class='avia_iconbox_title' >Hier geht\u2019s zum ersten Kontakt!<\/span><span class='avia_button_background avia-button avia-button-fullwidth avia-color-theme-color-highlight'><\/span><\/a><\/div><\/div>\n<\/div><\/div><\/div><!-- close content main div --><\/div><\/div><\/div><div id='after_section_2'  class='main_color av_default_container_wrap container_wrap sidebar_right'  ><div class='container av-section-cont-open' ><div class='template-page content  av-content-small alpha units'><div class='post-entry post-entry-type-page post-entry-794'><div class='entry-content-wrapper clearfix'><\/p>\n","protected":false},"excerpt":{"rendered":"","protected":false},"author":1,"featured_media":0,"parent":790,"menu_order":0,"comment_status":"closed","ping_status":"closed","template":"","meta":{"footnotes":""},"class_list":["post-794","page","type-page","status-publish","hentry"],"yoast_head":"<!-- This site is optimized with the Yoast SEO plugin v27.1.1 - https:\/\/yoast.com\/product\/yoast-seo-wordpress\/ -->\n<title>Tiefk\u00fchlpaneele | Erfahrene Monteure | kurzfristig einsatzbereit<\/title>\n<meta name=\"description\" content=\"Tiefk\u00fchlpaneele Montageteams f\u00fcr Metall-, Fassaden- und Paneelbau sowie K\u00fchlraumbau \u2013 \u2713erfahren \u2713pr\u00e4zise \u2713bundesweit kurzfristig einsatzbereit.\" \/>\n<meta name=\"robots\" content=\"index, follow, max-snippet:-1, max-image-preview:large, max-video-preview:-1\" \/>\n<link rel=\"canonical\" href=\"https:\/\/www.monteure-auf-zeit.de\/home\/leistungen\/kuehlraumpaneele-isolierbau\/tiefkuehlpaneele\/\" \/>\n<meta property=\"og:locale\" content=\"de_DE\" \/>\n<meta property=\"og:type\" content=\"article\" \/>\n<meta property=\"og:title\" content=\"Tiefk\u00fchlpaneele | Erfahrene Monteure | kurzfristig einsatzbereit\" \/>\n<meta property=\"og:description\" content=\"Tiefk\u00fchlpaneele Montageteams f\u00fcr Metall-, Fassaden- und Paneelbau sowie K\u00fchlraumbau \u2013 \u2713erfahren \u2713pr\u00e4zise \u2713bundesweit kurzfristig einsatzbereit.\" \/>\n<meta property=\"og:url\" content=\"https:\/\/www.monteure-auf-zeit.de\/home\/leistungen\/kuehlraumpaneele-isolierbau\/tiefkuehlpaneele\/\" \/>\n<meta property=\"og:site_name\" content=\"Pientka Monteure auf Zeit\" \/>\n<meta property=\"article:modified_time\" content=\"2026-03-12T08:21:12+00:00\" \/>\n<meta name=\"twitter:card\" content=\"summary_large_image\" \/>\n<meta name=\"twitter:label1\" content=\"Gesch\u00e4tzte Lesezeit\" \/>\n\t<meta name=\"twitter:data1\" content=\"16\u00a0Minuten\" \/>\n<script type=\"application\/ld+json\" class=\"yoast-schema-graph\">{\"@context\":\"https:\/\/schema.org\",\"@graph\":[{\"@type\":\"WebPage\",\"@id\":\"https:\/\/www.monteure-auf-zeit.de\/home\/leistungen\/kuehlraumpaneele-isolierbau\/tiefkuehlpaneele\/\",\"url\":\"https:\/\/www.monteure-auf-zeit.de\/home\/leistungen\/kuehlraumpaneele-isolierbau\/tiefkuehlpaneele\/\",\"name\":\"Tiefk\u00fchlpaneele | Erfahrene Monteure | kurzfristig einsatzbereit\",\"isPartOf\":{\"@id\":\"https:\/\/www.monteure-auf-zeit.de\/home\/#website\"},\"datePublished\":\"2026-03-03T07:25:25+00:00\",\"dateModified\":\"2026-03-12T08:21:12+00:00\",\"description\":\"Tiefk\u00fchlpaneele Montageteams f\u00fcr Metall-, Fassaden- und Paneelbau sowie K\u00fchlraumbau \u2013 \u2713erfahren \u2713pr\u00e4zise \u2713bundesweit kurzfristig einsatzbereit.\",\"breadcrumb\":{\"@id\":\"https:\/\/www.monteure-auf-zeit.de\/home\/leistungen\/kuehlraumpaneele-isolierbau\/tiefkuehlpaneele\/#breadcrumb\"},\"inLanguage\":\"de\",\"potentialAction\":[{\"@type\":\"ReadAction\",\"target\":[\"https:\/\/www.monteure-auf-zeit.de\/home\/leistungen\/kuehlraumpaneele-isolierbau\/tiefkuehlpaneele\/\"]}]},{\"@type\":\"BreadcrumbList\",\"@id\":\"https:\/\/www.monteure-auf-zeit.de\/home\/leistungen\/kuehlraumpaneele-isolierbau\/tiefkuehlpaneele\/#breadcrumb\",\"itemListElement\":[{\"@type\":\"ListItem\",\"position\":1,\"name\":\"Start\",\"item\":\"https:\/\/www.monteure-auf-zeit.de\/home\/home\/\"},{\"@type\":\"ListItem\",\"position\":2,\"name\":\"Leistungen\",\"item\":\"https:\/\/www.monteure-auf-zeit.de\/home\/leistungen\/\"},{\"@type\":\"ListItem\",\"position\":3,\"name\":\"K\u00fchlraumpaneele &#038; Isolierbau\",\"item\":\"https:\/\/www.monteure-auf-zeit.de\/home\/leistungen\/kuehlraumpaneele-isolierbau\/\"},{\"@type\":\"ListItem\",\"position\":4,\"name\":\"Tiefk\u00fchlpaneele\"}]},{\"@type\":\"WebSite\",\"@id\":\"https:\/\/www.monteure-auf-zeit.de\/home\/#website\",\"url\":\"https:\/\/www.monteure-auf-zeit.de\/home\/\",\"name\":\"Pientka Monteure auf Zeit\",\"description\":\"Erfahrene Monteure deutschlandweit kurzfristig einsatzbereit\",\"publisher\":{\"@id\":\"https:\/\/www.monteure-auf-zeit.de\/home\/#organization\"},\"potentialAction\":[{\"@type\":\"SearchAction\",\"target\":{\"@type\":\"EntryPoint\",\"urlTemplate\":\"https:\/\/www.monteure-auf-zeit.de\/home\/?s={search_term_string}\"},\"query-input\":{\"@type\":\"PropertyValueSpecification\",\"valueRequired\":true,\"valueName\":\"search_term_string\"}}],\"inLanguage\":\"de\"},{\"@type\":\"Organization\",\"@id\":\"https:\/\/www.monteure-auf-zeit.de\/home\/#organization\",\"name\":\"Pientka Monteure auf Zeit\",\"url\":\"https:\/\/www.monteure-auf-zeit.de\/home\/\",\"logo\":{\"@type\":\"ImageObject\",\"inLanguage\":\"de\",\"@id\":\"https:\/\/www.monteure-auf-zeit.de\/home\/#\/schema\/logo\/image\/\",\"url\":\"https:\/\/www.monteure-auf-zeit.de\/home\/wp-content\/uploads\/2022\/03\/logo_zeit_abstand.png\",\"contentUrl\":\"https:\/\/www.monteure-auf-zeit.de\/home\/wp-content\/uploads\/2022\/03\/logo_zeit_abstand.png\",\"width\":703,\"height\":674,\"caption\":\"Pientka Monteure auf Zeit\"},\"image\":{\"@id\":\"https:\/\/www.monteure-auf-zeit.de\/home\/#\/schema\/logo\/image\/\"}}]}<\/script>\n<!-- \/ Yoast SEO plugin. -->","yoast_head_json":{"title":"Tiefk\u00fchlpaneele | Erfahrene Monteure | kurzfristig einsatzbereit","description":"Tiefk\u00fchlpaneele Montageteams f\u00fcr Metall-, Fassaden- und Paneelbau sowie K\u00fchlraumbau \u2013 \u2713erfahren \u2713pr\u00e4zise \u2713bundesweit kurzfristig einsatzbereit.","robots":{"index":"index","follow":"follow","max-snippet":"max-snippet:-1","max-image-preview":"max-image-preview:large","max-video-preview":"max-video-preview:-1"},"canonical":"https:\/\/www.monteure-auf-zeit.de\/home\/leistungen\/kuehlraumpaneele-isolierbau\/tiefkuehlpaneele\/","og_locale":"de_DE","og_type":"article","og_title":"Tiefk\u00fchlpaneele | Erfahrene Monteure | kurzfristig einsatzbereit","og_description":"Tiefk\u00fchlpaneele Montageteams f\u00fcr Metall-, Fassaden- und Paneelbau sowie K\u00fchlraumbau \u2013 \u2713erfahren \u2713pr\u00e4zise \u2713bundesweit kurzfristig einsatzbereit.","og_url":"https:\/\/www.monteure-auf-zeit.de\/home\/leistungen\/kuehlraumpaneele-isolierbau\/tiefkuehlpaneele\/","og_site_name":"Pientka Monteure auf Zeit","article_modified_time":"2026-03-12T08:21:12+00:00","twitter_card":"summary_large_image","twitter_misc":{"Gesch\u00e4tzte Lesezeit":"16\u00a0Minuten"},"schema":{"@context":"https:\/\/schema.org","@graph":[{"@type":"WebPage","@id":"https:\/\/www.monteure-auf-zeit.de\/home\/leistungen\/kuehlraumpaneele-isolierbau\/tiefkuehlpaneele\/","url":"https:\/\/www.monteure-auf-zeit.de\/home\/leistungen\/kuehlraumpaneele-isolierbau\/tiefkuehlpaneele\/","name":"Tiefk\u00fchlpaneele | Erfahrene Monteure | kurzfristig einsatzbereit","isPartOf":{"@id":"https:\/\/www.monteure-auf-zeit.de\/home\/#website"},"datePublished":"2026-03-03T07:25:25+00:00","dateModified":"2026-03-12T08:21:12+00:00","description":"Tiefk\u00fchlpaneele Montageteams f\u00fcr Metall-, Fassaden- und Paneelbau sowie K\u00fchlraumbau \u2013 \u2713erfahren \u2713pr\u00e4zise \u2713bundesweit kurzfristig einsatzbereit.","breadcrumb":{"@id":"https:\/\/www.monteure-auf-zeit.de\/home\/leistungen\/kuehlraumpaneele-isolierbau\/tiefkuehlpaneele\/#breadcrumb"},"inLanguage":"de","potentialAction":[{"@type":"ReadAction","target":["https:\/\/www.monteure-auf-zeit.de\/home\/leistungen\/kuehlraumpaneele-isolierbau\/tiefkuehlpaneele\/"]}]},{"@type":"BreadcrumbList","@id":"https:\/\/www.monteure-auf-zeit.de\/home\/leistungen\/kuehlraumpaneele-isolierbau\/tiefkuehlpaneele\/#breadcrumb","itemListElement":[{"@type":"ListItem","position":1,"name":"Start","item":"https:\/\/www.monteure-auf-zeit.de\/home\/home\/"},{"@type":"ListItem","position":2,"name":"Leistungen","item":"https:\/\/www.monteure-auf-zeit.de\/home\/leistungen\/"},{"@type":"ListItem","position":3,"name":"K\u00fchlraumpaneele &#038; Isolierbau","item":"https:\/\/www.monteure-auf-zeit.de\/home\/leistungen\/kuehlraumpaneele-isolierbau\/"},{"@type":"ListItem","position":4,"name":"Tiefk\u00fchlpaneele"}]},{"@type":"WebSite","@id":"https:\/\/www.monteure-auf-zeit.de\/home\/#website","url":"https:\/\/www.monteure-auf-zeit.de\/home\/","name":"Pientka Monteure auf Zeit","description":"Erfahrene Monteure deutschlandweit kurzfristig einsatzbereit","publisher":{"@id":"https:\/\/www.monteure-auf-zeit.de\/home\/#organization"},"potentialAction":[{"@type":"SearchAction","target":{"@type":"EntryPoint","urlTemplate":"https:\/\/www.monteure-auf-zeit.de\/home\/?s={search_term_string}"},"query-input":{"@type":"PropertyValueSpecification","valueRequired":true,"valueName":"search_term_string"}}],"inLanguage":"de"},{"@type":"Organization","@id":"https:\/\/www.monteure-auf-zeit.de\/home\/#organization","name":"Pientka Monteure auf Zeit","url":"https:\/\/www.monteure-auf-zeit.de\/home\/","logo":{"@type":"ImageObject","inLanguage":"de","@id":"https:\/\/www.monteure-auf-zeit.de\/home\/#\/schema\/logo\/image\/","url":"https:\/\/www.monteure-auf-zeit.de\/home\/wp-content\/uploads\/2022\/03\/logo_zeit_abstand.png","contentUrl":"https:\/\/www.monteure-auf-zeit.de\/home\/wp-content\/uploads\/2022\/03\/logo_zeit_abstand.png","width":703,"height":674,"caption":"Pientka Monteure auf Zeit"},"image":{"@id":"https:\/\/www.monteure-auf-zeit.de\/home\/#\/schema\/logo\/image\/"}}]}},"_links":{"self":[{"href":"https:\/\/www.monteure-auf-zeit.de\/home\/wp-json\/wp\/v2\/pages\/794","targetHints":{"allow":["GET"]}}],"collection":[{"href":"https:\/\/www.monteure-auf-zeit.de\/home\/wp-json\/wp\/v2\/pages"}],"about":[{"href":"https:\/\/www.monteure-auf-zeit.de\/home\/wp-json\/wp\/v2\/types\/page"}],"author":[{"embeddable":true,"href":"https:\/\/www.monteure-auf-zeit.de\/home\/wp-json\/wp\/v2\/users\/1"}],"replies":[{"embeddable":true,"href":"https:\/\/www.monteure-auf-zeit.de\/home\/wp-json\/wp\/v2\/comments?post=794"}],"version-history":[{"count":3,"href":"https:\/\/www.monteure-auf-zeit.de\/home\/wp-json\/wp\/v2\/pages\/794\/revisions"}],"predecessor-version":[{"id":1186,"href":"https:\/\/www.monteure-auf-zeit.de\/home\/wp-json\/wp\/v2\/pages\/794\/revisions\/1186"}],"up":[{"embeddable":true,"href":"https:\/\/www.monteure-auf-zeit.de\/home\/wp-json\/wp\/v2\/pages\/790"}],"wp:attachment":[{"href":"https:\/\/www.monteure-auf-zeit.de\/home\/wp-json\/wp\/v2\/media?parent=794"}],"curies":[{"name":"wp","href":"https:\/\/api.w.org\/{rel}","templated":true}]}}