{"id":774,"date":"2026-03-03T07:22:38","date_gmt":"2026-03-03T07:22:38","guid":{"rendered":"https:\/\/www.monteure-auf-zeit.de\/home\/?page_id=774"},"modified":"2026-03-12T08:19:33","modified_gmt":"2026-03-12T08:19:33","slug":"brandschutzverglasungen","status":"publish","type":"page","link":"https:\/\/www.monteure-auf-zeit.de\/home\/leistungen\/industrieverglasung\/brandschutzverglasungen\/","title":{"rendered":"Brandschutzverglasungen"},"content":{"rendered":"<div id='av_section_1'  class='avia-section av-6181i-cdffd801d9e0c28dfe10888dbd0fe87a main_color avia-section-default avia-no-border-styling  avia-builder-el-0  el_before_av_section  avia-builder-el-first  avia-bg-style-scroll container_wrap sidebar_right'  ><div class='container av-section-cont-open' ><main  role=\"main\" itemprop=\"mainContentOfPage\"  class='template-page content  av-content-small alpha units'><div class='post-entry post-entry-type-page post-entry-774'><div class='entry-content-wrapper clearfix'>\n<div  class='flex_column av-1k4m3y-73bb99955af274a6036855f691505bd3 av_one_full  avia-builder-el-1  el_before_av_one_full  avia-builder-el-first  first flex_column_div  '     ><section  class='av_textblock_section av-mmam5831-8bd12145bc5c774bdf3b56a0b55dd883 '   itemscope=\"itemscope\" itemtype=\"https:\/\/schema.org\/CreativeWork\" ><div class='avia_textblock'  itemprop=\"text\" ><h1>Montage von Brandschutzverglasungen im Industrie- und Hallenbau<\/h1>\n<p>Brandschutzverglasungen spielen im Industrie- und Hallenbau eine zentrale Rolle, wenn es um den vorbeugenden baulichen Brandschutz geht. Sie dienen dazu, Brandabschnitte zu trennen, Flucht- und Rettungswege zu sichern sowie die Ausbreitung von Feuer und Rauch innerhalb eines Geb\u00e4udes zu begrenzen. Insbesondere in Produktionshallen, Logistikzentren und Technikgeb\u00e4uden m\u00fcssen Verglasungssysteme neben Transparenz und Lichtdurchl\u00e4ssigkeit auch definierte Feuerwiderstandsklassen erf\u00fcllen.<\/p>\n<p>Unsere erfahrenen Monteure unterst\u00fctzen Bauunternehmen, Fassadenbauer und Metallbauunternehmen bei der fachgerechten Montage von Brandschutzverglasungen im Industrie- und Hallenbau. Die Umsetzung erfolgt nach technischen Vorgaben, Zulassungen der jeweiligen Systeme sowie projektspezifischen Anforderungen. Bundesweit einsetzbar und bei Bedarf auch kurzfristig verf\u00fcgbar.<\/p>\n<\/div><\/section><\/div><div class='flex_column_table av-1dmin2-bba940f4931bd45fb9dc681aab488084 sc-av_one_full av-equal-height-column-flextable'><div  class='flex_column av-1dmin2-bba940f4931bd45fb9dc681aab488084 av_one_full  avia-builder-el-3  el_after_av_one_full  el_before_av_one_full  first flex_column_table_cell av-equal-height-column av-align-middle  column-top-margin'     ><section  class='av_textblock_section av-mmam5exy-f4cc0870cb666b705020770184c1a237 '   itemscope=\"itemscope\" itemtype=\"https:\/\/schema.org\/CreativeWork\" ><div class='avia_textblock'  itemprop=\"text\" ><h2>Systemgebundene Montage nach technischen Vorgaben<\/h2>\n<p>Brandschutzverglasungen sind in der Regel systemgebundene Konstruktionen, bei denen Rahmenprofile, Dichtungen, Befestigungselemente und Gl\u00e4ser exakt aufeinander abgestimmt sind. Die Einhaltung der jeweiligen Systemrichtlinien ist entscheidend, um die geforderte Feuerwiderstandsdauer zu gew\u00e4hrleisten.<\/p>\n<p>Unsere Montageteams \u00fcbernehmen unter anderem:<\/p>\n<ul>\n<li>Montage von Brandschutzrahmen aus Stahl oder Aluminium<\/li>\n<li>Einsetzen von Brandschutzgl\u00e4sern gem\u00e4\u00df Systemzulassung<\/li>\n<li>Ausbildung von Anschluss- und \u00dcbergangsdetails<\/li>\n<li>Integration in bestehende Fassaden- oder Wandkonstruktionen<\/li>\n<li>Umsetzung projektspezifischer Brandschutzanforderungen<\/li>\n<\/ul>\n<p>Die pr\u00e4zise Ausf\u00fchrung aller Anschlussbereiche ist von besonderer Bedeutung, da bereits geringf\u00fcgige Abweichungen die Wirksamkeit der Brandschutzkonstruktion beeintr\u00e4chtigen k\u00f6nnen.<\/p>\n<h2><\/h2>\n<\/div><\/section><\/div><\/div><!--close column table wrapper. Autoclose: 1 --><div  class='flex_column av-xixo6-1c9b63517c95c17d220a68d0c442ca3f av_one_full  avia-builder-el-5  el_after_av_one_full  avia-builder-el-last  first flex_column_div  column-top-margin'     ><section  class='av_textblock_section av-mmam5ig6-e11c2462c39a82b8a8f4ce592c3a4bc6 '   itemscope=\"itemscope\" itemtype=\"https:\/\/schema.org\/CreativeWork\" ><div class='avia_textblock'  itemprop=\"text\" ><h2>Brandschutzverglasungen im Industriebau<\/h2>\n<p>Im Industrie- und Hallenbau werden Brandschutzverglasungen h\u00e4ufig in Bereichen eingesetzt, in denen transparente Trennungen erforderlich sind, ohne dabei die brandschutztechnische Sicherheit zu reduzieren. Typische Einsatzbereiche sind interne Verwaltungszonen innerhalb von Produktionsanlagen, \u00dcberg\u00e4nge zwischen Hallenbereichen oder verglaste Flucht- und Rettungswege.<\/p>\n<p>Unsere erfahrenen Monteure sind mit den Anforderungen gro\u00dfvolumiger Industriegeb\u00e4ude vertraut und setzen die Montage strukturiert unter Ber\u00fccksichtigung der jeweiligen Brandschutzkonzepte um. Dabei erfolgt die enge Abstimmung mit Bauleitung und angrenzenden Gewerken.<\/p>\n<h2>Integration in Pfosten-Riegel- und Elementfassaden<\/h2>\n<p>Brandschutzverglasungen werden im Industrie- und Hallenbau h\u00e4ufig in bestehende Fassadensysteme integriert, beispielsweise in Pfosten-Riegel-Konstruktionen oder Elementfassaden. Die Kombination unterschiedlicher Fassadenelemente erfordert eine sorgf\u00e4ltige Planung und pr\u00e4zise Ausf\u00fchrung.<\/p>\n<p>Unsere Montageteams unterst\u00fctzen bei der fachgerechten Integration von Brandschutzfeldern in bestehende Fassadenstrukturen und achten dabei auf eine korrekte Ausbildung der Anschlussdetails sowie auf die Einhaltung aller systemrelevanten Vorgaben.<\/p>\n<h2>Arbeiten unter industriellen Rahmenbedingungen<\/h2>\n<p>Die Montage von Brandschutzverglasungen erfolgt h\u00e4ufig unter anspruchsvollen Baustellenbedingungen, beispielsweise in gro\u00dfen Hallen mit laufendem Betrieb oder unter Einsatz von Hebe- und Montagetechnik. Unsere erfahrenen Monteure arbeiten sicher, planorientiert und unter Einhaltung aller geltenden Sicherheits- und Baustellenvorgaben.<\/p>\n<p>Eine strukturierte Arbeitsweise sowie eine klare interne Abstimmung innerhalb des Montageteams sind entscheidend f\u00fcr eine zuverl\u00e4ssige Umsetzung \u2013 insbesondere bei zeitkritischen Bauabschnitten.<\/p>\n<h2>Montageteams ab zwei erfahrenen Monteuren<\/h2>\n<p>Wir stellen eingespielte Montageteams mit mindestens zwei erfahrenen Monteuren zur Verf\u00fcgung. Je nach Projektumfang und Komplexit\u00e4t der Brandschutzanforderungen k\u00f6nnen entsprechend gr\u00f6\u00dfere Teams eingesetzt werden.<\/p>\n<p>Diese Teamstruktur gew\u00e4hrleistet eine koordinierte Arbeitsweise, sichere Montageabl\u00e4ufe und eine zuverl\u00e4ssige Umsetzung auch bei technisch anspruchsvollen Brandschutzverglasungen im Industrie- und Hallenbau.<\/p>\n<h2>Ihr Partner f\u00fcr Brandschutzverglasungen im Industriebau<\/h2>\n<p>Brandschutzverglasungen im Industrie- und Hallenbau erfordern pr\u00e4zise Umsetzung, systemkonforme Montage und erfahrene Monteure auf der Baustelle. Mit unseren spezialisierten Montageteams unterst\u00fctzen wir Ihr Projekt bei der fachgerechten Integration brandschutztechnischer Verglasungssysteme.<\/p>\n<p>Wir stellen qualifizierte und erfahrene Montageteams f\u00fcr Brandschutzverglasungen im gesamten Bundesgebiet zur Verf\u00fcgung.<\/p>\n<\/div><\/section><\/div><\/div><\/div><\/main><!-- close content main element --><\/div><\/div>\n<style type=\"text\/css\" data-created_by=\"avia_inline_auto\" id=\"style-css-av-pm5cu-133ccc1a5c995fca8dfa13f9135065fa\">\n.avia-section.av-pm5cu-133ccc1a5c995fca8dfa13f9135065fa{\nposition:relative;\n}\n.avia-section.av-pm5cu-133ccc1a5c995fca8dfa13f9135065fa .av-parallax .av-parallax-inner{\nbackground-repeat:no-repeat;\nbackground-image:url(https:\/\/www.monteure-auf-zeit.de\/home\/wp-content\/uploads\/2022\/03\/AdobeStock_43086186.jpeg);\nbackground-position:50% 50%;\nbackground-attachment:scroll;\n}\n.avia-section.av-pm5cu-133ccc1a5c995fca8dfa13f9135065fa .av-section-color-overlay{\nopacity:0.5;\nbackground-color:#000000;\n}\n.avia-section.av-pm5cu-133ccc1a5c995fca8dfa13f9135065fa .avia-divider-svg-top svg{\nheight:50px;\nwidth:calc(100% + 1.3px);\nfill:#ffffff;\n}\n<\/style>\n<div id='av_section_2'  class='avia-section av-pm5cu-133ccc1a5c995fca8dfa13f9135065fa main_color avia-section-default avia-no-border-styling  avia-builder-el-7  el_after_av_section  avia-builder-el-last  avia-full-stretch av-parallax-section avia-bg-style-parallax av-section-color-overlay-active av-minimum-height av-minimum-height-50 av-height-50  container_wrap sidebar_right'  data-section-bg-repeat='stretch' data-av_minimum_height_pc='50' data-av_min_height_opt='50'><div class='avia-divider-svg avia-divider-svg-curve avia-divider-svg-top avia-to-front avia-svg-original'><svg xmlns=\"http:\/\/www.w3.org\/2000\/svg\" viewBox=\"0 0 1000 100\" preserveAspectRatio=\"none\">\n    <path d=\"M1000,4.3V0H0v4.3C0.9,23.1,126.7,99.2,500,100S1000,22.7,1000,4.3z\"\/>\n<\/svg><\/div><div class='av-parallax' data-avia-parallax-ratio='0.3' ><div class='av-parallax-inner main_color avia-full-stretch'><\/div><\/div><div class=\"av-section-color-overlay-wrap\"><div class=\"av-section-color-overlay\"><\/div><div class='container av-section-cont-open' ><div class='template-page content  av-content-small alpha units'><div class='post-entry post-entry-type-page post-entry-774'><div class='entry-content-wrapper clearfix'>\n\n<style type=\"text\/css\" data-created_by=\"avia_inline_auto\" id=\"style-css-av-ngo06-b0cd977b1a677177f304b80a76e4424b\">\n.flex_column.av-ngo06-b0cd977b1a677177f304b80a76e4424b{\nborder-radius:0px 0px 0px 0px;\npadding:0px 0px 0px 0px;\n}\n<\/style>\n<div  class='flex_column av-ngo06-b0cd977b1a677177f304b80a76e4424b av_one_fifth  avia-builder-el-8  el_before_av_three_fifth  avia-builder-el-first  first flex_column_div av-zero-column-padding  '     ><\/div>\n<style type=\"text\/css\" data-created_by=\"avia_inline_auto\" id=\"style-css-av-djwn2-6f0e8c61edeb70cd3e303e098d294b88\">\n.flex_column.av-djwn2-6f0e8c61edeb70cd3e303e098d294b88{\nborder-radius:0px 0px 0px 0px;\npadding:0px 0px 0px 0px;\n}\n<\/style>\n<div  class='flex_column av-djwn2-6f0e8c61edeb70cd3e303e098d294b88 av_three_fifth  avia-builder-el-9  el_after_av_one_fifth  avia-builder-el-last  flex_column_div av-zero-column-padding  '     ><div  class='avia-button-wrap avia-button-center  avia-builder-el-10  avia-builder-el-no-sibling '>\n<style type=\"text\/css\" data-created_by=\"avia_inline_auto\" id=\"style-css-av-7hqh2-2e2e45c28128817bed8f539b1362342d\">\n#top #wrap_all .avia-button.av-7hqh2-2e2e45c28128817bed8f539b1362342d{\ncolor:#ffffff;\ntransition:all 0.4s ease-in-out;\n}\n#top #wrap_all .avia-button.av-7hqh2-2e2e45c28128817bed8f539b1362342d:hover{\ncolor:#ffffff;\ntransition:all 0.4s ease-in-out;\n}\n<\/style>\n<a href='https:\/\/www.monteure-auf-zeit.de\/home\/kontakt\/' class='avia-color-theme-color avia-button avia-button-fullwidth av-7hqh2-2e2e45c28128817bed8f539b1362342d avia-icon_select-yes-left-icon avia-color-theme-color'   aria-label=\"Hier geht\u2019s zum ersten Kontakt!\"><span class='avia_button_icon avia_button_icon_left' aria-hidden='true' data-av_icon='\ue80b' data-av_iconfont='entypo-fontello'><\/span><span class='avia_iconbox_title' >Hier geht\u2019s zum ersten Kontakt!<\/span><span class='avia_button_background avia-button avia-button-fullwidth avia-color-theme-color-highlight'><\/span><\/a><\/div><\/div>\n<\/div><\/div><\/div><!-- close content main div --><\/div><\/div><\/div><div id='after_section_2'  class='main_color av_default_container_wrap container_wrap sidebar_right'  ><div class='container av-section-cont-open' ><div class='template-page content  av-content-small alpha units'><div class='post-entry post-entry-type-page post-entry-774'><div class='entry-content-wrapper clearfix'><\/p>\n","protected":false},"excerpt":{"rendered":"","protected":false},"author":1,"featured_media":0,"parent":764,"menu_order":0,"comment_status":"closed","ping_status":"closed","template":"","meta":{"footnotes":""},"class_list":["post-774","page","type-page","status-publish","hentry"],"yoast_head":"<!-- This site is optimized with the Yoast SEO plugin v27.1.1 - https:\/\/yoast.com\/product\/yoast-seo-wordpress\/ -->\n<title>Brandschutzverglasungen | Erfahrene Monteure | kurzfristig einsatzbereit<\/title>\n<meta name=\"description\" content=\"Brandschutzverglasungen Montageteams f\u00fcr Metall-, Fassaden- und Paneelbau sowie K\u00fchlraumbau \u2013 \u2713erfahren \u2713pr\u00e4zise \u2713bundesweit kurzfristig einsatzbereit.\" \/>\n<meta name=\"robots\" content=\"index, follow, max-snippet:-1, max-image-preview:large, max-video-preview:-1\" \/>\n<link rel=\"canonical\" href=\"https:\/\/www.monteure-auf-zeit.de\/home\/leistungen\/industrieverglasung\/brandschutzverglasungen\/\" \/>\n<meta property=\"og:locale\" content=\"de_DE\" \/>\n<meta property=\"og:type\" content=\"article\" \/>\n<meta property=\"og:title\" content=\"Brandschutzverglasungen | Erfahrene Monteure | kurzfristig einsatzbereit\" \/>\n<meta property=\"og:description\" content=\"Brandschutzverglasungen Montageteams f\u00fcr Metall-, Fassaden- und Paneelbau sowie K\u00fchlraumbau \u2013 \u2713erfahren \u2713pr\u00e4zise \u2713bundesweit kurzfristig einsatzbereit.\" \/>\n<meta property=\"og:url\" content=\"https:\/\/www.monteure-auf-zeit.de\/home\/leistungen\/industrieverglasung\/brandschutzverglasungen\/\" \/>\n<meta property=\"og:site_name\" content=\"Pientka Monteure auf Zeit\" \/>\n<meta property=\"article:modified_time\" content=\"2026-03-12T08:19:33+00:00\" \/>\n<meta name=\"twitter:card\" content=\"summary_large_image\" \/>\n<meta name=\"twitter:label1\" content=\"Gesch\u00e4tzte Lesezeit\" \/>\n\t<meta name=\"twitter:data1\" content=\"16\u00a0Minuten\" \/>\n<script type=\"application\/ld+json\" class=\"yoast-schema-graph\">{\"@context\":\"https:\/\/schema.org\",\"@graph\":[{\"@type\":\"WebPage\",\"@id\":\"https:\/\/www.monteure-auf-zeit.de\/home\/leistungen\/industrieverglasung\/brandschutzverglasungen\/\",\"url\":\"https:\/\/www.monteure-auf-zeit.de\/home\/leistungen\/industrieverglasung\/brandschutzverglasungen\/\",\"name\":\"Brandschutzverglasungen | Erfahrene Monteure | kurzfristig einsatzbereit\",\"isPartOf\":{\"@id\":\"https:\/\/www.monteure-auf-zeit.de\/home\/#website\"},\"datePublished\":\"2026-03-03T07:22:38+00:00\",\"dateModified\":\"2026-03-12T08:19:33+00:00\",\"description\":\"Brandschutzverglasungen Montageteams f\u00fcr Metall-, Fassaden- und Paneelbau sowie K\u00fchlraumbau \u2013 \u2713erfahren \u2713pr\u00e4zise \u2713bundesweit kurzfristig einsatzbereit.\",\"breadcrumb\":{\"@id\":\"https:\/\/www.monteure-auf-zeit.de\/home\/leistungen\/industrieverglasung\/brandschutzverglasungen\/#breadcrumb\"},\"inLanguage\":\"de\",\"potentialAction\":[{\"@type\":\"ReadAction\",\"target\":[\"https:\/\/www.monteure-auf-zeit.de\/home\/leistungen\/industrieverglasung\/brandschutzverglasungen\/\"]}]},{\"@type\":\"BreadcrumbList\",\"@id\":\"https:\/\/www.monteure-auf-zeit.de\/home\/leistungen\/industrieverglasung\/brandschutzverglasungen\/#breadcrumb\",\"itemListElement\":[{\"@type\":\"ListItem\",\"position\":1,\"name\":\"Start\",\"item\":\"https:\/\/www.monteure-auf-zeit.de\/home\/home\/\"},{\"@type\":\"ListItem\",\"position\":2,\"name\":\"Leistungen\",\"item\":\"https:\/\/www.monteure-auf-zeit.de\/home\/leistungen\/\"},{\"@type\":\"ListItem\",\"position\":3,\"name\":\"Industrieverglasung\",\"item\":\"https:\/\/www.monteure-auf-zeit.de\/home\/leistungen\/industrieverglasung\/\"},{\"@type\":\"ListItem\",\"position\":4,\"name\":\"Brandschutzverglasungen\"}]},{\"@type\":\"WebSite\",\"@id\":\"https:\/\/www.monteure-auf-zeit.de\/home\/#website\",\"url\":\"https:\/\/www.monteure-auf-zeit.de\/home\/\",\"name\":\"Pientka Monteure auf Zeit\",\"description\":\"Erfahrene Monteure deutschlandweit kurzfristig einsatzbereit\",\"publisher\":{\"@id\":\"https:\/\/www.monteure-auf-zeit.de\/home\/#organization\"},\"potentialAction\":[{\"@type\":\"SearchAction\",\"target\":{\"@type\":\"EntryPoint\",\"urlTemplate\":\"https:\/\/www.monteure-auf-zeit.de\/home\/?s={search_term_string}\"},\"query-input\":{\"@type\":\"PropertyValueSpecification\",\"valueRequired\":true,\"valueName\":\"search_term_string\"}}],\"inLanguage\":\"de\"},{\"@type\":\"Organization\",\"@id\":\"https:\/\/www.monteure-auf-zeit.de\/home\/#organization\",\"name\":\"Pientka Monteure auf Zeit\",\"url\":\"https:\/\/www.monteure-auf-zeit.de\/home\/\",\"logo\":{\"@type\":\"ImageObject\",\"inLanguage\":\"de\",\"@id\":\"https:\/\/www.monteure-auf-zeit.de\/home\/#\/schema\/logo\/image\/\",\"url\":\"https:\/\/www.monteure-auf-zeit.de\/home\/wp-content\/uploads\/2022\/03\/logo_zeit_abstand.png\",\"contentUrl\":\"https:\/\/www.monteure-auf-zeit.de\/home\/wp-content\/uploads\/2022\/03\/logo_zeit_abstand.png\",\"width\":703,\"height\":674,\"caption\":\"Pientka Monteure auf Zeit\"},\"image\":{\"@id\":\"https:\/\/www.monteure-auf-zeit.de\/home\/#\/schema\/logo\/image\/\"}}]}<\/script>\n<!-- \/ Yoast SEO plugin. -->","yoast_head_json":{"title":"Brandschutzverglasungen | Erfahrene Monteure | kurzfristig einsatzbereit","description":"Brandschutzverglasungen Montageteams f\u00fcr Metall-, Fassaden- und Paneelbau sowie K\u00fchlraumbau \u2013 \u2713erfahren \u2713pr\u00e4zise \u2713bundesweit kurzfristig einsatzbereit.","robots":{"index":"index","follow":"follow","max-snippet":"max-snippet:-1","max-image-preview":"max-image-preview:large","max-video-preview":"max-video-preview:-1"},"canonical":"https:\/\/www.monteure-auf-zeit.de\/home\/leistungen\/industrieverglasung\/brandschutzverglasungen\/","og_locale":"de_DE","og_type":"article","og_title":"Brandschutzverglasungen | Erfahrene Monteure | kurzfristig einsatzbereit","og_description":"Brandschutzverglasungen Montageteams f\u00fcr Metall-, Fassaden- und Paneelbau sowie K\u00fchlraumbau \u2013 \u2713erfahren \u2713pr\u00e4zise \u2713bundesweit kurzfristig einsatzbereit.","og_url":"https:\/\/www.monteure-auf-zeit.de\/home\/leistungen\/industrieverglasung\/brandschutzverglasungen\/","og_site_name":"Pientka Monteure auf Zeit","article_modified_time":"2026-03-12T08:19:33+00:00","twitter_card":"summary_large_image","twitter_misc":{"Gesch\u00e4tzte Lesezeit":"16\u00a0Minuten"},"schema":{"@context":"https:\/\/schema.org","@graph":[{"@type":"WebPage","@id":"https:\/\/www.monteure-auf-zeit.de\/home\/leistungen\/industrieverglasung\/brandschutzverglasungen\/","url":"https:\/\/www.monteure-auf-zeit.de\/home\/leistungen\/industrieverglasung\/brandschutzverglasungen\/","name":"Brandschutzverglasungen | Erfahrene Monteure | kurzfristig einsatzbereit","isPartOf":{"@id":"https:\/\/www.monteure-auf-zeit.de\/home\/#website"},"datePublished":"2026-03-03T07:22:38+00:00","dateModified":"2026-03-12T08:19:33+00:00","description":"Brandschutzverglasungen Montageteams f\u00fcr Metall-, Fassaden- und Paneelbau sowie K\u00fchlraumbau \u2013 \u2713erfahren \u2713pr\u00e4zise \u2713bundesweit kurzfristig einsatzbereit.","breadcrumb":{"@id":"https:\/\/www.monteure-auf-zeit.de\/home\/leistungen\/industrieverglasung\/brandschutzverglasungen\/#breadcrumb"},"inLanguage":"de","potentialAction":[{"@type":"ReadAction","target":["https:\/\/www.monteure-auf-zeit.de\/home\/leistungen\/industrieverglasung\/brandschutzverglasungen\/"]}]},{"@type":"BreadcrumbList","@id":"https:\/\/www.monteure-auf-zeit.de\/home\/leistungen\/industrieverglasung\/brandschutzverglasungen\/#breadcrumb","itemListElement":[{"@type":"ListItem","position":1,"name":"Start","item":"https:\/\/www.monteure-auf-zeit.de\/home\/home\/"},{"@type":"ListItem","position":2,"name":"Leistungen","item":"https:\/\/www.monteure-auf-zeit.de\/home\/leistungen\/"},{"@type":"ListItem","position":3,"name":"Industrieverglasung","item":"https:\/\/www.monteure-auf-zeit.de\/home\/leistungen\/industrieverglasung\/"},{"@type":"ListItem","position":4,"name":"Brandschutzverglasungen"}]},{"@type":"WebSite","@id":"https:\/\/www.monteure-auf-zeit.de\/home\/#website","url":"https:\/\/www.monteure-auf-zeit.de\/home\/","name":"Pientka Monteure auf Zeit","description":"Erfahrene Monteure deutschlandweit kurzfristig einsatzbereit","publisher":{"@id":"https:\/\/www.monteure-auf-zeit.de\/home\/#organization"},"potentialAction":[{"@type":"SearchAction","target":{"@type":"EntryPoint","urlTemplate":"https:\/\/www.monteure-auf-zeit.de\/home\/?s={search_term_string}"},"query-input":{"@type":"PropertyValueSpecification","valueRequired":true,"valueName":"search_term_string"}}],"inLanguage":"de"},{"@type":"Organization","@id":"https:\/\/www.monteure-auf-zeit.de\/home\/#organization","name":"Pientka Monteure auf Zeit","url":"https:\/\/www.monteure-auf-zeit.de\/home\/","logo":{"@type":"ImageObject","inLanguage":"de","@id":"https:\/\/www.monteure-auf-zeit.de\/home\/#\/schema\/logo\/image\/","url":"https:\/\/www.monteure-auf-zeit.de\/home\/wp-content\/uploads\/2022\/03\/logo_zeit_abstand.png","contentUrl":"https:\/\/www.monteure-auf-zeit.de\/home\/wp-content\/uploads\/2022\/03\/logo_zeit_abstand.png","width":703,"height":674,"caption":"Pientka Monteure auf Zeit"},"image":{"@id":"https:\/\/www.monteure-auf-zeit.de\/home\/#\/schema\/logo\/image\/"}}]}},"_links":{"self":[{"href":"https:\/\/www.monteure-auf-zeit.de\/home\/wp-json\/wp\/v2\/pages\/774","targetHints":{"allow":["GET"]}}],"collection":[{"href":"https:\/\/www.monteure-auf-zeit.de\/home\/wp-json\/wp\/v2\/pages"}],"about":[{"href":"https:\/\/www.monteure-auf-zeit.de\/home\/wp-json\/wp\/v2\/types\/page"}],"author":[{"embeddable":true,"href":"https:\/\/www.monteure-auf-zeit.de\/home\/wp-json\/wp\/v2\/users\/1"}],"replies":[{"embeddable":true,"href":"https:\/\/www.monteure-auf-zeit.de\/home\/wp-json\/wp\/v2\/comments?post=774"}],"version-history":[{"count":3,"href":"https:\/\/www.monteure-auf-zeit.de\/home\/wp-json\/wp\/v2\/pages\/774\/revisions"}],"predecessor-version":[{"id":1178,"href":"https:\/\/www.monteure-auf-zeit.de\/home\/wp-json\/wp\/v2\/pages\/774\/revisions\/1178"}],"up":[{"embeddable":true,"href":"https:\/\/www.monteure-auf-zeit.de\/home\/wp-json\/wp\/v2\/pages\/764"}],"wp:attachment":[{"href":"https:\/\/www.monteure-auf-zeit.de\/home\/wp-json\/wp\/v2\/media?parent=774"}],"curies":[{"name":"wp","href":"https:\/\/api.w.org\/{rel}","templated":true}]}}