{"id":768,"date":"2026-03-03T07:21:21","date_gmt":"2026-03-03T07:21:21","guid":{"rendered":"https:\/\/www.monteure-auf-zeit.de\/home\/?page_id=768"},"modified":"2026-03-12T08:18:56","modified_gmt":"2026-03-12T08:18:56","slug":"elementfassaden","status":"publish","type":"page","link":"https:\/\/www.monteure-auf-zeit.de\/home\/leistungen\/industrieverglasung\/elementfassaden\/","title":{"rendered":"Elementfassaden"},"content":{"rendered":"<div id='av_section_1'  class='avia-section av-1t4hts-9549c5547a518ade3a37feafe3cf98c3 main_color avia-section-default avia-no-border-styling  avia-builder-el-0  el_before_av_section  avia-builder-el-first  avia-bg-style-scroll container_wrap sidebar_right'  ><div class='container av-section-cont-open' ><main  role=\"main\" itemprop=\"mainContentOfPage\"  class='template-page content  av-content-small alpha units'><div class='post-entry post-entry-type-page post-entry-768'><div class='entry-content-wrapper clearfix'>\n<div  class='flex_column av-1ig33c-0bc678c114b2f7213dbf63bf885acb47 av_one_full  avia-builder-el-1  el_before_av_one_full  avia-builder-el-first  first flex_column_div  '     ><section  class='av_textblock_section av-mmalwaan-20c2a8b0b8c02764a9875bff5ac034a9 '   itemscope=\"itemscope\" itemtype=\"https:\/\/schema.org\/CreativeWork\" ><div class='avia_textblock'  itemprop=\"text\" ><h1>Montage von Elementfassaden im Industrie- und Hallenbau<\/h1>\n<p>Elementfassaden werden im Industrie- und Hallenbau eingesetzt, wenn gro\u00dffl\u00e4chige Fassadenbereiche effizient, systematisch und mit hohem Vorfertigungsgrad umgesetzt werden sollen. Im Gegensatz zu klassischen Pfosten-Riegel-Konstruktionen bestehen Elementfassaden aus werkseitig vorgefertigten Fassadenelementen, die auf der Baustelle als komplette Module montiert werden. Diese Bauweise erm\u00f6glicht kurze Montagezeiten, hohe Ma\u00dfgenauigkeit und eine strukturierte Umsetzung insbesondere bei gro\u00dfvolumigen Industrieprojekten.<\/p>\n<p>Unsere erfahrenen Monteure unterst\u00fctzen Bauunternehmen, Fassadenbauer und Metallbauunternehmen bei der pr\u00e4zisen Montage von Elementfassaden im Industrie- und Hallenbau. Dabei arbeiten unsere Montageteams strukturiert nach Montagepl\u00e4nen, Element\u00fcbersichten und projektspezifischen Vorgaben. Bundesweit einsetzbar und bei Bedarf auch kurzfristig verf\u00fcgbar.<\/p>\n<\/div><\/section><\/div><div class='flex_column_table av-1ev2sw-7352f8dedb4d694a0201419ee6375d70 sc-av_one_full av-equal-height-column-flextable'><div  class='flex_column av-1ev2sw-7352f8dedb4d694a0201419ee6375d70 av_one_full  avia-builder-el-3  el_after_av_one_full  el_before_av_one_full  first flex_column_table_cell av-equal-height-column av-align-middle  column-top-margin'     ><section  class='av_textblock_section av-mmalwf50-53ecd0c3bf88a91e53ca7881e44fff8a '   itemscope=\"itemscope\" itemtype=\"https:\/\/schema.org\/CreativeWork\" ><div class='avia_textblock'  itemprop=\"text\" ><h2>Montage vorgefertigter Fassadenelemente<\/h2>\n<p>Elementfassaden bestehen aus vorgefertigten Modulen, die bereits Rahmenkonstruktion, Verglasung, Dichtungen und teilweise integrierte Funktionselemente enthalten. Die fachgerechte Montage dieser Elemente erfordert eine exakte Vorbereitung der Anschlussbereiche sowie eine pr\u00e4zise Positionierung am Bauk\u00f6rper.<\/p>\n<p>Unsere Montageteams \u00fcbernehmen insbesondere:<\/p>\n<ul>\n<li>Positionierung und Ausrichtung von Fassadenelementen<\/li>\n<li>Montage an vorbereiteten Tragkonstruktionen<\/li>\n<li>Mechanische Befestigung der Elemente<\/li>\n<li>Ausbildung von Elementst\u00f6\u00dfen und Anschlussfugen<\/li>\n<li>Integration von Dicht- und Abdichtungssystemen<\/li>\n<\/ul>\n<p>Gerade bei gro\u00dffl\u00e4chigen Industriehallen ist eine gleichm\u00e4\u00dfige Linienf\u00fchrung sowie die ma\u00dfhaltige Ausrichtung der einzelnen Module entscheidend f\u00fcr die technische Funktion und das Erscheinungsbild der Fassade.<\/p>\n<h2><\/h2>\n<\/div><\/section><\/div><\/div><!--close column table wrapper. Autoclose: 1 --><div  class='flex_column av-3e2vs-58c772b8a2990084ab5afba537e9792f av_one_full  avia-builder-el-5  el_after_av_one_full  avia-builder-el-last  first flex_column_div  column-top-margin'     ><section  class='av_textblock_section av-mmalwho8-d4b44626fff34bf4a9268411abbc7ae9 '   itemscope=\"itemscope\" itemtype=\"https:\/\/schema.org\/CreativeWork\" ><div class='avia_textblock'  itemprop=\"text\" ><h2>Hohe Anforderungen an Pr\u00e4zision und Koordination<\/h2>\n<p>Die Montage von Elementfassaden im Industrie- und Hallenbau erfolgt h\u00e4ufig unter Zeitdruck und in enger Abstimmung mit anderen Gewerken. Da die Fassadenelemente werkseitig vorgefertigt sind, ist eine exakte Vorbereitung der Anschlusskonstruktion erforderlich. Abweichungen in der Unterkonstruktion k\u00f6nnen die Passgenauigkeit der Elemente erheblich beeinflussen.<\/p>\n<p>Unsere erfahrenen Monteure arbeiten planorientiert, stimmen sich eng mit der Bauleitung ab und setzen die Montageabschnitte strukturiert um. Dabei werden die projektspezifischen Vorgaben sowie die jeweiligen Systemanforderungen konsequent ber\u00fccksichtigt.<\/p>\n<h2>Einsatzbereiche im Industrie- und Hallenbau<\/h2>\n<p>Elementfassaden werden im Industriebau insbesondere bei Verwaltungsbereichen innerhalb von Produktionsanlagen, bei repr\u00e4sentativen Eingangsbereichen von Logistikzentren oder bei gro\u00dffl\u00e4chigen Hallenfassaden eingesetzt. Neben der technischen Leistungsf\u00e4higkeit spielt auch die optische Klarheit der Fassadenstruktur eine Rolle.<\/p>\n<p>Unsere Montageteams unterst\u00fctzen Projekte in:<\/p>\n<ul>\n<li>Produktions- und Werkhallen<\/li>\n<li>Logistik- und Umschlagzentren<\/li>\n<li>Industrieverwaltungsgeb\u00e4uden<\/li>\n<li>Technik- und Anlagengeb\u00e4uden<\/li>\n<li>Erweiterungs- und Modernisierungsprojekten<\/li>\n<\/ul>\n<p>Durch unsere Spezialisierung auf Industrie- und Hallenbau sind unsere Teams mit gro\u00dffl\u00e4chigen Fassadenmontagen und strukturierten Bauabl\u00e4ufen vertraut.<\/p>\n<h2>Montage unter industriellen Rahmenbedingungen<\/h2>\n<p>Die Installation von Elementfassaden erfolgt h\u00e4ufig unter Einsatz von Kr\u00e4nen oder speziellen Hebesystemen, da die einzelnen Module ein entsprechendes Gewicht und Format aufweisen. Unsere erfahrenen Monteure sind mit diesen Rahmenbedingungen vertraut und arbeiten sicher sowie effizient unter Einhaltung aller geltenden Sicherheits- und Baustellenvorgaben.<\/p>\n<p>Eine klare interne Abstimmung innerhalb des Montageteams sowie eine koordinierte Abschnittsplanung tragen wesentlich zu einem reibungslosen Montageablauf bei \u2013 insbesondere bei gro\u00dfvolumigen Industrieprojekten.<\/p>\n<h2>Montageteams ab zwei erfahrenen Monteuren<\/h2>\n<p>Wir stellen eingespielte Montageteams mit mindestens zwei erfahrenen Monteuren zur Verf\u00fcgung. Je nach Projektgr\u00f6\u00dfe und Umfang der Fassadenfl\u00e4che k\u00f6nnen entsprechend gr\u00f6\u00dfere Teams eingesetzt werden.<\/p>\n<p>Diese Teamstruktur gew\u00e4hrleistet eine koordinierte Arbeitsweise, sichere Abl\u00e4ufe und eine zuverl\u00e4ssige Umsetzung auch bei komplexen Elementfassaden im Industrie- und Hallenbau.<\/p>\n<h2>Ihr Partner f\u00fcr Elementfassaden-Montage<\/h2>\n<p>Elementfassaden im Industrie- und Hallenbau erfordern pr\u00e4zise Vorbereitung, strukturierte Montageabl\u00e4ufe und erfahrene Monteure auf der Baustelle. Mit unseren spezialisierten Montageteams unterst\u00fctzen wir Ihr Projekt von der Positionierung der ersten Elemente bis zur vollst\u00e4ndigen Fassadenmontage.<\/p>\n<p>Wir stellen qualifizierte und erfahrene Montageteams f\u00fcr Elementfassaden im gesamten Bundesgebiet zur Verf\u00fcgung.<\/p>\n<\/div><\/section><\/div><\/div><\/div><\/main><!-- close content main element --><\/div><\/div>\n<style type=\"text\/css\" data-created_by=\"avia_inline_auto\" id=\"style-css-av-pddrk-d4ab321282b375f9ec8104a6e02a1a47\">\n.avia-section.av-pddrk-d4ab321282b375f9ec8104a6e02a1a47{\nposition:relative;\n}\n.avia-section.av-pddrk-d4ab321282b375f9ec8104a6e02a1a47 .av-parallax .av-parallax-inner{\nbackground-repeat:no-repeat;\nbackground-image:url(https:\/\/www.monteure-auf-zeit.de\/home\/wp-content\/uploads\/2022\/03\/AdobeStock_43086186.jpeg);\nbackground-position:50% 50%;\nbackground-attachment:scroll;\n}\n.avia-section.av-pddrk-d4ab321282b375f9ec8104a6e02a1a47 .av-section-color-overlay{\nopacity:0.5;\nbackground-color:#000000;\n}\n.avia-section.av-pddrk-d4ab321282b375f9ec8104a6e02a1a47 .avia-divider-svg-top svg{\nheight:50px;\nwidth:calc(100% + 1.3px);\nfill:#ffffff;\n}\n<\/style>\n<div id='av_section_2'  class='avia-section av-pddrk-d4ab321282b375f9ec8104a6e02a1a47 main_color avia-section-default avia-no-border-styling  avia-builder-el-7  el_after_av_section  avia-builder-el-last  avia-full-stretch av-parallax-section avia-bg-style-parallax av-section-color-overlay-active av-minimum-height av-minimum-height-50 av-height-50  container_wrap sidebar_right'  data-section-bg-repeat='stretch' data-av_minimum_height_pc='50' data-av_min_height_opt='50'><div class='avia-divider-svg avia-divider-svg-curve avia-divider-svg-top avia-to-front avia-svg-original'><svg xmlns=\"http:\/\/www.w3.org\/2000\/svg\" viewBox=\"0 0 1000 100\" preserveAspectRatio=\"none\">\n    <path d=\"M1000,4.3V0H0v4.3C0.9,23.1,126.7,99.2,500,100S1000,22.7,1000,4.3z\"\/>\n<\/svg><\/div><div class='av-parallax' data-avia-parallax-ratio='0.3' ><div class='av-parallax-inner main_color avia-full-stretch'><\/div><\/div><div class=\"av-section-color-overlay-wrap\"><div class=\"av-section-color-overlay\"><\/div><div class='container av-section-cont-open' ><div class='template-page content  av-content-small alpha units'><div class='post-entry post-entry-type-page post-entry-768'><div class='entry-content-wrapper clearfix'>\n\n<style type=\"text\/css\" data-created_by=\"avia_inline_auto\" id=\"style-css-av-j96ao-dca1c9278518edb46b00ac18e9ff973e\">\n.flex_column.av-j96ao-dca1c9278518edb46b00ac18e9ff973e{\nborder-radius:0px 0px 0px 0px;\npadding:0px 0px 0px 0px;\n}\n<\/style>\n<div  class='flex_column av-j96ao-dca1c9278518edb46b00ac18e9ff973e av_one_fifth  avia-builder-el-8  el_before_av_three_fifth  avia-builder-el-first  first flex_column_div av-zero-column-padding  '     ><\/div>\n<style type=\"text\/css\" data-created_by=\"avia_inline_auto\" id=\"style-css-av-ek4nc-58bc1e43f15e748dc83d9b3eec7d8729\">\n.flex_column.av-ek4nc-58bc1e43f15e748dc83d9b3eec7d8729{\nborder-radius:0px 0px 0px 0px;\npadding:0px 0px 0px 0px;\n}\n<\/style>\n<div  class='flex_column av-ek4nc-58bc1e43f15e748dc83d9b3eec7d8729 av_three_fifth  avia-builder-el-9  el_after_av_one_fifth  avia-builder-el-last  flex_column_div av-zero-column-padding  '     ><div  class='avia-button-wrap avia-button-center  avia-builder-el-10  avia-builder-el-no-sibling '>\n<style type=\"text\/css\" data-created_by=\"avia_inline_auto\" id=\"style-css-av-a4q80-331fbb5b4d8803f30cc86f308b91de4b\">\n#top #wrap_all .avia-button.av-a4q80-331fbb5b4d8803f30cc86f308b91de4b{\ncolor:#ffffff;\ntransition:all 0.4s ease-in-out;\n}\n#top #wrap_all .avia-button.av-a4q80-331fbb5b4d8803f30cc86f308b91de4b:hover{\ncolor:#ffffff;\ntransition:all 0.4s ease-in-out;\n}\n<\/style>\n<a href='https:\/\/www.monteure-auf-zeit.de\/home\/kontakt\/' class='avia-color-theme-color avia-button avia-button-fullwidth av-a4q80-331fbb5b4d8803f30cc86f308b91de4b avia-icon_select-yes-left-icon avia-color-theme-color'   aria-label=\"Hier geht\u2019s zum ersten Kontakt!\"><span class='avia_button_icon avia_button_icon_left' aria-hidden='true' data-av_icon='\ue80b' data-av_iconfont='entypo-fontello'><\/span><span class='avia_iconbox_title' >Hier geht\u2019s zum ersten Kontakt!<\/span><span class='avia_button_background avia-button avia-button-fullwidth avia-color-theme-color-highlight'><\/span><\/a><\/div><\/div>\n<\/div><\/div><\/div><!-- close content main div --><\/div><\/div><\/div><div id='after_section_2'  class='main_color av_default_container_wrap container_wrap sidebar_right'  ><div class='container av-section-cont-open' ><div class='template-page content  av-content-small alpha units'><div class='post-entry post-entry-type-page post-entry-768'><div class='entry-content-wrapper clearfix'><\/p>\n","protected":false},"excerpt":{"rendered":"","protected":false},"author":1,"featured_media":0,"parent":764,"menu_order":0,"comment_status":"closed","ping_status":"closed","template":"","meta":{"footnotes":""},"class_list":["post-768","page","type-page","status-publish","hentry"],"yoast_head":"<!-- This site is optimized with the Yoast SEO plugin v27.1.1 - https:\/\/yoast.com\/product\/yoast-seo-wordpress\/ -->\n<title>Elementfassaden | Erfahrene Monteure | kurzfristig einsatzbereit<\/title>\n<meta name=\"description\" content=\"Elementfassaden Montageteams f\u00fcr Metall-, Fassaden- und Paneelbau sowie K\u00fchlraumbau \u2013 \u2713erfahren \u2713pr\u00e4zise \u2713bundesweit kurzfristig einsatzbereit.\" \/>\n<meta name=\"robots\" content=\"index, follow, max-snippet:-1, max-image-preview:large, max-video-preview:-1\" \/>\n<link rel=\"canonical\" href=\"https:\/\/www.monteure-auf-zeit.de\/home\/leistungen\/industrieverglasung\/elementfassaden\/\" \/>\n<meta property=\"og:locale\" content=\"de_DE\" \/>\n<meta property=\"og:type\" content=\"article\" \/>\n<meta property=\"og:title\" content=\"Elementfassaden | Erfahrene Monteure | kurzfristig einsatzbereit\" \/>\n<meta property=\"og:description\" content=\"Elementfassaden Montageteams f\u00fcr Metall-, Fassaden- und Paneelbau sowie K\u00fchlraumbau \u2013 \u2713erfahren \u2713pr\u00e4zise \u2713bundesweit kurzfristig einsatzbereit.\" \/>\n<meta property=\"og:url\" content=\"https:\/\/www.monteure-auf-zeit.de\/home\/leistungen\/industrieverglasung\/elementfassaden\/\" \/>\n<meta property=\"og:site_name\" content=\"Pientka Monteure auf Zeit\" \/>\n<meta property=\"article:modified_time\" content=\"2026-03-12T08:18:56+00:00\" \/>\n<meta name=\"twitter:card\" content=\"summary_large_image\" \/>\n<meta name=\"twitter:label1\" content=\"Gesch\u00e4tzte Lesezeit\" \/>\n\t<meta name=\"twitter:data1\" content=\"16\u00a0Minuten\" \/>\n<script type=\"application\/ld+json\" class=\"yoast-schema-graph\">{\"@context\":\"https:\/\/schema.org\",\"@graph\":[{\"@type\":\"WebPage\",\"@id\":\"https:\/\/www.monteure-auf-zeit.de\/home\/leistungen\/industrieverglasung\/elementfassaden\/\",\"url\":\"https:\/\/www.monteure-auf-zeit.de\/home\/leistungen\/industrieverglasung\/elementfassaden\/\",\"name\":\"Elementfassaden | Erfahrene Monteure | kurzfristig einsatzbereit\",\"isPartOf\":{\"@id\":\"https:\/\/www.monteure-auf-zeit.de\/home\/#website\"},\"datePublished\":\"2026-03-03T07:21:21+00:00\",\"dateModified\":\"2026-03-12T08:18:56+00:00\",\"description\":\"Elementfassaden Montageteams f\u00fcr Metall-, Fassaden- und Paneelbau sowie K\u00fchlraumbau \u2013 \u2713erfahren \u2713pr\u00e4zise \u2713bundesweit kurzfristig einsatzbereit.\",\"breadcrumb\":{\"@id\":\"https:\/\/www.monteure-auf-zeit.de\/home\/leistungen\/industrieverglasung\/elementfassaden\/#breadcrumb\"},\"inLanguage\":\"de\",\"potentialAction\":[{\"@type\":\"ReadAction\",\"target\":[\"https:\/\/www.monteure-auf-zeit.de\/home\/leistungen\/industrieverglasung\/elementfassaden\/\"]}]},{\"@type\":\"BreadcrumbList\",\"@id\":\"https:\/\/www.monteure-auf-zeit.de\/home\/leistungen\/industrieverglasung\/elementfassaden\/#breadcrumb\",\"itemListElement\":[{\"@type\":\"ListItem\",\"position\":1,\"name\":\"Start\",\"item\":\"https:\/\/www.monteure-auf-zeit.de\/home\/home\/\"},{\"@type\":\"ListItem\",\"position\":2,\"name\":\"Leistungen\",\"item\":\"https:\/\/www.monteure-auf-zeit.de\/home\/leistungen\/\"},{\"@type\":\"ListItem\",\"position\":3,\"name\":\"Industrieverglasung\",\"item\":\"https:\/\/www.monteure-auf-zeit.de\/home\/leistungen\/industrieverglasung\/\"},{\"@type\":\"ListItem\",\"position\":4,\"name\":\"Elementfassaden\"}]},{\"@type\":\"WebSite\",\"@id\":\"https:\/\/www.monteure-auf-zeit.de\/home\/#website\",\"url\":\"https:\/\/www.monteure-auf-zeit.de\/home\/\",\"name\":\"Pientka Monteure auf Zeit\",\"description\":\"Erfahrene Monteure deutschlandweit kurzfristig einsatzbereit\",\"publisher\":{\"@id\":\"https:\/\/www.monteure-auf-zeit.de\/home\/#organization\"},\"potentialAction\":[{\"@type\":\"SearchAction\",\"target\":{\"@type\":\"EntryPoint\",\"urlTemplate\":\"https:\/\/www.monteure-auf-zeit.de\/home\/?s={search_term_string}\"},\"query-input\":{\"@type\":\"PropertyValueSpecification\",\"valueRequired\":true,\"valueName\":\"search_term_string\"}}],\"inLanguage\":\"de\"},{\"@type\":\"Organization\",\"@id\":\"https:\/\/www.monteure-auf-zeit.de\/home\/#organization\",\"name\":\"Pientka Monteure auf Zeit\",\"url\":\"https:\/\/www.monteure-auf-zeit.de\/home\/\",\"logo\":{\"@type\":\"ImageObject\",\"inLanguage\":\"de\",\"@id\":\"https:\/\/www.monteure-auf-zeit.de\/home\/#\/schema\/logo\/image\/\",\"url\":\"https:\/\/www.monteure-auf-zeit.de\/home\/wp-content\/uploads\/2022\/03\/logo_zeit_abstand.png\",\"contentUrl\":\"https:\/\/www.monteure-auf-zeit.de\/home\/wp-content\/uploads\/2022\/03\/logo_zeit_abstand.png\",\"width\":703,\"height\":674,\"caption\":\"Pientka Monteure auf Zeit\"},\"image\":{\"@id\":\"https:\/\/www.monteure-auf-zeit.de\/home\/#\/schema\/logo\/image\/\"}}]}<\/script>\n<!-- \/ Yoast SEO plugin. -->","yoast_head_json":{"title":"Elementfassaden | Erfahrene Monteure | kurzfristig einsatzbereit","description":"Elementfassaden Montageteams f\u00fcr Metall-, Fassaden- und Paneelbau sowie K\u00fchlraumbau \u2013 \u2713erfahren \u2713pr\u00e4zise \u2713bundesweit kurzfristig einsatzbereit.","robots":{"index":"index","follow":"follow","max-snippet":"max-snippet:-1","max-image-preview":"max-image-preview:large","max-video-preview":"max-video-preview:-1"},"canonical":"https:\/\/www.monteure-auf-zeit.de\/home\/leistungen\/industrieverglasung\/elementfassaden\/","og_locale":"de_DE","og_type":"article","og_title":"Elementfassaden | Erfahrene Monteure | kurzfristig einsatzbereit","og_description":"Elementfassaden Montageteams f\u00fcr Metall-, Fassaden- und Paneelbau sowie K\u00fchlraumbau \u2013 \u2713erfahren \u2713pr\u00e4zise \u2713bundesweit kurzfristig einsatzbereit.","og_url":"https:\/\/www.monteure-auf-zeit.de\/home\/leistungen\/industrieverglasung\/elementfassaden\/","og_site_name":"Pientka Monteure auf Zeit","article_modified_time":"2026-03-12T08:18:56+00:00","twitter_card":"summary_large_image","twitter_misc":{"Gesch\u00e4tzte Lesezeit":"16\u00a0Minuten"},"schema":{"@context":"https:\/\/schema.org","@graph":[{"@type":"WebPage","@id":"https:\/\/www.monteure-auf-zeit.de\/home\/leistungen\/industrieverglasung\/elementfassaden\/","url":"https:\/\/www.monteure-auf-zeit.de\/home\/leistungen\/industrieverglasung\/elementfassaden\/","name":"Elementfassaden | Erfahrene Monteure | kurzfristig einsatzbereit","isPartOf":{"@id":"https:\/\/www.monteure-auf-zeit.de\/home\/#website"},"datePublished":"2026-03-03T07:21:21+00:00","dateModified":"2026-03-12T08:18:56+00:00","description":"Elementfassaden Montageteams f\u00fcr Metall-, Fassaden- und Paneelbau sowie K\u00fchlraumbau \u2013 \u2713erfahren \u2713pr\u00e4zise \u2713bundesweit kurzfristig einsatzbereit.","breadcrumb":{"@id":"https:\/\/www.monteure-auf-zeit.de\/home\/leistungen\/industrieverglasung\/elementfassaden\/#breadcrumb"},"inLanguage":"de","potentialAction":[{"@type":"ReadAction","target":["https:\/\/www.monteure-auf-zeit.de\/home\/leistungen\/industrieverglasung\/elementfassaden\/"]}]},{"@type":"BreadcrumbList","@id":"https:\/\/www.monteure-auf-zeit.de\/home\/leistungen\/industrieverglasung\/elementfassaden\/#breadcrumb","itemListElement":[{"@type":"ListItem","position":1,"name":"Start","item":"https:\/\/www.monteure-auf-zeit.de\/home\/home\/"},{"@type":"ListItem","position":2,"name":"Leistungen","item":"https:\/\/www.monteure-auf-zeit.de\/home\/leistungen\/"},{"@type":"ListItem","position":3,"name":"Industrieverglasung","item":"https:\/\/www.monteure-auf-zeit.de\/home\/leistungen\/industrieverglasung\/"},{"@type":"ListItem","position":4,"name":"Elementfassaden"}]},{"@type":"WebSite","@id":"https:\/\/www.monteure-auf-zeit.de\/home\/#website","url":"https:\/\/www.monteure-auf-zeit.de\/home\/","name":"Pientka Monteure auf Zeit","description":"Erfahrene Monteure deutschlandweit kurzfristig einsatzbereit","publisher":{"@id":"https:\/\/www.monteure-auf-zeit.de\/home\/#organization"},"potentialAction":[{"@type":"SearchAction","target":{"@type":"EntryPoint","urlTemplate":"https:\/\/www.monteure-auf-zeit.de\/home\/?s={search_term_string}"},"query-input":{"@type":"PropertyValueSpecification","valueRequired":true,"valueName":"search_term_string"}}],"inLanguage":"de"},{"@type":"Organization","@id":"https:\/\/www.monteure-auf-zeit.de\/home\/#organization","name":"Pientka Monteure auf Zeit","url":"https:\/\/www.monteure-auf-zeit.de\/home\/","logo":{"@type":"ImageObject","inLanguage":"de","@id":"https:\/\/www.monteure-auf-zeit.de\/home\/#\/schema\/logo\/image\/","url":"https:\/\/www.monteure-auf-zeit.de\/home\/wp-content\/uploads\/2022\/03\/logo_zeit_abstand.png","contentUrl":"https:\/\/www.monteure-auf-zeit.de\/home\/wp-content\/uploads\/2022\/03\/logo_zeit_abstand.png","width":703,"height":674,"caption":"Pientka Monteure auf Zeit"},"image":{"@id":"https:\/\/www.monteure-auf-zeit.de\/home\/#\/schema\/logo\/image\/"}}]}},"_links":{"self":[{"href":"https:\/\/www.monteure-auf-zeit.de\/home\/wp-json\/wp\/v2\/pages\/768","targetHints":{"allow":["GET"]}}],"collection":[{"href":"https:\/\/www.monteure-auf-zeit.de\/home\/wp-json\/wp\/v2\/pages"}],"about":[{"href":"https:\/\/www.monteure-auf-zeit.de\/home\/wp-json\/wp\/v2\/types\/page"}],"author":[{"embeddable":true,"href":"https:\/\/www.monteure-auf-zeit.de\/home\/wp-json\/wp\/v2\/users\/1"}],"replies":[{"embeddable":true,"href":"https:\/\/www.monteure-auf-zeit.de\/home\/wp-json\/wp\/v2\/comments?post=768"}],"version-history":[{"count":3,"href":"https:\/\/www.monteure-auf-zeit.de\/home\/wp-json\/wp\/v2\/pages\/768\/revisions"}],"predecessor-version":[{"id":1175,"href":"https:\/\/www.monteure-auf-zeit.de\/home\/wp-json\/wp\/v2\/pages\/768\/revisions\/1175"}],"up":[{"embeddable":true,"href":"https:\/\/www.monteure-auf-zeit.de\/home\/wp-json\/wp\/v2\/pages\/764"}],"wp:attachment":[{"href":"https:\/\/www.monteure-auf-zeit.de\/home\/wp-json\/wp\/v2\/media?parent=768"}],"curies":[{"name":"wp","href":"https:\/\/api.w.org\/{rel}","templated":true}]}}