{"id":762,"date":"2026-03-03T07:20:15","date_gmt":"2026-03-03T07:20:15","guid":{"rendered":"https:\/\/www.monteure-auf-zeit.de\/home\/?page_id=762"},"modified":"2026-03-12T08:18:38","modified_gmt":"2026-03-12T08:18:38","slug":"vorgehaengte-hinterlueftete-fassaden","status":"publish","type":"page","link":"https:\/\/www.monteure-auf-zeit.de\/home\/leistungen\/metallfassaden\/vorgehaengte-hinterlueftete-fassaden\/","title":{"rendered":"Vorgeh\u00e4ngte hinterl\u00fcftete Fassaden"},"content":{"rendered":"<div id='av_section_1'  class='avia-section av-1q7qzm-8adea1af5a6ef78a7ee68ba4c219431a main_color avia-section-default avia-no-border-styling  avia-builder-el-0  el_before_av_section  avia-builder-el-first  avia-bg-style-scroll container_wrap sidebar_right'  ><div class='container av-section-cont-open' ><main  role=\"main\" itemprop=\"mainContentOfPage\"  class='template-page content  av-content-small alpha units'><div class='post-entry post-entry-type-page post-entry-762'><div class='entry-content-wrapper clearfix'>\n<div  class='flex_column av-1kg4ga-02ff40d8851d0ff9daf4d6acfc08ba07 av_one_full  avia-builder-el-1  el_before_av_one_full  avia-builder-el-first  first flex_column_div  '     ><section  class='av_textblock_section av-mmalkr40-166cee4b9e9a4deca7fc40e5ccd5bd1a '   itemscope=\"itemscope\" itemtype=\"https:\/\/schema.org\/CreativeWork\" ><div class='avia_textblock'  itemprop=\"text\" ><h1>Montage von vorgeh\u00e4ngten hinterl\u00fcfteten Fassaden (VHF) im Industrie- und Hallenbau<\/h1>\n<p>Vorgeh\u00e4ngte hinterl\u00fcftete Fassaden (VHF) sind im Industrie- und Hallenbau eine bew\u00e4hrte Fassadenl\u00f6sung, wenn funktionale Anforderungen wie Witterungsschutz, W\u00e4rmed\u00e4mmung und Langlebigkeit im Vordergrund stehen. Durch die konstruktive Trennung von Tragwerk, D\u00e4mmung und Bekleidung bieten VHF-Systeme bauphysikalische Vorteile und erm\u00f6glichen eine flexible Gestaltung gro\u00dffl\u00e4chiger Fassadenbereiche.<\/p>\n<p>Unsere Montageteams unterst\u00fctzen Bauunternehmen, Metallbauer und Fassadenbauer bei der fachgerechten Montage vorgeh\u00e4ngter hinterl\u00fcfteter Fassadensysteme im Industrie- und Hallenbau \u2013 bundesweit und bei Bedarf auch kurzfristig verf\u00fcgbar.<\/p>\n<\/div><\/section><\/div><div class='flex_column_table av-1h6vru-a11f30f193dc3274a4046a38928e8707 sc-av_one_full av-equal-height-column-flextable'><div  class='flex_column av-1h6vru-a11f30f193dc3274a4046a38928e8707 av_one_full  avia-builder-el-3  el_after_av_one_full  el_before_av_one_full  first flex_column_table_cell av-equal-height-column av-align-middle  column-top-margin'     ><section  class='av_textblock_section av-mmall2jn-9253c8bbe3cea36f1154f30cf6a3c87c '   itemscope=\"itemscope\" itemtype=\"https:\/\/schema.org\/CreativeWork\" ><div class='avia_textblock'  itemprop=\"text\" ><h2>Systematische Montage von VHF-Konstruktionen<\/h2>\n<p>Die Montage einer vorgeh\u00e4ngten hinterl\u00fcfteten Fassade erfolgt in mehreren aufeinander abgestimmten Arbeitsschritten. Zun\u00e4chst wird die Unterkonstruktion pr\u00e4zise ausgerichtet, anschlie\u00dfend die D\u00e4mmung fachgerecht integriert und schlie\u00dflich die Fassadenbekleidung montiert.<\/p>\n<p>Unsere Monteure verf\u00fcgen \u00fcber Erfahrung in der Montage von:<\/p>\n<ul>\n<li>VHF-Systemen mit Aluminium- oder Stahlbekleidungen<\/li>\n<li>Kassetten- und Paneelbekleidungen im VHF-Aufbau<\/li>\n<li>Gro\u00dfformatigen Fassadenelementen<\/li>\n<li>Unterkonstruktionen aus Aluminium oder Stahl<\/li>\n<li>Abschluss-, Eck- und Anschlussl\u00f6sungen bei VHF-Fassaden<\/li>\n<\/ul>\n<p>Die exakte Ausrichtung der Unterkonstruktion ist entscheidend f\u00fcr eine spannungsfreie Aufnahme der Fassadenbekleidung und ein gleichm\u00e4\u00dfiges Fassadenbild \u2013 insbesondere bei gro\u00dffl\u00e4chigen Industriehallen.<\/p>\n<h2><\/h2>\n<\/div><\/section><\/div><\/div><!--close column table wrapper. Autoclose: 1 --><div  class='flex_column av-wjgnm-dec3e9dcb69e15c3ddeb9de4aceb8d5b av_one_full  avia-builder-el-5  el_after_av_one_full  avia-builder-el-last  first flex_column_div  column-top-margin'     ><section  class='av_textblock_section av-mmall7i9-8f1acc0dc5d3d07921f35fbf3cbe4423 '   itemscope=\"itemscope\" itemtype=\"https:\/\/schema.org\/CreativeWork\" ><div class='avia_textblock'  itemprop=\"text\" ><h2>Unterkonstruktion und Hinterl\u00fcftungsebene<\/h2>\n<p>Ein wesentliches Merkmal der vorgeh\u00e4ngten hinterl\u00fcfteten Fassade ist die dauerhaft funktionierende Hinterl\u00fcftungsebene. Unsere Montageteams achten bei der Montage auf die korrekte Ausbildung der Luftschicht sowie auf eine fachgerechte Integration der D\u00e4mmung.<\/p>\n<p>Zum Leistungsumfang geh\u00f6ren unter anderem:<\/p>\n<ul>\n<li>Montage von Konsolen- und Schienensystemen<\/li>\n<li>Ausrichtung von Tragprofilen<\/li>\n<li>Integration von D\u00e4mmstoffen<\/li>\n<li>Befestigung der Fassadenbekleidung<\/li>\n<\/ul>\n<p>Alle Arbeiten erfolgen nach technischen Zeichnungen, Montagepl\u00e4nen und projektspezifischen Vorgaben.<\/p>\n<h2>Einsatzbereiche im Industrie- und Hallenbau<\/h2>\n<p>VHF-Systeme werden insbesondere bei funktionalen Industrie- und Hallenbauten eingesetzt. Unsere Montageteams unterst\u00fctzen Projekte in:<\/p>\n<ul>\n<li>Produktions- und Werkhallen<\/li>\n<li>Logistikzentren<\/li>\n<li>Lagerhallen<\/li>\n<li>Technik- und Anlagengeb\u00e4uden<\/li>\n<li>Industrieerweiterungen und Sanierungen<\/li>\n<\/ul>\n<p>Durch unsere Spezialisierung auf Industrie- und Hallenbau sind unsere Teams mit gro\u00dffl\u00e4chigen Fassadenmontagen sowie strukturierten Bauabl\u00e4ufen vertraut.<\/p>\n<h2>Montage unter industriellen Baustellenbedingungen<\/h2>\n<p>Die Installation vorgeh\u00e4ngter hinterl\u00fcfteter Fassaden erfolgt h\u00e4ufig in gro\u00dfen H\u00f6hen und unter Einsatz von Hubarbeitsb\u00fchnen oder Kr\u00e4nen. Unsere Monteure arbeiten sicher, planorientiert und unter Einhaltung aller geltenden Sicherheits- und Baustellenvorgaben.<\/p>\n<p>Eine enge Abstimmung mit angrenzenden Gewerken ist dabei ebenso selbstverst\u00e4ndlich wie eine strukturierte Abschnittsplanung f\u00fcr effiziente Montageabl\u00e4ufe.<\/p>\n<h2>Montageteams ab zwei Fachmonteuren<\/h2>\n<p>Wir stellen eingespielte Montageteams mit mindestens zwei qualifizierten Fachmonteuren zur Verf\u00fcgung. Je nach Projektumfang und Bauabschnitt k\u00f6nnen entsprechend gr\u00f6\u00dfere Teams eingesetzt werden.<\/p>\n<p>Diese Teamstruktur gew\u00e4hrleistet eine koordinierte Arbeitsweise, klare Kommunikation auf der Baustelle und eine zuverl\u00e4ssige Umsetzung auch bei umfangreichen VHF-Fassaden im Industrie- und Hallenbau.<\/p>\n<h2>Ihr Partner f\u00fcr VHF-Montage im Industriebau<\/h2>\n<p>Vorgeh\u00e4ngte hinterl\u00fcftete Fassaden im Industrie- und Hallenbau erfordern Erfahrung, Pr\u00e4zision und eine strukturierte Vorgehensweise. Mit unseren spezialisierten Montageteams unterst\u00fctzen wir Ihr Projekt von der Unterkonstruktion bis zur finalen Montage der Fassadenbekleidung \u2013 flexibel und bundesweit einsetzbar.<\/p>\n<p>Wir stellen qualifizierte Montageteams f\u00fcr vorgeh\u00e4ngte hinterl\u00fcftete Fassaden im gesamten Bundesgebiet zur Verf\u00fcgung.<\/p>\n<\/div><\/section><\/div><\/div><\/div><\/main><!-- close content main element --><\/div><\/div>\n<style type=\"text\/css\" data-created_by=\"avia_inline_auto\" id=\"style-css-av-pi176-522b4ad0d5bdbff2879a18872f7e47fe\">\n.avia-section.av-pi176-522b4ad0d5bdbff2879a18872f7e47fe{\nposition:relative;\n}\n.avia-section.av-pi176-522b4ad0d5bdbff2879a18872f7e47fe .av-parallax .av-parallax-inner{\nbackground-repeat:no-repeat;\nbackground-image:url(https:\/\/www.monteure-auf-zeit.de\/home\/wp-content\/uploads\/2022\/03\/AdobeStock_43086186.jpeg);\nbackground-position:50% 50%;\nbackground-attachment:scroll;\n}\n.avia-section.av-pi176-522b4ad0d5bdbff2879a18872f7e47fe .av-section-color-overlay{\nopacity:0.5;\nbackground-color:#000000;\n}\n.avia-section.av-pi176-522b4ad0d5bdbff2879a18872f7e47fe .avia-divider-svg-top svg{\nheight:50px;\nwidth:calc(100% + 1.3px);\nfill:#ffffff;\n}\n<\/style>\n<div id='av_section_2'  class='avia-section av-pi176-522b4ad0d5bdbff2879a18872f7e47fe main_color avia-section-default avia-no-border-styling  avia-builder-el-7  el_after_av_section  avia-builder-el-last  avia-full-stretch av-parallax-section avia-bg-style-parallax av-section-color-overlay-active av-minimum-height av-minimum-height-50 av-height-50  container_wrap sidebar_right'  data-section-bg-repeat='stretch' data-av_minimum_height_pc='50' data-av_min_height_opt='50'><div class='avia-divider-svg avia-divider-svg-curve avia-divider-svg-top avia-to-front avia-svg-original'><svg xmlns=\"http:\/\/www.w3.org\/2000\/svg\" viewBox=\"0 0 1000 100\" preserveAspectRatio=\"none\">\n    <path d=\"M1000,4.3V0H0v4.3C0.9,23.1,126.7,99.2,500,100S1000,22.7,1000,4.3z\"\/>\n<\/svg><\/div><div class='av-parallax' data-avia-parallax-ratio='0.3' ><div class='av-parallax-inner main_color avia-full-stretch'><\/div><\/div><div class=\"av-section-color-overlay-wrap\"><div class=\"av-section-color-overlay\"><\/div><div class='container av-section-cont-open' ><div class='template-page content  av-content-small alpha units'><div class='post-entry post-entry-type-page post-entry-762'><div class='entry-content-wrapper clearfix'>\n\n<style type=\"text\/css\" data-created_by=\"avia_inline_auto\" id=\"style-css-av-248ey-fe871237e769810edb18e8bff7eb38b7\">\n.flex_column.av-248ey-fe871237e769810edb18e8bff7eb38b7{\nborder-radius:0px 0px 0px 0px;\npadding:0px 0px 0px 0px;\n}\n<\/style>\n<div  class='flex_column av-248ey-fe871237e769810edb18e8bff7eb38b7 av_one_fifth  avia-builder-el-8  el_before_av_three_fifth  avia-builder-el-first  first flex_column_div av-zero-column-padding  '     ><\/div>\n<style type=\"text\/css\" data-created_by=\"avia_inline_auto\" id=\"style-css-av-gusq2-a04f7ef9ae8eff34dcb8a34b834aaa27\">\n.flex_column.av-gusq2-a04f7ef9ae8eff34dcb8a34b834aaa27{\nborder-radius:0px 0px 0px 0px;\npadding:0px 0px 0px 0px;\n}\n<\/style>\n<div  class='flex_column av-gusq2-a04f7ef9ae8eff34dcb8a34b834aaa27 av_three_fifth  avia-builder-el-9  el_after_av_one_fifth  avia-builder-el-last  flex_column_div av-zero-column-padding  '     ><div  class='avia-button-wrap avia-button-center  avia-builder-el-10  avia-builder-el-no-sibling '>\n<style type=\"text\/css\" data-created_by=\"avia_inline_auto\" id=\"style-css-av-8362i-1d3cc7eebb24fbac9d83418f7ae8dbc6\">\n#top #wrap_all .avia-button.av-8362i-1d3cc7eebb24fbac9d83418f7ae8dbc6{\ncolor:#ffffff;\ntransition:all 0.4s ease-in-out;\n}\n#top #wrap_all .avia-button.av-8362i-1d3cc7eebb24fbac9d83418f7ae8dbc6:hover{\ncolor:#ffffff;\ntransition:all 0.4s ease-in-out;\n}\n<\/style>\n<a href='https:\/\/www.monteure-auf-zeit.de\/home\/kontakt\/' class='avia-color-theme-color avia-button avia-button-fullwidth av-8362i-1d3cc7eebb24fbac9d83418f7ae8dbc6 avia-icon_select-yes-left-icon avia-color-theme-color'   aria-label=\"Hier geht\u2019s zum ersten Kontakt!\"><span class='avia_button_icon avia_button_icon_left' aria-hidden='true' data-av_icon='\ue80b' data-av_iconfont='entypo-fontello'><\/span><span class='avia_iconbox_title' >Hier geht\u2019s zum ersten Kontakt!<\/span><span class='avia_button_background avia-button avia-button-fullwidth avia-color-theme-color-highlight'><\/span><\/a><\/div><\/div>\n<\/div><\/div><\/div><!-- close content main div --><\/div><\/div><\/div><div id='after_section_2'  class='main_color av_default_container_wrap container_wrap sidebar_right'  ><div class='container av-section-cont-open' ><div class='template-page content  av-content-small alpha units'><div class='post-entry post-entry-type-page post-entry-762'><div class='entry-content-wrapper clearfix'><\/p>\n","protected":false},"excerpt":{"rendered":"","protected":false},"author":1,"featured_media":0,"parent":752,"menu_order":0,"comment_status":"closed","ping_status":"closed","template":"","meta":{"footnotes":""},"class_list":["post-762","page","type-page","status-publish","hentry"],"yoast_head":"<!-- This site is optimized with the Yoast SEO plugin v27.1.1 - https:\/\/yoast.com\/product\/yoast-seo-wordpress\/ -->\n<title>Vorgeh\u00e4ngte hinterl\u00fcftete Fassaden | Erfahrene Monteure | kurzfristig einsatzbereit<\/title>\n<meta name=\"description\" content=\"Vorgeh\u00e4ngte hinterl\u00fcftete Fassaden Montageteams f\u00fcr Metall-, Fassaden- und Paneelbau sowie K\u00fchlraumbau \u2013 \u2713erfahren \u2713pr\u00e4zise \u2713bundesweit kurzfristig einsatzbereit.\" \/>\n<meta name=\"robots\" content=\"index, follow, max-snippet:-1, max-image-preview:large, max-video-preview:-1\" \/>\n<link rel=\"canonical\" href=\"https:\/\/www.monteure-auf-zeit.de\/home\/leistungen\/metallfassaden\/vorgehaengte-hinterlueftete-fassaden\/\" \/>\n<meta property=\"og:locale\" content=\"de_DE\" \/>\n<meta property=\"og:type\" content=\"article\" \/>\n<meta property=\"og:title\" content=\"Vorgeh\u00e4ngte hinterl\u00fcftete Fassaden | Erfahrene Monteure | kurzfristig einsatzbereit\" \/>\n<meta property=\"og:description\" content=\"Vorgeh\u00e4ngte hinterl\u00fcftete Fassaden Montageteams f\u00fcr Metall-, Fassaden- und Paneelbau sowie K\u00fchlraumbau \u2013 \u2713erfahren \u2713pr\u00e4zise \u2713bundesweit kurzfristig einsatzbereit.\" \/>\n<meta property=\"og:url\" content=\"https:\/\/www.monteure-auf-zeit.de\/home\/leistungen\/metallfassaden\/vorgehaengte-hinterlueftete-fassaden\/\" \/>\n<meta property=\"og:site_name\" content=\"Pientka Monteure auf Zeit\" \/>\n<meta property=\"article:modified_time\" content=\"2026-03-12T08:18:38+00:00\" \/>\n<meta name=\"twitter:card\" content=\"summary_large_image\" \/>\n<meta name=\"twitter:label1\" content=\"Gesch\u00e4tzte Lesezeit\" \/>\n\t<meta name=\"twitter:data1\" content=\"16\u00a0Minuten\" \/>\n<script type=\"application\/ld+json\" class=\"yoast-schema-graph\">{\"@context\":\"https:\/\/schema.org\",\"@graph\":[{\"@type\":\"WebPage\",\"@id\":\"https:\/\/www.monteure-auf-zeit.de\/home\/leistungen\/metallfassaden\/vorgehaengte-hinterlueftete-fassaden\/\",\"url\":\"https:\/\/www.monteure-auf-zeit.de\/home\/leistungen\/metallfassaden\/vorgehaengte-hinterlueftete-fassaden\/\",\"name\":\"Vorgeh\u00e4ngte hinterl\u00fcftete Fassaden | Erfahrene Monteure | kurzfristig einsatzbereit\",\"isPartOf\":{\"@id\":\"https:\/\/www.monteure-auf-zeit.de\/home\/#website\"},\"datePublished\":\"2026-03-03T07:20:15+00:00\",\"dateModified\":\"2026-03-12T08:18:38+00:00\",\"description\":\"Vorgeh\u00e4ngte hinterl\u00fcftete Fassaden Montageteams f\u00fcr Metall-, Fassaden- und Paneelbau sowie K\u00fchlraumbau \u2013 \u2713erfahren \u2713pr\u00e4zise \u2713bundesweit kurzfristig einsatzbereit.\",\"breadcrumb\":{\"@id\":\"https:\/\/www.monteure-auf-zeit.de\/home\/leistungen\/metallfassaden\/vorgehaengte-hinterlueftete-fassaden\/#breadcrumb\"},\"inLanguage\":\"de\",\"potentialAction\":[{\"@type\":\"ReadAction\",\"target\":[\"https:\/\/www.monteure-auf-zeit.de\/home\/leistungen\/metallfassaden\/vorgehaengte-hinterlueftete-fassaden\/\"]}]},{\"@type\":\"BreadcrumbList\",\"@id\":\"https:\/\/www.monteure-auf-zeit.de\/home\/leistungen\/metallfassaden\/vorgehaengte-hinterlueftete-fassaden\/#breadcrumb\",\"itemListElement\":[{\"@type\":\"ListItem\",\"position\":1,\"name\":\"Start\",\"item\":\"https:\/\/www.monteure-auf-zeit.de\/home\/home\/\"},{\"@type\":\"ListItem\",\"position\":2,\"name\":\"Leistungen\",\"item\":\"https:\/\/www.monteure-auf-zeit.de\/home\/leistungen\/\"},{\"@type\":\"ListItem\",\"position\":3,\"name\":\"Metallfassaden\",\"item\":\"https:\/\/www.monteure-auf-zeit.de\/home\/leistungen\/metallfassaden\/\"},{\"@type\":\"ListItem\",\"position\":4,\"name\":\"Vorgeh\u00e4ngte hinterl\u00fcftete Fassaden\"}]},{\"@type\":\"WebSite\",\"@id\":\"https:\/\/www.monteure-auf-zeit.de\/home\/#website\",\"url\":\"https:\/\/www.monteure-auf-zeit.de\/home\/\",\"name\":\"Pientka Monteure auf Zeit\",\"description\":\"Erfahrene Monteure deutschlandweit kurzfristig einsatzbereit\",\"publisher\":{\"@id\":\"https:\/\/www.monteure-auf-zeit.de\/home\/#organization\"},\"potentialAction\":[{\"@type\":\"SearchAction\",\"target\":{\"@type\":\"EntryPoint\",\"urlTemplate\":\"https:\/\/www.monteure-auf-zeit.de\/home\/?s={search_term_string}\"},\"query-input\":{\"@type\":\"PropertyValueSpecification\",\"valueRequired\":true,\"valueName\":\"search_term_string\"}}],\"inLanguage\":\"de\"},{\"@type\":\"Organization\",\"@id\":\"https:\/\/www.monteure-auf-zeit.de\/home\/#organization\",\"name\":\"Pientka Monteure auf Zeit\",\"url\":\"https:\/\/www.monteure-auf-zeit.de\/home\/\",\"logo\":{\"@type\":\"ImageObject\",\"inLanguage\":\"de\",\"@id\":\"https:\/\/www.monteure-auf-zeit.de\/home\/#\/schema\/logo\/image\/\",\"url\":\"https:\/\/www.monteure-auf-zeit.de\/home\/wp-content\/uploads\/2022\/03\/logo_zeit_abstand.png\",\"contentUrl\":\"https:\/\/www.monteure-auf-zeit.de\/home\/wp-content\/uploads\/2022\/03\/logo_zeit_abstand.png\",\"width\":703,\"height\":674,\"caption\":\"Pientka Monteure auf Zeit\"},\"image\":{\"@id\":\"https:\/\/www.monteure-auf-zeit.de\/home\/#\/schema\/logo\/image\/\"}}]}<\/script>\n<!-- \/ Yoast SEO plugin. -->","yoast_head_json":{"title":"Vorgeh\u00e4ngte hinterl\u00fcftete Fassaden | Erfahrene Monteure | kurzfristig einsatzbereit","description":"Vorgeh\u00e4ngte hinterl\u00fcftete Fassaden Montageteams f\u00fcr Metall-, Fassaden- und Paneelbau sowie K\u00fchlraumbau \u2013 \u2713erfahren \u2713pr\u00e4zise \u2713bundesweit kurzfristig einsatzbereit.","robots":{"index":"index","follow":"follow","max-snippet":"max-snippet:-1","max-image-preview":"max-image-preview:large","max-video-preview":"max-video-preview:-1"},"canonical":"https:\/\/www.monteure-auf-zeit.de\/home\/leistungen\/metallfassaden\/vorgehaengte-hinterlueftete-fassaden\/","og_locale":"de_DE","og_type":"article","og_title":"Vorgeh\u00e4ngte hinterl\u00fcftete Fassaden | Erfahrene Monteure | kurzfristig einsatzbereit","og_description":"Vorgeh\u00e4ngte hinterl\u00fcftete Fassaden Montageteams f\u00fcr Metall-, Fassaden- und Paneelbau sowie K\u00fchlraumbau \u2013 \u2713erfahren \u2713pr\u00e4zise \u2713bundesweit kurzfristig einsatzbereit.","og_url":"https:\/\/www.monteure-auf-zeit.de\/home\/leistungen\/metallfassaden\/vorgehaengte-hinterlueftete-fassaden\/","og_site_name":"Pientka Monteure auf Zeit","article_modified_time":"2026-03-12T08:18:38+00:00","twitter_card":"summary_large_image","twitter_misc":{"Gesch\u00e4tzte Lesezeit":"16\u00a0Minuten"},"schema":{"@context":"https:\/\/schema.org","@graph":[{"@type":"WebPage","@id":"https:\/\/www.monteure-auf-zeit.de\/home\/leistungen\/metallfassaden\/vorgehaengte-hinterlueftete-fassaden\/","url":"https:\/\/www.monteure-auf-zeit.de\/home\/leistungen\/metallfassaden\/vorgehaengte-hinterlueftete-fassaden\/","name":"Vorgeh\u00e4ngte hinterl\u00fcftete Fassaden | Erfahrene Monteure | kurzfristig einsatzbereit","isPartOf":{"@id":"https:\/\/www.monteure-auf-zeit.de\/home\/#website"},"datePublished":"2026-03-03T07:20:15+00:00","dateModified":"2026-03-12T08:18:38+00:00","description":"Vorgeh\u00e4ngte hinterl\u00fcftete Fassaden Montageteams f\u00fcr Metall-, Fassaden- und Paneelbau sowie K\u00fchlraumbau \u2013 \u2713erfahren \u2713pr\u00e4zise \u2713bundesweit kurzfristig einsatzbereit.","breadcrumb":{"@id":"https:\/\/www.monteure-auf-zeit.de\/home\/leistungen\/metallfassaden\/vorgehaengte-hinterlueftete-fassaden\/#breadcrumb"},"inLanguage":"de","potentialAction":[{"@type":"ReadAction","target":["https:\/\/www.monteure-auf-zeit.de\/home\/leistungen\/metallfassaden\/vorgehaengte-hinterlueftete-fassaden\/"]}]},{"@type":"BreadcrumbList","@id":"https:\/\/www.monteure-auf-zeit.de\/home\/leistungen\/metallfassaden\/vorgehaengte-hinterlueftete-fassaden\/#breadcrumb","itemListElement":[{"@type":"ListItem","position":1,"name":"Start","item":"https:\/\/www.monteure-auf-zeit.de\/home\/home\/"},{"@type":"ListItem","position":2,"name":"Leistungen","item":"https:\/\/www.monteure-auf-zeit.de\/home\/leistungen\/"},{"@type":"ListItem","position":3,"name":"Metallfassaden","item":"https:\/\/www.monteure-auf-zeit.de\/home\/leistungen\/metallfassaden\/"},{"@type":"ListItem","position":4,"name":"Vorgeh\u00e4ngte hinterl\u00fcftete Fassaden"}]},{"@type":"WebSite","@id":"https:\/\/www.monteure-auf-zeit.de\/home\/#website","url":"https:\/\/www.monteure-auf-zeit.de\/home\/","name":"Pientka Monteure auf Zeit","description":"Erfahrene Monteure deutschlandweit kurzfristig einsatzbereit","publisher":{"@id":"https:\/\/www.monteure-auf-zeit.de\/home\/#organization"},"potentialAction":[{"@type":"SearchAction","target":{"@type":"EntryPoint","urlTemplate":"https:\/\/www.monteure-auf-zeit.de\/home\/?s={search_term_string}"},"query-input":{"@type":"PropertyValueSpecification","valueRequired":true,"valueName":"search_term_string"}}],"inLanguage":"de"},{"@type":"Organization","@id":"https:\/\/www.monteure-auf-zeit.de\/home\/#organization","name":"Pientka Monteure auf Zeit","url":"https:\/\/www.monteure-auf-zeit.de\/home\/","logo":{"@type":"ImageObject","inLanguage":"de","@id":"https:\/\/www.monteure-auf-zeit.de\/home\/#\/schema\/logo\/image\/","url":"https:\/\/www.monteure-auf-zeit.de\/home\/wp-content\/uploads\/2022\/03\/logo_zeit_abstand.png","contentUrl":"https:\/\/www.monteure-auf-zeit.de\/home\/wp-content\/uploads\/2022\/03\/logo_zeit_abstand.png","width":703,"height":674,"caption":"Pientka Monteure auf Zeit"},"image":{"@id":"https:\/\/www.monteure-auf-zeit.de\/home\/#\/schema\/logo\/image\/"}}]}},"_links":{"self":[{"href":"https:\/\/www.monteure-auf-zeit.de\/home\/wp-json\/wp\/v2\/pages\/762","targetHints":{"allow":["GET"]}}],"collection":[{"href":"https:\/\/www.monteure-auf-zeit.de\/home\/wp-json\/wp\/v2\/pages"}],"about":[{"href":"https:\/\/www.monteure-auf-zeit.de\/home\/wp-json\/wp\/v2\/types\/page"}],"author":[{"embeddable":true,"href":"https:\/\/www.monteure-auf-zeit.de\/home\/wp-json\/wp\/v2\/users\/1"}],"replies":[{"embeddable":true,"href":"https:\/\/www.monteure-auf-zeit.de\/home\/wp-json\/wp\/v2\/comments?post=762"}],"version-history":[{"count":3,"href":"https:\/\/www.monteure-auf-zeit.de\/home\/wp-json\/wp\/v2\/pages\/762\/revisions"}],"predecessor-version":[{"id":1173,"href":"https:\/\/www.monteure-auf-zeit.de\/home\/wp-json\/wp\/v2\/pages\/762\/revisions\/1173"}],"up":[{"embeddable":true,"href":"https:\/\/www.monteure-auf-zeit.de\/home\/wp-json\/wp\/v2\/pages\/752"}],"wp:attachment":[{"href":"https:\/\/www.monteure-auf-zeit.de\/home\/wp-json\/wp\/v2\/media?parent=762"}],"curies":[{"name":"wp","href":"https:\/\/api.w.org\/{rel}","templated":true}]}}