{"id":754,"date":"2026-03-03T07:18:53","date_gmt":"2026-03-03T07:18:53","guid":{"rendered":"https:\/\/www.monteure-auf-zeit.de\/home\/?page_id=754"},"modified":"2026-03-12T08:17:48","modified_gmt":"2026-03-12T08:17:48","slug":"aluminiumfassaden","status":"publish","type":"page","link":"https:\/\/www.monteure-auf-zeit.de\/home\/leistungen\/metallfassaden\/aluminiumfassaden\/","title":{"rendered":"Aluminiumfassaden"},"content":{"rendered":"<div id='av_section_1'  class='avia-section av-1qpmi2-43757dc02ddab98897d6df21487470c6 main_color avia-section-default avia-no-border-styling  avia-builder-el-0  el_before_av_section  avia-builder-el-first  avia-bg-style-scroll container_wrap sidebar_right'  ><div class='container av-section-cont-open' ><main  role=\"main\" itemprop=\"mainContentOfPage\"  class='template-page content  av-content-small alpha units'><div class='post-entry post-entry-type-page post-entry-754'><div class='entry-content-wrapper clearfix'>\n<div  class='flex_column av-1l9g02-b41201dd1a858455e30834cac6789e6a av_one_full  avia-builder-el-1  el_before_av_one_full  avia-builder-el-first  first flex_column_div  '     ><section  class='av_textblock_section av-mmale487-eb09fc110152c3395312d5158956cb81 '   itemscope=\"itemscope\" itemtype=\"https:\/\/schema.org\/CreativeWork\" ><div class='avia_textblock'  itemprop=\"text\" ><h1>Montage von Aluminiumfassaden im Industrie- und Hallenbau<\/h1>\n<p>Aluminiumfassaden sind im modernen Industrie- und Hallenbau weit verbreitet. Sie \u00fcberzeugen durch ihr geringes Eigengewicht, hohe Korrosionsbest\u00e4ndigkeit sowie flexible Gestaltungsm\u00f6glichkeiten. Gleichzeitig stellen gro\u00dfformatige Aluminium-Fassadensysteme hohe Anforderungen an Pr\u00e4zision, Ausrichtung und fachgerechte Befestigung.<\/p>\n<p>Unsere Montageteams unterst\u00fctzen Bauunternehmen, Metallbauer und Fassadenbauer bei der fachgerechten Montage von Aluminiumfassaden im Industrie- und Hallenbau. Bundesweit und bei Bedarf auch kurzfristig verf\u00fcgbar.<\/p>\n<\/div><\/section><\/div><div class='flex_column_table av-1cty2q-a42b92f2c475dc6c87488d7b1f629c8c sc-av_one_full av-equal-height-column-flextable'><div  class='flex_column av-1cty2q-a42b92f2c475dc6c87488d7b1f629c8c av_one_full  avia-builder-el-3  el_after_av_one_full  el_before_av_one_full  first flex_column_table_cell av-equal-height-column av-align-middle  column-top-margin'     ><section  class='av_textblock_section av-mmale9dj-11ec0faee89ad1ba4a7171f353713451 '   itemscope=\"itemscope\" itemtype=\"https:\/\/schema.org\/CreativeWork\" ><div class='avia_textblock'  itemprop=\"text\" ><h2>Erfahrung in der Montage von Aluminium-Fassadensystemen<\/h2>\n<p>Die Montage von Aluminiumfassaden erfordert technisches Verst\u00e4ndnis f\u00fcr Tragwerke, Unterkonstruktionen und Fassadenelemente. Unsere Monteure verf\u00fcgen \u00fcber Erfahrung in der Verarbeitung und Montage verschiedenster Aluminium-Fassadensysteme und arbeiten sicher nach technischen Zeichnungen sowie projektspezifischen Vorgaben.<\/p>\n<p>Zum Leistungsbereich geh\u00f6ren unter anderem:<\/p>\n<ul>\n<li>Aluminium-Kassettenfassaden<\/li>\n<li>Aluminium-Paneelsysteme<\/li>\n<li>Vorgeh\u00e4ngte hinterl\u00fcftete Aluminiumfassaden<\/li>\n<li>Aluminium-Verbundplatten<\/li>\n<li>Fassadenprofile und Abschlusselemente<\/li>\n<\/ul>\n<p>Die pr\u00e4zise Ausrichtung und Befestigung der einzelnen Elemente ist entscheidend f\u00fcr eine dauerhaft funktionierende Fassadenkonstruktion \u2013 insbesondere bei gro\u00dffl\u00e4chigen Industrie- und Hallenfassaden.<\/p>\n<h2><\/h2>\n<\/div><\/section><\/div><\/div><!--close column table wrapper. Autoclose: 1 --><div  class='flex_column av-zlp0i-251800bb910218adeec05b4e5a8774c5 av_one_full  avia-builder-el-5  el_after_av_one_full  avia-builder-el-last  first flex_column_div  column-top-margin'     ><section  class='av_textblock_section av-mmalecaw-338a682b7c535e07dd931c2faacfb941 '   itemscope=\"itemscope\" itemtype=\"https:\/\/schema.org\/CreativeWork\" ><div class='avia_textblock'  itemprop=\"text\" ><h2>Montage von Unterkonstruktionen und Tragprofilen<\/h2>\n<p>Eine fachgerecht montierte Unterkonstruktion bildet die Grundlage jeder Aluminiumfassade. Unsere Montageteams \u00fcbernehmen die Montage von:<\/p>\n<ul>\n<li>Aluminium-Unterkonstruktionen<\/li>\n<li>Stahl-Unterkonstruktionen<\/li>\n<li>Konsolensystemen<\/li>\n<li>Trag- und Befestigungsprofilen<\/li>\n<li>Schienen- und Haltesystemen<\/li>\n<\/ul>\n<p>Die exakte Ausrichtung der Unterkonstruktion gew\u00e4hrleistet eine spannungsfreie Aufnahme der Fassadenelemente und sorgt f\u00fcr ein gleichm\u00e4\u00dfiges Fassadenbild.<\/p>\n<h2>Einsatzbereiche im Industriebau<\/h2>\n<p>Unsere Aluminiumfassaden-Montageteams sind insbesondere in folgenden Bereichen t\u00e4tig:<\/p>\n<ul>\n<li>Produktionshallen<\/li>\n<li>Logistikzentren<\/li>\n<li>Lagerhallen<\/li>\n<li>Technik- und Anlagengeb\u00e4ude<\/li>\n<li>Erweiterungs- und Umbauprojekte im Industriebereich<\/li>\n<\/ul>\n<p>Durch unsere Spezialisierung auf Industrie- und Hallenbau sind unsere Teams mit gro\u00dfformatigen Fassadenfl\u00e4chen und strukturierten Bauabl\u00e4ufen vertraut.<\/p>\n<h2>Arbeiten in H\u00f6hen und auf Gro\u00dfbaustellen<\/h2>\n<p>Die Montage von Aluminiumfassaden erfolgt h\u00e4ufig in gro\u00dfen H\u00f6hen und unter Einsatz von Hubarbeitsb\u00fchnen oder Kr\u00e4nen. Unsere Monteure sind mit diesen Anforderungen vertraut und arbeiten sicher sowie planorientiert nach Baustellenvorgaben.<\/p>\n<p>Die Koordination mit anderen Gewerken sowie die Einhaltung von Sicherheits- und Baustellenrichtlinien sind f\u00fcr unsere Teams selbstverst\u00e4ndlich.<\/p>\n<h2>Montageteams ab zwei Fachmonteuren<\/h2>\n<p>Wir stellen eingespielte Montageteams mit mindestens zwei qualifizierten Fachmonteuren zur Verf\u00fcgung. F\u00fcr gr\u00f6\u00dfere Bauabschnitte k\u00f6nnen entsprechend gr\u00f6\u00dfere Teams eingesetzt werden.<\/p>\n<p>Diese Teamstruktur gew\u00e4hrleistet effiziente Abl\u00e4ufe auf der Baustelle, klare Abstimmungen und eine zuverl\u00e4ssige Umsetzung auch bei umfangreichen Aluminiumfassaden-Projekten.<\/p>\n<h2>Ihr Partner f\u00fcr Aluminiumfassaden-Montage<\/h2>\n<p>Aluminiumfassaden im Industrie- und Hallenbau erfordern Pr\u00e4zision, Erfahrung und eine strukturierte Arbeitsweise. Mit unseren spezialisierten Montageteams unterst\u00fctzen wir Projekte zuverl\u00e4ssig und flexibel \u2013 von der Unterkonstruktion bis zur finalen Montage der Fassadenelemente.<\/p>\n<p>Wir stellen qualifizierte Aluminiumfassaden-Montageteams f\u00fcr Projekte im gesamten Bundesgebiet zur Verf\u00fcgung.<\/p>\n<\/div><\/section><\/div><\/div><\/div><\/main><!-- close content main element --><\/div><\/div>\n<style type=\"text\/css\" data-created_by=\"avia_inline_auto\" id=\"style-css-av-t5goa-24e9fad200a401fb7039bce6094adcb8\">\n.avia-section.av-t5goa-24e9fad200a401fb7039bce6094adcb8{\nposition:relative;\n}\n.avia-section.av-t5goa-24e9fad200a401fb7039bce6094adcb8 .av-parallax .av-parallax-inner{\nbackground-repeat:no-repeat;\nbackground-image:url(https:\/\/www.monteure-auf-zeit.de\/home\/wp-content\/uploads\/2022\/03\/AdobeStock_43086186.jpeg);\nbackground-position:50% 50%;\nbackground-attachment:scroll;\n}\n.avia-section.av-t5goa-24e9fad200a401fb7039bce6094adcb8 .av-section-color-overlay{\nopacity:0.5;\nbackground-color:#000000;\n}\n.avia-section.av-t5goa-24e9fad200a401fb7039bce6094adcb8 .avia-divider-svg-top svg{\nheight:50px;\nwidth:calc(100% + 1.3px);\nfill:#ffffff;\n}\n<\/style>\n<div id='av_section_2'  class='avia-section av-t5goa-24e9fad200a401fb7039bce6094adcb8 main_color avia-section-default avia-no-border-styling  avia-builder-el-7  el_after_av_section  avia-builder-el-last  avia-full-stretch av-parallax-section avia-bg-style-parallax av-section-color-overlay-active av-minimum-height av-minimum-height-50 av-height-50  container_wrap sidebar_right'  data-section-bg-repeat='stretch' data-av_minimum_height_pc='50' data-av_min_height_opt='50'><div class='avia-divider-svg avia-divider-svg-curve avia-divider-svg-top avia-to-front avia-svg-original'><svg xmlns=\"http:\/\/www.w3.org\/2000\/svg\" viewBox=\"0 0 1000 100\" preserveAspectRatio=\"none\">\n    <path d=\"M1000,4.3V0H0v4.3C0.9,23.1,126.7,99.2,500,100S1000,22.7,1000,4.3z\"\/>\n<\/svg><\/div><div class='av-parallax' data-avia-parallax-ratio='0.3' ><div class='av-parallax-inner main_color avia-full-stretch'><\/div><\/div><div class=\"av-section-color-overlay-wrap\"><div class=\"av-section-color-overlay\"><\/div><div class='container av-section-cont-open' ><div class='template-page content  av-content-small alpha units'><div class='post-entry post-entry-type-page post-entry-754'><div class='entry-content-wrapper clearfix'>\n\n<style type=\"text\/css\" data-created_by=\"avia_inline_auto\" id=\"style-css-av-ldwmq-f23278fa19653f07068a3a429ea1e69d\">\n.flex_column.av-ldwmq-f23278fa19653f07068a3a429ea1e69d{\nborder-radius:0px 0px 0px 0px;\npadding:0px 0px 0px 0px;\n}\n<\/style>\n<div  class='flex_column av-ldwmq-f23278fa19653f07068a3a429ea1e69d av_one_fifth  avia-builder-el-8  el_before_av_three_fifth  avia-builder-el-first  first flex_column_div av-zero-column-padding  '     ><\/div>\n<style type=\"text\/css\" data-created_by=\"avia_inline_auto\" id=\"style-css-av-gf7re-6f20a5dc9c25586646c26379f1771c3e\">\n.flex_column.av-gf7re-6f20a5dc9c25586646c26379f1771c3e{\nborder-radius:0px 0px 0px 0px;\npadding:0px 0px 0px 0px;\n}\n<\/style>\n<div  class='flex_column av-gf7re-6f20a5dc9c25586646c26379f1771c3e av_three_fifth  avia-builder-el-9  el_after_av_one_fifth  avia-builder-el-last  flex_column_div av-zero-column-padding  '     ><div  class='avia-button-wrap avia-button-center  avia-builder-el-10  avia-builder-el-no-sibling '>\n<style type=\"text\/css\" data-created_by=\"avia_inline_auto\" id=\"style-css-av-a4ihu-9c902d7f9085b87402270c74c6286786\">\n#top #wrap_all .avia-button.av-a4ihu-9c902d7f9085b87402270c74c6286786{\ncolor:#ffffff;\ntransition:all 0.4s ease-in-out;\n}\n#top #wrap_all .avia-button.av-a4ihu-9c902d7f9085b87402270c74c6286786:hover{\ncolor:#ffffff;\ntransition:all 0.4s ease-in-out;\n}\n<\/style>\n<a href='https:\/\/www.monteure-auf-zeit.de\/home\/kontakt\/' class='avia-color-theme-color avia-button avia-button-fullwidth av-a4ihu-9c902d7f9085b87402270c74c6286786 avia-icon_select-yes-left-icon avia-color-theme-color'   aria-label=\"Hier geht\u2019s zum ersten Kontakt!\"><span class='avia_button_icon avia_button_icon_left' aria-hidden='true' data-av_icon='\ue80b' data-av_iconfont='entypo-fontello'><\/span><span class='avia_iconbox_title' >Hier geht\u2019s zum ersten Kontakt!<\/span><span class='avia_button_background avia-button avia-button-fullwidth avia-color-theme-color-highlight'><\/span><\/a><\/div><\/div>\n<\/div><\/div><\/div><!-- close content main div --><\/div><\/div><\/div><div id='after_section_2'  class='main_color av_default_container_wrap container_wrap sidebar_right'  ><div class='container av-section-cont-open' ><div class='template-page content  av-content-small alpha units'><div class='post-entry post-entry-type-page post-entry-754'><div class='entry-content-wrapper clearfix'><\/p>\n","protected":false},"excerpt":{"rendered":"","protected":false},"author":1,"featured_media":0,"parent":752,"menu_order":0,"comment_status":"closed","ping_status":"closed","template":"","meta":{"footnotes":""},"class_list":["post-754","page","type-page","status-publish","hentry"],"yoast_head":"<!-- This site is optimized with the Yoast SEO plugin v27.1.1 - https:\/\/yoast.com\/product\/yoast-seo-wordpress\/ -->\n<title>Aluminiumfassaden | Erfahrene Monteure | kurzfristig einsatzbereit<\/title>\n<meta name=\"description\" content=\"Aluminiumfassaden Montageteams f\u00fcr Metall-, Fassaden- und Paneelbau sowie K\u00fchlraumbau \u2013 \u2713erfahren \u2713pr\u00e4zise \u2713bundesweit kurzfristig einsatzbereit.\" \/>\n<meta name=\"robots\" content=\"index, follow, max-snippet:-1, max-image-preview:large, max-video-preview:-1\" \/>\n<link rel=\"canonical\" href=\"https:\/\/www.monteure-auf-zeit.de\/home\/leistungen\/metallfassaden\/aluminiumfassaden\/\" \/>\n<meta property=\"og:locale\" content=\"de_DE\" \/>\n<meta property=\"og:type\" content=\"article\" \/>\n<meta property=\"og:title\" content=\"Aluminiumfassaden | Erfahrene Monteure | kurzfristig einsatzbereit\" \/>\n<meta property=\"og:description\" content=\"Aluminiumfassaden Montageteams f\u00fcr Metall-, Fassaden- und Paneelbau sowie K\u00fchlraumbau \u2013 \u2713erfahren \u2713pr\u00e4zise \u2713bundesweit kurzfristig einsatzbereit.\" \/>\n<meta property=\"og:url\" content=\"https:\/\/www.monteure-auf-zeit.de\/home\/leistungen\/metallfassaden\/aluminiumfassaden\/\" \/>\n<meta property=\"og:site_name\" content=\"Pientka Monteure auf Zeit\" \/>\n<meta property=\"article:modified_time\" content=\"2026-03-12T08:17:48+00:00\" \/>\n<meta name=\"twitter:card\" content=\"summary_large_image\" \/>\n<meta name=\"twitter:label1\" content=\"Gesch\u00e4tzte Lesezeit\" \/>\n\t<meta name=\"twitter:data1\" content=\"15\u00a0Minuten\" \/>\n<script type=\"application\/ld+json\" class=\"yoast-schema-graph\">{\"@context\":\"https:\/\/schema.org\",\"@graph\":[{\"@type\":\"WebPage\",\"@id\":\"https:\/\/www.monteure-auf-zeit.de\/home\/leistungen\/metallfassaden\/aluminiumfassaden\/\",\"url\":\"https:\/\/www.monteure-auf-zeit.de\/home\/leistungen\/metallfassaden\/aluminiumfassaden\/\",\"name\":\"Aluminiumfassaden | Erfahrene Monteure | kurzfristig einsatzbereit\",\"isPartOf\":{\"@id\":\"https:\/\/www.monteure-auf-zeit.de\/home\/#website\"},\"datePublished\":\"2026-03-03T07:18:53+00:00\",\"dateModified\":\"2026-03-12T08:17:48+00:00\",\"description\":\"Aluminiumfassaden Montageteams f\u00fcr Metall-, Fassaden- und Paneelbau sowie K\u00fchlraumbau \u2013 \u2713erfahren \u2713pr\u00e4zise \u2713bundesweit kurzfristig einsatzbereit.\",\"breadcrumb\":{\"@id\":\"https:\/\/www.monteure-auf-zeit.de\/home\/leistungen\/metallfassaden\/aluminiumfassaden\/#breadcrumb\"},\"inLanguage\":\"de\",\"potentialAction\":[{\"@type\":\"ReadAction\",\"target\":[\"https:\/\/www.monteure-auf-zeit.de\/home\/leistungen\/metallfassaden\/aluminiumfassaden\/\"]}]},{\"@type\":\"BreadcrumbList\",\"@id\":\"https:\/\/www.monteure-auf-zeit.de\/home\/leistungen\/metallfassaden\/aluminiumfassaden\/#breadcrumb\",\"itemListElement\":[{\"@type\":\"ListItem\",\"position\":1,\"name\":\"Start\",\"item\":\"https:\/\/www.monteure-auf-zeit.de\/home\/home\/\"},{\"@type\":\"ListItem\",\"position\":2,\"name\":\"Leistungen\",\"item\":\"https:\/\/www.monteure-auf-zeit.de\/home\/leistungen\/\"},{\"@type\":\"ListItem\",\"position\":3,\"name\":\"Metallfassaden\",\"item\":\"https:\/\/www.monteure-auf-zeit.de\/home\/leistungen\/metallfassaden\/\"},{\"@type\":\"ListItem\",\"position\":4,\"name\":\"Aluminiumfassaden\"}]},{\"@type\":\"WebSite\",\"@id\":\"https:\/\/www.monteure-auf-zeit.de\/home\/#website\",\"url\":\"https:\/\/www.monteure-auf-zeit.de\/home\/\",\"name\":\"Pientka Monteure auf Zeit\",\"description\":\"Erfahrene Monteure deutschlandweit kurzfristig einsatzbereit\",\"publisher\":{\"@id\":\"https:\/\/www.monteure-auf-zeit.de\/home\/#organization\"},\"potentialAction\":[{\"@type\":\"SearchAction\",\"target\":{\"@type\":\"EntryPoint\",\"urlTemplate\":\"https:\/\/www.monteure-auf-zeit.de\/home\/?s={search_term_string}\"},\"query-input\":{\"@type\":\"PropertyValueSpecification\",\"valueRequired\":true,\"valueName\":\"search_term_string\"}}],\"inLanguage\":\"de\"},{\"@type\":\"Organization\",\"@id\":\"https:\/\/www.monteure-auf-zeit.de\/home\/#organization\",\"name\":\"Pientka Monteure auf Zeit\",\"url\":\"https:\/\/www.monteure-auf-zeit.de\/home\/\",\"logo\":{\"@type\":\"ImageObject\",\"inLanguage\":\"de\",\"@id\":\"https:\/\/www.monteure-auf-zeit.de\/home\/#\/schema\/logo\/image\/\",\"url\":\"https:\/\/www.monteure-auf-zeit.de\/home\/wp-content\/uploads\/2022\/03\/logo_zeit_abstand.png\",\"contentUrl\":\"https:\/\/www.monteure-auf-zeit.de\/home\/wp-content\/uploads\/2022\/03\/logo_zeit_abstand.png\",\"width\":703,\"height\":674,\"caption\":\"Pientka Monteure auf Zeit\"},\"image\":{\"@id\":\"https:\/\/www.monteure-auf-zeit.de\/home\/#\/schema\/logo\/image\/\"}}]}<\/script>\n<!-- \/ Yoast SEO plugin. -->","yoast_head_json":{"title":"Aluminiumfassaden | Erfahrene Monteure | kurzfristig einsatzbereit","description":"Aluminiumfassaden Montageteams f\u00fcr Metall-, Fassaden- und Paneelbau sowie K\u00fchlraumbau \u2013 \u2713erfahren \u2713pr\u00e4zise \u2713bundesweit kurzfristig einsatzbereit.","robots":{"index":"index","follow":"follow","max-snippet":"max-snippet:-1","max-image-preview":"max-image-preview:large","max-video-preview":"max-video-preview:-1"},"canonical":"https:\/\/www.monteure-auf-zeit.de\/home\/leistungen\/metallfassaden\/aluminiumfassaden\/","og_locale":"de_DE","og_type":"article","og_title":"Aluminiumfassaden | Erfahrene Monteure | kurzfristig einsatzbereit","og_description":"Aluminiumfassaden Montageteams f\u00fcr Metall-, Fassaden- und Paneelbau sowie K\u00fchlraumbau \u2013 \u2713erfahren \u2713pr\u00e4zise \u2713bundesweit kurzfristig einsatzbereit.","og_url":"https:\/\/www.monteure-auf-zeit.de\/home\/leistungen\/metallfassaden\/aluminiumfassaden\/","og_site_name":"Pientka Monteure auf Zeit","article_modified_time":"2026-03-12T08:17:48+00:00","twitter_card":"summary_large_image","twitter_misc":{"Gesch\u00e4tzte Lesezeit":"15\u00a0Minuten"},"schema":{"@context":"https:\/\/schema.org","@graph":[{"@type":"WebPage","@id":"https:\/\/www.monteure-auf-zeit.de\/home\/leistungen\/metallfassaden\/aluminiumfassaden\/","url":"https:\/\/www.monteure-auf-zeit.de\/home\/leistungen\/metallfassaden\/aluminiumfassaden\/","name":"Aluminiumfassaden | Erfahrene Monteure | kurzfristig einsatzbereit","isPartOf":{"@id":"https:\/\/www.monteure-auf-zeit.de\/home\/#website"},"datePublished":"2026-03-03T07:18:53+00:00","dateModified":"2026-03-12T08:17:48+00:00","description":"Aluminiumfassaden Montageteams f\u00fcr Metall-, Fassaden- und Paneelbau sowie K\u00fchlraumbau \u2013 \u2713erfahren \u2713pr\u00e4zise \u2713bundesweit kurzfristig einsatzbereit.","breadcrumb":{"@id":"https:\/\/www.monteure-auf-zeit.de\/home\/leistungen\/metallfassaden\/aluminiumfassaden\/#breadcrumb"},"inLanguage":"de","potentialAction":[{"@type":"ReadAction","target":["https:\/\/www.monteure-auf-zeit.de\/home\/leistungen\/metallfassaden\/aluminiumfassaden\/"]}]},{"@type":"BreadcrumbList","@id":"https:\/\/www.monteure-auf-zeit.de\/home\/leistungen\/metallfassaden\/aluminiumfassaden\/#breadcrumb","itemListElement":[{"@type":"ListItem","position":1,"name":"Start","item":"https:\/\/www.monteure-auf-zeit.de\/home\/home\/"},{"@type":"ListItem","position":2,"name":"Leistungen","item":"https:\/\/www.monteure-auf-zeit.de\/home\/leistungen\/"},{"@type":"ListItem","position":3,"name":"Metallfassaden","item":"https:\/\/www.monteure-auf-zeit.de\/home\/leistungen\/metallfassaden\/"},{"@type":"ListItem","position":4,"name":"Aluminiumfassaden"}]},{"@type":"WebSite","@id":"https:\/\/www.monteure-auf-zeit.de\/home\/#website","url":"https:\/\/www.monteure-auf-zeit.de\/home\/","name":"Pientka Monteure auf Zeit","description":"Erfahrene Monteure deutschlandweit kurzfristig einsatzbereit","publisher":{"@id":"https:\/\/www.monteure-auf-zeit.de\/home\/#organization"},"potentialAction":[{"@type":"SearchAction","target":{"@type":"EntryPoint","urlTemplate":"https:\/\/www.monteure-auf-zeit.de\/home\/?s={search_term_string}"},"query-input":{"@type":"PropertyValueSpecification","valueRequired":true,"valueName":"search_term_string"}}],"inLanguage":"de"},{"@type":"Organization","@id":"https:\/\/www.monteure-auf-zeit.de\/home\/#organization","name":"Pientka Monteure auf Zeit","url":"https:\/\/www.monteure-auf-zeit.de\/home\/","logo":{"@type":"ImageObject","inLanguage":"de","@id":"https:\/\/www.monteure-auf-zeit.de\/home\/#\/schema\/logo\/image\/","url":"https:\/\/www.monteure-auf-zeit.de\/home\/wp-content\/uploads\/2022\/03\/logo_zeit_abstand.png","contentUrl":"https:\/\/www.monteure-auf-zeit.de\/home\/wp-content\/uploads\/2022\/03\/logo_zeit_abstand.png","width":703,"height":674,"caption":"Pientka Monteure auf Zeit"},"image":{"@id":"https:\/\/www.monteure-auf-zeit.de\/home\/#\/schema\/logo\/image\/"}}]}},"_links":{"self":[{"href":"https:\/\/www.monteure-auf-zeit.de\/home\/wp-json\/wp\/v2\/pages\/754","targetHints":{"allow":["GET"]}}],"collection":[{"href":"https:\/\/www.monteure-auf-zeit.de\/home\/wp-json\/wp\/v2\/pages"}],"about":[{"href":"https:\/\/www.monteure-auf-zeit.de\/home\/wp-json\/wp\/v2\/types\/page"}],"author":[{"embeddable":true,"href":"https:\/\/www.monteure-auf-zeit.de\/home\/wp-json\/wp\/v2\/users\/1"}],"replies":[{"embeddable":true,"href":"https:\/\/www.monteure-auf-zeit.de\/home\/wp-json\/wp\/v2\/comments?post=754"}],"version-history":[{"count":3,"href":"https:\/\/www.monteure-auf-zeit.de\/home\/wp-json\/wp\/v2\/pages\/754\/revisions"}],"predecessor-version":[{"id":1169,"href":"https:\/\/www.monteure-auf-zeit.de\/home\/wp-json\/wp\/v2\/pages\/754\/revisions\/1169"}],"up":[{"embeddable":true,"href":"https:\/\/www.monteure-auf-zeit.de\/home\/wp-json\/wp\/v2\/pages\/752"}],"wp:attachment":[{"href":"https:\/\/www.monteure-auf-zeit.de\/home\/wp-json\/wp\/v2\/media?parent=754"}],"curies":[{"name":"wp","href":"https:\/\/api.w.org\/{rel}","templated":true}]}}