{"id":1390,"date":"2026-04-14T19:21:46","date_gmt":"2026-04-14T19:21:46","guid":{"rendered":"https:\/\/www.monteure-auf-zeit.de\/home\/monteure\/monteure-ulm\/"},"modified":"2026-04-14T19:44:43","modified_gmt":"2026-04-14T19:44:43","slug":"monteure-ulm","status":"publish","type":"page","link":"https:\/\/www.monteure-auf-zeit.de\/home\/monteure\/monteure-ulm\/","title":{"rendered":"Monteure Ulm"},"content":{"rendered":"\n<style type=\"text\/css\" data-created_by=\"avia_inline_auto\" id=\"style-css-av-mma8d4jz-9ee93898f91b6a1ed934f9350cd7337b\">\n.avia-section.av-mma8d4jz-9ee93898f91b6a1ed934f9350cd7337b{\nbackground-repeat:no-repeat;\nbackground-image:url(https:\/\/www.monteure-auf-zeit.de\/home\/wp-content\/uploads\/2026\/03\/hallen_logistikbau_v2.png);\nbackground-position:0% 0%;\nbackground-attachment:scroll;\nposition:relative;\n}\n.avia-section.av-mma8d4jz-9ee93898f91b6a1ed934f9350cd7337b .av-section-color-overlay{\nopacity:0.7;\nbackground-color:#000000;\n}\n.avia-section.av-mma8d4jz-9ee93898f91b6a1ed934f9350cd7337b .avia-divider-svg-bottom svg{\nheight:50px;\nwidth:calc(100% + 1.3px);\nfill:#ffffff;\n}\n<\/style>\n<div id='av_section_1'  class='avia-section av-mma8d4jz-9ee93898f91b6a1ed934f9350cd7337b main_color avia-section-default avia-no-border-styling  avia-builder-el-0  el_before_av_section  avia-builder-el-first  avia-bg-style-scroll av-section-color-overlay-active av-minimum-height av-minimum-height-60 av-height-percent  av-section-with-video-bg container_wrap sidebar_right'  data-section-bg-repeat='no-repeat' data-av_minimum_height_pc='60' data-av_min_height_opt='percent' data-section-video-ratio='16:12'><div class='avia-divider-svg avia-divider-svg-triangle-asymmetrical avia-divider-svg-bottom avia-to-front avia-svg-negative'><svg xmlns=\"http:\/\/www.w3.org\/2000\/svg\" viewBox=\"0 0 1000 100\" preserveAspectRatio=\"none\">\n\t<path d=\"M737.9,94.7L0,0v100h1000V0L737.9,94.7z\"\/>\n<\/svg><\/div><div  class='avia-slideshow av_slideshow_obj-1-69f70bbf61f83 avia-slideshow-featured av_slideshow avia-slide-slider av-slideshow-ui av-control-default av-slideshow-manual av-loop-once av-loop-manual-endless av-default-height-applied  av-section-video-bg avia-slideshow-1' data-slideshow-options=\"{&quot;animation&quot;:&quot;slide&quot;,&quot;autoplay&quot;:false,&quot;loop_autoplay&quot;:&quot;once&quot;,&quot;interval&quot;:5,&quot;loop_manual&quot;:&quot;manual-endless&quot;,&quot;autoplay_stopper&quot;:false,&quot;noNavigation&quot;:false,&quot;bg_slider&quot;:false,&quot;keep_padding&quot;:false,&quot;hoverpause&quot;:false,&quot;show_slide_delay&quot;:0}\"  itemprop=\"image\" itemscope=\"itemscope\" itemtype=\"https:\/\/schema.org\/ImageObject\" ><ul class='avia-slideshow-inner ' style='padding-bottom: 28.666666666667%;'><li  data-controls='disabled' data-mute='aviaTBaviaTBvideo_mute' data-loop='1' data-disable-autoplay=''  data-video-ratio='1.3333333333333' class='avia-slideshow-slide av_slideshow_obj-1-69f70bbf61f83__0  av-video-slide  av-video-service-html5  av-hide-video-controls av-mute-video av-loop-video  av-single-slide slide-1 slide-odd'><div data-rel='slideshow-1' class='avia-slide-wrap '    itemprop=\"video\" itemtype=\"https:\/\/schema.org\/VideoObject\" ><div class='av-click-overlay'><\/div><video class='avia_video'  autoplay playsinline loop preload=\"metadata\" muted  id='player_1390_1375678154_1411078632'><source src=\"https:\/\/www.monteure-auf-zeit.de\/home\/wp-content\/uploads\/2026\/03\/kling_20260312_\u4f5c\u54c1_Cinematic__3909_0.mp4\" type=\"video\/mp4\" \/><\/video><div class=\"av-click-to-play-overlay\"><div class=\"avia_playpause_icon\"><\/div><\/div><\/div><\/li><\/ul><\/div><div class=\"av-section-color-overlay-wrap\"><div class=\"av-section-color-overlay\"><\/div><div class='container av-section-cont-open' ><main  role=\"main\" itemprop=\"mainContentOfPage\"  class='template-page content  av-content-small alpha units'><div class='post-entry post-entry-type-page post-entry-1390'><div class='entry-content-wrapper clearfix'>\n<div  class='flex_column av-o123-9e170be551f8ecfbe827de63ccd854fa av_one_full  avia-builder-el-1  avia-builder-el-no-sibling  first flex_column_div  '     ><style type=\"text\/css\" data-created_by=\"avia_inline_auto\" id=\"style-css-av-mma8jpnh-19936fdd6e630ff41bc6db286a457f8d\">\n#top .av_textblock_section.av-mma8jpnh-19936fdd6e630ff41bc6db286a457f8d .avia_textblock{\ncolor:#ffffff;\n}\n<\/style>\n<section  class='av_textblock_section av-mma8jpnh-19936fdd6e630ff41bc6db286a457f8d '   itemscope=\"itemscope\" itemtype=\"https:\/\/schema.org\/CreativeWork\" ><div class='avia_textblock av_inherit_color'  itemprop=\"text\" ><h1 style=\"text-align: center; font-size: 40px;\">Monteure Ulm<\/h1>\n<h3 style=\"text-align: center;\">Montageteams f\u00fcr Metall-, Fassaden- und Paneelbau sowie K\u00fchlraumbau \u2013 erfahren, pr\u00e4zise und bundesweit kurzfristig einsatzbereit.<\/h3>\n<\/div><\/section><br \/>\n<div  class='avia-buttonrow-wrap av-mma8odi1-b77eabe7874b8cbc85ae19e61bbbd4c8 avia-buttonrow-center  avia-builder-el-3  el_after_av_textblock  avia-builder-el-last '>\n\n<style type=\"text\/css\" data-created_by=\"avia_inline_auto\" id=\"style-css-av-mma8nyiv-0bb2231d853435e5581cb62e891ff49f\">\n#top #wrap_all .avia-button.av-mma8nyiv-0bb2231d853435e5581cb62e891ff49f{\nmargin-bottom:5px;\nmargin-right:3px;\nmargin-left:3px;\n}\n<\/style>\n<a href='https:\/\/www.monteure-auf-zeit.de\/home\/leistungen\/'  class='avia-button av-mma8nyiv-0bb2231d853435e5581cb62e891ff49f avia-icon_select-no avia-size-large avia-color-theme-color'   aria-label=\"Leistungen\"><span class='avia_iconbox_title' >Leistungen<\/span><\/a>\n\n<style type=\"text\/css\" data-created_by=\"avia_inline_auto\" id=\"style-css-av-mma8obbx-0609aef57d431845bd784fcb96d01636\">\n#top #wrap_all .avia-button.av-mma8obbx-0609aef57d431845bd784fcb96d01636{\nmargin-bottom:5px;\nmargin-right:3px;\nmargin-left:3px;\n}\n<\/style>\n<a href=''  class='avia-button av-mma8obbx-0609aef57d431845bd784fcb96d01636 avia-icon_select-no avia-size-large avia-color-light'   aria-label=\"Kontakt\"><span class='avia_iconbox_title' >Kontakt<\/span><\/a>\n<\/div><\/p><\/div><\/div><\/div><\/main><!-- close content main element --><\/div><\/div><\/div><div id='av_section_2'  class='avia-section av-142oj-a0aa9d870539691db5dec99a2ded2621 main_color avia-section-default avia-no-border-styling  avia-builder-el-4  el_after_av_section  el_before_av_section  avia-bg-style-scroll container_wrap sidebar_right'  ><div class='container av-section-cont-open' ><div class='template-page content  av-content-small alpha units'><div class='post-entry post-entry-type-page post-entry-1390'><div class='entry-content-wrapper clearfix'>\n<div class='flex_column_table av-l0ksysdz-15-203de95791335060be9b9e7f96ef7599 sc-av_one_fourth av-equal-height-column-flextable'>\n<style type=\"text\/css\" data-created_by=\"avia_inline_auto\" id=\"style-css-av-l0ksysdz-15-203de95791335060be9b9e7f96ef7599\">\n@keyframes av_boxShadowEffect_av-l0ksysdz-15-203de95791335060be9b9e7f96ef7599-column {\n0%   { box-shadow:  0 0 0 0 #a22d35; opacity: 1; }\n100% { box-shadow:  0 0 15px 0 #a22d35; opacity: 1; }\n}\n.flex_column.av-l0ksysdz-15-203de95791335060be9b9e7f96ef7599{\nbox-shadow: 0 0 15px 0 #a22d35;\nborder-radius:10px 10px 10px 10px;\npadding:0px 0px 0px 0px;\nbackground-color:#f8f8f8;\n}\n<\/style>\n<div  class='flex_column av-l0ksysdz-15-203de95791335060be9b9e7f96ef7599 av_one_fourth  avia-builder-el-5  el_before_av_one_fourth  avia-builder-el-first  first flex_column_table_cell av-equal-height-column av-align-top av-animated-generic bottom-to-top shadow-not-animated av-zero-column-padding  '     ><article  class='iconbox iconbox_top av-l0kt2d3h-265357cbeb7e038c928b3e06e0604bfe  avia-builder-el-6  avia-builder-el-no-sibling  main_color'  itemscope=\"itemscope\" itemtype=\"https:\/\/schema.org\/CreativeWork\" ><div class=\"iconbox_content\"><header class=\"entry-content-header\" aria-label=\"Icon: ERFAHREN\"><div class=\"iconbox_icon heading-color\" aria-hidden='true' data-av_icon='\ue812' data-av_iconfont='entypo-fontello'><\/div><h3 class='iconbox_content_title '  itemprop=\"headline\" >ERFAHREN<\/h3><\/header><div class='iconbox_content_container '  itemprop=\"text\" ><p>200 festangestellte Mitarbeiter, die meisten seit \u00fcber zehn Jahren bei Pientka. Die Teams kennen sich und arbeiten perfekt zusammen.<\/p>\n<\/div><\/div><footer class=\"entry-footer\"><\/footer><\/article><\/div><div class='av-flex-placeholder'><\/div>\n<style type=\"text\/css\" data-created_by=\"avia_inline_auto\" id=\"style-css-av-l0ksysdz-13-8415ad9216eebb9f338e6d0bcd80f62e\">\n@keyframes av_boxShadowEffect_av-l0ksysdz-13-8415ad9216eebb9f338e6d0bcd80f62e-column {\n0%   { box-shadow:  0 0 0 0 #a22d35; opacity: 1; }\n100% { box-shadow:  0 0 15px 0 #a22d35; opacity: 1; }\n}\n.flex_column.av-l0ksysdz-13-8415ad9216eebb9f338e6d0bcd80f62e{\nbox-shadow: 0 0 15px 0 #a22d35;\nborder-radius:10px 10px 10px 10px;\npadding:0px 0px 0px 0px;\nbackground-color:#f8f8f8;\n}\n<\/style>\n<div  class='flex_column av-l0ksysdz-13-8415ad9216eebb9f338e6d0bcd80f62e av_one_fourth  avia-builder-el-7  el_after_av_one_fourth  el_before_av_one_fourth  flex_column_table_cell av-equal-height-column av-align-top av-animated-generic bottom-to-top shadow-not-animated av-zero-column-padding  '     ><article  class='iconbox iconbox_top av-l0kt2d3h-12-eb6bed26c491561b549ca7ac0e9ccf2f  avia-builder-el-8  avia-builder-el-no-sibling  main_color'  itemscope=\"itemscope\" itemtype=\"https:\/\/schema.org\/CreativeWork\" ><div class=\"iconbox_content\"><header class=\"entry-content-header\" aria-label=\"Icon: SICHER\"><div class=\"iconbox_icon heading-color\" aria-hidden='true' data-av_icon='\ue812' data-av_iconfont='entypo-fontello'><\/div><h3 class='iconbox_content_title '  itemprop=\"headline\" >SICHER<\/h3><\/header><div class='iconbox_content_container '  itemprop=\"text\" ><p>Unbefristete Erlaubnis f\u00fcr die Arbeitnehmer\u00fcberlassung, alle Bescheinigungen der zust\u00e4ndigen Beh\u00f6rden und das SCP-Sicherheitszertifikat.<\/p>\n<\/div><\/div><footer class=\"entry-footer\"><\/footer><\/article><\/div><div class='av-flex-placeholder'><\/div>\n<style type=\"text\/css\" data-created_by=\"avia_inline_auto\" id=\"style-css-av-l0ksysdz-11-c518a4b6bb3150fa282028574108fb62\">\n@keyframes av_boxShadowEffect_av-l0ksysdz-11-c518a4b6bb3150fa282028574108fb62-column {\n0%   { box-shadow:  0 0 0 0 #a22d35; opacity: 1; }\n100% { box-shadow:  0 0 15px 0 #a22d35; opacity: 1; }\n}\n.flex_column.av-l0ksysdz-11-c518a4b6bb3150fa282028574108fb62{\nbox-shadow: 0 0 15px 0 #a22d35;\nborder-radius:10px 10px 10px 10px;\npadding:0px 0px 0px 0px;\nbackground-color:#f8f8f8;\n}\n<\/style>\n<div  class='flex_column av-l0ksysdz-11-c518a4b6bb3150fa282028574108fb62 av_one_fourth  avia-builder-el-9  el_after_av_one_fourth  el_before_av_one_fourth  flex_column_table_cell av-equal-height-column av-align-top av-animated-generic bottom-to-top shadow-not-animated av-zero-column-padding  '     ><article  class='iconbox iconbox_top av-l0kt2d3h-10-6dbc5ddb7941e6a3bf94800ac40e53f0  avia-builder-el-10  avia-builder-el-no-sibling  main_color'  itemscope=\"itemscope\" itemtype=\"https:\/\/schema.org\/CreativeWork\" ><div class=\"iconbox_content\"><header class=\"entry-content-header\" aria-label=\"Icon: SCHNELL\"><div class=\"iconbox_icon heading-color\" aria-hidden='true' data-av_icon='\ue812' data-av_iconfont='entypo-fontello'><\/div><h3 class='iconbox_content_title '  itemprop=\"headline\" >SCHNELL<\/h3><\/header><div class='iconbox_content_container '  itemprop=\"text\" ><p>Nur eine Woche Vorlaufzeit, im Notfall nur 48 Stunden \u2013 so schnell sind unsere Teams vor Ort und helfen, Ihren Termin zu halten.<\/p>\n<\/div><\/div><footer class=\"entry-footer\"><\/footer><\/article><\/div><div class='av-flex-placeholder'><\/div>\n<style type=\"text\/css\" data-created_by=\"avia_inline_auto\" id=\"style-css-av-l0ksysdz-9-da9184e9fcd2424c0fc661445771bd34\">\n@keyframes av_boxShadowEffect_av-l0ksysdz-9-da9184e9fcd2424c0fc661445771bd34-column {\n0%   { box-shadow:  0 0 0 0 #a22d35; opacity: 1; }\n100% { box-shadow:  0 0 15px 0 #a22d35; opacity: 1; }\n}\n.flex_column.av-l0ksysdz-9-da9184e9fcd2424c0fc661445771bd34{\nbox-shadow: 0 0 15px 0 #a22d35;\nborder-radius:10px 10px 10px 10px;\npadding:0px 0px 0px 0px;\nbackground-color:#f8f8f8;\n}\n<\/style>\n<div  class='flex_column av-l0ksysdz-9-da9184e9fcd2424c0fc661445771bd34 av_one_fourth  avia-builder-el-11  el_after_av_one_fourth  el_before_av_one_full  flex_column_table_cell av-equal-height-column av-align-top av-animated-generic bottom-to-top shadow-not-animated av-zero-column-padding  '     ><article  class='iconbox iconbox_top av-l0kt2d3h-8-58fa35677121b7112fad6f790a37fc67  avia-builder-el-12  avia-builder-el-no-sibling  main_color'  itemscope=\"itemscope\" itemtype=\"https:\/\/schema.org\/CreativeWork\" ><div class=\"iconbox_content\"><header class=\"entry-content-header\" aria-label=\"Icon: FAIR\"><div class=\"iconbox_icon heading-color\" aria-hidden='true' data-av_icon='\ue812' data-av_iconfont='entypo-fontello'><\/div><h3 class='iconbox_content_title '  itemprop=\"headline\" >FAIR<\/h3><\/header><div class='iconbox_content_container '  itemprop=\"text\" ><p>Keine weiteren Zuschl\u00e4ge f\u00fcr Nebenkosten, transparente Abrechnung alle zwei Wochen. Das finden wir fair.<\/p>\n<\/div><\/div><footer class=\"entry-footer\"><\/footer><\/article><\/div><\/div><!--close column table wrapper. Autoclose: 1 --><div class='flex_column_table av-mmn1i2mu-d675a7a203179099b53154253c113712 sc-av_one_full av-equal-height-column-flextable'><div  class='flex_column av-mmn1i2mu-d675a7a203179099b53154253c113712 av_one_full  avia-builder-el-13  el_after_av_one_fourth  el_before_av_one_half  first flex_column_table_cell av-equal-height-column av-align-middle av-animated-generic fade-in-up  column-top-margin'     ><section  class='av_textblock_section av-mmn1hkvp-5cb11800174e19fb279364028bf5c88e '   itemscope=\"itemscope\" itemtype=\"https:\/\/schema.org\/CreativeWork\" ><div class='avia_textblock'  itemprop=\"text\" ><h2 style=\"text-align: center;\">Ihr professioneller Partner f\u00fcr Montageteams<\/h2>\n<\/div><\/section><br \/>\n\n<style type=\"text\/css\" data-created_by=\"avia_inline_auto\" id=\"style-css-av-l0ktyuxr-f3fa535561405e63229808802ed4b533\">\n#top .hr.av-l0ktyuxr-f3fa535561405e63229808802ed4b533{\nmargin-top:0px;\nmargin-bottom:0px;\n}\n.hr.av-l0ktyuxr-f3fa535561405e63229808802ed4b533 .hr-inner{\nwidth:150px;\nborder-color:#a22d35;\n}\n<\/style>\n<div  class='hr av-l0ktyuxr-f3fa535561405e63229808802ed4b533 hr-custom  avia-builder-el-15  el_after_av_textblock  avia-builder-el-last  hr-center hr-icon-no'><span class='hr-inner inner-border-av-border-thin'><span class=\"hr-inner-style\"><\/span><\/span><\/div><\/p><\/div><\/div><!--close column table wrapper. Autoclose: 1 --><div class='flex_column_table av-q3wj-116af9bba4be3346432b5612535d1e9b sc-av_one_half av-equal-height-column-flextable'><div  class='flex_column av-q3wj-116af9bba4be3346432b5612535d1e9b av_one_half  avia-builder-el-16  el_after_av_one_full  el_before_av_one_half  first flex_column_table_cell av-equal-height-column av-align-middle av-animated-generic fade-in-up  column-top-margin'     ><p>\n<style type=\"text\/css\" data-created_by=\"avia_inline_auto\" id=\"style-css-av-mn4qswry-26a39a37bbcd53b19a54b5ba5ac87c42\">\n.avia-video.av-mn4qswry-26a39a37bbcd53b19a54b5ba5ac87c42{\nbackground-image:url(https:\/\/www.monteure-auf-zeit.de\/home\/wp-content\/uploads\/2026\/03\/industrieanlagen_v3-300x200.png);\n}\n<\/style>\n<div  class='avia-video av-mn4qswry-26a39a37bbcd53b19a54b5ba5ac87c42 avia-video-4-3 av-preview-image avia-video-load-always av-lazyload-immediate av-lazyload-video-embed'  itemprop=\"video\" itemtype=\"https:\/\/schema.org\/VideoObject\"  data-original_url='https:\/\/www.youtube.com\/watch?v=8fioYyYWa38'><script type='text\/html' class='av-video-tmpl'><div class='avia-iframe-wrap'><iframe title=\"Pientka GmbH: Erfahrene Monteure f\u00fcr Ihren Erfolg\" width=\"1500\" height=\"844\" src=\"https:\/\/www.youtube.com\/embed\/8fioYyYWa38?feature=oembed&autoplay=0&loop=0&controls=0&mute=0\" frameborder=\"0\" allow=\"accelerometer; autoplay; clipboard-write; encrypted-media; gyroscope; picture-in-picture; web-share\" referrerpolicy=\"strict-origin-when-cross-origin\" allowfullscreen><\/iframe><\/div><\/script><div class='av-click-to-play-overlay'><div class=\"avia_playpause_icon\"><\/div><\/div><\/div><br \/>\n<\/p><\/div><div class='av-flex-placeholder'><\/div><div  class='flex_column av-xrzf-2c7d584517b4a33a851cc3bf70b07fa6 av_one_half  avia-builder-el-19  el_after_av_one_half  el_before_av_one_full  flex_column_table_cell av-equal-height-column av-align-middle av-animated-generic fade-in-up  column-top-margin'     ><section  class='av_textblock_section av-we7r-e84d3ef7fcba3643a5915a405148b775 '   itemscope=\"itemscope\" itemtype=\"https:\/\/schema.org\/CreativeWork\" ><div class='avia_textblock'  itemprop=\"text\" ><p>Die Pientka GmbH ist ein erfahrener Partner f\u00fcr Montageteams im Metall-, Fassaden- und Paneelbau. Seit vielen Jahren unterst\u00fctzen wir Bauunternehmen, Metallbauunternehmen, Hallenbauer und Anlagenbauer mit eingespielten Montageteams bei unterschiedlichsten Bauprojekten. Unsere Leistungen umfassen unter anderem Montagearbeiten im Metallfassadenbau, im Paneelbau f\u00fcr Dach- und Wandkonstruktionen, in der Industrieverglasung sowie im K\u00fchlraumbau.<\/p>\n<p>Unsere Montageteams sind auf Baustellen in ganz Deutschland im Einsatz und unterst\u00fctzen Projekte im Hallenbau, Anlagenbau, Logistikbau sowie bei industriellen Produktions- und Gewerbebauten. Durch unsere Erfahrung in gro\u00dffl\u00e4chigen Bauprojekten und unsere strukturierte Arbeitsweise k\u00f6nnen wir Bauunternehmen flexibel bei der Umsetzung ihrer Projekte unterst\u00fctzen.<\/p>\n<\/div><\/section><\/div><\/div><!--close column table wrapper. Autoclose: 1 --><div class='flex_column_table av-59tr-be075c420c8b5735724ad649fe5e348e sc-av_one_full av-equal-height-column-flextable'>\n<style type=\"text\/css\" data-created_by=\"avia_inline_auto\" id=\"style-css-av-59tr-be075c420c8b5735724ad649fe5e348e\">\n.flex_column.av-59tr-be075c420c8b5735724ad649fe5e348e{\nwidth:100%;\nmargin-left:0;\n}\n#top .flex_column_table.av-equal-height-column-flextable.av-59tr-be075c420c8b5735724ad649fe5e348e .av-flex-placeholder{\nwidth:0%;\n}\n<\/style>\n<div  class='flex_column av-59tr-be075c420c8b5735724ad649fe5e348e av_one_full  avia-builder-el-21  el_after_av_one_half  avia-builder-el-last  first flex_column_table_cell av-equal-height-column av-align-middle av-animated-generic fade-in-up  column-top-margin'     ><p><section  class='av_textblock_section av-mmn2o8em-3f2384db3301cf3f1fc0bc3cebe17e58 '   itemscope=\"itemscope\" itemtype=\"https:\/\/schema.org\/CreativeWork\" ><div class='avia_textblock'  itemprop=\"text\" ><p>Mit rund 200 Monteuren stellen wir eingespielte Montageteams zur Verf\u00fcgung, die Montagearbeiten zuverl\u00e4ssig und strukturiert umsetzen. Unsere Teams arbeiten auf Grundlage technischer Zeichnungen, Montagepl\u00e4ne und projektspezifischer Vorgaben und integrieren sich in bestehende Baustellenabl\u00e4ufe.<\/p>\n<\/div><\/section><br \/>\n<div  class='avia-button-wrap av-z6ln-ec8026d7bd31d69eb3ac43e720711cd0-wrap avia-button-left  avia-builder-el-23  el_after_av_textblock  avia-builder-el-last '><a href='https:\/\/www.monteure-auf-zeit.de\/home\/unternehmen\/'  class='avia-button av-z6ln-ec8026d7bd31d69eb3ac43e720711cd0 av-link-btn avia-icon_select-yes-left-icon avia-size-large avia-position-left avia-color-theme-color'   aria-label=\"mehr \u00fcber uns\"><span class='avia_button_icon avia_button_icon_left' aria-hidden='true' data-av_icon='\ue80b' data-av_iconfont='entypo-fontello'><\/span><span class='avia_iconbox_title' >mehr \u00fcber uns<\/span><\/a><\/div><\/p><\/div><\/div><!--close column table wrapper. Autoclose: 1 -->\n<\/p>\n<\/div><\/div><\/div><!-- close content main div --><\/div><\/div>\n<style type=\"text\/css\" data-created_by=\"avia_inline_auto\" id=\"style-css-av-1ga9j-877c7c3060459f56aa16ae5c44c96d67\">\n.avia-section.av-1ga9j-877c7c3060459f56aa16ae5c44c96d67{\nbackground-color:#525252;\nbackground-image:url(https:\/\/www.monteure-auf-zeit.de\/home\/wp-content\/uploads\/2022\/03\/background-1030x745-1.png);\nbackground-repeat:no-repeat;\nbackground-position:50% 50%;\nbackground-attachment:fixed;\nposition:relative;\n}\n.avia-section.av-1ga9j-877c7c3060459f56aa16ae5c44c96d67 .av-section-color-overlay{\nopacity:0.2;\nbackground-color:#000000;\n}\n.avia-section.av-1ga9j-877c7c3060459f56aa16ae5c44c96d67 .avia-divider-svg-top svg{\nheight:50px;\nwidth:calc(100% + 1.3px);\nfill:#ffffff;\n}\n.avia-section.av-1ga9j-877c7c3060459f56aa16ae5c44c96d67 .avia-divider-svg-bottom svg{\nheight:50px;\nwidth:calc(100% + 1.3px);\nfill:#f4f4f4;\n}\n<\/style>\n<div id='av_section_3'  class='avia-section av-1ga9j-877c7c3060459f56aa16ae5c44c96d67 main_color avia-section-default avia-no-border-styling  avia-builder-el-24  el_after_av_section  el_before_av_section  avia-full-stretch avia-bg-style-fixed av-section-color-overlay-active av-minimum-height av-minimum-height-33 av-height-percent  container_wrap sidebar_right'  data-section-bg-repeat='stretch' data-av_minimum_height_pc='33' data-av_min_height_opt='percent'><div class='avia-divider-svg avia-divider-svg-triangle-asymmetrical avia-divider-svg-top avia-to-front avia-svg-negative'><svg xmlns=\"http:\/\/www.w3.org\/2000\/svg\" viewBox=\"0 0 1000 100\" preserveAspectRatio=\"none\">\n\t<path d=\"M737.9,94.7L0,0v100h1000V0L737.9,94.7z\"\/>\n<\/svg><\/div><div class='avia-divider-svg avia-divider-svg-triangle-asymmetrical avia-divider-svg-bottom avia-to-front avia-svg-negative'><svg xmlns=\"http:\/\/www.w3.org\/2000\/svg\" viewBox=\"0 0 1000 100\" preserveAspectRatio=\"none\">\n\t<path d=\"M737.9,94.7L0,0v100h1000V0L737.9,94.7z\"\/>\n<\/svg><\/div><div class=\"av-section-color-overlay-wrap\"><div class=\"av-section-color-overlay\"><\/div><div class='container av-section-cont-open' ><div class='template-page content  av-content-small alpha units'><div class='post-entry post-entry-type-page post-entry-1390'><div class='entry-content-wrapper clearfix'>\n\n<style type=\"text\/css\" data-created_by=\"avia_inline_auto\" id=\"style-css-av-l0krnhl8-3f56da645b73978b52e2306140be302a\">\n#top .hr.hr-invisible.av-l0krnhl8-3f56da645b73978b52e2306140be302a{\nheight:40px;\n}\n<\/style>\n<div  class='hr av-l0krnhl8-3f56da645b73978b52e2306140be302a hr-invisible  avia-builder-el-25  el_before_av_one_full  avia-builder-el-first '><span class='hr-inner '><span class=\"hr-inner-style\"><\/span><\/span><\/div>\n<div class='flex_column_table av-l0kqdwxo-1c78b88b2b0676417c99c3c22094a474 sc-av_one_full av-equal-height-column-flextable'>\n<style type=\"text\/css\" data-created_by=\"avia_inline_auto\" id=\"style-css-av-l0kqdwxo-1c78b88b2b0676417c99c3c22094a474\">\n.flex_column.av-l0kqdwxo-1c78b88b2b0676417c99c3c22094a474{\nborder-radius:0px 0px 0px 0px;\npadding:0px 0px 0px 0px;\n}\n<\/style>\n<div  class='flex_column av-l0kqdwxo-1c78b88b2b0676417c99c3c22094a474 av_one_full  avia-builder-el-26  el_after_av_hr  el_before_av_one_full  first flex_column_table_cell av-equal-height-column av-align-middle av-animated-generic bottom-to-top av-zero-column-padding  '     ><style type=\"text\/css\" data-created_by=\"avia_inline_auto\" id=\"style-css-av-l0kqd9v9-4179f07161ef03377a348a88a79d5844\">\n#top .av_textblock_section.av-l0kqd9v9-4179f07161ef03377a348a88a79d5844 .avia_textblock{\ncolor:#ffffff;\n}\n<\/style>\n<section  class='av_textblock_section av-l0kqd9v9-4179f07161ef03377a348a88a79d5844 '   itemscope=\"itemscope\" itemtype=\"https:\/\/schema.org\/CreativeWork\" ><div class='avia_textblock av_inherit_color'  itemprop=\"text\" ><h2>Monteure Ulm \u2013 Fachkompetenz und Engagement von Pientka GmbH<\/h2>\n<p>Wenn in Ulm qualifizierte Fachkr\u00e4fte gefragt sind, bietet die Pientka GmbH mit ihrem Service \u201eMonteure Ulm\u201c eine optimale L\u00f6sung. Unsere erfahrenen Spezialisten sind immer dann zur Stelle, wenn spezifisches Know-how und pr\u00e4zises Handwerk gefragt sind. Nicht weit vom M\u00fcnsterbau-Umfeld betreuen wir vielf\u00e4ltige Projekte mit der gleichen Hingabe und Professionalit\u00e4t, die unsere Stadt auszeichnet.<\/p>\n<h3>Verl\u00e4ssliche Partner f\u00fcr Projekte in Ulm<\/h3>\n<p>Unsere Monteure sind bestens ausgebildet und dank langj\u00e4hriger Erfahrung vertraut mit den Anforderungen verschiedenster Branchen. Ob es um den Aufbau komplexer Anlagen im Science Park am Eselsberg oder die Instandhaltung von Produktionslinien im industriell gepr\u00e4gten Donautal geht \u2013 wir sind mit der Infrastruktur und den technischen Standards in Ulm vertraut. Dies erm\u00f6glicht es uns, ma\u00dfgeschneiderte L\u00f6sungen anzubieten, die exakt auf die Bed\u00fcrfnisse unserer Kunden abgestimmt sind.<\/p>\n<h3>Regionale Expertise und Engagement<\/h3>\n<p>Die Pientka GmbH ist mehr als nur ein Dienstleister; wir sind ein engagierter Teil der Ulmer Gemeinschaft. Unser Verst\u00e4ndnis f\u00fcr regionale Besonderheiten und unser Engagement vor Ort spiegeln sich in unserer t\u00e4glichen Arbeit wider. So haben wir beispielsweise bei Projekten f\u00fcr renommierte Unternehmen wie Iveco-Magirus bewiesen, dass wir flexibel und zuverl\u00e4ssig agieren k\u00f6nnen. Unsere Monteure integrieren sich nahtlos in bestehende Teams und tragen mit ihrem Wissen und K\u00f6nnen ma\u00dfgeblich zum Erfolg eines jeden Projekts bei.<\/p>\n<h3>Individuelle Beratung und flexible Einsatzm\u00f6glichkeiten<\/h3>\n<p>Ein wesentlicher Vorteil unseres Angebots \u201eMonteure Ulm\u201c ist die individuelle Beratung, die wir unseren Kunden bieten. Vom ersten Gespr\u00e4ch an stellen wir sicher, dass die speziellen Anforderungen und Ziele genau erfasst werden. Unsere Fachkr\u00e4fte k\u00f6nnen sowohl f\u00fcr kurzfristige Eins\u00e4tze als auch f\u00fcr l\u00e4ngerfristige Projekte gebucht werden, sodass Sie jederzeit die n\u00f6tige personelle Verst\u00e4rkung erhalten.<\/p>\n<h3>Professionelle Dienstleistungen \u2013 Ihre Vorteile<\/h3>\n<p>Die Vorteile, die sich aus der Zusammenarbeit mit uns ergeben, sind vielf\u00e4ltig: Neben der kompetenten Beratung und Einsatzplanung profitieren Sie von der hohen Flexibilit\u00e4t und dem umfassenden Fachwissen unserer Monteure. Dies stellt sicher, dass Ihre Projekte p\u00fcnktlich und effizient abgeschlossen werden, unabh\u00e4ngig von deren Komplexit\u00e4t oder Umfang. Mit uns an Ihrer Seite sind Sie bestens ger\u00fcstet, um in einem dynamischen Umfeld wie dem Ulmer Wirtschaftsraum zu bestehen.<\/p>\n<p>Setzen Sie auf die Pientka GmbH, wenn es um Monteure Ulm geht, und erleben Sie einen Service, der h\u00f6chsten Anspr\u00fcchen gerecht wird. Wir stehen Ihnen zur Verf\u00fcgung, um Ihre Projekte voranzutreiben, ganz gleich, ob es sich um umfangreiche Installationen oder spezifische Wartungsarbeiten handelt. Vertrauen Sie auf einen lokalen Partner, der Ihre Bed\u00fcrfnisse versteht und mit handwerklichem Geschick erf\u00fcllt.<\/p>\n<\/div><\/section><\/div><\/div><!--close column table wrapper. Autoclose: 1 --><div class='flex_column_table av-y033-0046328e16928c110515692689443b81 sc-av_one_full av-equal-height-column-flextable'>\n<style type=\"text\/css\" data-created_by=\"avia_inline_auto\" id=\"style-css-av-y033-0046328e16928c110515692689443b81\">\n.flex_column.av-y033-0046328e16928c110515692689443b81{\nborder-radius:0px 0px 0px 0px;\npadding:0px 0px 0px 0px;\n}\n<\/style>\n<div  class='flex_column av-y033-0046328e16928c110515692689443b81 av_one_full  avia-builder-el-28  el_after_av_one_full  el_before_av_one_full  first flex_column_table_cell av-equal-height-column av-align-middle av-animated-generic bottom-to-top av-zero-column-padding  column-top-margin'     ><div id='av-masonry-1' class='av-masonry av-mmn24h8i-d27c125d9afb28ed68cce8d03c0518fa noHover av-fixed-size av-large-gap av-hover-overlay-active av-masonry-animation- av-masonry-col-3 av-caption-always av-caption-style-overlay av-masonry-gallery ' data-post_id=\"1390\"><div class=\"av-masonry-container isotope av-js-disabled\"><div class='av-masonry-entry isotope-item av-masonry-item-no-image '><\/div><a href=\"https:\/\/www.monteure-auf-zeit.de\/home\/leistungen\/metallfassaden\/\"  aria-label=\"Bild Metallfassaden\"  id='av-masonry-1-item-1145' data-av-masonry-item='1145' class='av-masonry-entry isotope-item post-1145 attachment type-attachment status-inherit hentry  av-masonry-item-with-image' title=\"Metallfassaden\" alt=\"Metallfassaden\"  data-av-masonry-custom-link=\"https:\/\/www.monteure-auf-zeit.de\/home\/leistungen\/metallfassaden\/\"  itemprop=\"thumbnailUrl\" ><div class='av-inner-masonry-sizer'><\/div><figure class='av-inner-masonry main_color'><div class=\"av-masonry-outerimage-container\"><div class='av-masonry-image-container' style=\"background-image: url(https:\/\/www.monteure-auf-zeit.de\/home\/wp-content\/uploads\/2026\/03\/metallfassaden-1-705x470.png);\"  title=\"Metallfassaden\" ><\/div><\/div><figcaption class='av-inner-masonry-content site-background'><div class='av-inner-masonry-content-pos'><div class='av-inner-masonry-content-pos-content'><div class='avia-arrow'><\/div><h3 class='av-masonry-entry-title entry-title '  itemprop=\"headline\" >Metallfassaden<\/h3><div class='av-masonry-entry-content entry-content'  itemprop=\"text\" >Aluminiumfassaden <br>Stahlfassaden <br>Kassettenfassaden <br>Blechfassaden <br>Vorgeh\u00e4ngte hinterl\u00fcftete Fassaden<\/div><\/div><\/div><\/figcaption><\/figure><\/a><!--end av-masonry entry--><a href=\"https:\/\/www.monteure-auf-zeit.de\/home\/leistungen\/industrieverglasung\/\"  aria-label=\"Bild industrieverglasung\"  id='av-masonry-1-item-1143' data-av-masonry-item='1143' class='av-masonry-entry isotope-item post-1143 attachment type-attachment status-inherit hentry  av-masonry-item-with-image' title=\"industrieverglasung\" alt=\"industrieverglasung\"  data-av-masonry-custom-link=\"https:\/\/www.monteure-auf-zeit.de\/home\/leistungen\/industrieverglasung\/\"  itemprop=\"thumbnailUrl\" ><div class='av-inner-masonry-sizer'><\/div><figure class='av-inner-masonry main_color'><div class=\"av-masonry-outerimage-container\"><div class='av-masonry-image-container' style=\"background-image: url(https:\/\/www.monteure-auf-zeit.de\/home\/wp-content\/uploads\/2026\/03\/industrieverglasung-1-705x470.png);\"  title=\"industrieverglasung\" ><\/div><\/div><figcaption class='av-inner-masonry-content site-background'><div class='av-inner-masonry-content-pos'><div class='av-inner-masonry-content-pos-content'><div class='avia-arrow'><\/div><h3 class='av-masonry-entry-title entry-title '  itemprop=\"headline\" >industrieverglasung<\/h3><div class='av-masonry-entry-content entry-content'  itemprop=\"text\" >Pfosten-Riegel-Konstruktionen <br>Elementfassaden <br>Glas-Aluminium-Fassaden <br>Curtain-Wall-Systeme <br>Brandschutzverglasungen<\/div><\/div><\/div><\/figcaption><\/figure><\/a><!--end av-masonry entry--><a href=\"https:\/\/www.monteure-auf-zeit.de\/home\/leistungen\/paneelbau\/\"  aria-label=\"Bild Paneelbau\"  id='av-masonry-1-item-1146' data-av-masonry-item='1146' class='av-masonry-entry isotope-item post-1146 attachment type-attachment status-inherit hentry  av-masonry-item-with-image' title=\"Paneelbau\" alt=\"Paneelbau\"  data-av-masonry-custom-link=\"https:\/\/www.monteure-auf-zeit.de\/home\/leistungen\/paneelbau\/\"  itemprop=\"thumbnailUrl\" ><div class='av-inner-masonry-sizer'><\/div><figure class='av-inner-masonry main_color'><div class=\"av-masonry-outerimage-container\"><div class='av-masonry-image-container' style=\"background-image: url(https:\/\/www.monteure-auf-zeit.de\/home\/wp-content\/uploads\/2026\/03\/paneelbau-1-705x470.png);\"  title=\"Paneelbau\" ><\/div><\/div><figcaption class='av-inner-masonry-content site-background'><div class='av-inner-masonry-content-pos'><div class='av-inner-masonry-content-pos-content'><div class='avia-arrow'><\/div><h3 class='av-masonry-entry-title entry-title '  itemprop=\"headline\" >Paneelbau<\/h3><div class='av-masonry-entry-content entry-content'  itemprop=\"text\" >Sandwichpaneele <br>Dachpaneele <br>Wandpaneele <br>Isopaneele <br>Trapezblech <br>Unterkonstruktionen<\/div><\/div><\/div><\/figcaption><\/figure><\/a><!--end av-masonry entry--><a href=\"https:\/\/www.monteure-auf-zeit.de\/home\/leistungen\/kuehlraumpaneele-isolierbau\/\"  aria-label=\"Bild K\u00fchlraumpaneele &#038; Isolierbau\"  id='av-masonry-1-item-1144' data-av-masonry-item='1144' class='av-masonry-entry isotope-item post-1144 attachment type-attachment status-inherit hentry  av-masonry-item-with-image' title=\"K\u00fchlraumpaneele &#038; Isolierbau\" alt=\"Monteure K\u00fchlraumpanele\"  data-av-masonry-custom-link=\"https:\/\/www.monteure-auf-zeit.de\/home\/leistungen\/kuehlraumpaneele-isolierbau\/\"  itemprop=\"thumbnailUrl\" ><div class='av-inner-masonry-sizer'><\/div><figure class='av-inner-masonry main_color'><div class=\"av-masonry-outerimage-container\"><div class='av-masonry-image-container' style=\"background-image: url(https:\/\/www.monteure-auf-zeit.de\/home\/wp-content\/uploads\/2026\/03\/kuehlraumpaneele-1-705x470.png);\"  title=\"K\u00fchlraumpaneele &#038; Isolierbau\" ><\/div><\/div><figcaption class='av-inner-masonry-content site-background'><div class='av-inner-masonry-content-pos'><div class='av-inner-masonry-content-pos-content'><div class='avia-arrow'><\/div><h3 class='av-masonry-entry-title entry-title '  itemprop=\"headline\" >K\u00fchlraumpaneele &#038; Isolierbau<\/h3><div class='av-masonry-entry-content entry-content'  itemprop=\"text\" >K\u00fchlraumpaneele <br>Tiefk\u00fchlpaneele <br>Reinraumpaneele <br>Hygienepaneele <br>Isolierte Decken- und Wandsysteme<\/div><\/div><\/div><\/figcaption><\/figure><\/a><!--end av-masonry entry--><a href=\"https:\/\/www.monteure-auf-zeit.de\/home\/leistungen\/stahlbau-metallbau\/\"  aria-label=\"Bild Stahlbau und Metallbau\"  id='av-masonry-1-item-1148' data-av-masonry-item='1148' class='av-masonry-entry isotope-item post-1148 attachment type-attachment status-inherit hentry  av-masonry-item-with-image' title=\"Stahlbau und Metallbau\" alt=\"Stahlbau &amp; Metallbau\"  data-av-masonry-custom-link=\"https:\/\/www.monteure-auf-zeit.de\/home\/leistungen\/stahlbau-metallbau\/\"  itemprop=\"thumbnailUrl\" ><div class='av-inner-masonry-sizer'><\/div><figure class='av-inner-masonry main_color'><div class=\"av-masonry-outerimage-container\"><div class='av-masonry-image-container' style=\"background-image: url(https:\/\/www.monteure-auf-zeit.de\/home\/wp-content\/uploads\/2026\/03\/stahlbau_metallbau-705x470.png);\"  title=\"Stahlbau und Metallbau\" ><\/div><\/div><figcaption class='av-inner-masonry-content site-background'><div class='av-inner-masonry-content-pos'><div class='av-inner-masonry-content-pos-content'><div class='avia-arrow'><\/div><h3 class='av-masonry-entry-title entry-title '  itemprop=\"headline\" >Stahlbau und Metallbau<\/h3><div class='av-masonry-entry-content entry-content'  itemprop=\"text\" >Stahlkonstruktionen <br>Metallunterkonstruktionen <br>Tragwerke f\u00fcr Fassaden <br>Hallenkonstruktionen<\/div><\/div><\/div><\/figcaption><\/figure><\/a><!--end av-masonry entry--><a href=\"https:\/\/www.monteure-auf-zeit.de\/home\/leistungen\/industriemontagen\/\"  aria-label=\"Bild Industriemontagen\"  id='av-masonry-1-item-1142' data-av-masonry-item='1142' class='av-masonry-entry isotope-item post-1142 attachment type-attachment status-inherit hentry  av-masonry-item-with-image' title=\"Industriemontagen\" alt=\"Industriemontagen\"  data-av-masonry-custom-link=\"https:\/\/www.monteure-auf-zeit.de\/home\/leistungen\/industriemontagen\/\"  itemprop=\"thumbnailUrl\" ><div class='av-inner-masonry-sizer'><\/div><figure class='av-inner-masonry main_color'><div class=\"av-masonry-outerimage-container\"><div class='av-masonry-image-container' style=\"background-image: url(https:\/\/www.monteure-auf-zeit.de\/home\/wp-content\/uploads\/2026\/03\/industriemontagen-1-705x470.png);\"  title=\"Industriemontagen\" ><\/div><\/div><figcaption class='av-inner-masonry-content site-background'><div class='av-inner-masonry-content-pos'><div class='av-inner-masonry-content-pos-content'><div class='avia-arrow'><\/div><h3 class='av-masonry-entry-title entry-title '  itemprop=\"headline\" >Industriemontagen<\/h3><div class='av-masonry-entry-content entry-content'  itemprop=\"text\" >Montagearbeiten im Industrieumfeld <br>Einhausungen technischer Anlagen <br>Einhausungen <br>Projektunterst\u00fctzung auf Gro\u00dfbaustellen<\/div><\/div><\/div><\/figcaption><\/figure><\/a><!--end av-masonry entry--><\/div><\/div><\/div><\/div><!--close column table wrapper. Autoclose: 1 --><div class='flex_column_table av-27m4z-f97f36af2f2acd99375967dfd1f636f0 sc-av_one_full av-equal-height-column-flextable'>\n<style type=\"text\/css\" data-created_by=\"avia_inline_auto\" id=\"style-css-av-27m4z-f97f36af2f2acd99375967dfd1f636f0\">\n.flex_column.av-27m4z-f97f36af2f2acd99375967dfd1f636f0{\nborder-radius:0px 0px 0px 0px;\npadding:0px 0px 0px 0px;\n}\n<\/style>\n<div  class='flex_column av-27m4z-f97f36af2f2acd99375967dfd1f636f0 av_one_full  avia-builder-el-30  el_after_av_one_full  el_before_av_one_full  first flex_column_table_cell av-equal-height-column av-align-middle av-animated-generic bottom-to-top av-zero-column-padding  column-top-margin'     ><style type=\"text\/css\" data-created_by=\"avia_inline_auto\" id=\"style-css-av-mmn299cj-b7c47180df28f9607a3206d49bde7cc4\">\n#top .av_textblock_section.av-mmn299cj-b7c47180df28f9607a3206d49bde7cc4 .avia_textblock{\ncolor:#ffffff;\n}\n<\/style>\n<section  class='av_textblock_section av-mmn299cj-b7c47180df28f9607a3206d49bde7cc4 '   itemscope=\"itemscope\" itemtype=\"https:\/\/schema.org\/CreativeWork\" ><div class='avia_textblock av_inherit_color'  itemprop=\"text\" ><h2>Monteure Ulm \u2013 Qualit\u00e4t und Fachwissen im Metall- und Stahlbau<\/h2>\n<p>In der dynamischen Wirtschaftsregion Ulm, bekannt f\u00fcr ihre Innovationskraft, ist die Pientka GmbH als f\u00fchrender Anbieter von Metall- und Stahlbau-Dienstleistungen pr\u00e4sent. Unsere <strong>Monteure in Ulm<\/strong> zeichnen sich durch herausragende Fachkompetenz und den Einsatz modernster Technologien aus. Dies erm\u00f6glicht es uns, auch bei anspruchsvollen Projekten h\u00f6chste Qualit\u00e4t zu liefern.<\/p>\n<h3>Exzellenz durch erfahrene Monteure<\/h3>\n<p>Unsere Monteure bringen langj\u00e4hrige Erfahrung und tiefes Fachwissen mit, insbesondere im Bereich Metallbau und Stahlbau. Diese Expertise ist entscheidend, wenn es darum geht, Projekte effizient und nach den h\u00f6chsten Standards abzuwickeln. Unternehmen in der Region Ulm k\u00f6nnen sich darauf verlassen, dass ihre Baustellen von Profis betreut werden, die sowohl theoretische Kenntnisse als auch praktische F\u00e4higkeiten meisterhaft kombinieren.<\/p>\n<h3>Professionelles Equipment und modernste Verfahren<\/h3>\n<p>Um den hohen Anspr\u00fcchen der Industrie zu gen\u00fcgen, setzen wir auf professionelles Equipment und modernste Verfahrenstechniken. Dies gew\u00e4hrleistet nicht nur eine pr\u00e4zise Ausf\u00fchrung der Arbeiten, sondern minimiert auch Ausfallzeiten und sorgt f\u00fcr reibungslose Abl\u00e4ufe. Unsere Monteure passen sich flexibel unterschiedlichen Anforderungen an, sei es im Industriegebiet Donautal oder rund um den Science Park am Eselsberg.<\/p>\n<h3>Relevante Projekte und lokale N\u00e4he<\/h3>\n<p>Die N\u00e4he zum M\u00fcnsterbau-Umfeld und anderen bedeutenden Wirtschaftsstandorten wie dem Iveco-Magirus tr\u00e4gt dazu bei, dass wir schnell und direkt auf die Bed\u00fcrfnisse unserer Kunden reagieren k\u00f6nnen. Diese lokale Verwurzelung st\u00e4rkt nicht nur das Vertrauen unserer Kunden, sondern erm\u00f6glicht auch eine effiziente Projektabwicklung direkt vor Ort.<\/p>\n<h3>Vorteile einer Zusammenarbeit mit Pientka GmbH<\/h3>\n<p>Ein Partner der von der ersten Beratung bis zur Fertigstellung Vertrauen und Qualit\u00e4t garantiert: Dies ist unser Versprechen. Wir sind stolz darauf, als Teil der wirtschaftlichen Infrastruktur Ulms, Unternehmen mit ma\u00dfgeschneiderten Dienstleistungen im Bereich des Metall- und Stahlbaus unterst\u00fctzen zu k\u00f6nnen. Dies spiegelt sich in der Zufriedenheit unserer Kunden wider, die immer wieder auf unsere <strong>Monteure in Ulm<\/strong> vertrauen.<\/p>\n<p>Die Wahl der richtigen Monteure kann den Unterschied zwischen Erfolg und Misserfolg eines Projekts bedeuten. Mit der Pientka GmbH und den kompetenten <strong>Monteuren in Ulm<\/strong> haben Sie einen zuverl\u00e4ssigen Partner, der Ihre Projekte zum Erfolg f\u00fchrt.<\/p>\n<\/div><\/section><\/div><\/div><!--close column table wrapper. Autoclose: 1 --><div class='flex_column_table av-1lvnj-a9be1db13e5148b8fc86174c988fae19 sc-av_one_full av-equal-height-column-flextable'>\n<style type=\"text\/css\" data-created_by=\"avia_inline_auto\" id=\"style-css-av-1lvnj-a9be1db13e5148b8fc86174c988fae19\">\n.flex_column.av-1lvnj-a9be1db13e5148b8fc86174c988fae19{\nborder-radius:0px 0px 0px 0px;\npadding:0px 0px 0px 0px;\n}\n<\/style>\n<div  class='flex_column av-1lvnj-a9be1db13e5148b8fc86174c988fae19 av_one_full  avia-builder-el-32  el_after_av_one_full  el_before_av_hr  first flex_column_table_cell av-equal-height-column av-align-middle av-animated-generic bottom-to-top av-zero-column-padding  column-top-margin'     ><div id='av-masonry-2' class='av-masonry av-yc4f-c8025a71d74ca144ef221d2789207617 noHover av-fixed-size av-large-gap av-hover-overlay-active av-masonry-animation- av-masonry-col-3 av-caption-always av-caption-style-overlay av-masonry-gallery ' data-post_id=\"1390\"><div class=\"av-masonry-container isotope av-js-disabled\"><div class='av-masonry-entry isotope-item av-masonry-item-no-image '><\/div><a href=\"https:\/\/www.monteure-auf-zeit.de\/home\/branchen\/anlagenbau-foerdertechnik\/\"  aria-label=\"Bild Industrieanlagen &#038; Produktionsstandorte\"  id='av-masonry-2-item-1156' data-av-masonry-item='1156' class='av-masonry-entry isotope-item post-1156 attachment type-attachment status-inherit hentry  av-masonry-item-with-image' title=\"Industrieanlagen &#038; Produktionsstandorte\" alt=\"Anlagenbau und F\u00f6rdertechnik\"  data-av-masonry-custom-link=\"https:\/\/www.monteure-auf-zeit.de\/home\/branchen\/anlagenbau-foerdertechnik\/\"  itemprop=\"thumbnailUrl\" ><div class='av-inner-masonry-sizer'><\/div><figure class='av-inner-masonry main_color'><div class=\"av-masonry-outerimage-container\"><div class='av-masonry-image-container' style=\"background-image: url(https:\/\/www.monteure-auf-zeit.de\/home\/wp-content\/uploads\/2026\/03\/anlagenbau_foerdertechnik-705x470.png);\"  title=\"Industrieanlagen &#038; Produktionsstandorte\" ><\/div><\/div><figcaption class='av-inner-masonry-content site-background'><div class='av-inner-masonry-content-pos'><div class='av-inner-masonry-content-pos-content'><div class='avia-arrow'><\/div><h3 class='av-masonry-entry-title entry-title '  itemprop=\"headline\" >Industrieanlagen &#038; Produktionsstandorte<\/h3><div class='av-masonry-entry-content entry-content'  itemprop=\"text\" >F\u00f6rderanlagenbau <br>Produktionslinien <br>Einhausungen technischer Anlagen <br>Industrieanlagen<\/div><\/div><\/div><\/figcaption><\/figure><\/a><!--end av-masonry entry--><a href=\"https:\/\/www.monteure-auf-zeit.de\/home\/branchen\/energie-kraftwerksbau-konventionell\/\"  aria-label=\"Bild Energie- &#038; Kraftwerksbau (konventionell)\"  id='av-masonry-2-item-1157' data-av-masonry-item='1157' class='av-masonry-entry isotope-item post-1157 attachment type-attachment status-inherit hentry  av-masonry-item-with-image' title=\"Energie- &#038; Kraftwerksbau (konventionell)\" alt=\"Energie und Kraftwerkbau\"  data-av-masonry-custom-link=\"https:\/\/www.monteure-auf-zeit.de\/home\/branchen\/energie-kraftwerksbau-konventionell\/\"  itemprop=\"thumbnailUrl\" ><div class='av-inner-masonry-sizer'><\/div><figure class='av-inner-masonry main_color'><div class=\"av-masonry-outerimage-container\"><div class='av-masonry-image-container' style=\"background-image: url(https:\/\/www.monteure-auf-zeit.de\/home\/wp-content\/uploads\/2026\/03\/energie_kraftwerksbau-705x470.png);\"  title=\"Energie- &#038; Kraftwerksbau (konventionell)\" ><\/div><\/div><figcaption class='av-inner-masonry-content site-background'><div class='av-inner-masonry-content-pos'><div class='av-inner-masonry-content-pos-content'><div class='avia-arrow'><\/div><h3 class='av-masonry-entry-title entry-title '  itemprop=\"headline\" >Energie- &#038; Kraftwerksbau (konventionell)<\/h3><div class='av-masonry-entry-content entry-content'  itemprop=\"text\" >Energieanlagen <br>Kraftwerksgeb\u00e4ude <br>Turbinenhallen <br>Technikzentralen<\/div><\/div><\/div><\/figcaption><\/figure><\/a><!--end av-masonry entry--><a href=\"https:\/\/www.monteure-auf-zeit.de\/home\/branchen\/objekt-gewerbebau\/\"  aria-label=\"Bild Objekt- &#038; Gewerbebau\"  id='av-masonry-2-item-1159' data-av-masonry-item='1159' class='av-masonry-entry isotope-item post-1159 attachment type-attachment status-inherit hentry  av-masonry-item-with-image' title=\"Objekt- &#038; Gewerbebau\" alt=\"Objekt und Gewerbebau\"  data-av-masonry-custom-link=\"https:\/\/www.monteure-auf-zeit.de\/home\/branchen\/objekt-gewerbebau\/\"  itemprop=\"thumbnailUrl\" ><div class='av-inner-masonry-sizer'><\/div><figure class='av-inner-masonry main_color'><div class=\"av-masonry-outerimage-container\"><div class='av-masonry-image-container' style=\"background-image: url(https:\/\/www.monteure-auf-zeit.de\/home\/wp-content\/uploads\/2026\/03\/objekt_gewerbebau_v2-705x471.png);\"  title=\"Objekt- &#038; Gewerbebau\" ><\/div><\/div><figcaption class='av-inner-masonry-content site-background'><div class='av-inner-masonry-content-pos'><div class='av-inner-masonry-content-pos-content'><div class='avia-arrow'><\/div><h3 class='av-masonry-entry-title entry-title '  itemprop=\"headline\" >Objekt- &#038; Gewerbebau<\/h3><div class='av-masonry-entry-content entry-content'  itemprop=\"text\" >Einkaufszentren <br>Gewerbeimmobilien <br>Ladenbau <br>Verwaltungsbauten<\/div><\/div><\/div><\/figcaption><\/figure><\/a><!--end av-masonry entry--><a href=\"https:\/\/www.monteure-auf-zeit.de\/home\/branchen\/kuehlraumbau-tiefkuehlbau\/\"  aria-label=\"Bild K\u00fchlraumbau &#038; Tiefk\u00fchlbau\"  id='av-masonry-2-item-1158' data-av-masonry-item='1158' class='av-masonry-entry isotope-item post-1158 attachment type-attachment status-inherit hentry  av-masonry-item-with-image' title=\"K\u00fchlraumbau &#038; Tiefk\u00fchlbau\" alt=\"K\u00fchlraumbau und Tiefk\u00fchlbau\"  data-av-masonry-custom-link=\"https:\/\/www.monteure-auf-zeit.de\/home\/branchen\/kuehlraumbau-tiefkuehlbau\/\"  itemprop=\"thumbnailUrl\" ><div class='av-inner-masonry-sizer'><\/div><figure class='av-inner-masonry main_color'><div class=\"av-masonry-outerimage-container\"><div class='av-masonry-image-container' style=\"background-image: url(https:\/\/www.monteure-auf-zeit.de\/home\/wp-content\/uploads\/2026\/03\/kuehlraumbau_tiefkuehlbau-705x470.png);\"  title=\"K\u00fchlraumbau &#038; Tiefk\u00fchlbau\" ><\/div><\/div><figcaption class='av-inner-masonry-content site-background'><div class='av-inner-masonry-content-pos'><div class='av-inner-masonry-content-pos-content'><div class='avia-arrow'><\/div><h3 class='av-masonry-entry-title entry-title '  itemprop=\"headline\" >K\u00fchlraumbau &#038; Tiefk\u00fchlbau<\/h3><div class='av-masonry-entry-content entry-content'  itemprop=\"text\" >K\u00fchlh\u00e4user <br>Tiefk\u00fchllager <br>Lebensmittelproduktion <br>Pharma-Produktionsst\u00e4tten <br>Hygienebereiche<\/div><\/div><\/div><\/figcaption><\/figure><\/a><!--end av-masonry entry--><a href=\"https:\/\/www.monteure-auf-zeit.de\/home\/branchen\/hallen-logistikbau\/\"  aria-label=\"Bild Hallen- &#038; Logistikbau\"  id='av-masonry-2-item-1160' data-av-masonry-item='1160' class='av-masonry-entry isotope-item post-1160 attachment type-attachment status-inherit hentry  av-masonry-item-with-image' title=\"Hallen- &#038; Logistikbau\" alt=\"Vier Monteure auf dem Dach einer Halle montieren Dachpaneelen.\"  data-av-masonry-custom-link=\"https:\/\/www.monteure-auf-zeit.de\/home\/branchen\/hallen-logistikbau\/\"  itemprop=\"thumbnailUrl\" ><div class='av-inner-masonry-sizer'><\/div><figure class='av-inner-masonry main_color'><div class=\"av-masonry-outerimage-container\"><div class='av-masonry-image-container' style=\"background-image: url(https:\/\/www.monteure-auf-zeit.de\/home\/wp-content\/uploads\/2026\/03\/hallen_logistikbau_v2-705x471.png);\"  title=\"Hallen- &#038; Logistikbau\" ><\/div><\/div><figcaption class='av-inner-masonry-content site-background'><div class='av-inner-masonry-content-pos'><div class='av-inner-masonry-content-pos-content'><div class='avia-arrow'><\/div><h3 class='av-masonry-entry-title entry-title '  itemprop=\"headline\" >Hallen- &#038; Logistikbau<\/h3><div class='av-masonry-entry-content entry-content'  itemprop=\"text\" >Lagerhallen <br>Logistikzentren <br>Gewerbehallen <br>Stahlhallen <br>Umschlaghallen<\/div><\/div><\/div><\/figcaption><\/figure><\/a><!--end av-masonry entry--><a href=\"https:\/\/www.monteure-auf-zeit.de\/home\/branchen\/industrieanlagen-produktionsstandorte\/\"  aria-label=\"Bild Anlagenbau &#038; F\u00f6rdertechnik\"  id='av-masonry-2-item-1161' data-av-masonry-item='1161' class='av-masonry-entry isotope-item post-1161 attachment type-attachment status-inherit hentry  av-masonry-item-with-image' title=\"Anlagenbau &#038; F\u00f6rdertechnik\" alt=\"Industrieanlagen\"  data-av-masonry-custom-link=\"https:\/\/www.monteure-auf-zeit.de\/home\/branchen\/industrieanlagen-produktionsstandorte\/\"  itemprop=\"thumbnailUrl\" ><div class='av-inner-masonry-sizer'><\/div><figure class='av-inner-masonry main_color'><div class=\"av-masonry-outerimage-container\"><div class='av-masonry-image-container' style=\"background-image: url(https:\/\/www.monteure-auf-zeit.de\/home\/wp-content\/uploads\/2026\/03\/industrieanlagen_v3-705x471.png);\"  title=\"Anlagenbau &#038; F\u00f6rdertechnik\" ><\/div><\/div><figcaption class='av-inner-masonry-content site-background'><div class='av-inner-masonry-content-pos'><div class='av-inner-masonry-content-pos-content'><div class='avia-arrow'><\/div><h3 class='av-masonry-entry-title entry-title '  itemprop=\"headline\" >Anlagenbau &#038; F\u00f6rdertechnik<\/h3><div class='av-masonry-entry-content entry-content'  itemprop=\"text\" >Produktionshallen <br>Industrieanlagen <br>Maschinenbau-Standorte <br>Technikgeb\u00e4ude <br>Erweiterungs- und Umbauprojekte <br>Papiermaschinen & Papierindustrie<\/div><\/div><\/div><\/figcaption><\/figure><\/a><!--end av-masonry entry--><\/div><\/div><\/div><\/div><!--close column table wrapper. Autoclose: 1 -->\n<style type=\"text\/css\" data-created_by=\"avia_inline_auto\" id=\"style-css-av-12evr-2952240bdecb64c88f1b904d7afa104a\">\n#top .hr.hr-invisible.av-12evr-2952240bdecb64c88f1b904d7afa104a{\nheight:40px;\n}\n<\/style>\n<div  class='hr av-12evr-2952240bdecb64c88f1b904d7afa104a hr-invisible  avia-builder-el-34  el_after_av_one_full  avia-builder-el-last '><span class='hr-inner '><span class=\"hr-inner-style\"><\/span><\/span><\/div>\n<\/div><\/div><\/div><!-- close content main div --><\/div><\/div><\/div>\n<style type=\"text\/css\" data-created_by=\"avia_inline_auto\" id=\"style-css-av-142oj-16-a4bac1380ddad05ea08a5b9673e51610\">\n.avia-section.av-142oj-16-a4bac1380ddad05ea08a5b9673e51610{\nbackground-color:#f4f4f4;\nbackground-image:unset;\n}\n<\/style>\n<div id='av_section_4'  class='avia-section av-142oj-16-a4bac1380ddad05ea08a5b9673e51610 main_color avia-section-default avia-no-border-styling  avia-builder-el-35  el_after_av_section  el_before_av_section  avia-bg-style-scroll container_wrap sidebar_right'  ><div class='container av-section-cont-open' ><div class='template-page content  av-content-small alpha units'><div class='post-entry post-entry-type-page post-entry-1390'><div class='entry-content-wrapper clearfix'>\n\n<style type=\"text\/css\" data-created_by=\"avia_inline_auto\" id=\"style-css-av-l0ksysdz-7-6f6b3ed647b89b5d9759e4d2ebc93073\">\n.flex_column.av-l0ksysdz-7-6f6b3ed647b89b5d9759e4d2ebc93073{\nborder-radius:0px 0px 0px 0px;\npadding:0px 0px 0px 0px;\n}\n<\/style>\n<div  class='flex_column av-l0ksysdz-7-6f6b3ed647b89b5d9759e4d2ebc93073 av_one_full  avia-builder-el-36  avia-builder-el-no-sibling  first flex_column_div av-animated-generic bottom-to-top av-zero-column-padding  '     ><\/div><\/div><\/div><\/div><!-- close content main div --><\/div><\/div>\n<style type=\"text\/css\" data-created_by=\"avia_inline_auto\" id=\"style-css-av-s5a7-36820c2f6536144889e101f7a2a059c3\">\n.avia-section.av-s5a7-36820c2f6536144889e101f7a2a059c3 .av-parallax .av-parallax-inner{\nbackground-repeat:no-repeat;\nbackground-image:url(https:\/\/www.monteure-auf-zeit.de\/home\/wp-content\/uploads\/2022\/03\/AdobeStock_43086186.jpeg);\nbackground-position:50% 50%;\nbackground-attachment:scroll;\n}\n.avia-section.av-s5a7-36820c2f6536144889e101f7a2a059c3 .av-section-color-overlay{\nopacity:0.5;\nbackground-color:#000000;\n}\n<\/style>\n<div id='av_section_5'  class='avia-section av-s5a7-36820c2f6536144889e101f7a2a059c3 main_color avia-section-default avia-no-border-styling  avia-builder-el-38  el_after_av_section  el_before_av_section  avia-full-stretch av-parallax-section avia-bg-style-parallax av-section-color-overlay-active av-minimum-height av-minimum-height-75 av-height-75  container_wrap sidebar_right'  data-section-bg-repeat='stretch' data-av_minimum_height_pc='75' data-av_min_height_opt='75'><div class='av-parallax' data-avia-parallax-ratio='0.3' ><div class='av-parallax-inner main_color avia-full-stretch'><\/div><\/div><div class=\"av-section-color-overlay-wrap\"><div class=\"av-section-color-overlay\"><\/div><div class='container av-section-cont-open' ><div class='template-page content  av-content-small alpha units'><div class='post-entry post-entry-type-page post-entry-1390'><div class='entry-content-wrapper clearfix'>\n\n<style type=\"text\/css\" data-created_by=\"avia_inline_auto\" id=\"style-css-av-1mwuf-55e482cfb622f82411c0434d13d9a75f\">\n.flex_column.av-1mwuf-55e482cfb622f82411c0434d13d9a75f{\nborder-radius:0px 0px 0px 0px;\npadding:0px 0px 0px 0px;\n}\n<\/style>\n<div  class='flex_column av-1mwuf-55e482cfb622f82411c0434d13d9a75f av_one_fourth  avia-builder-el-39  el_before_av_one_half  avia-builder-el-first  first flex_column_div av-zero-column-padding  '     ><\/div>\n<style type=\"text\/css\" data-created_by=\"avia_inline_auto\" id=\"style-css-av-1mwuf-1-689885c5d447987a9c79283bca7ef61e\">\n.flex_column.av-1mwuf-1-689885c5d447987a9c79283bca7ef61e{\nborder-radius:0px 0px 0px 0px;\npadding:0px 0px 0px 0px;\n}\n<\/style>\n<div  class='flex_column av-1mwuf-1-689885c5d447987a9c79283bca7ef61e av_one_half  avia-builder-el-40  el_after_av_one_fourth  avia-builder-el-last  flex_column_div av-zero-column-padding  '     ><div  class='avia-button-wrap avia-button-center  avia-builder-el-41  avia-builder-el-no-sibling '>\n<style type=\"text\/css\" data-created_by=\"avia_inline_auto\" id=\"style-css-av-kq9g73mb-3b191e19d5aa23e78653f57c7bc5deb1\">\n#top #wrap_all .avia-button.av-kq9g73mb-3b191e19d5aa23e78653f57c7bc5deb1{\ncolor:#ffffff;\ntransition:all 0.4s ease-in-out;\n}\n#top #wrap_all .avia-button.av-kq9g73mb-3b191e19d5aa23e78653f57c7bc5deb1:hover{\ncolor:#ffffff;\ntransition:all 0.4s ease-in-out;\n}\n<\/style>\n<a href='https:\/\/www.monteure-auf-zeit.de\/home\/kontakt\/' class='avia-color-theme-color avia-button avia-button-fullwidth av-kq9g73mb-3b191e19d5aa23e78653f57c7bc5deb1 avia-icon_select-yes-left-icon avia-color-theme-color'   aria-label=\"Hier geht\u2019s zum ersten Kontakt!\"><span class='avia_button_icon avia_button_icon_left' aria-hidden='true' data-av_icon='\ue80b' data-av_iconfont='entypo-fontello'><\/span><span class='avia_iconbox_title' >Hier geht\u2019s zum ersten Kontakt!<\/span><span class='avia_button_background avia-button avia-button-fullwidth avia-color-theme-color-highlight'><\/span><\/a><\/div><\/div>\n<\/p>\n<\/div><\/div><\/div><!-- close content main div --><\/div><\/div><\/div><div id='av_section_6'  class='avia-section av-av_section-e4ef95e6d64daa5d43c9bd2540e73530 main_color avia-section-default avia-no-border-styling  avia-builder-el-42  el_after_av_section  avia-builder-el-last  avia-bg-style-scroll container_wrap sidebar_right'  ><div class='container av-section-cont-open' ><div class='template-page content  av-content-small alpha units'><div class='post-entry post-entry-type-page post-entry-1390'><div class='entry-content-wrapper clearfix'>\n<div  class='flex_column av-av_one_full-a2cef933b0a555f25d1e39b22a8e9dae av_one_full  avia-builder-el-43  el_before_av_one_third  avia-builder-el-first  first flex_column_div  '     ><section  class='av_textblock_section av-mnyzpu4x-48b4546c6775be94d8b2690c7cac9cfd '   itemscope=\"itemscope\" itemtype=\"https:\/\/schema.org\/CreativeWork\" ><div class='avia_textblock'  itemprop=\"text\" ><p>Die Stadt Ulm hat sich als zentraler Standort f\u00fcr vielf\u00e4ltige Bauprojekte etabliert. Mit den starken industriellen Wurzeln und einer aufstrebenden Architektur werden professionelle Monteure immer gefragter. Die Pientka GmbH ist hier Ihr verl\u00e4sslicher Partner, wenn es um fachgerechte Monteurleistungen im Bereich Fassadenbau und Hallenbau geht.<\/p>\n<h2>Professionelle Monteure f\u00fcr den Fassadenbau<\/h2>\n<p>Im Herzen von Ulm bieten wir spezialisierte Dienstleistungen f\u00fcr den Fassadenbau. Unsere erfahrenen Monteure sorgen daf\u00fcr, dass Ihre Geb\u00e4ude nicht nur allen Wetterbedingungen standhalten, sondern auch durch eine moderne \u00c4sthetik \u00fcberzeugen. Die Pientka GmbH setzt auf hochwertige Materialien und innovative Techniken, um Fassaden zu installieren, die sowohl funktional als auch stilvoll sind. Wir gew\u00e4hrleisten, dass jedes Projekt, sei es bei einem B\u00fcrogeb\u00e4ude oder einer Wohnanlage, h\u00f6chsten Standards entspricht.<\/p>\n<h2>Effiziente L\u00f6sungen im Hallenbau<\/h2>\n<p>Im Bereich Hallenbau steht Pientka GmbH f\u00fcr technische Expertise und pr\u00e4zise Umsetzung. Ulm als Standort bietet zahlreiche Wachstumschancen, die wir mit unseren speziell geschulten Monteuren optimal nutzen. Unsere L\u00f6sungen sind sowohl f\u00fcr gewerbliche als auch industrielle Zwecke geeignet. Durch gezielten Einsatz modernster Ausr\u00fcstung und Techniken stellen wir sicher, dass Hallen in Ulm termingerecht und budgetfreundlich entstehen. Ihre Zufriedenheit steht dabei f\u00fcr uns an erster Stelle.<\/p>\n<h2>Warum Pientka GmbH in Ulm?<\/h2>\n<p>Die Entscheidung f\u00fcr unsere Monteure in Ulm bringt zahlreiche Vorteile. Wir bieten nicht nur jahrelange Erfahrung im Bauwesen, sondern auch eine tiefe Verbindung zur Region. Unsere Monteure sind mit den lokalen Gegebenheiten vertraut und k\u00f6nnen dadurch ma\u00dfgeschneiderte L\u00f6sungen anbieten, die europaweit ihresgleichen suchen. Besonders im dynamischen Bauumfeld von Ulm ist dies ein unsch\u00e4tzbarer Vorteil.<\/p>\n<h2>Regional verwurzelt mit globalem Anspruch<\/h2>\n<p>Als Ulmer Unternehmen sind wir stolz auf unsere regionalen Wurzeln, zugleich aber auch darauf, dass unsere Monteure weltweite Standards im Bauwesen erf\u00fcllen. Wir sind bestrebt, den lokalen Markt mit innovativen, zukunftsorientierten Bauprojekten der Spitzenklasse zu bereichern. Unsere Fachkr\u00e4fte sind darauf trainiert, Projekte effizient und nachhaltig umzusetzen und dabei h\u00f6chste Qualit\u00e4tsanspr\u00fcche zu erf\u00fcllen.<\/p>\n<h2>Jetzt Monteure in Ulm beauftragen<\/h2>\n<p>Wenn es um verl\u00e4ssliche Monteure in Ulm f\u00fcr Ihren n\u00e4chsten Fassadenbau oder Hallenbau geht, ist die Pientka GmbH Ihre erste Wahl. Kontaktieren Sie uns noch heute, um ein ma\u00dfgeschneidertes Angebot zu erhalten und von unseren umfassenden Dienstleistungen zu profitieren. Unsere Fachkenntnis, gepaart mit der regionalen Expertise in Ulm, bietet Ihnen die L\u00f6sung, die Ihre Bauprojekte verdient haben.<\/p>\n<\/div><\/section><\/div><div  class='flex_column av-av_one_third-a2cef933b0a555f25d1e39b22a8e9dae av_one_third  avia-builder-el-45  el_after_av_one_full  el_before_av_one_third  first flex_column_div  column-top-margin'     ><style type=\"text\/css\" data-created_by=\"avia_inline_auto\" id=\"style-css-av-mnyzqr0l-6953bc9af7d98dde312596262bdbabb7\">\n.avia-image-container.av-mnyzqr0l-6953bc9af7d98dde312596262bdbabb7 img.avia_image{\nbox-shadow:none;\n}\n.avia-image-container.av-mnyzqr0l-6953bc9af7d98dde312596262bdbabb7 .av-image-caption-overlay-center{\ncolor:#ffffff;\n}\n<\/style>\n<div  class='avia-image-container av-mnyzqr0l-6953bc9af7d98dde312596262bdbabb7 av-styling- avia-align-center  avia-builder-el-46  avia-builder-el-no-sibling '   itemprop=\"image\" itemscope=\"itemscope\" itemtype=\"https:\/\/schema.org\/ImageObject\" ><div class=\"avia-image-container-inner\"><div class=\"avia-image-overlay-wrap\"><img decoding=\"async\" fetchpriority=\"high\" class='wp-image-1146 avia-img-lazy-loading-not-1146 avia_image ' src=\"https:\/\/www.monteure-auf-zeit.de\/home\/wp-content\/uploads\/2026\/03\/paneelbau-1-845x684.png\" alt='Monteure Ulm' title='Monteure Ulm'  height=\"684\" width=\"845\"  itemprop=\"thumbnailUrl\" srcset=\"https:\/\/www.monteure-auf-zeit.de\/home\/wp-content\/uploads\/2026\/03\/paneelbau-1-845x684.png 845w, https:\/\/www.monteure-auf-zeit.de\/home\/wp-content\/uploads\/2026\/03\/paneelbau-1-495x400.png 495w\" sizes=\"(max-width: 845px) 100vw, 845px\" \/><\/div><\/div><\/div><\/div><div  class='flex_column av-av_one_third-538dd737667e19053994a94b9156413b av_one_third  avia-builder-el-47  el_after_av_one_third  el_before_av_one_third  flex_column_div  column-top-margin'     ><style type=\"text\/css\" data-created_by=\"avia_inline_auto\" id=\"style-css-av-mnyzrk86-7828da92aa912ee10d114764ef270b44\">\n.avia-image-container.av-mnyzrk86-7828da92aa912ee10d114764ef270b44 img.avia_image{\nbox-shadow:none;\n}\n.avia-image-container.av-mnyzrk86-7828da92aa912ee10d114764ef270b44 .av-image-caption-overlay-center{\ncolor:#ffffff;\n}\n<\/style>\n<div  class='avia-image-container av-mnyzrk86-7828da92aa912ee10d114764ef270b44 av-styling- avia-align-center  avia-builder-el-48  avia-builder-el-no-sibling '   itemprop=\"image\" itemscope=\"itemscope\" itemtype=\"https:\/\/schema.org\/ImageObject\" ><div class=\"avia-image-container-inner\"><div class=\"avia-image-overlay-wrap\"><img decoding=\"async\" fetchpriority=\"high\" class='wp-image-1159 avia-img-lazy-loading-not-1159 avia_image ' src=\"https:\/\/www.monteure-auf-zeit.de\/home\/wp-content\/uploads\/2026\/03\/objekt_gewerbebau_v2-845x684.png\" alt='Monteure Ulm' title='Monteure Ulm'  height=\"684\" width=\"845\"  itemprop=\"thumbnailUrl\" srcset=\"https:\/\/www.monteure-auf-zeit.de\/home\/wp-content\/uploads\/2026\/03\/objekt_gewerbebau_v2-845x684.png 845w, https:\/\/www.monteure-auf-zeit.de\/home\/wp-content\/uploads\/2026\/03\/objekt_gewerbebau_v2-495x400.png 495w\" sizes=\"(max-width: 845px) 100vw, 845px\" \/><\/div><\/div><\/div><\/div><div  class='flex_column av-av_one_third-538dd737667e19053994a94b9156413b av_one_third  avia-builder-el-49  el_after_av_one_third  el_before_av_one_full  flex_column_div  column-top-margin'     ><style type=\"text\/css\" data-created_by=\"avia_inline_auto\" id=\"style-css-av-mnyzrz86-05d0fa68aa80732d8d4b9144ee5db99d\">\n.avia-image-container.av-mnyzrz86-05d0fa68aa80732d8d4b9144ee5db99d img.avia_image{\nbox-shadow:none;\n}\n.avia-image-container.av-mnyzrz86-05d0fa68aa80732d8d4b9144ee5db99d .av-image-caption-overlay-center{\ncolor:#ffffff;\n}\n<\/style>\n<div  class='avia-image-container av-mnyzrz86-05d0fa68aa80732d8d4b9144ee5db99d av-styling- avia-align-center  avia-builder-el-50  avia-builder-el-no-sibling '   itemprop=\"image\" itemscope=\"itemscope\" itemtype=\"https:\/\/schema.org\/ImageObject\" ><div class=\"avia-image-container-inner\"><div class=\"avia-image-overlay-wrap\"><img decoding=\"async\" fetchpriority=\"high\" class='wp-image-1144 avia-img-lazy-loading-not-1144 avia_image ' src=\"https:\/\/www.monteure-auf-zeit.de\/home\/wp-content\/uploads\/2026\/03\/kuehlraumpaneele-1-845x684.png\" alt='Monteure Ulm' title='Monteure Ulm'  height=\"684\" width=\"845\"  itemprop=\"thumbnailUrl\" srcset=\"https:\/\/www.monteure-auf-zeit.de\/home\/wp-content\/uploads\/2026\/03\/kuehlraumpaneele-1-845x684.png 845w, https:\/\/www.monteure-auf-zeit.de\/home\/wp-content\/uploads\/2026\/03\/kuehlraumpaneele-1-495x400.png 495w\" sizes=\"(max-width: 845px) 100vw, 845px\" \/><\/div><\/div><\/div><\/div><div  class='flex_column av-av_one_full-a2cef933b0a555f25d1e39b22a8e9dae av_one_full  avia-builder-el-51  el_after_av_one_third  el_before_av_one_full  first flex_column_div  column-top-margin'     ><section  class='av_textblock_section av-av_textblock-92ab5b4c5448b40ef3b82fb3d397e98e '   itemscope=\"itemscope\" itemtype=\"https:\/\/schema.org\/CreativeWork\" ><div class='avia_textblock'  itemprop=\"text\" ><h2>Professioneller K\u00fchlraumbau durch Monteure in Ulm<\/h2>\n<p>In Ulm, einer Stadt mit historischem Charme und moderner Dynamik, stehen Qualit\u00e4t und Pr\u00e4zision besonders im Vordergrund. Genau hier setzen die professionellen Monteure der Pientka GmbH an. Unser Team versteht die spezifischen Bed\u00fcrfnisse der Ulmer Unternehmen im K\u00fchlraumbau und bietet ma\u00dfgeschneiderte L\u00f6sungen, die sowohl Effizienz als auch Langlebigkeit versprechen. Durch das fundierte Wissen unserer Monteure k\u00f6nnen wir sicherstellen, dass jedes Projekt in Ulm mit h\u00f6chsten Standards durchgef\u00fchrt wird.<\/p>\n<h3>Warum Pientka GmbH im K\u00fchlraumbau in Ulm die beste Wahl ist<\/h3>\n<p>Wenn es um den K\u00fchlraumbau geht, verbindet Pientka GmbH technisches Know-how mit lokaler Expertise. Unsere Monteure in Ulm verf\u00fcgen \u00fcber umfangreiche Erfahrung in der Installation und Wartung moderner K\u00fchll\u00f6sungen. Der Fokus liegt dabei immer darauf, die spezifischen klimatischen und r\u00e4umlichen Anforderungen der Ulmer Betriebe zu ber\u00fccksichtigen. Durch den Einsatz innovativer Materialien und Technologien garantieren unsere Monteure eine hohe Energieeffizienz und eine optimale Temperaturregelung in jedem Projekt.<\/p>\n<h3>Der Mehrwert unserer Monteure f\u00fcr Unternehmen in Ulm<\/h3>\n<p>Ein wesentlicher Vorteil unserer Dienstleistungen liegt in der ma\u00dfgeschneiderten Beratung und Planung. Jedes Unternehmen in Ulm hat seine eigenen Anforderungen, und unsere Monteure passen sich diesen Gegebenheiten flexibel an. Die von uns errichteten K\u00fchlr\u00e4ume sind nicht nur funktional, sondern auch nachhaltig und auf Langlebigkeit ausgelegt. So tragen wir dazu bei, dass die Ulmer Unternehmen ihre Betriebskosten senken und gleichzeitig die Umwelt schonen k\u00f6nnen. Unsere Monteure in Ulm sind nicht nur Handwerker, sondern auch Berater, die den Kundenw\u00fcnschen mit Verst\u00e4ndnis und professionellem Rat entgegenkommen. Vertrauen Sie auf die Kompetenz der Pientka GmbH f\u00fcr Ihr n\u00e4chstes K\u00fchlraumbau-Projekt und erleben Sie die Vorteile einer Zusammenarbeit mit uns in Ulm.<\/p>\n<\/div><\/section><\/div><div  class='flex_column av-av_one_full-a2cef933b0a555f25d1e39b22a8e9dae av_one_full  avia-builder-el-53  el_after_av_one_full  avia-builder-el-last  first flex_column_div  column-top-margin'     ><section  class='av_textblock_section av-mnyzqgws-dda1c92767e2c99ffd07b4dd2533a93b '   itemscope=\"itemscope\" itemtype=\"https:\/\/schema.org\/CreativeWork\" ><div class='avia_textblock'  itemprop=\"text\" ><h2>Professionelle Monteure in Ulm: Ihre regionalen Experten<\/h2>\n<p>Unsere erfahrenen Monteure in Ulm sind bereit, Ihre Projekte mit hoher Kompetenz und Engagement zu unterst\u00fctzen. Die Pientka GmbH bietet Ihnen einen zuverl\u00e4ssigen Service, der speziell auf die Bed\u00fcrfnisse der Region Ulm abgestimmt ist. Dank unserer umfassenden Erfahrung wissen wir genau, auf welche Faktoren es ankommt, um Projekte erfolgreich abzuschlie\u00dfen und die h\u00f6chsten Qualit\u00e4tsstandards zu gew\u00e4hrleisten. Die Verbundenheit mit dem Standort Ulm erm\u00f6glicht es uns, einen authentischen und ma\u00dfgeschneiderten Service anzubieten, der sowohl f\u00fcr kleine als auch gro\u00dfe Vorhaben perfekt geeignet ist. Unsere Monteure sind bestens ausgebildet und sorgen daf\u00fcr, dass Ihre Anforderungen stets mit Pr\u00e4zision und Sorgfalt erf\u00fcllt werden. Diese lokale Expertise garantiert nicht nur effiziente Arbeitsabl\u00e4ufe, sondern auch eine nachhaltige Zufriedenheit unserer Kunden.<\/p>\n<h3>Warum die Pientka GmbH in Ulm die beste Wahl ist<\/h3>\n<p>Ein wesentlicher Vorteil der Zusammenarbeit mit Pientka GmbH liegt in unserem integrierten Ansatz, der eine reibungslose Projektabwicklung sicherstellt. Unsere Monteure in Ulm zeichnen sich nicht nur durch technische Fertigkeiten aus, sondern auch durch eine hohe Flexibilit\u00e4t und Zuverl\u00e4ssigkeit. Bei jeder Beauftragung legen wir gro\u00dfen Wert darauf, Ihre individuellen Bed\u00fcrfnisse zu verstehen und ma\u00dfgeschneiderte L\u00f6sungen zu entwickeln. Uns ist bewusst, dass jedes Projekt einzigartig ist. Daher fokussieren wir uns darauf, Ihnen die besten L\u00f6sungen zu bieten, die nicht nur technisch versiert, sondern auch kosteneffizient sind. Durch die kontinuierliche Schulung unserer Monteure bleiben wir stets auf dem neuesten Stand der Technik und garantieren Ihnen ein hohes Ma\u00df an Innovation und Professionalit\u00e4t. Die N\u00e4he zu unseren Kunden in Ulm und das Engagement in der Region st\u00e4rken die Qualit\u00e4t unserer Dienstleistungen nachhaltig.<\/p>\n<h3>Ihre Vorteile bei der Wahl unserer Monteure in Ulm<\/h3>\n<p>W\u00e4hlen Sie die Pientka GmbH und profitieren Sie von einer Partnerschaft, die sich auf Kompetenz, Qualit\u00e4t und Vertrauen st\u00fctzt. Durch den Einsatz unserer regionalen Monteure in Ulm garantieren wir nicht nur eine schnelle Reaktionszeit, sondern auch optimale L\u00f6sungen, die direkt vor Ort entwickelt werden. Unsere Kunden sch\u00e4tzen insbesondere die pers\u00f6nliche Betreuung und die unmittelbare Verf\u00fcgbarkeit unserer Teams. Die lokale Verankerung in Ulm erm\u00f6glicht es uns, ein tiefes Verst\u00e4ndnis f\u00fcr die regionalen Besonderheiten zu entwickeln und Projekte entsprechend anzupassen. Bei uns stehen Ihre Bed\u00fcrfnisse im Mittelpunkt, und unsere Monteure setzen alles daran, Ihre Erwartungen zu \u00fcbertreffen. Lassen Sie uns gemeinsam die Herausforderungen Ihrer Projekte meistern und nachhaltige Erfolge erzielen.<\/p>\n<p><iframe style='border: 0;' src='https:\/\/www.google.com\/maps?q=Ulm+&#038;output=embed' width='100%' height='450' allowfullscreen='allowfullscreen'><\/iframe><\/p>\n<\/div><\/section><\/div><\/div><\/div><\/div><!-- close content main div --><\/div><\/div><div id='after_section_6'  class='main_color av_default_container_wrap container_wrap sidebar_right'  ><div class='container av-section-cont-open' ><div class='template-page content  av-content-small alpha units'><div class='post-entry post-entry-type-page post-entry-1390'><div class='entry-content-wrapper clearfix'>\n","protected":false},"excerpt":{"rendered":"","protected":false},"author":1,"featured_media":1160,"parent":736,"menu_order":0,"comment_status":"closed","ping_status":"closed","template":"","meta":{"footnotes":""},"class_list":["post-1390","page","type-page","status-publish","has-post-thumbnail","hentry"],"yoast_head":"<!-- This site is optimized with the Yoast SEO plugin v27.1.1 - https:\/\/yoast.com\/product\/yoast-seo-wordpress\/ -->\n<title>Monteure Ulm | Erfahrene Monteure | kurzfristig einsatzbereit<\/title>\n<meta name=\"description\" content=\"Monteure Ulm Montageteams f\u00fcr Metall-, Fassaden- und Paneelbau sowie K\u00fchlraumbau \u2013 \u2713erfahren \u2713pr\u00e4zise \u2713bundesweit kurzfristig einsatzbereit.\" \/>\n<meta name=\"robots\" content=\"index, follow, max-snippet:-1, max-image-preview:large, max-video-preview:-1\" \/>\n<link rel=\"canonical\" href=\"https:\/\/www.monteure-auf-zeit.de\/home\/monteure\/monteure-ulm\/\" \/>\n<meta property=\"og:locale\" content=\"de_DE\" \/>\n<meta property=\"og:type\" content=\"article\" \/>\n<meta property=\"og:title\" content=\"Monteure Ulm | Erfahrene Monteure | kurzfristig einsatzbereit\" \/>\n<meta property=\"og:description\" content=\"Monteure Ulm Montageteams f\u00fcr Metall-, Fassaden- und Paneelbau sowie K\u00fchlraumbau \u2013 \u2713erfahren \u2713pr\u00e4zise \u2713bundesweit kurzfristig einsatzbereit.\" \/>\n<meta property=\"og:url\" content=\"https:\/\/www.monteure-auf-zeit.de\/home\/monteure\/monteure-ulm\/\" \/>\n<meta property=\"og:site_name\" content=\"Pientka Monteure auf Zeit\" \/>\n<meta property=\"article:modified_time\" content=\"2026-04-14T19:44:43+00:00\" \/>\n<meta property=\"og:image\" content=\"https:\/\/www.monteure-auf-zeit.de\/home\/wp-content\/uploads\/2026\/03\/hallen_logistikbau_v2.png\" \/>\n\t<meta property=\"og:image:width\" content=\"1400\" \/>\n\t<meta property=\"og:image:height\" content=\"935\" \/>\n\t<meta property=\"og:image:type\" content=\"image\/png\" \/>\n<meta name=\"twitter:card\" content=\"summary_large_image\" \/>\n<meta name=\"twitter:label1\" content=\"Gesch\u00e4tzte Lesezeit\" \/>\n\t<meta name=\"twitter:data1\" content=\"75\u00a0Minuten\" \/>\n<script type=\"application\/ld+json\" class=\"yoast-schema-graph\">{\"@context\":\"https:\/\/schema.org\",\"@graph\":[{\"@type\":\"WebPage\",\"@id\":\"https:\/\/www.monteure-auf-zeit.de\/home\/monteure\/monteure-ulm\/\",\"url\":\"https:\/\/www.monteure-auf-zeit.de\/home\/monteure\/monteure-ulm\/\",\"name\":\"Monteure Ulm | Erfahrene Monteure | kurzfristig einsatzbereit\",\"isPartOf\":{\"@id\":\"https:\/\/www.monteure-auf-zeit.de\/home\/#website\"},\"primaryImageOfPage\":{\"@id\":\"https:\/\/www.monteure-auf-zeit.de\/home\/monteure\/monteure-ulm\/#primaryimage\"},\"image\":{\"@id\":\"https:\/\/www.monteure-auf-zeit.de\/home\/monteure\/monteure-ulm\/#primaryimage\"},\"thumbnailUrl\":\"https:\/\/www.monteure-auf-zeit.de\/home\/wp-content\/uploads\/2026\/03\/hallen_logistikbau_v2.png\",\"datePublished\":\"2026-04-14T19:21:46+00:00\",\"dateModified\":\"2026-04-14T19:44:43+00:00\",\"description\":\"Monteure Ulm Montageteams f\u00fcr Metall-, Fassaden- und Paneelbau sowie K\u00fchlraumbau \u2013 \u2713erfahren \u2713pr\u00e4zise \u2713bundesweit kurzfristig einsatzbereit.\",\"breadcrumb\":{\"@id\":\"https:\/\/www.monteure-auf-zeit.de\/home\/monteure\/monteure-ulm\/#breadcrumb\"},\"inLanguage\":\"de\",\"potentialAction\":[{\"@type\":\"ReadAction\",\"target\":[\"https:\/\/www.monteure-auf-zeit.de\/home\/monteure\/monteure-ulm\/\"]}]},{\"@type\":\"ImageObject\",\"inLanguage\":\"de\",\"@id\":\"https:\/\/www.monteure-auf-zeit.de\/home\/monteure\/monteure-ulm\/#primaryimage\",\"url\":\"https:\/\/www.monteure-auf-zeit.de\/home\/wp-content\/uploads\/2026\/03\/hallen_logistikbau_v2.png\",\"contentUrl\":\"https:\/\/www.monteure-auf-zeit.de\/home\/wp-content\/uploads\/2026\/03\/hallen_logistikbau_v2.png\",\"width\":1400,\"height\":935,\"caption\":\"Lagerhallen Logistikzentren Gewerbehallen Stahlhallen Umschlaghallen\"},{\"@type\":\"BreadcrumbList\",\"@id\":\"https:\/\/www.monteure-auf-zeit.de\/home\/monteure\/monteure-ulm\/#breadcrumb\",\"itemListElement\":[{\"@type\":\"ListItem\",\"position\":1,\"name\":\"Start\",\"item\":\"https:\/\/www.monteure-auf-zeit.de\/home\/home\/\"},{\"@type\":\"ListItem\",\"position\":2,\"name\":\"Monteure\",\"item\":\"https:\/\/www.monteure-auf-zeit.de\/home\/monteure\/\"},{\"@type\":\"ListItem\",\"position\":3,\"name\":\"Monteure Ulm\"}]},{\"@type\":\"WebSite\",\"@id\":\"https:\/\/www.monteure-auf-zeit.de\/home\/#website\",\"url\":\"https:\/\/www.monteure-auf-zeit.de\/home\/\",\"name\":\"Pientka Monteure auf Zeit\",\"description\":\"Erfahrene Monteure deutschlandweit kurzfristig einsatzbereit\",\"publisher\":{\"@id\":\"https:\/\/www.monteure-auf-zeit.de\/home\/#organization\"},\"potentialAction\":[{\"@type\":\"SearchAction\",\"target\":{\"@type\":\"EntryPoint\",\"urlTemplate\":\"https:\/\/www.monteure-auf-zeit.de\/home\/?s={search_term_string}\"},\"query-input\":{\"@type\":\"PropertyValueSpecification\",\"valueRequired\":true,\"valueName\":\"search_term_string\"}}],\"inLanguage\":\"de\"},{\"@type\":\"Organization\",\"@id\":\"https:\/\/www.monteure-auf-zeit.de\/home\/#organization\",\"name\":\"Pientka Monteure auf Zeit\",\"url\":\"https:\/\/www.monteure-auf-zeit.de\/home\/\",\"logo\":{\"@type\":\"ImageObject\",\"inLanguage\":\"de\",\"@id\":\"https:\/\/www.monteure-auf-zeit.de\/home\/#\/schema\/logo\/image\/\",\"url\":\"https:\/\/www.monteure-auf-zeit.de\/home\/wp-content\/uploads\/2022\/03\/logo_zeit_abstand.png\",\"contentUrl\":\"https:\/\/www.monteure-auf-zeit.de\/home\/wp-content\/uploads\/2022\/03\/logo_zeit_abstand.png\",\"width\":703,\"height\":674,\"caption\":\"Pientka Monteure auf Zeit\"},\"image\":{\"@id\":\"https:\/\/www.monteure-auf-zeit.de\/home\/#\/schema\/logo\/image\/\"}}]}<\/script>\n<!-- \/ Yoast SEO plugin. -->","yoast_head_json":{"title":"Monteure Ulm | Erfahrene Monteure | kurzfristig einsatzbereit","description":"Monteure Ulm Montageteams f\u00fcr Metall-, Fassaden- und Paneelbau sowie K\u00fchlraumbau \u2013 \u2713erfahren \u2713pr\u00e4zise \u2713bundesweit kurzfristig einsatzbereit.","robots":{"index":"index","follow":"follow","max-snippet":"max-snippet:-1","max-image-preview":"max-image-preview:large","max-video-preview":"max-video-preview:-1"},"canonical":"https:\/\/www.monteure-auf-zeit.de\/home\/monteure\/monteure-ulm\/","og_locale":"de_DE","og_type":"article","og_title":"Monteure Ulm | Erfahrene Monteure | kurzfristig einsatzbereit","og_description":"Monteure Ulm Montageteams f\u00fcr Metall-, Fassaden- und Paneelbau sowie K\u00fchlraumbau \u2013 \u2713erfahren \u2713pr\u00e4zise \u2713bundesweit kurzfristig einsatzbereit.","og_url":"https:\/\/www.monteure-auf-zeit.de\/home\/monteure\/monteure-ulm\/","og_site_name":"Pientka Monteure auf Zeit","article_modified_time":"2026-04-14T19:44:43+00:00","og_image":[{"width":1400,"height":935,"url":"https:\/\/www.monteure-auf-zeit.de\/home\/wp-content\/uploads\/2026\/03\/hallen_logistikbau_v2.png","type":"image\/png"}],"twitter_card":"summary_large_image","twitter_misc":{"Gesch\u00e4tzte Lesezeit":"75\u00a0Minuten"},"schema":{"@context":"https:\/\/schema.org","@graph":[{"@type":"WebPage","@id":"https:\/\/www.monteure-auf-zeit.de\/home\/monteure\/monteure-ulm\/","url":"https:\/\/www.monteure-auf-zeit.de\/home\/monteure\/monteure-ulm\/","name":"Monteure Ulm | Erfahrene Monteure | kurzfristig einsatzbereit","isPartOf":{"@id":"https:\/\/www.monteure-auf-zeit.de\/home\/#website"},"primaryImageOfPage":{"@id":"https:\/\/www.monteure-auf-zeit.de\/home\/monteure\/monteure-ulm\/#primaryimage"},"image":{"@id":"https:\/\/www.monteure-auf-zeit.de\/home\/monteure\/monteure-ulm\/#primaryimage"},"thumbnailUrl":"https:\/\/www.monteure-auf-zeit.de\/home\/wp-content\/uploads\/2026\/03\/hallen_logistikbau_v2.png","datePublished":"2026-04-14T19:21:46+00:00","dateModified":"2026-04-14T19:44:43+00:00","description":"Monteure Ulm Montageteams f\u00fcr Metall-, Fassaden- und Paneelbau sowie K\u00fchlraumbau \u2013 \u2713erfahren \u2713pr\u00e4zise \u2713bundesweit kurzfristig einsatzbereit.","breadcrumb":{"@id":"https:\/\/www.monteure-auf-zeit.de\/home\/monteure\/monteure-ulm\/#breadcrumb"},"inLanguage":"de","potentialAction":[{"@type":"ReadAction","target":["https:\/\/www.monteure-auf-zeit.de\/home\/monteure\/monteure-ulm\/"]}]},{"@type":"ImageObject","inLanguage":"de","@id":"https:\/\/www.monteure-auf-zeit.de\/home\/monteure\/monteure-ulm\/#primaryimage","url":"https:\/\/www.monteure-auf-zeit.de\/home\/wp-content\/uploads\/2026\/03\/hallen_logistikbau_v2.png","contentUrl":"https:\/\/www.monteure-auf-zeit.de\/home\/wp-content\/uploads\/2026\/03\/hallen_logistikbau_v2.png","width":1400,"height":935,"caption":"Lagerhallen Logistikzentren Gewerbehallen Stahlhallen Umschlaghallen"},{"@type":"BreadcrumbList","@id":"https:\/\/www.monteure-auf-zeit.de\/home\/monteure\/monteure-ulm\/#breadcrumb","itemListElement":[{"@type":"ListItem","position":1,"name":"Start","item":"https:\/\/www.monteure-auf-zeit.de\/home\/home\/"},{"@type":"ListItem","position":2,"name":"Monteure","item":"https:\/\/www.monteure-auf-zeit.de\/home\/monteure\/"},{"@type":"ListItem","position":3,"name":"Monteure Ulm"}]},{"@type":"WebSite","@id":"https:\/\/www.monteure-auf-zeit.de\/home\/#website","url":"https:\/\/www.monteure-auf-zeit.de\/home\/","name":"Pientka Monteure auf Zeit","description":"Erfahrene Monteure deutschlandweit kurzfristig einsatzbereit","publisher":{"@id":"https:\/\/www.monteure-auf-zeit.de\/home\/#organization"},"potentialAction":[{"@type":"SearchAction","target":{"@type":"EntryPoint","urlTemplate":"https:\/\/www.monteure-auf-zeit.de\/home\/?s={search_term_string}"},"query-input":{"@type":"PropertyValueSpecification","valueRequired":true,"valueName":"search_term_string"}}],"inLanguage":"de"},{"@type":"Organization","@id":"https:\/\/www.monteure-auf-zeit.de\/home\/#organization","name":"Pientka Monteure auf Zeit","url":"https:\/\/www.monteure-auf-zeit.de\/home\/","logo":{"@type":"ImageObject","inLanguage":"de","@id":"https:\/\/www.monteure-auf-zeit.de\/home\/#\/schema\/logo\/image\/","url":"https:\/\/www.monteure-auf-zeit.de\/home\/wp-content\/uploads\/2022\/03\/logo_zeit_abstand.png","contentUrl":"https:\/\/www.monteure-auf-zeit.de\/home\/wp-content\/uploads\/2022\/03\/logo_zeit_abstand.png","width":703,"height":674,"caption":"Pientka Monteure auf Zeit"},"image":{"@id":"https:\/\/www.monteure-auf-zeit.de\/home\/#\/schema\/logo\/image\/"}}]}},"_links":{"self":[{"href":"https:\/\/www.monteure-auf-zeit.de\/home\/wp-json\/wp\/v2\/pages\/1390","targetHints":{"allow":["GET"]}}],"collection":[{"href":"https:\/\/www.monteure-auf-zeit.de\/home\/wp-json\/wp\/v2\/pages"}],"about":[{"href":"https:\/\/www.monteure-auf-zeit.de\/home\/wp-json\/wp\/v2\/types\/page"}],"author":[{"embeddable":true,"href":"https:\/\/www.monteure-auf-zeit.de\/home\/wp-json\/wp\/v2\/users\/1"}],"replies":[{"embeddable":true,"href":"https:\/\/www.monteure-auf-zeit.de\/home\/wp-json\/wp\/v2\/comments?post=1390"}],"version-history":[{"count":7,"href":"https:\/\/www.monteure-auf-zeit.de\/home\/wp-json\/wp\/v2\/pages\/1390\/revisions"}],"predecessor-version":[{"id":1873,"href":"https:\/\/www.monteure-auf-zeit.de\/home\/wp-json\/wp\/v2\/pages\/1390\/revisions\/1873"}],"up":[{"embeddable":true,"href":"https:\/\/www.monteure-auf-zeit.de\/home\/wp-json\/wp\/v2\/pages\/736"}],"wp:featuredmedia":[{"embeddable":true,"href":"https:\/\/www.monteure-auf-zeit.de\/home\/wp-json\/wp\/v2\/media\/1160"}],"wp:attachment":[{"href":"https:\/\/www.monteure-auf-zeit.de\/home\/wp-json\/wp\/v2\/media?parent=1390"}],"curies":[{"name":"wp","href":"https:\/\/api.w.org\/{rel}","templated":true}]}}