{"id":1364,"date":"2026-04-14T19:21:16","date_gmt":"2026-04-14T19:21:16","guid":{"rendered":"https:\/\/www.monteure-auf-zeit.de\/home\/monteure\/monteure-osnabrueck\/"},"modified":"2026-04-14T19:44:30","modified_gmt":"2026-04-14T19:44:30","slug":"monteure-osnabrueck","status":"publish","type":"page","link":"https:\/\/www.monteure-auf-zeit.de\/home\/monteure\/monteure-osnabrueck\/","title":{"rendered":"Monteure Osnabr\u00fcck"},"content":{"rendered":"\n<style type=\"text\/css\" data-created_by=\"avia_inline_auto\" id=\"style-css-av-mma8d4jz-9ee93898f91b6a1ed934f9350cd7337b\">\n.avia-section.av-mma8d4jz-9ee93898f91b6a1ed934f9350cd7337b{\nbackground-repeat:no-repeat;\nbackground-image:url(https:\/\/www.monteure-auf-zeit.de\/home\/wp-content\/uploads\/2026\/03\/hallen_logistikbau_v2.png);\nbackground-position:0% 0%;\nbackground-attachment:scroll;\nposition:relative;\n}\n.avia-section.av-mma8d4jz-9ee93898f91b6a1ed934f9350cd7337b .av-section-color-overlay{\nopacity:0.7;\nbackground-color:#000000;\n}\n.avia-section.av-mma8d4jz-9ee93898f91b6a1ed934f9350cd7337b .avia-divider-svg-bottom svg{\nheight:50px;\nwidth:calc(100% + 1.3px);\nfill:#ffffff;\n}\n<\/style>\n<div id='av_section_1'  class='avia-section av-mma8d4jz-9ee93898f91b6a1ed934f9350cd7337b main_color avia-section-default avia-no-border-styling  avia-builder-el-0  el_before_av_section  avia-builder-el-first  avia-bg-style-scroll av-section-color-overlay-active av-minimum-height av-minimum-height-60 av-height-percent  av-section-with-video-bg container_wrap sidebar_right'  data-section-bg-repeat='no-repeat' data-av_minimum_height_pc='60' data-av_min_height_opt='percent' data-section-video-ratio='16:12'><div class='avia-divider-svg avia-divider-svg-triangle-asymmetrical avia-divider-svg-bottom avia-to-front avia-svg-negative'><svg xmlns=\"http:\/\/www.w3.org\/2000\/svg\" viewBox=\"0 0 1000 100\" preserveAspectRatio=\"none\">\n\t<path d=\"M737.9,94.7L0,0v100h1000V0L737.9,94.7z\"\/>\n<\/svg><\/div><div  class='avia-slideshow av_slideshow_obj-1-69f423840684b avia-slideshow-featured av_slideshow avia-slide-slider av-slideshow-ui av-control-default av-slideshow-manual av-loop-once av-loop-manual-endless av-default-height-applied  av-section-video-bg avia-slideshow-1' data-slideshow-options=\"{&quot;animation&quot;:&quot;slide&quot;,&quot;autoplay&quot;:false,&quot;loop_autoplay&quot;:&quot;once&quot;,&quot;interval&quot;:5,&quot;loop_manual&quot;:&quot;manual-endless&quot;,&quot;autoplay_stopper&quot;:false,&quot;noNavigation&quot;:false,&quot;bg_slider&quot;:false,&quot;keep_padding&quot;:false,&quot;hoverpause&quot;:false,&quot;show_slide_delay&quot;:0}\"  itemprop=\"image\" itemscope=\"itemscope\" itemtype=\"https:\/\/schema.org\/ImageObject\" ><ul class='avia-slideshow-inner ' style='padding-bottom: 28.666666666667%;'><li  data-controls='disabled' data-mute='aviaTBaviaTBvideo_mute' data-loop='1' data-disable-autoplay=''  data-video-ratio='1.3333333333333' class='avia-slideshow-slide av_slideshow_obj-1-69f423840684b__0  av-video-slide  av-video-service-html5  av-hide-video-controls av-mute-video av-loop-video  av-single-slide slide-1 slide-odd'><div data-rel='slideshow-1' class='avia-slide-wrap '    itemprop=\"video\" itemtype=\"https:\/\/schema.org\/VideoObject\" ><div class='av-click-overlay'><\/div><video class='avia_video'  autoplay playsinline loop preload=\"metadata\" muted  id='player_1364_1137290035_5931830'><source src=\"https:\/\/www.monteure-auf-zeit.de\/home\/wp-content\/uploads\/2026\/03\/kling_20260312_\u4f5c\u54c1_Cinematic__3909_0.mp4\" type=\"video\/mp4\" \/><\/video><div class=\"av-click-to-play-overlay\"><div class=\"avia_playpause_icon\"><\/div><\/div><\/div><\/li><\/ul><\/div><div class=\"av-section-color-overlay-wrap\"><div class=\"av-section-color-overlay\"><\/div><div class='container av-section-cont-open' ><main  role=\"main\" itemprop=\"mainContentOfPage\"  class='template-page content  av-content-small alpha units'><div class='post-entry post-entry-type-page post-entry-1364'><div class='entry-content-wrapper clearfix'>\n<div  class='flex_column av-o123-9e170be551f8ecfbe827de63ccd854fa av_one_full  avia-builder-el-1  avia-builder-el-no-sibling  first flex_column_div  '     ><style type=\"text\/css\" data-created_by=\"avia_inline_auto\" id=\"style-css-av-mma8jpnh-19936fdd6e630ff41bc6db286a457f8d\">\n#top .av_textblock_section.av-mma8jpnh-19936fdd6e630ff41bc6db286a457f8d .avia_textblock{\ncolor:#ffffff;\n}\n<\/style>\n<section  class='av_textblock_section av-mma8jpnh-19936fdd6e630ff41bc6db286a457f8d '   itemscope=\"itemscope\" itemtype=\"https:\/\/schema.org\/CreativeWork\" ><div class='avia_textblock av_inherit_color'  itemprop=\"text\" ><h1 style=\"text-align: center; font-size: 40px;\">Monteure Osnabr\u00fcck<\/h1>\n<h3 style=\"text-align: center;\">Montageteams f\u00fcr Metall-, Fassaden- und Paneelbau sowie K\u00fchlraumbau \u2013 erfahren, pr\u00e4zise und bundesweit kurzfristig einsatzbereit.<\/h3>\n<\/div><\/section><br \/>\n<div  class='avia-buttonrow-wrap av-mma8odi1-b77eabe7874b8cbc85ae19e61bbbd4c8 avia-buttonrow-center  avia-builder-el-3  el_after_av_textblock  avia-builder-el-last '>\n\n<style type=\"text\/css\" data-created_by=\"avia_inline_auto\" id=\"style-css-av-mma8nyiv-0bb2231d853435e5581cb62e891ff49f\">\n#top #wrap_all .avia-button.av-mma8nyiv-0bb2231d853435e5581cb62e891ff49f{\nmargin-bottom:5px;\nmargin-right:3px;\nmargin-left:3px;\n}\n<\/style>\n<a href='https:\/\/www.monteure-auf-zeit.de\/home\/leistungen\/'  class='avia-button av-mma8nyiv-0bb2231d853435e5581cb62e891ff49f avia-icon_select-no avia-size-large avia-color-theme-color'   aria-label=\"Leistungen\"><span class='avia_iconbox_title' >Leistungen<\/span><\/a>\n\n<style type=\"text\/css\" data-created_by=\"avia_inline_auto\" id=\"style-css-av-mma8obbx-0609aef57d431845bd784fcb96d01636\">\n#top #wrap_all .avia-button.av-mma8obbx-0609aef57d431845bd784fcb96d01636{\nmargin-bottom:5px;\nmargin-right:3px;\nmargin-left:3px;\n}\n<\/style>\n<a href=''  class='avia-button av-mma8obbx-0609aef57d431845bd784fcb96d01636 avia-icon_select-no avia-size-large avia-color-light'   aria-label=\"Kontakt\"><span class='avia_iconbox_title' >Kontakt<\/span><\/a>\n<\/div><\/p><\/div><\/div><\/div><\/main><!-- close content main element --><\/div><\/div><\/div><div id='av_section_2'  class='avia-section av-142oj-a0aa9d870539691db5dec99a2ded2621 main_color avia-section-default avia-no-border-styling  avia-builder-el-4  el_after_av_section  el_before_av_section  avia-bg-style-scroll container_wrap sidebar_right'  ><div class='container av-section-cont-open' ><div class='template-page content  av-content-small alpha units'><div class='post-entry post-entry-type-page post-entry-1364'><div class='entry-content-wrapper clearfix'>\n<div class='flex_column_table av-l0ksysdz-15-203de95791335060be9b9e7f96ef7599 sc-av_one_fourth av-equal-height-column-flextable'>\n<style type=\"text\/css\" data-created_by=\"avia_inline_auto\" id=\"style-css-av-l0ksysdz-15-203de95791335060be9b9e7f96ef7599\">\n@keyframes av_boxShadowEffect_av-l0ksysdz-15-203de95791335060be9b9e7f96ef7599-column {\n0%   { box-shadow:  0 0 0 0 #a22d35; opacity: 1; }\n100% { box-shadow:  0 0 15px 0 #a22d35; opacity: 1; }\n}\n.flex_column.av-l0ksysdz-15-203de95791335060be9b9e7f96ef7599{\nbox-shadow: 0 0 15px 0 #a22d35;\nborder-radius:10px 10px 10px 10px;\npadding:0px 0px 0px 0px;\nbackground-color:#f8f8f8;\n}\n<\/style>\n<div  class='flex_column av-l0ksysdz-15-203de95791335060be9b9e7f96ef7599 av_one_fourth  avia-builder-el-5  el_before_av_one_fourth  avia-builder-el-first  first flex_column_table_cell av-equal-height-column av-align-top av-animated-generic bottom-to-top shadow-not-animated av-zero-column-padding  '     ><article  class='iconbox iconbox_top av-l0kt2d3h-265357cbeb7e038c928b3e06e0604bfe  avia-builder-el-6  avia-builder-el-no-sibling  main_color'  itemscope=\"itemscope\" itemtype=\"https:\/\/schema.org\/CreativeWork\" ><div class=\"iconbox_content\"><header class=\"entry-content-header\" aria-label=\"Icon: ERFAHREN\"><div class=\"iconbox_icon heading-color\" aria-hidden='true' data-av_icon='\ue812' data-av_iconfont='entypo-fontello'><\/div><h3 class='iconbox_content_title '  itemprop=\"headline\" >ERFAHREN<\/h3><\/header><div class='iconbox_content_container '  itemprop=\"text\" ><p>200 festangestellte Mitarbeiter, die meisten seit \u00fcber zehn Jahren bei Pientka. Die Teams kennen sich und arbeiten perfekt zusammen.<\/p>\n<\/div><\/div><footer class=\"entry-footer\"><\/footer><\/article><\/div><div class='av-flex-placeholder'><\/div>\n<style type=\"text\/css\" data-created_by=\"avia_inline_auto\" id=\"style-css-av-l0ksysdz-13-8415ad9216eebb9f338e6d0bcd80f62e\">\n@keyframes av_boxShadowEffect_av-l0ksysdz-13-8415ad9216eebb9f338e6d0bcd80f62e-column {\n0%   { box-shadow:  0 0 0 0 #a22d35; opacity: 1; }\n100% { box-shadow:  0 0 15px 0 #a22d35; opacity: 1; }\n}\n.flex_column.av-l0ksysdz-13-8415ad9216eebb9f338e6d0bcd80f62e{\nbox-shadow: 0 0 15px 0 #a22d35;\nborder-radius:10px 10px 10px 10px;\npadding:0px 0px 0px 0px;\nbackground-color:#f8f8f8;\n}\n<\/style>\n<div  class='flex_column av-l0ksysdz-13-8415ad9216eebb9f338e6d0bcd80f62e av_one_fourth  avia-builder-el-7  el_after_av_one_fourth  el_before_av_one_fourth  flex_column_table_cell av-equal-height-column av-align-top av-animated-generic bottom-to-top shadow-not-animated av-zero-column-padding  '     ><article  class='iconbox iconbox_top av-l0kt2d3h-12-eb6bed26c491561b549ca7ac0e9ccf2f  avia-builder-el-8  avia-builder-el-no-sibling  main_color'  itemscope=\"itemscope\" itemtype=\"https:\/\/schema.org\/CreativeWork\" ><div class=\"iconbox_content\"><header class=\"entry-content-header\" aria-label=\"Icon: SICHER\"><div class=\"iconbox_icon heading-color\" aria-hidden='true' data-av_icon='\ue812' data-av_iconfont='entypo-fontello'><\/div><h3 class='iconbox_content_title '  itemprop=\"headline\" >SICHER<\/h3><\/header><div class='iconbox_content_container '  itemprop=\"text\" ><p>Unbefristete Erlaubnis f\u00fcr die Arbeitnehmer\u00fcberlassung, alle Bescheinigungen der zust\u00e4ndigen Beh\u00f6rden und das SCP-Sicherheitszertifikat.<\/p>\n<\/div><\/div><footer class=\"entry-footer\"><\/footer><\/article><\/div><div class='av-flex-placeholder'><\/div>\n<style type=\"text\/css\" data-created_by=\"avia_inline_auto\" id=\"style-css-av-l0ksysdz-11-c518a4b6bb3150fa282028574108fb62\">\n@keyframes av_boxShadowEffect_av-l0ksysdz-11-c518a4b6bb3150fa282028574108fb62-column {\n0%   { box-shadow:  0 0 0 0 #a22d35; opacity: 1; }\n100% { box-shadow:  0 0 15px 0 #a22d35; opacity: 1; }\n}\n.flex_column.av-l0ksysdz-11-c518a4b6bb3150fa282028574108fb62{\nbox-shadow: 0 0 15px 0 #a22d35;\nborder-radius:10px 10px 10px 10px;\npadding:0px 0px 0px 0px;\nbackground-color:#f8f8f8;\n}\n<\/style>\n<div  class='flex_column av-l0ksysdz-11-c518a4b6bb3150fa282028574108fb62 av_one_fourth  avia-builder-el-9  el_after_av_one_fourth  el_before_av_one_fourth  flex_column_table_cell av-equal-height-column av-align-top av-animated-generic bottom-to-top shadow-not-animated av-zero-column-padding  '     ><article  class='iconbox iconbox_top av-l0kt2d3h-10-6dbc5ddb7941e6a3bf94800ac40e53f0  avia-builder-el-10  avia-builder-el-no-sibling  main_color'  itemscope=\"itemscope\" itemtype=\"https:\/\/schema.org\/CreativeWork\" ><div class=\"iconbox_content\"><header class=\"entry-content-header\" aria-label=\"Icon: SCHNELL\"><div class=\"iconbox_icon heading-color\" aria-hidden='true' data-av_icon='\ue812' data-av_iconfont='entypo-fontello'><\/div><h3 class='iconbox_content_title '  itemprop=\"headline\" >SCHNELL<\/h3><\/header><div class='iconbox_content_container '  itemprop=\"text\" ><p>Nur eine Woche Vorlaufzeit, im Notfall nur 48 Stunden \u2013 so schnell sind unsere Teams vor Ort und helfen, Ihren Termin zu halten.<\/p>\n<\/div><\/div><footer class=\"entry-footer\"><\/footer><\/article><\/div><div class='av-flex-placeholder'><\/div>\n<style type=\"text\/css\" data-created_by=\"avia_inline_auto\" id=\"style-css-av-l0ksysdz-9-da9184e9fcd2424c0fc661445771bd34\">\n@keyframes av_boxShadowEffect_av-l0ksysdz-9-da9184e9fcd2424c0fc661445771bd34-column {\n0%   { box-shadow:  0 0 0 0 #a22d35; opacity: 1; }\n100% { box-shadow:  0 0 15px 0 #a22d35; opacity: 1; }\n}\n.flex_column.av-l0ksysdz-9-da9184e9fcd2424c0fc661445771bd34{\nbox-shadow: 0 0 15px 0 #a22d35;\nborder-radius:10px 10px 10px 10px;\npadding:0px 0px 0px 0px;\nbackground-color:#f8f8f8;\n}\n<\/style>\n<div  class='flex_column av-l0ksysdz-9-da9184e9fcd2424c0fc661445771bd34 av_one_fourth  avia-builder-el-11  el_after_av_one_fourth  el_before_av_one_full  flex_column_table_cell av-equal-height-column av-align-top av-animated-generic bottom-to-top shadow-not-animated av-zero-column-padding  '     ><article  class='iconbox iconbox_top av-l0kt2d3h-8-58fa35677121b7112fad6f790a37fc67  avia-builder-el-12  avia-builder-el-no-sibling  main_color'  itemscope=\"itemscope\" itemtype=\"https:\/\/schema.org\/CreativeWork\" ><div class=\"iconbox_content\"><header class=\"entry-content-header\" aria-label=\"Icon: FAIR\"><div class=\"iconbox_icon heading-color\" aria-hidden='true' data-av_icon='\ue812' data-av_iconfont='entypo-fontello'><\/div><h3 class='iconbox_content_title '  itemprop=\"headline\" >FAIR<\/h3><\/header><div class='iconbox_content_container '  itemprop=\"text\" ><p>Keine weiteren Zuschl\u00e4ge f\u00fcr Nebenkosten, transparente Abrechnung alle zwei Wochen. Das finden wir fair.<\/p>\n<\/div><\/div><footer class=\"entry-footer\"><\/footer><\/article><\/div><\/div><!--close column table wrapper. Autoclose: 1 --><div class='flex_column_table av-mmn1i2mu-d675a7a203179099b53154253c113712 sc-av_one_full av-equal-height-column-flextable'><div  class='flex_column av-mmn1i2mu-d675a7a203179099b53154253c113712 av_one_full  avia-builder-el-13  el_after_av_one_fourth  el_before_av_one_half  first flex_column_table_cell av-equal-height-column av-align-middle av-animated-generic fade-in-up  column-top-margin'     ><section  class='av_textblock_section av-mmn1hkvp-5cb11800174e19fb279364028bf5c88e '   itemscope=\"itemscope\" itemtype=\"https:\/\/schema.org\/CreativeWork\" ><div class='avia_textblock'  itemprop=\"text\" ><h2 style=\"text-align: center;\">Ihr professioneller Partner f\u00fcr Montageteams<\/h2>\n<\/div><\/section><br \/>\n\n<style type=\"text\/css\" data-created_by=\"avia_inline_auto\" id=\"style-css-av-l0ktyuxr-f3fa535561405e63229808802ed4b533\">\n#top .hr.av-l0ktyuxr-f3fa535561405e63229808802ed4b533{\nmargin-top:0px;\nmargin-bottom:0px;\n}\n.hr.av-l0ktyuxr-f3fa535561405e63229808802ed4b533 .hr-inner{\nwidth:150px;\nborder-color:#a22d35;\n}\n<\/style>\n<div  class='hr av-l0ktyuxr-f3fa535561405e63229808802ed4b533 hr-custom  avia-builder-el-15  el_after_av_textblock  avia-builder-el-last  hr-center hr-icon-no'><span class='hr-inner inner-border-av-border-thin'><span class=\"hr-inner-style\"><\/span><\/span><\/div><\/p><\/div><\/div><!--close column table wrapper. Autoclose: 1 --><div class='flex_column_table av-q3wj-116af9bba4be3346432b5612535d1e9b sc-av_one_half av-equal-height-column-flextable'><div  class='flex_column av-q3wj-116af9bba4be3346432b5612535d1e9b av_one_half  avia-builder-el-16  el_after_av_one_full  el_before_av_one_half  first flex_column_table_cell av-equal-height-column av-align-middle av-animated-generic fade-in-up  column-top-margin'     ><p>\n<style type=\"text\/css\" data-created_by=\"avia_inline_auto\" id=\"style-css-av-mn4qswry-26a39a37bbcd53b19a54b5ba5ac87c42\">\n.avia-video.av-mn4qswry-26a39a37bbcd53b19a54b5ba5ac87c42{\nbackground-image:url(https:\/\/www.monteure-auf-zeit.de\/home\/wp-content\/uploads\/2026\/03\/industrieanlagen_v3-300x200.png);\n}\n<\/style>\n<div  class='avia-video av-mn4qswry-26a39a37bbcd53b19a54b5ba5ac87c42 avia-video-4-3 av-preview-image avia-video-load-always av-lazyload-immediate av-lazyload-video-embed'  itemprop=\"video\" itemtype=\"https:\/\/schema.org\/VideoObject\"  data-original_url='https:\/\/www.youtube.com\/watch?v=8fioYyYWa38'><script type='text\/html' class='av-video-tmpl'><div class='avia-iframe-wrap'><iframe title=\"Pientka GmbH: Erfahrene Monteure f\u00fcr Ihren Erfolg\" width=\"1500\" height=\"844\" src=\"https:\/\/www.youtube.com\/embed\/8fioYyYWa38?feature=oembed&autoplay=0&loop=0&controls=0&mute=0\" frameborder=\"0\" allow=\"accelerometer; autoplay; clipboard-write; encrypted-media; gyroscope; picture-in-picture; web-share\" referrerpolicy=\"strict-origin-when-cross-origin\" allowfullscreen><\/iframe><\/div><\/script><div class='av-click-to-play-overlay'><div class=\"avia_playpause_icon\"><\/div><\/div><\/div><br \/>\n<\/p><\/div><div class='av-flex-placeholder'><\/div><div  class='flex_column av-xrzf-2c7d584517b4a33a851cc3bf70b07fa6 av_one_half  avia-builder-el-19  el_after_av_one_half  el_before_av_one_full  flex_column_table_cell av-equal-height-column av-align-middle av-animated-generic fade-in-up  column-top-margin'     ><section  class='av_textblock_section av-we7r-e84d3ef7fcba3643a5915a405148b775 '   itemscope=\"itemscope\" itemtype=\"https:\/\/schema.org\/CreativeWork\" ><div class='avia_textblock'  itemprop=\"text\" ><p>Die Pientka GmbH ist ein erfahrener Partner f\u00fcr Montageteams im Metall-, Fassaden- und Paneelbau. Seit vielen Jahren unterst\u00fctzen wir Bauunternehmen, Metallbauunternehmen, Hallenbauer und Anlagenbauer mit eingespielten Montageteams bei unterschiedlichsten Bauprojekten. Unsere Leistungen umfassen unter anderem Montagearbeiten im Metallfassadenbau, im Paneelbau f\u00fcr Dach- und Wandkonstruktionen, in der Industrieverglasung sowie im K\u00fchlraumbau.<\/p>\n<p>Unsere Montageteams sind auf Baustellen in ganz Deutschland im Einsatz und unterst\u00fctzen Projekte im Hallenbau, Anlagenbau, Logistikbau sowie bei industriellen Produktions- und Gewerbebauten. Durch unsere Erfahrung in gro\u00dffl\u00e4chigen Bauprojekten und unsere strukturierte Arbeitsweise k\u00f6nnen wir Bauunternehmen flexibel bei der Umsetzung ihrer Projekte unterst\u00fctzen.<\/p>\n<\/div><\/section><\/div><\/div><!--close column table wrapper. Autoclose: 1 --><div class='flex_column_table av-59tr-be075c420c8b5735724ad649fe5e348e sc-av_one_full av-equal-height-column-flextable'>\n<style type=\"text\/css\" data-created_by=\"avia_inline_auto\" id=\"style-css-av-59tr-be075c420c8b5735724ad649fe5e348e\">\n.flex_column.av-59tr-be075c420c8b5735724ad649fe5e348e{\nwidth:100%;\nmargin-left:0;\n}\n#top .flex_column_table.av-equal-height-column-flextable.av-59tr-be075c420c8b5735724ad649fe5e348e .av-flex-placeholder{\nwidth:0%;\n}\n<\/style>\n<div  class='flex_column av-59tr-be075c420c8b5735724ad649fe5e348e av_one_full  avia-builder-el-21  el_after_av_one_half  avia-builder-el-last  first flex_column_table_cell av-equal-height-column av-align-middle av-animated-generic fade-in-up  column-top-margin'     ><p><section  class='av_textblock_section av-mmn2o8em-3f2384db3301cf3f1fc0bc3cebe17e58 '   itemscope=\"itemscope\" itemtype=\"https:\/\/schema.org\/CreativeWork\" ><div class='avia_textblock'  itemprop=\"text\" ><p>Mit rund 200 Monteuren stellen wir eingespielte Montageteams zur Verf\u00fcgung, die Montagearbeiten zuverl\u00e4ssig und strukturiert umsetzen. Unsere Teams arbeiten auf Grundlage technischer Zeichnungen, Montagepl\u00e4ne und projektspezifischer Vorgaben und integrieren sich in bestehende Baustellenabl\u00e4ufe.<\/p>\n<\/div><\/section><br \/>\n<div  class='avia-button-wrap av-z6ln-ec8026d7bd31d69eb3ac43e720711cd0-wrap avia-button-left  avia-builder-el-23  el_after_av_textblock  avia-builder-el-last '><a href='https:\/\/www.monteure-auf-zeit.de\/home\/unternehmen\/'  class='avia-button av-z6ln-ec8026d7bd31d69eb3ac43e720711cd0 av-link-btn avia-icon_select-yes-left-icon avia-size-large avia-position-left avia-color-theme-color'   aria-label=\"mehr \u00fcber uns\"><span class='avia_button_icon avia_button_icon_left' aria-hidden='true' data-av_icon='\ue80b' data-av_iconfont='entypo-fontello'><\/span><span class='avia_iconbox_title' >mehr \u00fcber uns<\/span><\/a><\/div><\/p><\/div><\/div><!--close column table wrapper. Autoclose: 1 -->\n<\/p>\n<\/div><\/div><\/div><!-- close content main div --><\/div><\/div>\n<style type=\"text\/css\" data-created_by=\"avia_inline_auto\" id=\"style-css-av-1ga9j-877c7c3060459f56aa16ae5c44c96d67\">\n.avia-section.av-1ga9j-877c7c3060459f56aa16ae5c44c96d67{\nbackground-color:#525252;\nbackground-image:url(https:\/\/www.monteure-auf-zeit.de\/home\/wp-content\/uploads\/2022\/03\/background-1030x745-1.png);\nbackground-repeat:no-repeat;\nbackground-position:50% 50%;\nbackground-attachment:fixed;\nposition:relative;\n}\n.avia-section.av-1ga9j-877c7c3060459f56aa16ae5c44c96d67 .av-section-color-overlay{\nopacity:0.2;\nbackground-color:#000000;\n}\n.avia-section.av-1ga9j-877c7c3060459f56aa16ae5c44c96d67 .avia-divider-svg-top svg{\nheight:50px;\nwidth:calc(100% + 1.3px);\nfill:#ffffff;\n}\n.avia-section.av-1ga9j-877c7c3060459f56aa16ae5c44c96d67 .avia-divider-svg-bottom svg{\nheight:50px;\nwidth:calc(100% + 1.3px);\nfill:#f4f4f4;\n}\n<\/style>\n<div id='av_section_3'  class='avia-section av-1ga9j-877c7c3060459f56aa16ae5c44c96d67 main_color avia-section-default avia-no-border-styling  avia-builder-el-24  el_after_av_section  el_before_av_section  avia-full-stretch avia-bg-style-fixed av-section-color-overlay-active av-minimum-height av-minimum-height-33 av-height-percent  container_wrap sidebar_right'  data-section-bg-repeat='stretch' data-av_minimum_height_pc='33' data-av_min_height_opt='percent'><div class='avia-divider-svg avia-divider-svg-triangle-asymmetrical avia-divider-svg-top avia-to-front avia-svg-negative'><svg xmlns=\"http:\/\/www.w3.org\/2000\/svg\" viewBox=\"0 0 1000 100\" preserveAspectRatio=\"none\">\n\t<path d=\"M737.9,94.7L0,0v100h1000V0L737.9,94.7z\"\/>\n<\/svg><\/div><div class='avia-divider-svg avia-divider-svg-triangle-asymmetrical avia-divider-svg-bottom avia-to-front avia-svg-negative'><svg xmlns=\"http:\/\/www.w3.org\/2000\/svg\" viewBox=\"0 0 1000 100\" preserveAspectRatio=\"none\">\n\t<path d=\"M737.9,94.7L0,0v100h1000V0L737.9,94.7z\"\/>\n<\/svg><\/div><div class=\"av-section-color-overlay-wrap\"><div class=\"av-section-color-overlay\"><\/div><div class='container av-section-cont-open' ><div class='template-page content  av-content-small alpha units'><div class='post-entry post-entry-type-page post-entry-1364'><div class='entry-content-wrapper clearfix'>\n\n<style type=\"text\/css\" data-created_by=\"avia_inline_auto\" id=\"style-css-av-l0krnhl8-3f56da645b73978b52e2306140be302a\">\n#top .hr.hr-invisible.av-l0krnhl8-3f56da645b73978b52e2306140be302a{\nheight:40px;\n}\n<\/style>\n<div  class='hr av-l0krnhl8-3f56da645b73978b52e2306140be302a hr-invisible  avia-builder-el-25  el_before_av_one_full  avia-builder-el-first '><span class='hr-inner '><span class=\"hr-inner-style\"><\/span><\/span><\/div>\n<div class='flex_column_table av-l0kqdwxo-1c78b88b2b0676417c99c3c22094a474 sc-av_one_full av-equal-height-column-flextable'>\n<style type=\"text\/css\" data-created_by=\"avia_inline_auto\" id=\"style-css-av-l0kqdwxo-1c78b88b2b0676417c99c3c22094a474\">\n.flex_column.av-l0kqdwxo-1c78b88b2b0676417c99c3c22094a474{\nborder-radius:0px 0px 0px 0px;\npadding:0px 0px 0px 0px;\n}\n<\/style>\n<div  class='flex_column av-l0kqdwxo-1c78b88b2b0676417c99c3c22094a474 av_one_full  avia-builder-el-26  el_after_av_hr  el_before_av_one_full  first flex_column_table_cell av-equal-height-column av-align-middle av-animated-generic bottom-to-top av-zero-column-padding  '     ><style type=\"text\/css\" data-created_by=\"avia_inline_auto\" id=\"style-css-av-l0kqd9v9-4179f07161ef03377a348a88a79d5844\">\n#top .av_textblock_section.av-l0kqd9v9-4179f07161ef03377a348a88a79d5844 .avia_textblock{\ncolor:#ffffff;\n}\n<\/style>\n<section  class='av_textblock_section av-l0kqd9v9-4179f07161ef03377a348a88a79d5844 '   itemscope=\"itemscope\" itemtype=\"https:\/\/schema.org\/CreativeWork\" ><div class='avia_textblock av_inherit_color'  itemprop=\"text\" ><h2>Monteure Osnabr\u00fcck: Professionelle L\u00f6sungen von Pientka GmbH<\/h2>\n<p>Wer ein Projekt in Osnabr\u00fcck plant, das die Expertise erfahrener Monteure erfordert, ist bei der <strong>Pientka GmbH<\/strong> genau richtig. Unsere spezialisierten <strong>Monteure Osnabr\u00fcck<\/strong> stehen Ihnen f\u00fcr unterschiedlichste Vorhaben zur Verf\u00fcgung. Als Unternehmen mit direktem Bezug zur Region bieten wir nicht nur Fachkompetenz, sondern auch eine enge Verbindung zu Osnabr\u00fcck. Unsere Dienstleistungen umfassen die Bereitstellung qualifizierter Monteure, die mit den lokalen Gegebenheiten vertraut sind, und damit eine optimale L\u00f6sung f\u00fcr Ihre Anforderungen bieten.<\/p>\n<h3>Ihre Projekte in erfahrenen H\u00e4nden<\/h3>\n<p>Mit unserer langj\u00e4hrigen Erfahrung in der Bereitstellung von <strong>Monteuren in Osnabr\u00fcck<\/strong> sind wir ein verl\u00e4sslicher Partner f\u00fcr regionale Unternehmen und Industrien. Von den belebten Hallen der <strong>Hellmann Worldwide Logistics<\/strong> bis hin zu den Traditionsst\u00e4tten des Schokoladenwerks \u2013 unsere Experten kennen die Herausforderungen vor Ort und sind bestens vorbereitet, um Ihr Team effektiv zu unterst\u00fctzen.<\/p>\n<h3>Regional verankert, um Ihre Bed\u00fcrfnisse zu erf\u00fcllen<\/h3>\n<p>Osnabr\u00fcck ist nicht nur Standort unserer T\u00e4tigkeit, sondern Teil unseres Verst\u00e4ndnisses von zuverl\u00e4ssigem Service. Die strategische Lage am <strong>Autobahnkreuz Lotte\/Osnabr\u00fcck<\/strong> erm\u00f6glicht es uns, flexibel auf Ihre Anfragen zu reagieren und unsere Monteure schnell an Ihren Projektstandort zu bringen. Dies bedeutet nicht nur rasche Einsatzbereitschaft, sondern auch eine tiefere Integration in die Projekte, die wir in der Region betreuen.<\/p>\n<h3>Effiziente und flexible Arbeitskr\u00e4fte<\/h3>\n<p>Der Hafen von Osnabr\u00fcck, ein moderner Knotenpunkt f\u00fcr Waren und Logistik, ist ein weiteres Beispiel f\u00fcr die wichtige Rolle, die unsere Monteure im Bereich der industriellen Unterst\u00fctzung spielen. Unsere Dienstleistungen sind individuell zugeschnitten, um die spezifischen Anforderungen der diversen Branchen abzudecken. Von Installation bis Wartung bieten wir eine Vielzahl von Leistungen, die auf Effizienz und Qualit\u00e4t ausgelegt sind.<\/p>\n<h3>Vertrauen und Expertise durch die Pientka GmbH<\/h3>\n<p>Die <strong>Pientka GmbH<\/strong> versteht, dass erfolgreiche Projekte auf Vertrauen und Fachwissen basieren. Unsere <strong>Monteure in Osnabr\u00fcck<\/strong> bringen mehr als nur handwerkliches Geschick mit; sie sind Ihre Partner bei der Umsetzung von Vorhaben, die Pr\u00e4zision und Zuverl\u00e4ssigkeit erfordern. Mit einem tief verwurzelten Verst\u00e4ndnis f\u00fcr die lokale Wirtschaft und Infrastruktur sind wir bereit, Ihre Projekte mit vereinter Kraft voranzutreiben.<\/p>\n<p>Ganz gleich, ob Sie Unterst\u00fctzung bei der Montage, Inbetriebnahme oder Wartung ben\u00f6tigen, unsere <strong>Monteure Osnabr\u00fcck<\/strong> von der <strong>Pientka GmbH<\/strong> stehen Ihnen mit Rat und Tat zur Seite. \u00dcberzeugen Sie sich selbst von unserem Service und unserer Verl\u00e4sslichkeit und nehmen Sie Kontakt zu uns auf, um mehr \u00fcber unsere Leistungen zu erfahren. Lassen Sie uns gemeinsam an der erfolgreichen Realisierung Ihrer Projekte in Osnabr\u00fcck arbeiten.<\/p>\n<\/div><\/section><\/div><\/div><!--close column table wrapper. Autoclose: 1 --><div class='flex_column_table av-y033-0046328e16928c110515692689443b81 sc-av_one_full av-equal-height-column-flextable'>\n<style type=\"text\/css\" data-created_by=\"avia_inline_auto\" id=\"style-css-av-y033-0046328e16928c110515692689443b81\">\n.flex_column.av-y033-0046328e16928c110515692689443b81{\nborder-radius:0px 0px 0px 0px;\npadding:0px 0px 0px 0px;\n}\n<\/style>\n<div  class='flex_column av-y033-0046328e16928c110515692689443b81 av_one_full  avia-builder-el-28  el_after_av_one_full  el_before_av_one_full  first flex_column_table_cell av-equal-height-column av-align-middle av-animated-generic bottom-to-top av-zero-column-padding  column-top-margin'     ><div id='av-masonry-1' class='av-masonry av-mmn24h8i-d27c125d9afb28ed68cce8d03c0518fa noHover av-fixed-size av-large-gap av-hover-overlay-active av-masonry-animation- av-masonry-col-3 av-caption-always av-caption-style-overlay av-masonry-gallery ' data-post_id=\"1364\"><div class=\"av-masonry-container isotope av-js-disabled\"><div class='av-masonry-entry isotope-item av-masonry-item-no-image '><\/div><a href=\"https:\/\/www.monteure-auf-zeit.de\/home\/leistungen\/metallfassaden\/\"  aria-label=\"Bild Metallfassaden\"  id='av-masonry-1-item-1145' data-av-masonry-item='1145' class='av-masonry-entry isotope-item post-1145 attachment type-attachment status-inherit hentry  av-masonry-item-with-image' title=\"Metallfassaden\" alt=\"Metallfassaden\"  data-av-masonry-custom-link=\"https:\/\/www.monteure-auf-zeit.de\/home\/leistungen\/metallfassaden\/\"  itemprop=\"thumbnailUrl\" ><div class='av-inner-masonry-sizer'><\/div><figure class='av-inner-masonry main_color'><div class=\"av-masonry-outerimage-container\"><div class='av-masonry-image-container' style=\"background-image: url(https:\/\/www.monteure-auf-zeit.de\/home\/wp-content\/uploads\/2026\/03\/metallfassaden-1-705x470.png);\"  title=\"Metallfassaden\" ><\/div><\/div><figcaption class='av-inner-masonry-content site-background'><div class='av-inner-masonry-content-pos'><div class='av-inner-masonry-content-pos-content'><div class='avia-arrow'><\/div><h3 class='av-masonry-entry-title entry-title '  itemprop=\"headline\" >Metallfassaden<\/h3><div class='av-masonry-entry-content entry-content'  itemprop=\"text\" >Aluminiumfassaden <br>Stahlfassaden <br>Kassettenfassaden <br>Blechfassaden <br>Vorgeh\u00e4ngte hinterl\u00fcftete Fassaden<\/div><\/div><\/div><\/figcaption><\/figure><\/a><!--end av-masonry entry--><a href=\"https:\/\/www.monteure-auf-zeit.de\/home\/leistungen\/industrieverglasung\/\"  aria-label=\"Bild industrieverglasung\"  id='av-masonry-1-item-1143' data-av-masonry-item='1143' class='av-masonry-entry isotope-item post-1143 attachment type-attachment status-inherit hentry  av-masonry-item-with-image' title=\"industrieverglasung\" alt=\"industrieverglasung\"  data-av-masonry-custom-link=\"https:\/\/www.monteure-auf-zeit.de\/home\/leistungen\/industrieverglasung\/\"  itemprop=\"thumbnailUrl\" ><div class='av-inner-masonry-sizer'><\/div><figure class='av-inner-masonry main_color'><div class=\"av-masonry-outerimage-container\"><div class='av-masonry-image-container' style=\"background-image: url(https:\/\/www.monteure-auf-zeit.de\/home\/wp-content\/uploads\/2026\/03\/industrieverglasung-1-705x470.png);\"  title=\"industrieverglasung\" ><\/div><\/div><figcaption class='av-inner-masonry-content site-background'><div class='av-inner-masonry-content-pos'><div class='av-inner-masonry-content-pos-content'><div class='avia-arrow'><\/div><h3 class='av-masonry-entry-title entry-title '  itemprop=\"headline\" >industrieverglasung<\/h3><div class='av-masonry-entry-content entry-content'  itemprop=\"text\" >Pfosten-Riegel-Konstruktionen <br>Elementfassaden <br>Glas-Aluminium-Fassaden <br>Curtain-Wall-Systeme <br>Brandschutzverglasungen<\/div><\/div><\/div><\/figcaption><\/figure><\/a><!--end av-masonry entry--><a href=\"https:\/\/www.monteure-auf-zeit.de\/home\/leistungen\/paneelbau\/\"  aria-label=\"Bild Paneelbau\"  id='av-masonry-1-item-1146' data-av-masonry-item='1146' class='av-masonry-entry isotope-item post-1146 attachment type-attachment status-inherit hentry  av-masonry-item-with-image' title=\"Paneelbau\" alt=\"Paneelbau\"  data-av-masonry-custom-link=\"https:\/\/www.monteure-auf-zeit.de\/home\/leistungen\/paneelbau\/\"  itemprop=\"thumbnailUrl\" ><div class='av-inner-masonry-sizer'><\/div><figure class='av-inner-masonry main_color'><div class=\"av-masonry-outerimage-container\"><div class='av-masonry-image-container' style=\"background-image: url(https:\/\/www.monteure-auf-zeit.de\/home\/wp-content\/uploads\/2026\/03\/paneelbau-1-705x470.png);\"  title=\"Paneelbau\" ><\/div><\/div><figcaption class='av-inner-masonry-content site-background'><div class='av-inner-masonry-content-pos'><div class='av-inner-masonry-content-pos-content'><div class='avia-arrow'><\/div><h3 class='av-masonry-entry-title entry-title '  itemprop=\"headline\" >Paneelbau<\/h3><div class='av-masonry-entry-content entry-content'  itemprop=\"text\" >Sandwichpaneele <br>Dachpaneele <br>Wandpaneele <br>Isopaneele <br>Trapezblech <br>Unterkonstruktionen<\/div><\/div><\/div><\/figcaption><\/figure><\/a><!--end av-masonry entry--><a href=\"https:\/\/www.monteure-auf-zeit.de\/home\/leistungen\/kuehlraumpaneele-isolierbau\/\"  aria-label=\"Bild K\u00fchlraumpaneele &#038; Isolierbau\"  id='av-masonry-1-item-1144' data-av-masonry-item='1144' class='av-masonry-entry isotope-item post-1144 attachment type-attachment status-inherit hentry  av-masonry-item-with-image' title=\"K\u00fchlraumpaneele &#038; Isolierbau\" alt=\"Monteure K\u00fchlraumpanele\"  data-av-masonry-custom-link=\"https:\/\/www.monteure-auf-zeit.de\/home\/leistungen\/kuehlraumpaneele-isolierbau\/\"  itemprop=\"thumbnailUrl\" ><div class='av-inner-masonry-sizer'><\/div><figure class='av-inner-masonry main_color'><div class=\"av-masonry-outerimage-container\"><div class='av-masonry-image-container' style=\"background-image: url(https:\/\/www.monteure-auf-zeit.de\/home\/wp-content\/uploads\/2026\/03\/kuehlraumpaneele-1-705x470.png);\"  title=\"K\u00fchlraumpaneele &#038; Isolierbau\" ><\/div><\/div><figcaption class='av-inner-masonry-content site-background'><div class='av-inner-masonry-content-pos'><div class='av-inner-masonry-content-pos-content'><div class='avia-arrow'><\/div><h3 class='av-masonry-entry-title entry-title '  itemprop=\"headline\" >K\u00fchlraumpaneele &#038; Isolierbau<\/h3><div class='av-masonry-entry-content entry-content'  itemprop=\"text\" >K\u00fchlraumpaneele <br>Tiefk\u00fchlpaneele <br>Reinraumpaneele <br>Hygienepaneele <br>Isolierte Decken- und Wandsysteme<\/div><\/div><\/div><\/figcaption><\/figure><\/a><!--end av-masonry entry--><a href=\"https:\/\/www.monteure-auf-zeit.de\/home\/leistungen\/stahlbau-metallbau\/\"  aria-label=\"Bild Stahlbau und Metallbau\"  id='av-masonry-1-item-1148' data-av-masonry-item='1148' class='av-masonry-entry isotope-item post-1148 attachment type-attachment status-inherit hentry  av-masonry-item-with-image' title=\"Stahlbau und Metallbau\" alt=\"Stahlbau &amp; Metallbau\"  data-av-masonry-custom-link=\"https:\/\/www.monteure-auf-zeit.de\/home\/leistungen\/stahlbau-metallbau\/\"  itemprop=\"thumbnailUrl\" ><div class='av-inner-masonry-sizer'><\/div><figure class='av-inner-masonry main_color'><div class=\"av-masonry-outerimage-container\"><div class='av-masonry-image-container' style=\"background-image: url(https:\/\/www.monteure-auf-zeit.de\/home\/wp-content\/uploads\/2026\/03\/stahlbau_metallbau-705x470.png);\"  title=\"Stahlbau und Metallbau\" ><\/div><\/div><figcaption class='av-inner-masonry-content site-background'><div class='av-inner-masonry-content-pos'><div class='av-inner-masonry-content-pos-content'><div class='avia-arrow'><\/div><h3 class='av-masonry-entry-title entry-title '  itemprop=\"headline\" >Stahlbau und Metallbau<\/h3><div class='av-masonry-entry-content entry-content'  itemprop=\"text\" >Stahlkonstruktionen <br>Metallunterkonstruktionen <br>Tragwerke f\u00fcr Fassaden <br>Hallenkonstruktionen<\/div><\/div><\/div><\/figcaption><\/figure><\/a><!--end av-masonry entry--><a href=\"https:\/\/www.monteure-auf-zeit.de\/home\/leistungen\/industriemontagen\/\"  aria-label=\"Bild Industriemontagen\"  id='av-masonry-1-item-1142' data-av-masonry-item='1142' class='av-masonry-entry isotope-item post-1142 attachment type-attachment status-inherit hentry  av-masonry-item-with-image' title=\"Industriemontagen\" alt=\"Industriemontagen\"  data-av-masonry-custom-link=\"https:\/\/www.monteure-auf-zeit.de\/home\/leistungen\/industriemontagen\/\"  itemprop=\"thumbnailUrl\" ><div class='av-inner-masonry-sizer'><\/div><figure class='av-inner-masonry main_color'><div class=\"av-masonry-outerimage-container\"><div class='av-masonry-image-container' style=\"background-image: url(https:\/\/www.monteure-auf-zeit.de\/home\/wp-content\/uploads\/2026\/03\/industriemontagen-1-705x470.png);\"  title=\"Industriemontagen\" ><\/div><\/div><figcaption class='av-inner-masonry-content site-background'><div class='av-inner-masonry-content-pos'><div class='av-inner-masonry-content-pos-content'><div class='avia-arrow'><\/div><h3 class='av-masonry-entry-title entry-title '  itemprop=\"headline\" >Industriemontagen<\/h3><div class='av-masonry-entry-content entry-content'  itemprop=\"text\" >Montagearbeiten im Industrieumfeld <br>Einhausungen technischer Anlagen <br>Einhausungen <br>Projektunterst\u00fctzung auf Gro\u00dfbaustellen<\/div><\/div><\/div><\/figcaption><\/figure><\/a><!--end av-masonry entry--><\/div><\/div><\/div><\/div><!--close column table wrapper. Autoclose: 1 --><div class='flex_column_table av-27m4z-f97f36af2f2acd99375967dfd1f636f0 sc-av_one_full av-equal-height-column-flextable'>\n<style type=\"text\/css\" data-created_by=\"avia_inline_auto\" id=\"style-css-av-27m4z-f97f36af2f2acd99375967dfd1f636f0\">\n.flex_column.av-27m4z-f97f36af2f2acd99375967dfd1f636f0{\nborder-radius:0px 0px 0px 0px;\npadding:0px 0px 0px 0px;\n}\n<\/style>\n<div  class='flex_column av-27m4z-f97f36af2f2acd99375967dfd1f636f0 av_one_full  avia-builder-el-30  el_after_av_one_full  el_before_av_one_full  first flex_column_table_cell av-equal-height-column av-align-middle av-animated-generic bottom-to-top av-zero-column-padding  column-top-margin'     ><style type=\"text\/css\" data-created_by=\"avia_inline_auto\" id=\"style-css-av-mmn299cj-b7c47180df28f9607a3206d49bde7cc4\">\n#top .av_textblock_section.av-mmn299cj-b7c47180df28f9607a3206d49bde7cc4 .avia_textblock{\ncolor:#ffffff;\n}\n<\/style>\n<section  class='av_textblock_section av-mmn299cj-b7c47180df28f9607a3206d49bde7cc4 '   itemscope=\"itemscope\" itemtype=\"https:\/\/schema.org\/CreativeWork\" ><div class='avia_textblock av_inherit_color'  itemprop=\"text\" ><h2>Monteure Osnabr\u00fcck: Effizienz und Kundennutzen bei der Pientka GmbH<\/h2>\n<p>In der gesch\u00e4ftigen Stadt Osnabr\u00fcck bietet die Pientka GmbH einen einzigartigen Service im Bereich Metallbau und Stahlbau an, der darauf abzielt, die Effizienz zu steigern und den Stress der Kunden zu minimieren. Unsere <strong>Monteure in Osnabr\u00fcck<\/strong> sind bestens ausger\u00fcstet, um selbst die komplexesten Projekte reibungslos umzusetzen. Durch unsere langj\u00e4hrige Erfahrung und tiefes Verst\u00e4ndnis f\u00fcr die Herausforderungen der Branche optimieren wir Abl\u00e4ufe und sparen wertvolle Zeit.<\/p>\n<h3>Erfahrung, die sich auszahlt<\/h3>\n<p>Die Pientka GmbH hat es sich zur Aufgabe gemacht, durchdachte L\u00f6sungen f\u00fcr die unterschiedlichsten Anforderungen im Metallbau und Stahlbau anzubieten. Unsere Monteure wissen, wie wichtig es ist, Projekte termingerecht und kosteneffizient abzuschlie\u00dfen. Daher setzen wir bei jedem Projekt auf eine pr\u00e4zise Planung und eine strategische Ausf\u00fchrung. Das spart nicht nur Zeit, sondern verbessert auch die Gesamteffizienz \u2013 ein klarer Vorteil, den unsere Kunden bei jedem Auftrag sp\u00fcren.<\/p>\n<h3>Reibungslose Abl\u00e4ufe f\u00fcr Ihren Erfolg<\/h3>\n<p>Unsere Monteure arbeiten eng mit den Kunden zusammen, um individuelle Anforderungen zu identifizieren und ma\u00dfgeschneiderte L\u00f6sungen zu entwickeln. Dabei profitieren die Unternehmen in Osnabr\u00fcck von unserer lokalen Expertise \u2013 die N\u00e4he zu Schl\u00fcsselstandorten wie <strong>Hellmann Worldwide Logistics<\/strong>, dem Schokoladenwerk, dem Autobahnkreuz Lotte\/Osnabr\u00fcck und dem Hafen erm\u00f6glicht es uns, schnelle und flexible Dienstleistungen anzubieten. Egal, ob es um die Konstruktion komplexer Stahlkonstrukte oder die feine Bearbeitung von Metallteilen geht, bei uns ist jeder Schritt optimal aufeinander abgestimmt.<\/p>\n<h3>Kundenzufriedenheit durch Effizienz<\/h3>\n<p>Wir wissen, dass Projekte im Metallbau und Stahlbau mit zahlreichen Herausforderungen einhergehen. Die Pientka GmbH stellt sicher, dass diese Herausforderungen pr\u00e4zise angegangen werden, ohne dass dabei unn\u00f6tige Verz\u00f6gerungen auftreten. Mit unserer Hilfe minimieren Sie potenzielle Risiken in der Projektabwicklung und k\u00f6nnen sich auf die Ergebnisse verlassen \u2013 termingerecht und in h\u00f6chster Qualit\u00e4t.<\/p>\n<h3>Warum die Pientka GmbH der richtige Partner in Osnabr\u00fcck ist<\/h3>\n<p>Die Erfolgsfaktoren unserer <strong>Monteure in Osnabr\u00fcck<\/strong> basieren auf einem tiefen Verst\u00e4ndnis lokaler Gegebenheiten und der F\u00e4higkeit, schnell und effektiv zu agieren. Unsere N\u00e4he zu zentralen Einrichtungen und Verkehrswegen in der Region erm\u00f6glicht es uns, Projekte unkompliziert zu starten und abzuschlie\u00dfen. Entscheiden Sie sich f\u00fcr die Pientka GmbH und sichern Sie sich einen Wettbewerbsvorteil durch effiziente und stressfreie Projektumsetzung.<\/p>\n<h3>Fazit zur Effizienz unserer Monteure<\/h3>\n<p>Wenn es um Projekte in den Bereichen Metallbau und Stahlbau in Osnabr\u00fcck geht, m\u00fcssen Unternehmen auf einen Partner vertrauen k\u00f6nnen, der nicht nur die Arbeit pr\u00e4zise und effizient erledigt, sondern auch die lokalen Bedingungen versteht. Die Pientka GmbH bietet genau das \u2013 ein ma\u00dfgeschneiderter Service, der durch Effizienz und Kundennutzen \u00fcberzeugt. Erleben Sie die Vorteile einer reibungslosen Zusammenarbeit mit unseren erfahrenen <strong>Monteuren in Osnabr\u00fcck<\/strong>.<\/p>\n<\/div><\/section><\/div><\/div><!--close column table wrapper. Autoclose: 1 --><div class='flex_column_table av-1lvnj-a9be1db13e5148b8fc86174c988fae19 sc-av_one_full av-equal-height-column-flextable'>\n<style type=\"text\/css\" data-created_by=\"avia_inline_auto\" id=\"style-css-av-1lvnj-a9be1db13e5148b8fc86174c988fae19\">\n.flex_column.av-1lvnj-a9be1db13e5148b8fc86174c988fae19{\nborder-radius:0px 0px 0px 0px;\npadding:0px 0px 0px 0px;\n}\n<\/style>\n<div  class='flex_column av-1lvnj-a9be1db13e5148b8fc86174c988fae19 av_one_full  avia-builder-el-32  el_after_av_one_full  el_before_av_hr  first flex_column_table_cell av-equal-height-column av-align-middle av-animated-generic bottom-to-top av-zero-column-padding  column-top-margin'     ><div id='av-masonry-2' class='av-masonry av-yc4f-c8025a71d74ca144ef221d2789207617 noHover av-fixed-size av-large-gap av-hover-overlay-active av-masonry-animation- av-masonry-col-3 av-caption-always av-caption-style-overlay av-masonry-gallery ' data-post_id=\"1364\"><div class=\"av-masonry-container isotope av-js-disabled\"><div class='av-masonry-entry isotope-item av-masonry-item-no-image '><\/div><a href=\"https:\/\/www.monteure-auf-zeit.de\/home\/branchen\/anlagenbau-foerdertechnik\/\"  aria-label=\"Bild Industrieanlagen &#038; Produktionsstandorte\"  id='av-masonry-2-item-1156' data-av-masonry-item='1156' class='av-masonry-entry isotope-item post-1156 attachment type-attachment status-inherit hentry  av-masonry-item-with-image' title=\"Industrieanlagen &#038; Produktionsstandorte\" alt=\"Anlagenbau und F\u00f6rdertechnik\"  data-av-masonry-custom-link=\"https:\/\/www.monteure-auf-zeit.de\/home\/branchen\/anlagenbau-foerdertechnik\/\"  itemprop=\"thumbnailUrl\" ><div class='av-inner-masonry-sizer'><\/div><figure class='av-inner-masonry main_color'><div class=\"av-masonry-outerimage-container\"><div class='av-masonry-image-container' style=\"background-image: url(https:\/\/www.monteure-auf-zeit.de\/home\/wp-content\/uploads\/2026\/03\/anlagenbau_foerdertechnik-705x470.png);\"  title=\"Industrieanlagen &#038; Produktionsstandorte\" ><\/div><\/div><figcaption class='av-inner-masonry-content site-background'><div class='av-inner-masonry-content-pos'><div class='av-inner-masonry-content-pos-content'><div class='avia-arrow'><\/div><h3 class='av-masonry-entry-title entry-title '  itemprop=\"headline\" >Industrieanlagen &#038; Produktionsstandorte<\/h3><div class='av-masonry-entry-content entry-content'  itemprop=\"text\" >F\u00f6rderanlagenbau <br>Produktionslinien <br>Einhausungen technischer Anlagen <br>Industrieanlagen<\/div><\/div><\/div><\/figcaption><\/figure><\/a><!--end av-masonry entry--><a href=\"https:\/\/www.monteure-auf-zeit.de\/home\/branchen\/energie-kraftwerksbau-konventionell\/\"  aria-label=\"Bild Energie- &#038; Kraftwerksbau (konventionell)\"  id='av-masonry-2-item-1157' data-av-masonry-item='1157' class='av-masonry-entry isotope-item post-1157 attachment type-attachment status-inherit hentry  av-masonry-item-with-image' title=\"Energie- &#038; Kraftwerksbau (konventionell)\" alt=\"Energie und Kraftwerkbau\"  data-av-masonry-custom-link=\"https:\/\/www.monteure-auf-zeit.de\/home\/branchen\/energie-kraftwerksbau-konventionell\/\"  itemprop=\"thumbnailUrl\" ><div class='av-inner-masonry-sizer'><\/div><figure class='av-inner-masonry main_color'><div class=\"av-masonry-outerimage-container\"><div class='av-masonry-image-container' style=\"background-image: url(https:\/\/www.monteure-auf-zeit.de\/home\/wp-content\/uploads\/2026\/03\/energie_kraftwerksbau-705x470.png);\"  title=\"Energie- &#038; Kraftwerksbau (konventionell)\" ><\/div><\/div><figcaption class='av-inner-masonry-content site-background'><div class='av-inner-masonry-content-pos'><div class='av-inner-masonry-content-pos-content'><div class='avia-arrow'><\/div><h3 class='av-masonry-entry-title entry-title '  itemprop=\"headline\" >Energie- &#038; Kraftwerksbau (konventionell)<\/h3><div class='av-masonry-entry-content entry-content'  itemprop=\"text\" >Energieanlagen <br>Kraftwerksgeb\u00e4ude <br>Turbinenhallen <br>Technikzentralen<\/div><\/div><\/div><\/figcaption><\/figure><\/a><!--end av-masonry entry--><a href=\"https:\/\/www.monteure-auf-zeit.de\/home\/branchen\/objekt-gewerbebau\/\"  aria-label=\"Bild Objekt- &#038; Gewerbebau\"  id='av-masonry-2-item-1159' data-av-masonry-item='1159' class='av-masonry-entry isotope-item post-1159 attachment type-attachment status-inherit hentry  av-masonry-item-with-image' title=\"Objekt- &#038; Gewerbebau\" alt=\"Objekt und Gewerbebau\"  data-av-masonry-custom-link=\"https:\/\/www.monteure-auf-zeit.de\/home\/branchen\/objekt-gewerbebau\/\"  itemprop=\"thumbnailUrl\" ><div class='av-inner-masonry-sizer'><\/div><figure class='av-inner-masonry main_color'><div class=\"av-masonry-outerimage-container\"><div class='av-masonry-image-container' style=\"background-image: url(https:\/\/www.monteure-auf-zeit.de\/home\/wp-content\/uploads\/2026\/03\/objekt_gewerbebau_v2-705x471.png);\"  title=\"Objekt- &#038; Gewerbebau\" ><\/div><\/div><figcaption class='av-inner-masonry-content site-background'><div class='av-inner-masonry-content-pos'><div class='av-inner-masonry-content-pos-content'><div class='avia-arrow'><\/div><h3 class='av-masonry-entry-title entry-title '  itemprop=\"headline\" >Objekt- &#038; Gewerbebau<\/h3><div class='av-masonry-entry-content entry-content'  itemprop=\"text\" >Einkaufszentren <br>Gewerbeimmobilien <br>Ladenbau <br>Verwaltungsbauten<\/div><\/div><\/div><\/figcaption><\/figure><\/a><!--end av-masonry entry--><a href=\"https:\/\/www.monteure-auf-zeit.de\/home\/branchen\/kuehlraumbau-tiefkuehlbau\/\"  aria-label=\"Bild K\u00fchlraumbau &#038; Tiefk\u00fchlbau\"  id='av-masonry-2-item-1158' data-av-masonry-item='1158' class='av-masonry-entry isotope-item post-1158 attachment type-attachment status-inherit hentry  av-masonry-item-with-image' title=\"K\u00fchlraumbau &#038; Tiefk\u00fchlbau\" alt=\"K\u00fchlraumbau und Tiefk\u00fchlbau\"  data-av-masonry-custom-link=\"https:\/\/www.monteure-auf-zeit.de\/home\/branchen\/kuehlraumbau-tiefkuehlbau\/\"  itemprop=\"thumbnailUrl\" ><div class='av-inner-masonry-sizer'><\/div><figure class='av-inner-masonry main_color'><div class=\"av-masonry-outerimage-container\"><div class='av-masonry-image-container' style=\"background-image: url(https:\/\/www.monteure-auf-zeit.de\/home\/wp-content\/uploads\/2026\/03\/kuehlraumbau_tiefkuehlbau-705x470.png);\"  title=\"K\u00fchlraumbau &#038; Tiefk\u00fchlbau\" ><\/div><\/div><figcaption class='av-inner-masonry-content site-background'><div class='av-inner-masonry-content-pos'><div class='av-inner-masonry-content-pos-content'><div class='avia-arrow'><\/div><h3 class='av-masonry-entry-title entry-title '  itemprop=\"headline\" >K\u00fchlraumbau &#038; Tiefk\u00fchlbau<\/h3><div class='av-masonry-entry-content entry-content'  itemprop=\"text\" >K\u00fchlh\u00e4user <br>Tiefk\u00fchllager <br>Lebensmittelproduktion <br>Pharma-Produktionsst\u00e4tten <br>Hygienebereiche<\/div><\/div><\/div><\/figcaption><\/figure><\/a><!--end av-masonry entry--><a href=\"https:\/\/www.monteure-auf-zeit.de\/home\/branchen\/hallen-logistikbau\/\"  aria-label=\"Bild Hallen- &#038; Logistikbau\"  id='av-masonry-2-item-1160' data-av-masonry-item='1160' class='av-masonry-entry isotope-item post-1160 attachment type-attachment status-inherit hentry  av-masonry-item-with-image' title=\"Hallen- &#038; Logistikbau\" alt=\"Vier Monteure auf dem Dach einer Halle montieren Dachpaneelen.\"  data-av-masonry-custom-link=\"https:\/\/www.monteure-auf-zeit.de\/home\/branchen\/hallen-logistikbau\/\"  itemprop=\"thumbnailUrl\" ><div class='av-inner-masonry-sizer'><\/div><figure class='av-inner-masonry main_color'><div class=\"av-masonry-outerimage-container\"><div class='av-masonry-image-container' style=\"background-image: url(https:\/\/www.monteure-auf-zeit.de\/home\/wp-content\/uploads\/2026\/03\/hallen_logistikbau_v2-705x471.png);\"  title=\"Hallen- &#038; Logistikbau\" ><\/div><\/div><figcaption class='av-inner-masonry-content site-background'><div class='av-inner-masonry-content-pos'><div class='av-inner-masonry-content-pos-content'><div class='avia-arrow'><\/div><h3 class='av-masonry-entry-title entry-title '  itemprop=\"headline\" >Hallen- &#038; Logistikbau<\/h3><div class='av-masonry-entry-content entry-content'  itemprop=\"text\" >Lagerhallen <br>Logistikzentren <br>Gewerbehallen <br>Stahlhallen <br>Umschlaghallen<\/div><\/div><\/div><\/figcaption><\/figure><\/a><!--end av-masonry entry--><a href=\"https:\/\/www.monteure-auf-zeit.de\/home\/branchen\/industrieanlagen-produktionsstandorte\/\"  aria-label=\"Bild Anlagenbau &#038; F\u00f6rdertechnik\"  id='av-masonry-2-item-1161' data-av-masonry-item='1161' class='av-masonry-entry isotope-item post-1161 attachment type-attachment status-inherit hentry  av-masonry-item-with-image' title=\"Anlagenbau &#038; F\u00f6rdertechnik\" alt=\"Industrieanlagen\"  data-av-masonry-custom-link=\"https:\/\/www.monteure-auf-zeit.de\/home\/branchen\/industrieanlagen-produktionsstandorte\/\"  itemprop=\"thumbnailUrl\" ><div class='av-inner-masonry-sizer'><\/div><figure class='av-inner-masonry main_color'><div class=\"av-masonry-outerimage-container\"><div class='av-masonry-image-container' style=\"background-image: url(https:\/\/www.monteure-auf-zeit.de\/home\/wp-content\/uploads\/2026\/03\/industrieanlagen_v3-705x471.png);\"  title=\"Anlagenbau &#038; F\u00f6rdertechnik\" ><\/div><\/div><figcaption class='av-inner-masonry-content site-background'><div class='av-inner-masonry-content-pos'><div class='av-inner-masonry-content-pos-content'><div class='avia-arrow'><\/div><h3 class='av-masonry-entry-title entry-title '  itemprop=\"headline\" >Anlagenbau &#038; F\u00f6rdertechnik<\/h3><div class='av-masonry-entry-content entry-content'  itemprop=\"text\" >Produktionshallen <br>Industrieanlagen <br>Maschinenbau-Standorte <br>Technikgeb\u00e4ude <br>Erweiterungs- und Umbauprojekte <br>Papiermaschinen & Papierindustrie<\/div><\/div><\/div><\/figcaption><\/figure><\/a><!--end av-masonry entry--><\/div><\/div><\/div><\/div><!--close column table wrapper. Autoclose: 1 -->\n<style type=\"text\/css\" data-created_by=\"avia_inline_auto\" id=\"style-css-av-12evr-2952240bdecb64c88f1b904d7afa104a\">\n#top .hr.hr-invisible.av-12evr-2952240bdecb64c88f1b904d7afa104a{\nheight:40px;\n}\n<\/style>\n<div  class='hr av-12evr-2952240bdecb64c88f1b904d7afa104a hr-invisible  avia-builder-el-34  el_after_av_one_full  avia-builder-el-last '><span class='hr-inner '><span class=\"hr-inner-style\"><\/span><\/span><\/div>\n<\/div><\/div><\/div><!-- close content main div --><\/div><\/div><\/div>\n<style type=\"text\/css\" data-created_by=\"avia_inline_auto\" id=\"style-css-av-142oj-16-a4bac1380ddad05ea08a5b9673e51610\">\n.avia-section.av-142oj-16-a4bac1380ddad05ea08a5b9673e51610{\nbackground-color:#f4f4f4;\nbackground-image:unset;\n}\n<\/style>\n<div id='av_section_4'  class='avia-section av-142oj-16-a4bac1380ddad05ea08a5b9673e51610 main_color avia-section-default avia-no-border-styling  avia-builder-el-35  el_after_av_section  el_before_av_section  avia-bg-style-scroll container_wrap sidebar_right'  ><div class='container av-section-cont-open' ><div class='template-page content  av-content-small alpha units'><div class='post-entry post-entry-type-page post-entry-1364'><div class='entry-content-wrapper clearfix'>\n\n<style type=\"text\/css\" data-created_by=\"avia_inline_auto\" id=\"style-css-av-l0ksysdz-7-6f6b3ed647b89b5d9759e4d2ebc93073\">\n.flex_column.av-l0ksysdz-7-6f6b3ed647b89b5d9759e4d2ebc93073{\nborder-radius:0px 0px 0px 0px;\npadding:0px 0px 0px 0px;\n}\n<\/style>\n<div  class='flex_column av-l0ksysdz-7-6f6b3ed647b89b5d9759e4d2ebc93073 av_one_full  avia-builder-el-36  avia-builder-el-no-sibling  first flex_column_div av-animated-generic bottom-to-top av-zero-column-padding  '     ><\/div><\/div><\/div><\/div><!-- close content main div --><\/div><\/div>\n<style type=\"text\/css\" data-created_by=\"avia_inline_auto\" id=\"style-css-av-s5a7-36820c2f6536144889e101f7a2a059c3\">\n.avia-section.av-s5a7-36820c2f6536144889e101f7a2a059c3 .av-parallax .av-parallax-inner{\nbackground-repeat:no-repeat;\nbackground-image:url(https:\/\/www.monteure-auf-zeit.de\/home\/wp-content\/uploads\/2022\/03\/AdobeStock_43086186.jpeg);\nbackground-position:50% 50%;\nbackground-attachment:scroll;\n}\n.avia-section.av-s5a7-36820c2f6536144889e101f7a2a059c3 .av-section-color-overlay{\nopacity:0.5;\nbackground-color:#000000;\n}\n<\/style>\n<div id='av_section_5'  class='avia-section av-s5a7-36820c2f6536144889e101f7a2a059c3 main_color avia-section-default avia-no-border-styling  avia-builder-el-38  el_after_av_section  el_before_av_section  avia-full-stretch av-parallax-section avia-bg-style-parallax av-section-color-overlay-active av-minimum-height av-minimum-height-75 av-height-75  container_wrap sidebar_right'  data-section-bg-repeat='stretch' data-av_minimum_height_pc='75' data-av_min_height_opt='75'><div class='av-parallax' data-avia-parallax-ratio='0.3' ><div class='av-parallax-inner main_color avia-full-stretch'><\/div><\/div><div class=\"av-section-color-overlay-wrap\"><div class=\"av-section-color-overlay\"><\/div><div class='container av-section-cont-open' ><div class='template-page content  av-content-small alpha units'><div class='post-entry post-entry-type-page post-entry-1364'><div class='entry-content-wrapper clearfix'>\n\n<style type=\"text\/css\" data-created_by=\"avia_inline_auto\" id=\"style-css-av-1mwuf-55e482cfb622f82411c0434d13d9a75f\">\n.flex_column.av-1mwuf-55e482cfb622f82411c0434d13d9a75f{\nborder-radius:0px 0px 0px 0px;\npadding:0px 0px 0px 0px;\n}\n<\/style>\n<div  class='flex_column av-1mwuf-55e482cfb622f82411c0434d13d9a75f av_one_fourth  avia-builder-el-39  el_before_av_one_half  avia-builder-el-first  first flex_column_div av-zero-column-padding  '     ><\/div>\n<style type=\"text\/css\" data-created_by=\"avia_inline_auto\" id=\"style-css-av-1mwuf-1-689885c5d447987a9c79283bca7ef61e\">\n.flex_column.av-1mwuf-1-689885c5d447987a9c79283bca7ef61e{\nborder-radius:0px 0px 0px 0px;\npadding:0px 0px 0px 0px;\n}\n<\/style>\n<div  class='flex_column av-1mwuf-1-689885c5d447987a9c79283bca7ef61e av_one_half  avia-builder-el-40  el_after_av_one_fourth  avia-builder-el-last  flex_column_div av-zero-column-padding  '     ><div  class='avia-button-wrap avia-button-center  avia-builder-el-41  avia-builder-el-no-sibling '>\n<style type=\"text\/css\" data-created_by=\"avia_inline_auto\" id=\"style-css-av-kq9g73mb-3b191e19d5aa23e78653f57c7bc5deb1\">\n#top #wrap_all .avia-button.av-kq9g73mb-3b191e19d5aa23e78653f57c7bc5deb1{\ncolor:#ffffff;\ntransition:all 0.4s ease-in-out;\n}\n#top #wrap_all .avia-button.av-kq9g73mb-3b191e19d5aa23e78653f57c7bc5deb1:hover{\ncolor:#ffffff;\ntransition:all 0.4s ease-in-out;\n}\n<\/style>\n<a href='https:\/\/www.monteure-auf-zeit.de\/home\/kontakt\/' class='avia-color-theme-color avia-button avia-button-fullwidth av-kq9g73mb-3b191e19d5aa23e78653f57c7bc5deb1 avia-icon_select-yes-left-icon avia-color-theme-color'   aria-label=\"Hier geht\u2019s zum ersten Kontakt!\"><span class='avia_button_icon avia_button_icon_left' aria-hidden='true' data-av_icon='\ue80b' data-av_iconfont='entypo-fontello'><\/span><span class='avia_iconbox_title' >Hier geht\u2019s zum ersten Kontakt!<\/span><span class='avia_button_background avia-button avia-button-fullwidth avia-color-theme-color-highlight'><\/span><\/a><\/div><\/div>\n<\/p>\n<\/div><\/div><\/div><!-- close content main div --><\/div><\/div><\/div><div id='av_section_6'  class='avia-section av-av_section-e4ef95e6d64daa5d43c9bd2540e73530 main_color avia-section-default avia-no-border-styling  avia-builder-el-42  el_after_av_section  avia-builder-el-last  avia-bg-style-scroll container_wrap sidebar_right'  ><div class='container av-section-cont-open' ><div class='template-page content  av-content-small alpha units'><div class='post-entry post-entry-type-page post-entry-1364'><div class='entry-content-wrapper clearfix'>\n<div  class='flex_column av-av_one_full-a2cef933b0a555f25d1e39b22a8e9dae av_one_full  avia-builder-el-43  el_before_av_one_third  avia-builder-el-first  first flex_column_div  '     ><section  class='av_textblock_section av-mnyzpu4x-48b4546c6775be94d8b2690c7cac9cfd '   itemscope=\"itemscope\" itemtype=\"https:\/\/schema.org\/CreativeWork\" ><div class='avia_textblock'  itemprop=\"text\" ><p><h2>Experten f\u00fcr Fassadenbau in Osnabr\u00fcck<\/h2>\n<\/p>\n<p>Osnabr\u00fcck, als historisch bedeutsame Stadt, verdient einen Fassadenbau, der sowohl \u00e4sthetisch ansprechend als auch funktional ist. Die Pientka GmbH bietet mit ihrem erfahrenen Team von Monteuren genau diese Balance. Unsere Monteure in Osnabr\u00fcck sind spezialisiert auf innovative Fassadenl\u00f6sungen, die nicht nur das Erscheinungsbild Ihrer Geb\u00e4ude verbessern, sondern auch den Energieverbrauch optimieren. Dabei ber\u00fccksichtigen sie die neuesten technischen Standards und Umweltrichtlinien. Jeder Auftrag in Osnabr\u00fcck wird mit pr\u00e4ziser Planung umgesetzt, um sicherzustellen, dass die Ergebnisse nicht nur den Anforderungen, sondern auch den Erwartungen unserer Kunden entsprechen.<\/p>\n<p><h2>Professioneller Hallenbau durch Monteure Osnabr\u00fcck<\/h2>\n<\/p>\n<p>Wenn es um den Bau von Hallen geht, sind funktionale und langlebige L\u00f6sungen gefragt. Unsere Monteure in Osnabr\u00fcck verstehen die besonderen Anforderungen des Hallenbaus und bieten ma\u00dfgeschneiderte L\u00f6sungen, die speziell auf Ihre Bed\u00fcrfnisse zugeschnitten sind. Von der ersten Planung bis zur finalen Umsetzung stehen unsere Experten Ihnen zur Seite. Die Hallenbau-Projekte, die unsere Monteure realisieren, zeichnen sich durch hohe Stabilit\u00e4t, innovative Materialien und effiziente Bauprozesse aus, die sowohl Zeit als auch Kosten minimieren.<\/p>\n<p><h2>Warum Sie sich f\u00fcr die Pientka GmbH entscheiden sollten<\/h2>\n<\/p>\n<p>In Osnabr\u00fcck und Umgebung sind wir als verl\u00e4sslicher Partner im Bereich Fassaden- und Hallenbau bekannt. Unsere Kunden k\u00f6nnen sich auf die Kompetenz unserer Monteure verlassen, die \u00fcber jahrelange Erfahrung und spezialisierte Kenntnisse verf\u00fcgen. Durch kontinuierliche Schulungen und die Anwendung neuester Technologien stellen wir sicher, dass unsere Leistungen stets auf dem neuesten Stand sind. Die Pientka GmbH legt gro\u00dfen Wert auf Kundenzufriedenheit und arbeitet eng mit Ihnen zusammen, um die bestm\u00f6glichen L\u00f6sungen f\u00fcr Ihre Bauprojekte zu finden.<\/p>\n<p><h2>Regionale Expertise und pers\u00f6nlicher Service<\/h2>\n<\/p>\n<p>Als Osnabr\u00fccker Unternehmen kennen wir die \u00f6rtlichen Gegebenheiten und arbeiten eng mit regionalen Lieferanten und Partnern zusammen. Dies erm\u00f6glicht es uns, schnell auf individuelle Kundenw\u00fcnsche einzugehen und optimale Ergebnisse zu liefern. Unsere Monteure in Osnabr\u00fcck sind nicht nur handwerklich versiert, sondern auch im pers\u00f6nlichen Kontakt mit unseren Kunden stark. Durch diese N\u00e4he und das Verst\u00e4ndnis f\u00fcr lokale Bedingungen k\u00f6nnen wir Projekte effizienter und reibungsloser gestalten, wodurch wir uns klar von der Konkurrenz abheben.<\/p>\n<p><h2>Kontaktieren Sie uns f\u00fcr Ihr n\u00e4chstes Projekt<\/h2>\n<\/p>\n<p>Sind Sie bereit, Ihre Fassaden- oder Hallenbauprojekte in Osnabr\u00fcck in Angriff zu nehmen? Unsere Monteure stehen bereit, um Ihre Visionen zu realisieren. Kontaktieren Sie uns noch heute, um von unserem umfassenden Leistungsspektrum zu profitieren und lassen Sie uns gemeinsam Ihre Bauvorhaben in Osnabr\u00fcck zu einem Erfolg machen. Die Pientka GmbH ist stolz darauf, in Osnabr\u00fcck t\u00e4tig zu sein und einen Beitrag zur Entwicklung der Baukultur in dieser einzigartigen Stadt zu leisten. Monteure Osnabr\u00fcck \u2013 Ihre Partner f\u00fcr herausragende Qualit\u00e4t im Bauwesen.<\/p>\n<\/div><\/section><\/div><div  class='flex_column av-av_one_third-a2cef933b0a555f25d1e39b22a8e9dae av_one_third  avia-builder-el-45  el_after_av_one_full  el_before_av_one_third  first flex_column_div  column-top-margin'     ><style type=\"text\/css\" data-created_by=\"avia_inline_auto\" id=\"style-css-av-mnyzqr0l-ce762183091ae901d40f9e810fdc3862\">\n.avia-image-container.av-mnyzqr0l-ce762183091ae901d40f9e810fdc3862 img.avia_image{\nbox-shadow:none;\n}\n.avia-image-container.av-mnyzqr0l-ce762183091ae901d40f9e810fdc3862 .av-image-caption-overlay-center{\ncolor:#ffffff;\n}\n<\/style>\n<div  class='avia-image-container av-mnyzqr0l-ce762183091ae901d40f9e810fdc3862 av-styling- avia-align-center  avia-builder-el-46  avia-builder-el-no-sibling '   itemprop=\"image\" itemscope=\"itemscope\" itemtype=\"https:\/\/schema.org\/ImageObject\" ><div class=\"avia-image-container-inner\"><div class=\"avia-image-overlay-wrap\"><img decoding=\"async\" fetchpriority=\"high\" class='wp-image-1146 avia-img-lazy-loading-not-1146 avia_image ' src=\"https:\/\/www.monteure-auf-zeit.de\/home\/wp-content\/uploads\/2026\/03\/paneelbau-1-845x684.png\" alt='Monteure Osnabr\u00fcck' title='Monteure Osnabr\u00fcck'  height=\"684\" width=\"845\"  itemprop=\"thumbnailUrl\" srcset=\"https:\/\/www.monteure-auf-zeit.de\/home\/wp-content\/uploads\/2026\/03\/paneelbau-1-845x684.png 845w, https:\/\/www.monteure-auf-zeit.de\/home\/wp-content\/uploads\/2026\/03\/paneelbau-1-495x400.png 495w\" sizes=\"(max-width: 845px) 100vw, 845px\" \/><\/div><\/div><\/div><\/div><div  class='flex_column av-av_one_third-538dd737667e19053994a94b9156413b av_one_third  avia-builder-el-47  el_after_av_one_third  el_before_av_one_third  flex_column_div  column-top-margin'     ><style type=\"text\/css\" data-created_by=\"avia_inline_auto\" id=\"style-css-av-mnyzrk86-4f50f04931cddca0ff41f20b9edb903f\">\n.avia-image-container.av-mnyzrk86-4f50f04931cddca0ff41f20b9edb903f img.avia_image{\nbox-shadow:none;\n}\n.avia-image-container.av-mnyzrk86-4f50f04931cddca0ff41f20b9edb903f .av-image-caption-overlay-center{\ncolor:#ffffff;\n}\n<\/style>\n<div  class='avia-image-container av-mnyzrk86-4f50f04931cddca0ff41f20b9edb903f av-styling- avia-align-center  avia-builder-el-48  avia-builder-el-no-sibling '   itemprop=\"image\" itemscope=\"itemscope\" itemtype=\"https:\/\/schema.org\/ImageObject\" ><div class=\"avia-image-container-inner\"><div class=\"avia-image-overlay-wrap\"><img decoding=\"async\" fetchpriority=\"high\" class='wp-image-1159 avia-img-lazy-loading-not-1159 avia_image ' src=\"https:\/\/www.monteure-auf-zeit.de\/home\/wp-content\/uploads\/2026\/03\/objekt_gewerbebau_v2-845x684.png\" alt='Monteure Osnabr\u00fcck' title='Monteure Osnabr\u00fcck'  height=\"684\" width=\"845\"  itemprop=\"thumbnailUrl\" srcset=\"https:\/\/www.monteure-auf-zeit.de\/home\/wp-content\/uploads\/2026\/03\/objekt_gewerbebau_v2-845x684.png 845w, https:\/\/www.monteure-auf-zeit.de\/home\/wp-content\/uploads\/2026\/03\/objekt_gewerbebau_v2-495x400.png 495w\" sizes=\"(max-width: 845px) 100vw, 845px\" \/><\/div><\/div><\/div><\/div><div  class='flex_column av-av_one_third-538dd737667e19053994a94b9156413b av_one_third  avia-builder-el-49  el_after_av_one_third  el_before_av_one_full  flex_column_div  column-top-margin'     ><style type=\"text\/css\" data-created_by=\"avia_inline_auto\" id=\"style-css-av-mnyzrz86-535832be49958a7e41bbbada4becd334\">\n.avia-image-container.av-mnyzrz86-535832be49958a7e41bbbada4becd334 img.avia_image{\nbox-shadow:none;\n}\n.avia-image-container.av-mnyzrz86-535832be49958a7e41bbbada4becd334 .av-image-caption-overlay-center{\ncolor:#ffffff;\n}\n<\/style>\n<div  class='avia-image-container av-mnyzrz86-535832be49958a7e41bbbada4becd334 av-styling- avia-align-center  avia-builder-el-50  avia-builder-el-no-sibling '   itemprop=\"image\" itemscope=\"itemscope\" itemtype=\"https:\/\/schema.org\/ImageObject\" ><div class=\"avia-image-container-inner\"><div class=\"avia-image-overlay-wrap\"><img decoding=\"async\" fetchpriority=\"high\" class='wp-image-1144 avia-img-lazy-loading-not-1144 avia_image ' src=\"https:\/\/www.monteure-auf-zeit.de\/home\/wp-content\/uploads\/2026\/03\/kuehlraumpaneele-1-845x684.png\" alt='Monteure Osnabr\u00fcck' title='Monteure Osnabr\u00fcck'  height=\"684\" width=\"845\"  itemprop=\"thumbnailUrl\" srcset=\"https:\/\/www.monteure-auf-zeit.de\/home\/wp-content\/uploads\/2026\/03\/kuehlraumpaneele-1-845x684.png 845w, https:\/\/www.monteure-auf-zeit.de\/home\/wp-content\/uploads\/2026\/03\/kuehlraumpaneele-1-495x400.png 495w\" sizes=\"(max-width: 845px) 100vw, 845px\" \/><\/div><\/div><\/div><\/div><div  class='flex_column av-av_one_full-a2cef933b0a555f25d1e39b22a8e9dae av_one_full  avia-builder-el-51  el_after_av_one_third  el_before_av_one_full  first flex_column_div  column-top-margin'     ><section  class='av_textblock_section av-av_textblock-92ab5b4c5448b40ef3b82fb3d397e98e '   itemscope=\"itemscope\" itemtype=\"https:\/\/schema.org\/CreativeWork\" ><div class='avia_textblock'  itemprop=\"text\" ><p><h2>Professionelle L\u00f6sungen im K\u00fchlraumbau in Osnabr\u00fcck<\/h2>\n<p>  Die Pientka GmbH ist Ihr zuverl\u00e4ssiger Partner, wenn es um qualifizierte <b>Monteure in Osnabr\u00fcck<\/b> im Bereich des K\u00fchlraumbaus geht. Unsere Experten zeichnen sich durch ihre langj\u00e4hrige Erfahrung und besonders tiefgehende Fachkenntnisse aus, die im anspruchsvollen Bereich des K\u00fchlraumbaus unabdingbar sind. Jeder Auftrag wird mit h\u00f6chster Pr\u00e4zision und einem besonderen Augenmerk auf die individuellen Bed\u00fcrfnisse unserer Kunden durchgef\u00fchrt. In Osnabr\u00fcck, einer Stadt, die f\u00fcr ihr wachsendes Industriepotenzial bekannt ist, stellen unsere spezialisierten Monteure sicher, dass sowohl neue K\u00fchlraumprojekte starten als auch bestehende Anlagen optimiert werden. Unabh\u00e4ngig davon, ob Sie eine Neuanlage planen oder bestehende Systeme verbessern m\u00f6chten, bieten wir L\u00f6sungen, die h\u00f6chsten Standards entsprechen und dabei stets auf die spezifischen Anforderungen Ihres Unternehmens abgestimmt sind.<\/p>\n<h3>Der Unterschied: Lokale Expertise und pers\u00f6nliche Betreuung<\/h3>\n<p>  Was uns von anderen Anbietern unterscheidet, ist unsere starke Verankerung in Osnabr\u00fcck und unser tiefes Verst\u00e4ndnis f\u00fcr den lokalen Markt. Unsere Monteure kennen die spezifischen Herausforderungen und Gegebenheiten der Region und sind daher in der Lage, ma\u00dfgeschneiderte L\u00f6sungen zu entwickeln, die nicht nur funktional, sondern auch wirtschaftlich sind. Ein entscheidender Aspekt unserer Dienstleistung ist die pers\u00f6nliche Betreuung jedes Projekts. Von der ersten Beratung bis zur finalen Umsetzung stehen wir Ihnen zur Seite, um sicherzustellen, dass jedes Detail Ihren Erwartungen entspricht. Durch unsere effiziente und kundenorientierte Arbeitsweise haben wir uns als f\u00fchrender Dienstleister im Bereich K\u00fchlraumbau etabliert, was sich auch in zahlreichen erfolgreichen Projekten in und um Osnabr\u00fcck widerspiegelt.<\/p>\n<h3>Maximale Effizienz und Qualit\u00e4t in Osnabr\u00fcck<\/h3>\n<p>  Wenn es darum geht, die Effizienz und Qualit\u00e4t Ihres K\u00fchlraums zu maximieren, setzen unsere Monteure in Osnabr\u00fcck Ma\u00dfst\u00e4be. Die Pientka GmbH ist stolz darauf, mit einem Team zu arbeiten, das nicht nur technisch versiert ist, sondern auch die Bed\u00fcrfnisse der lokalen Wirtschaft versteht. Im Bereich des K\u00fchlraumbaus kommen modernste Technologien und innovative L\u00f6sungskonzepte zum Einsatz, um die K\u00fchlkette Ihres Unternehmens zu optimieren. Alle Monteure der Pientka GmbH durchlaufen intensive Schulungen, um mit den neuesten Entwicklungen und Techniken Schritt zu halten. Durch unsere Expertise und die enge Abstimmung mit unseren Kunden sorgen wir daf\u00fcr, dass jeder Raum effizient arbeitet und den spezifischen Anforderungen gerecht wird. Vertrauen Sie auf unsere erfahrenen Monteure in Osnabr\u00fcck, um Ihre K\u00fchlr\u00e4ume auf einem hohen Standard zu betreiben und zuk\u00fcnftige Anforderungen flexibel zu meistern.<\/p>\n<\/div><\/section><\/div><div  class='flex_column av-av_one_full-a2cef933b0a555f25d1e39b22a8e9dae av_one_full  avia-builder-el-53  el_after_av_one_full  avia-builder-el-last  first flex_column_div  column-top-margin'     ><section  class='av_textblock_section av-mnyzqgws-dda1c92767e2c99ffd07b4dd2533a93b '   itemscope=\"itemscope\" itemtype=\"https:\/\/schema.org\/CreativeWork\" ><div class='avia_textblock'  itemprop=\"text\" ><h2>Kompetente Monteure Osnabr\u00fcck: Warum Pientka GmbH Ihre erste Wahl ist<\/h2>\n<p>Die Pientka GmbH hat sich in Osnabr\u00fcck als vertrauensw\u00fcrdiger Partner etabliert, wenn es darum geht, qualifizierte Monteure bereitzustellen. Unsere langj\u00e4hrige Erfahrung und unser Engagement f\u00fcr Qualit\u00e4t machen uns zum bevorzugten Anbieter in der Region. Durch die Zusammenarbeit mit unserem Team profitieren Sie nicht nur von hochqualifizierten Fachkr\u00e4ften, sondern auch von einer reibungslosen und effizienten Projektabwicklung. Unsere Monteure bringen nicht nur ihr fachliches Know-how, sondern auch eine starke regionale Verbundenheit mit. Das bedeutet, dass sie die Besonderheiten und Anforderungen von Projekten in Osnabr\u00fcck genau verstehen und individuell darauf eingehen k\u00f6nnen.<\/p>\n<h3>Lokale Expertise und effiziente Dienstleistung<\/h3>\n<p>Was uns in Osnabr\u00fcck besonders auszeichnet, ist unsere tiefe lokale Verankerung. Unsere Monteure sind nicht nur Experten auf ihrem Gebiet, sondern auch mit den spezifischen Anforderungen und Gegebenheiten der Stadt bestens vertraut. Das erm\u00f6glicht es uns, ma\u00dfgeschneiderte L\u00f6sungen anzubieten, die sowohl den technischen als auch den logistischen Anforderungen gerecht werden. Dadurch garantieren wir, dass Ihre Projekte termingerecht und nach h\u00f6chsten Standards umgesetzt werden. Unser Fokus liegt dabei stets auf Effektivit\u00e4t und Kundenzufriedenheit.<\/p>\n<h3>Verl\u00e4ssliche Zusammenarbeit f\u00fcr nachhaltigen Erfolg<\/h3>\n<p>Ein weiterer Vorteil der Zusammenarbeit mit der Pientka GmbH in Osnabr\u00fcck ist die Zuverl\u00e4ssigkeit unserer Dienstleistungen. Unsere Monteure sorgen daf\u00fcr, dass Projekte nicht nur p\u00fcnktlich, sondern auch ohne unerwartete Komplikationen abgeschlossen werden. Durch die kontinuierliche Schulung und Weiterbildung unseres Teams k\u00f6nnen wir garantieren, dass wir stets auf dem neuesten Stand der Technik arbeiten und die besten Praktiken anwenden. Dies f\u00fchrt nicht nur zu erfolgreichen Projekten, sondern auch zu langfristigen Partnerschaften mit unseren Kunden. \u00dcberzeugen Sie sich selbst davon, wie unsere Monteure in Osnabr\u00fcck den Erfolg Ihrer Unternehmung nachhaltig f\u00f6rdern k\u00f6nnen.<\/p>\n<p>  <iframe style='border: 0;' src='https:\/\/www.google.com\/maps?q=Osnabr\u00fcck+&#038;output=embed' width='100%' height='450' allowfullscreen='allowfullscreen'><\/iframe><\/p>\n<\/div><\/section><\/div><\/div><\/div><\/div><!-- close content main div --><\/div><\/div><div id='after_section_6'  class='main_color av_default_container_wrap container_wrap sidebar_right'  ><div class='container av-section-cont-open' ><div class='template-page content  av-content-small alpha units'><div class='post-entry post-entry-type-page post-entry-1364'><div class='entry-content-wrapper clearfix'>\n","protected":false},"excerpt":{"rendered":"","protected":false},"author":1,"featured_media":1160,"parent":736,"menu_order":0,"comment_status":"closed","ping_status":"closed","template":"","meta":{"footnotes":""},"class_list":["post-1364","page","type-page","status-publish","has-post-thumbnail","hentry"],"yoast_head":"<!-- This site is optimized with the Yoast SEO plugin v27.1.1 - https:\/\/yoast.com\/product\/yoast-seo-wordpress\/ -->\n<title>Monteure Osnabr\u00fcck | Erfahrene Monteure | kurzfristig einsatzbereit<\/title>\n<meta name=\"description\" content=\"Monteure Osnabr\u00fcck Montageteams f\u00fcr Metall-, Fassaden- und Paneelbau sowie K\u00fchlraumbau \u2013 \u2713erfahren \u2713pr\u00e4zise \u2713bundesweit kurzfristig einsatzbereit.\" \/>\n<meta name=\"robots\" content=\"index, follow, max-snippet:-1, max-image-preview:large, max-video-preview:-1\" \/>\n<link rel=\"canonical\" href=\"https:\/\/www.monteure-auf-zeit.de\/home\/monteure\/monteure-osnabrueck\/\" \/>\n<meta property=\"og:locale\" content=\"de_DE\" \/>\n<meta property=\"og:type\" content=\"article\" \/>\n<meta property=\"og:title\" content=\"Monteure Osnabr\u00fcck | Erfahrene Monteure | kurzfristig einsatzbereit\" \/>\n<meta property=\"og:description\" content=\"Monteure Osnabr\u00fcck Montageteams f\u00fcr Metall-, Fassaden- und Paneelbau sowie K\u00fchlraumbau \u2013 \u2713erfahren \u2713pr\u00e4zise \u2713bundesweit kurzfristig einsatzbereit.\" \/>\n<meta property=\"og:url\" content=\"https:\/\/www.monteure-auf-zeit.de\/home\/monteure\/monteure-osnabrueck\/\" \/>\n<meta property=\"og:site_name\" content=\"Pientka Monteure auf Zeit\" \/>\n<meta property=\"article:modified_time\" content=\"2026-04-14T19:44:30+00:00\" \/>\n<meta property=\"og:image\" content=\"https:\/\/www.monteure-auf-zeit.de\/home\/wp-content\/uploads\/2026\/03\/hallen_logistikbau_v2.png\" \/>\n\t<meta property=\"og:image:width\" content=\"1400\" \/>\n\t<meta property=\"og:image:height\" content=\"935\" \/>\n\t<meta property=\"og:image:type\" content=\"image\/png\" \/>\n<meta name=\"twitter:card\" content=\"summary_large_image\" \/>\n<meta name=\"twitter:label1\" content=\"Gesch\u00e4tzte Lesezeit\" \/>\n\t<meta name=\"twitter:data1\" content=\"75\u00a0Minuten\" \/>\n<script type=\"application\/ld+json\" class=\"yoast-schema-graph\">{\"@context\":\"https:\/\/schema.org\",\"@graph\":[{\"@type\":\"WebPage\",\"@id\":\"https:\/\/www.monteure-auf-zeit.de\/home\/monteure\/monteure-osnabrueck\/\",\"url\":\"https:\/\/www.monteure-auf-zeit.de\/home\/monteure\/monteure-osnabrueck\/\",\"name\":\"Monteure Osnabr\u00fcck | Erfahrene Monteure | kurzfristig einsatzbereit\",\"isPartOf\":{\"@id\":\"https:\/\/www.monteure-auf-zeit.de\/home\/#website\"},\"primaryImageOfPage\":{\"@id\":\"https:\/\/www.monteure-auf-zeit.de\/home\/monteure\/monteure-osnabrueck\/#primaryimage\"},\"image\":{\"@id\":\"https:\/\/www.monteure-auf-zeit.de\/home\/monteure\/monteure-osnabrueck\/#primaryimage\"},\"thumbnailUrl\":\"https:\/\/www.monteure-auf-zeit.de\/home\/wp-content\/uploads\/2026\/03\/hallen_logistikbau_v2.png\",\"datePublished\":\"2026-04-14T19:21:16+00:00\",\"dateModified\":\"2026-04-14T19:44:30+00:00\",\"description\":\"Monteure Osnabr\u00fcck Montageteams f\u00fcr Metall-, Fassaden- und Paneelbau sowie K\u00fchlraumbau \u2013 \u2713erfahren \u2713pr\u00e4zise \u2713bundesweit kurzfristig einsatzbereit.\",\"breadcrumb\":{\"@id\":\"https:\/\/www.monteure-auf-zeit.de\/home\/monteure\/monteure-osnabrueck\/#breadcrumb\"},\"inLanguage\":\"de\",\"potentialAction\":[{\"@type\":\"ReadAction\",\"target\":[\"https:\/\/www.monteure-auf-zeit.de\/home\/monteure\/monteure-osnabrueck\/\"]}]},{\"@type\":\"ImageObject\",\"inLanguage\":\"de\",\"@id\":\"https:\/\/www.monteure-auf-zeit.de\/home\/monteure\/monteure-osnabrueck\/#primaryimage\",\"url\":\"https:\/\/www.monteure-auf-zeit.de\/home\/wp-content\/uploads\/2026\/03\/hallen_logistikbau_v2.png\",\"contentUrl\":\"https:\/\/www.monteure-auf-zeit.de\/home\/wp-content\/uploads\/2026\/03\/hallen_logistikbau_v2.png\",\"width\":1400,\"height\":935,\"caption\":\"Lagerhallen Logistikzentren Gewerbehallen Stahlhallen Umschlaghallen\"},{\"@type\":\"BreadcrumbList\",\"@id\":\"https:\/\/www.monteure-auf-zeit.de\/home\/monteure\/monteure-osnabrueck\/#breadcrumb\",\"itemListElement\":[{\"@type\":\"ListItem\",\"position\":1,\"name\":\"Start\",\"item\":\"https:\/\/www.monteure-auf-zeit.de\/home\/home\/\"},{\"@type\":\"ListItem\",\"position\":2,\"name\":\"Monteure\",\"item\":\"https:\/\/www.monteure-auf-zeit.de\/home\/monteure\/\"},{\"@type\":\"ListItem\",\"position\":3,\"name\":\"Monteure Osnabr\u00fcck\"}]},{\"@type\":\"WebSite\",\"@id\":\"https:\/\/www.monteure-auf-zeit.de\/home\/#website\",\"url\":\"https:\/\/www.monteure-auf-zeit.de\/home\/\",\"name\":\"Pientka Monteure auf Zeit\",\"description\":\"Erfahrene Monteure deutschlandweit kurzfristig einsatzbereit\",\"publisher\":{\"@id\":\"https:\/\/www.monteure-auf-zeit.de\/home\/#organization\"},\"potentialAction\":[{\"@type\":\"SearchAction\",\"target\":{\"@type\":\"EntryPoint\",\"urlTemplate\":\"https:\/\/www.monteure-auf-zeit.de\/home\/?s={search_term_string}\"},\"query-input\":{\"@type\":\"PropertyValueSpecification\",\"valueRequired\":true,\"valueName\":\"search_term_string\"}}],\"inLanguage\":\"de\"},{\"@type\":\"Organization\",\"@id\":\"https:\/\/www.monteure-auf-zeit.de\/home\/#organization\",\"name\":\"Pientka Monteure auf Zeit\",\"url\":\"https:\/\/www.monteure-auf-zeit.de\/home\/\",\"logo\":{\"@type\":\"ImageObject\",\"inLanguage\":\"de\",\"@id\":\"https:\/\/www.monteure-auf-zeit.de\/home\/#\/schema\/logo\/image\/\",\"url\":\"https:\/\/www.monteure-auf-zeit.de\/home\/wp-content\/uploads\/2022\/03\/logo_zeit_abstand.png\",\"contentUrl\":\"https:\/\/www.monteure-auf-zeit.de\/home\/wp-content\/uploads\/2022\/03\/logo_zeit_abstand.png\",\"width\":703,\"height\":674,\"caption\":\"Pientka Monteure auf Zeit\"},\"image\":{\"@id\":\"https:\/\/www.monteure-auf-zeit.de\/home\/#\/schema\/logo\/image\/\"}}]}<\/script>\n<!-- \/ Yoast SEO plugin. -->","yoast_head_json":{"title":"Monteure Osnabr\u00fcck | Erfahrene Monteure | kurzfristig einsatzbereit","description":"Monteure Osnabr\u00fcck Montageteams f\u00fcr Metall-, Fassaden- und Paneelbau sowie K\u00fchlraumbau \u2013 \u2713erfahren \u2713pr\u00e4zise \u2713bundesweit kurzfristig einsatzbereit.","robots":{"index":"index","follow":"follow","max-snippet":"max-snippet:-1","max-image-preview":"max-image-preview:large","max-video-preview":"max-video-preview:-1"},"canonical":"https:\/\/www.monteure-auf-zeit.de\/home\/monteure\/monteure-osnabrueck\/","og_locale":"de_DE","og_type":"article","og_title":"Monteure Osnabr\u00fcck | Erfahrene Monteure | kurzfristig einsatzbereit","og_description":"Monteure Osnabr\u00fcck Montageteams f\u00fcr Metall-, Fassaden- und Paneelbau sowie K\u00fchlraumbau \u2013 \u2713erfahren \u2713pr\u00e4zise \u2713bundesweit kurzfristig einsatzbereit.","og_url":"https:\/\/www.monteure-auf-zeit.de\/home\/monteure\/monteure-osnabrueck\/","og_site_name":"Pientka Monteure auf Zeit","article_modified_time":"2026-04-14T19:44:30+00:00","og_image":[{"width":1400,"height":935,"url":"https:\/\/www.monteure-auf-zeit.de\/home\/wp-content\/uploads\/2026\/03\/hallen_logistikbau_v2.png","type":"image\/png"}],"twitter_card":"summary_large_image","twitter_misc":{"Gesch\u00e4tzte Lesezeit":"75\u00a0Minuten"},"schema":{"@context":"https:\/\/schema.org","@graph":[{"@type":"WebPage","@id":"https:\/\/www.monteure-auf-zeit.de\/home\/monteure\/monteure-osnabrueck\/","url":"https:\/\/www.monteure-auf-zeit.de\/home\/monteure\/monteure-osnabrueck\/","name":"Monteure Osnabr\u00fcck | Erfahrene Monteure | kurzfristig einsatzbereit","isPartOf":{"@id":"https:\/\/www.monteure-auf-zeit.de\/home\/#website"},"primaryImageOfPage":{"@id":"https:\/\/www.monteure-auf-zeit.de\/home\/monteure\/monteure-osnabrueck\/#primaryimage"},"image":{"@id":"https:\/\/www.monteure-auf-zeit.de\/home\/monteure\/monteure-osnabrueck\/#primaryimage"},"thumbnailUrl":"https:\/\/www.monteure-auf-zeit.de\/home\/wp-content\/uploads\/2026\/03\/hallen_logistikbau_v2.png","datePublished":"2026-04-14T19:21:16+00:00","dateModified":"2026-04-14T19:44:30+00:00","description":"Monteure Osnabr\u00fcck Montageteams f\u00fcr Metall-, Fassaden- und Paneelbau sowie K\u00fchlraumbau \u2013 \u2713erfahren \u2713pr\u00e4zise \u2713bundesweit kurzfristig einsatzbereit.","breadcrumb":{"@id":"https:\/\/www.monteure-auf-zeit.de\/home\/monteure\/monteure-osnabrueck\/#breadcrumb"},"inLanguage":"de","potentialAction":[{"@type":"ReadAction","target":["https:\/\/www.monteure-auf-zeit.de\/home\/monteure\/monteure-osnabrueck\/"]}]},{"@type":"ImageObject","inLanguage":"de","@id":"https:\/\/www.monteure-auf-zeit.de\/home\/monteure\/monteure-osnabrueck\/#primaryimage","url":"https:\/\/www.monteure-auf-zeit.de\/home\/wp-content\/uploads\/2026\/03\/hallen_logistikbau_v2.png","contentUrl":"https:\/\/www.monteure-auf-zeit.de\/home\/wp-content\/uploads\/2026\/03\/hallen_logistikbau_v2.png","width":1400,"height":935,"caption":"Lagerhallen Logistikzentren Gewerbehallen Stahlhallen Umschlaghallen"},{"@type":"BreadcrumbList","@id":"https:\/\/www.monteure-auf-zeit.de\/home\/monteure\/monteure-osnabrueck\/#breadcrumb","itemListElement":[{"@type":"ListItem","position":1,"name":"Start","item":"https:\/\/www.monteure-auf-zeit.de\/home\/home\/"},{"@type":"ListItem","position":2,"name":"Monteure","item":"https:\/\/www.monteure-auf-zeit.de\/home\/monteure\/"},{"@type":"ListItem","position":3,"name":"Monteure Osnabr\u00fcck"}]},{"@type":"WebSite","@id":"https:\/\/www.monteure-auf-zeit.de\/home\/#website","url":"https:\/\/www.monteure-auf-zeit.de\/home\/","name":"Pientka Monteure auf Zeit","description":"Erfahrene Monteure deutschlandweit kurzfristig einsatzbereit","publisher":{"@id":"https:\/\/www.monteure-auf-zeit.de\/home\/#organization"},"potentialAction":[{"@type":"SearchAction","target":{"@type":"EntryPoint","urlTemplate":"https:\/\/www.monteure-auf-zeit.de\/home\/?s={search_term_string}"},"query-input":{"@type":"PropertyValueSpecification","valueRequired":true,"valueName":"search_term_string"}}],"inLanguage":"de"},{"@type":"Organization","@id":"https:\/\/www.monteure-auf-zeit.de\/home\/#organization","name":"Pientka Monteure auf Zeit","url":"https:\/\/www.monteure-auf-zeit.de\/home\/","logo":{"@type":"ImageObject","inLanguage":"de","@id":"https:\/\/www.monteure-auf-zeit.de\/home\/#\/schema\/logo\/image\/","url":"https:\/\/www.monteure-auf-zeit.de\/home\/wp-content\/uploads\/2022\/03\/logo_zeit_abstand.png","contentUrl":"https:\/\/www.monteure-auf-zeit.de\/home\/wp-content\/uploads\/2022\/03\/logo_zeit_abstand.png","width":703,"height":674,"caption":"Pientka Monteure auf Zeit"},"image":{"@id":"https:\/\/www.monteure-auf-zeit.de\/home\/#\/schema\/logo\/image\/"}}]}},"_links":{"self":[{"href":"https:\/\/www.monteure-auf-zeit.de\/home\/wp-json\/wp\/v2\/pages\/1364","targetHints":{"allow":["GET"]}}],"collection":[{"href":"https:\/\/www.monteure-auf-zeit.de\/home\/wp-json\/wp\/v2\/pages"}],"about":[{"href":"https:\/\/www.monteure-auf-zeit.de\/home\/wp-json\/wp\/v2\/types\/page"}],"author":[{"embeddable":true,"href":"https:\/\/www.monteure-auf-zeit.de\/home\/wp-json\/wp\/v2\/users\/1"}],"replies":[{"embeddable":true,"href":"https:\/\/www.monteure-auf-zeit.de\/home\/wp-json\/wp\/v2\/comments?post=1364"}],"version-history":[{"count":7,"href":"https:\/\/www.monteure-auf-zeit.de\/home\/wp-json\/wp\/v2\/pages\/1364\/revisions"}],"predecessor-version":[{"id":1860,"href":"https:\/\/www.monteure-auf-zeit.de\/home\/wp-json\/wp\/v2\/pages\/1364\/revisions\/1860"}],"up":[{"embeddable":true,"href":"https:\/\/www.monteure-auf-zeit.de\/home\/wp-json\/wp\/v2\/pages\/736"}],"wp:featuredmedia":[{"embeddable":true,"href":"https:\/\/www.monteure-auf-zeit.de\/home\/wp-json\/wp\/v2\/media\/1160"}],"wp:attachment":[{"href":"https:\/\/www.monteure-auf-zeit.de\/home\/wp-json\/wp\/v2\/media?parent=1364"}],"curies":[{"name":"wp","href":"https:\/\/api.w.org\/{rel}","templated":true}]}}