{"id":1332,"date":"2026-04-14T19:20:41","date_gmt":"2026-04-14T19:20:41","guid":{"rendered":"https:\/\/www.monteure-auf-zeit.de\/home\/monteure\/monteure-freiburg-im-breisgau\/"},"modified":"2026-04-14T19:44:15","modified_gmt":"2026-04-14T19:44:15","slug":"monteure-freiburg-im-breisgau","status":"publish","type":"page","link":"https:\/\/www.monteure-auf-zeit.de\/home\/monteure\/monteure-freiburg-im-breisgau\/","title":{"rendered":"Monteure Freiburg im Breisgau"},"content":{"rendered":"\n<style type=\"text\/css\" data-created_by=\"avia_inline_auto\" id=\"style-css-av-mma8d4jz-9ee93898f91b6a1ed934f9350cd7337b\">\n.avia-section.av-mma8d4jz-9ee93898f91b6a1ed934f9350cd7337b{\nbackground-repeat:no-repeat;\nbackground-image:url(https:\/\/www.monteure-auf-zeit.de\/home\/wp-content\/uploads\/2026\/03\/hallen_logistikbau_v2.png);\nbackground-position:0% 0%;\nbackground-attachment:scroll;\nposition:relative;\n}\n.avia-section.av-mma8d4jz-9ee93898f91b6a1ed934f9350cd7337b .av-section-color-overlay{\nopacity:0.7;\nbackground-color:#000000;\n}\n.avia-section.av-mma8d4jz-9ee93898f91b6a1ed934f9350cd7337b .avia-divider-svg-bottom svg{\nheight:50px;\nwidth:calc(100% + 1.3px);\nfill:#ffffff;\n}\n<\/style>\n<div id='av_section_1'  class='avia-section av-mma8d4jz-9ee93898f91b6a1ed934f9350cd7337b main_color avia-section-default avia-no-border-styling  avia-builder-el-0  el_before_av_section  avia-builder-el-first  avia-bg-style-scroll av-section-color-overlay-active av-minimum-height av-minimum-height-60 av-height-percent  av-section-with-video-bg container_wrap sidebar_right'  data-section-bg-repeat='no-repeat' data-av_minimum_height_pc='60' data-av_min_height_opt='percent' data-section-video-ratio='16:12'><div class='avia-divider-svg avia-divider-svg-triangle-asymmetrical avia-divider-svg-bottom avia-to-front avia-svg-negative'><svg xmlns=\"http:\/\/www.w3.org\/2000\/svg\" viewBox=\"0 0 1000 100\" preserveAspectRatio=\"none\">\n\t<path d=\"M737.9,94.7L0,0v100h1000V0L737.9,94.7z\"\/>\n<\/svg><\/div><div  class='avia-slideshow av_slideshow_obj-1-69f404b42da95 avia-slideshow-featured av_slideshow avia-slide-slider av-slideshow-ui av-control-default av-slideshow-manual av-loop-once av-loop-manual-endless av-default-height-applied  av-section-video-bg avia-slideshow-1' data-slideshow-options=\"{&quot;animation&quot;:&quot;slide&quot;,&quot;autoplay&quot;:false,&quot;loop_autoplay&quot;:&quot;once&quot;,&quot;interval&quot;:5,&quot;loop_manual&quot;:&quot;manual-endless&quot;,&quot;autoplay_stopper&quot;:false,&quot;noNavigation&quot;:false,&quot;bg_slider&quot;:false,&quot;keep_padding&quot;:false,&quot;hoverpause&quot;:false,&quot;show_slide_delay&quot;:0}\"  itemprop=\"image\" itemscope=\"itemscope\" itemtype=\"https:\/\/schema.org\/ImageObject\" ><ul class='avia-slideshow-inner ' style='padding-bottom: 28.666666666667%;'><li  data-controls='disabled' data-mute='aviaTBaviaTBvideo_mute' data-loop='1' data-disable-autoplay=''  data-video-ratio='1.3333333333333' class='avia-slideshow-slide av_slideshow_obj-1-69f404b42da95__0  av-video-slide  av-video-service-html5  av-hide-video-controls av-mute-video av-loop-video  av-single-slide slide-1 slide-odd'><div data-rel='slideshow-1' class='avia-slide-wrap '    itemprop=\"video\" itemtype=\"https:\/\/schema.org\/VideoObject\" ><div class='av-click-overlay'><\/div><video class='avia_video'  autoplay playsinline loop preload=\"metadata\" muted  id='player_1332_1451309214_1062190741'><source src=\"https:\/\/www.monteure-auf-zeit.de\/home\/wp-content\/uploads\/2026\/03\/kling_20260312_\u4f5c\u54c1_Cinematic__3909_0.mp4\" type=\"video\/mp4\" \/><\/video><div class=\"av-click-to-play-overlay\"><div class=\"avia_playpause_icon\"><\/div><\/div><\/div><\/li><\/ul><\/div><div class=\"av-section-color-overlay-wrap\"><div class=\"av-section-color-overlay\"><\/div><div class='container av-section-cont-open' ><main  role=\"main\" itemprop=\"mainContentOfPage\"  class='template-page content  av-content-small alpha units'><div class='post-entry post-entry-type-page post-entry-1332'><div class='entry-content-wrapper clearfix'>\n<div  class='flex_column av-o123-9e170be551f8ecfbe827de63ccd854fa av_one_full  avia-builder-el-1  avia-builder-el-no-sibling  first flex_column_div  '     ><style type=\"text\/css\" data-created_by=\"avia_inline_auto\" id=\"style-css-av-mma8jpnh-19936fdd6e630ff41bc6db286a457f8d\">\n#top .av_textblock_section.av-mma8jpnh-19936fdd6e630ff41bc6db286a457f8d .avia_textblock{\ncolor:#ffffff;\n}\n<\/style>\n<section  class='av_textblock_section av-mma8jpnh-19936fdd6e630ff41bc6db286a457f8d '   itemscope=\"itemscope\" itemtype=\"https:\/\/schema.org\/CreativeWork\" ><div class='avia_textblock av_inherit_color'  itemprop=\"text\" ><h1 style=\"text-align: center; font-size: 40px;\">Monteure Freiburg im Breisgau<\/h1>\n<h3 style=\"text-align: center;\">Montageteams f\u00fcr Metall-, Fassaden- und Paneelbau sowie K\u00fchlraumbau \u2013 erfahren, pr\u00e4zise und bundesweit kurzfristig einsatzbereit.<\/h3>\n<\/div><\/section><br \/>\n<div  class='avia-buttonrow-wrap av-mma8odi1-b77eabe7874b8cbc85ae19e61bbbd4c8 avia-buttonrow-center  avia-builder-el-3  el_after_av_textblock  avia-builder-el-last '>\n\n<style type=\"text\/css\" data-created_by=\"avia_inline_auto\" id=\"style-css-av-mma8nyiv-0bb2231d853435e5581cb62e891ff49f\">\n#top #wrap_all .avia-button.av-mma8nyiv-0bb2231d853435e5581cb62e891ff49f{\nmargin-bottom:5px;\nmargin-right:3px;\nmargin-left:3px;\n}\n<\/style>\n<a href='https:\/\/www.monteure-auf-zeit.de\/home\/leistungen\/'  class='avia-button av-mma8nyiv-0bb2231d853435e5581cb62e891ff49f avia-icon_select-no avia-size-large avia-color-theme-color'   aria-label=\"Leistungen\"><span class='avia_iconbox_title' >Leistungen<\/span><\/a>\n\n<style type=\"text\/css\" data-created_by=\"avia_inline_auto\" id=\"style-css-av-mma8obbx-0609aef57d431845bd784fcb96d01636\">\n#top #wrap_all .avia-button.av-mma8obbx-0609aef57d431845bd784fcb96d01636{\nmargin-bottom:5px;\nmargin-right:3px;\nmargin-left:3px;\n}\n<\/style>\n<a href=''  class='avia-button av-mma8obbx-0609aef57d431845bd784fcb96d01636 avia-icon_select-no avia-size-large avia-color-light'   aria-label=\"Kontakt\"><span class='avia_iconbox_title' >Kontakt<\/span><\/a>\n<\/div><\/p><\/div><\/div><\/div><\/main><!-- close content main element --><\/div><\/div><\/div><div id='av_section_2'  class='avia-section av-142oj-a0aa9d870539691db5dec99a2ded2621 main_color avia-section-default avia-no-border-styling  avia-builder-el-4  el_after_av_section  el_before_av_section  avia-bg-style-scroll container_wrap sidebar_right'  ><div class='container av-section-cont-open' ><div class='template-page content  av-content-small alpha units'><div class='post-entry post-entry-type-page post-entry-1332'><div class='entry-content-wrapper clearfix'>\n<div class='flex_column_table av-l0ksysdz-15-203de95791335060be9b9e7f96ef7599 sc-av_one_fourth av-equal-height-column-flextable'>\n<style type=\"text\/css\" data-created_by=\"avia_inline_auto\" id=\"style-css-av-l0ksysdz-15-203de95791335060be9b9e7f96ef7599\">\n@keyframes av_boxShadowEffect_av-l0ksysdz-15-203de95791335060be9b9e7f96ef7599-column {\n0%   { box-shadow:  0 0 0 0 #a22d35; opacity: 1; }\n100% { box-shadow:  0 0 15px 0 #a22d35; opacity: 1; }\n}\n.flex_column.av-l0ksysdz-15-203de95791335060be9b9e7f96ef7599{\nbox-shadow: 0 0 15px 0 #a22d35;\nborder-radius:10px 10px 10px 10px;\npadding:0px 0px 0px 0px;\nbackground-color:#f8f8f8;\n}\n<\/style>\n<div  class='flex_column av-l0ksysdz-15-203de95791335060be9b9e7f96ef7599 av_one_fourth  avia-builder-el-5  el_before_av_one_fourth  avia-builder-el-first  first flex_column_table_cell av-equal-height-column av-align-top av-animated-generic bottom-to-top shadow-not-animated av-zero-column-padding  '     ><article  class='iconbox iconbox_top av-l0kt2d3h-265357cbeb7e038c928b3e06e0604bfe  avia-builder-el-6  avia-builder-el-no-sibling  main_color'  itemscope=\"itemscope\" itemtype=\"https:\/\/schema.org\/CreativeWork\" ><div class=\"iconbox_content\"><header class=\"entry-content-header\" aria-label=\"Icon: ERFAHREN\"><div class=\"iconbox_icon heading-color\" aria-hidden='true' data-av_icon='\ue812' data-av_iconfont='entypo-fontello'><\/div><h3 class='iconbox_content_title '  itemprop=\"headline\" >ERFAHREN<\/h3><\/header><div class='iconbox_content_container '  itemprop=\"text\" ><p>200 festangestellte Mitarbeiter, die meisten seit \u00fcber zehn Jahren bei Pientka. Die Teams kennen sich und arbeiten perfekt zusammen.<\/p>\n<\/div><\/div><footer class=\"entry-footer\"><\/footer><\/article><\/div><div class='av-flex-placeholder'><\/div>\n<style type=\"text\/css\" data-created_by=\"avia_inline_auto\" id=\"style-css-av-l0ksysdz-13-8415ad9216eebb9f338e6d0bcd80f62e\">\n@keyframes av_boxShadowEffect_av-l0ksysdz-13-8415ad9216eebb9f338e6d0bcd80f62e-column {\n0%   { box-shadow:  0 0 0 0 #a22d35; opacity: 1; }\n100% { box-shadow:  0 0 15px 0 #a22d35; opacity: 1; }\n}\n.flex_column.av-l0ksysdz-13-8415ad9216eebb9f338e6d0bcd80f62e{\nbox-shadow: 0 0 15px 0 #a22d35;\nborder-radius:10px 10px 10px 10px;\npadding:0px 0px 0px 0px;\nbackground-color:#f8f8f8;\n}\n<\/style>\n<div  class='flex_column av-l0ksysdz-13-8415ad9216eebb9f338e6d0bcd80f62e av_one_fourth  avia-builder-el-7  el_after_av_one_fourth  el_before_av_one_fourth  flex_column_table_cell av-equal-height-column av-align-top av-animated-generic bottom-to-top shadow-not-animated av-zero-column-padding  '     ><article  class='iconbox iconbox_top av-l0kt2d3h-12-eb6bed26c491561b549ca7ac0e9ccf2f  avia-builder-el-8  avia-builder-el-no-sibling  main_color'  itemscope=\"itemscope\" itemtype=\"https:\/\/schema.org\/CreativeWork\" ><div class=\"iconbox_content\"><header class=\"entry-content-header\" aria-label=\"Icon: SICHER\"><div class=\"iconbox_icon heading-color\" aria-hidden='true' data-av_icon='\ue812' data-av_iconfont='entypo-fontello'><\/div><h3 class='iconbox_content_title '  itemprop=\"headline\" >SICHER<\/h3><\/header><div class='iconbox_content_container '  itemprop=\"text\" ><p>Unbefristete Erlaubnis f\u00fcr die Arbeitnehmer\u00fcberlassung, alle Bescheinigungen der zust\u00e4ndigen Beh\u00f6rden und das SCP-Sicherheitszertifikat.<\/p>\n<\/div><\/div><footer class=\"entry-footer\"><\/footer><\/article><\/div><div class='av-flex-placeholder'><\/div>\n<style type=\"text\/css\" data-created_by=\"avia_inline_auto\" id=\"style-css-av-l0ksysdz-11-c518a4b6bb3150fa282028574108fb62\">\n@keyframes av_boxShadowEffect_av-l0ksysdz-11-c518a4b6bb3150fa282028574108fb62-column {\n0%   { box-shadow:  0 0 0 0 #a22d35; opacity: 1; }\n100% { box-shadow:  0 0 15px 0 #a22d35; opacity: 1; }\n}\n.flex_column.av-l0ksysdz-11-c518a4b6bb3150fa282028574108fb62{\nbox-shadow: 0 0 15px 0 #a22d35;\nborder-radius:10px 10px 10px 10px;\npadding:0px 0px 0px 0px;\nbackground-color:#f8f8f8;\n}\n<\/style>\n<div  class='flex_column av-l0ksysdz-11-c518a4b6bb3150fa282028574108fb62 av_one_fourth  avia-builder-el-9  el_after_av_one_fourth  el_before_av_one_fourth  flex_column_table_cell av-equal-height-column av-align-top av-animated-generic bottom-to-top shadow-not-animated av-zero-column-padding  '     ><article  class='iconbox iconbox_top av-l0kt2d3h-10-6dbc5ddb7941e6a3bf94800ac40e53f0  avia-builder-el-10  avia-builder-el-no-sibling  main_color'  itemscope=\"itemscope\" itemtype=\"https:\/\/schema.org\/CreativeWork\" ><div class=\"iconbox_content\"><header class=\"entry-content-header\" aria-label=\"Icon: SCHNELL\"><div class=\"iconbox_icon heading-color\" aria-hidden='true' data-av_icon='\ue812' data-av_iconfont='entypo-fontello'><\/div><h3 class='iconbox_content_title '  itemprop=\"headline\" >SCHNELL<\/h3><\/header><div class='iconbox_content_container '  itemprop=\"text\" ><p>Nur eine Woche Vorlaufzeit, im Notfall nur 48 Stunden \u2013 so schnell sind unsere Teams vor Ort und helfen, Ihren Termin zu halten.<\/p>\n<\/div><\/div><footer class=\"entry-footer\"><\/footer><\/article><\/div><div class='av-flex-placeholder'><\/div>\n<style type=\"text\/css\" data-created_by=\"avia_inline_auto\" id=\"style-css-av-l0ksysdz-9-da9184e9fcd2424c0fc661445771bd34\">\n@keyframes av_boxShadowEffect_av-l0ksysdz-9-da9184e9fcd2424c0fc661445771bd34-column {\n0%   { box-shadow:  0 0 0 0 #a22d35; opacity: 1; }\n100% { box-shadow:  0 0 15px 0 #a22d35; opacity: 1; }\n}\n.flex_column.av-l0ksysdz-9-da9184e9fcd2424c0fc661445771bd34{\nbox-shadow: 0 0 15px 0 #a22d35;\nborder-radius:10px 10px 10px 10px;\npadding:0px 0px 0px 0px;\nbackground-color:#f8f8f8;\n}\n<\/style>\n<div  class='flex_column av-l0ksysdz-9-da9184e9fcd2424c0fc661445771bd34 av_one_fourth  avia-builder-el-11  el_after_av_one_fourth  el_before_av_one_full  flex_column_table_cell av-equal-height-column av-align-top av-animated-generic bottom-to-top shadow-not-animated av-zero-column-padding  '     ><article  class='iconbox iconbox_top av-l0kt2d3h-8-58fa35677121b7112fad6f790a37fc67  avia-builder-el-12  avia-builder-el-no-sibling  main_color'  itemscope=\"itemscope\" itemtype=\"https:\/\/schema.org\/CreativeWork\" ><div class=\"iconbox_content\"><header class=\"entry-content-header\" aria-label=\"Icon: FAIR\"><div class=\"iconbox_icon heading-color\" aria-hidden='true' data-av_icon='\ue812' data-av_iconfont='entypo-fontello'><\/div><h3 class='iconbox_content_title '  itemprop=\"headline\" >FAIR<\/h3><\/header><div class='iconbox_content_container '  itemprop=\"text\" ><p>Keine weiteren Zuschl\u00e4ge f\u00fcr Nebenkosten, transparente Abrechnung alle zwei Wochen. Das finden wir fair.<\/p>\n<\/div><\/div><footer class=\"entry-footer\"><\/footer><\/article><\/div><\/div><!--close column table wrapper. Autoclose: 1 --><div class='flex_column_table av-mmn1i2mu-d675a7a203179099b53154253c113712 sc-av_one_full av-equal-height-column-flextable'><div  class='flex_column av-mmn1i2mu-d675a7a203179099b53154253c113712 av_one_full  avia-builder-el-13  el_after_av_one_fourth  el_before_av_one_half  first flex_column_table_cell av-equal-height-column av-align-middle av-animated-generic fade-in-up  column-top-margin'     ><section  class='av_textblock_section av-mmn1hkvp-5cb11800174e19fb279364028bf5c88e '   itemscope=\"itemscope\" itemtype=\"https:\/\/schema.org\/CreativeWork\" ><div class='avia_textblock'  itemprop=\"text\" ><h2 style=\"text-align: center;\">Ihr professioneller Partner f\u00fcr Montageteams<\/h2>\n<\/div><\/section><br \/>\n\n<style type=\"text\/css\" data-created_by=\"avia_inline_auto\" id=\"style-css-av-l0ktyuxr-f3fa535561405e63229808802ed4b533\">\n#top .hr.av-l0ktyuxr-f3fa535561405e63229808802ed4b533{\nmargin-top:0px;\nmargin-bottom:0px;\n}\n.hr.av-l0ktyuxr-f3fa535561405e63229808802ed4b533 .hr-inner{\nwidth:150px;\nborder-color:#a22d35;\n}\n<\/style>\n<div  class='hr av-l0ktyuxr-f3fa535561405e63229808802ed4b533 hr-custom  avia-builder-el-15  el_after_av_textblock  avia-builder-el-last  hr-center hr-icon-no'><span class='hr-inner inner-border-av-border-thin'><span class=\"hr-inner-style\"><\/span><\/span><\/div><\/p><\/div><\/div><!--close column table wrapper. Autoclose: 1 --><div class='flex_column_table av-q3wj-116af9bba4be3346432b5612535d1e9b sc-av_one_half av-equal-height-column-flextable'><div  class='flex_column av-q3wj-116af9bba4be3346432b5612535d1e9b av_one_half  avia-builder-el-16  el_after_av_one_full  el_before_av_one_half  first flex_column_table_cell av-equal-height-column av-align-middle av-animated-generic fade-in-up  column-top-margin'     ><p>\n<style type=\"text\/css\" data-created_by=\"avia_inline_auto\" id=\"style-css-av-mn4qswry-26a39a37bbcd53b19a54b5ba5ac87c42\">\n.avia-video.av-mn4qswry-26a39a37bbcd53b19a54b5ba5ac87c42{\nbackground-image:url(https:\/\/www.monteure-auf-zeit.de\/home\/wp-content\/uploads\/2026\/03\/industrieanlagen_v3-300x200.png);\n}\n<\/style>\n<div  class='avia-video av-mn4qswry-26a39a37bbcd53b19a54b5ba5ac87c42 avia-video-4-3 av-preview-image avia-video-load-always av-lazyload-immediate av-lazyload-video-embed'  itemprop=\"video\" itemtype=\"https:\/\/schema.org\/VideoObject\"  data-original_url='https:\/\/www.youtube.com\/watch?v=8fioYyYWa38'><script type='text\/html' class='av-video-tmpl'><div class='avia-iframe-wrap'><iframe title=\"Pientka GmbH: Erfahrene Monteure f\u00fcr Ihren Erfolg\" width=\"1500\" height=\"844\" src=\"https:\/\/www.youtube.com\/embed\/8fioYyYWa38?feature=oembed&autoplay=0&loop=0&controls=0&mute=0\" frameborder=\"0\" allow=\"accelerometer; autoplay; clipboard-write; encrypted-media; gyroscope; picture-in-picture; web-share\" referrerpolicy=\"strict-origin-when-cross-origin\" allowfullscreen><\/iframe><\/div><\/script><div class='av-click-to-play-overlay'><div class=\"avia_playpause_icon\"><\/div><\/div><\/div><br \/>\n<\/p><\/div><div class='av-flex-placeholder'><\/div><div  class='flex_column av-xrzf-2c7d584517b4a33a851cc3bf70b07fa6 av_one_half  avia-builder-el-19  el_after_av_one_half  el_before_av_one_full  flex_column_table_cell av-equal-height-column av-align-middle av-animated-generic fade-in-up  column-top-margin'     ><section  class='av_textblock_section av-we7r-e84d3ef7fcba3643a5915a405148b775 '   itemscope=\"itemscope\" itemtype=\"https:\/\/schema.org\/CreativeWork\" ><div class='avia_textblock'  itemprop=\"text\" ><p>Die Pientka GmbH ist ein erfahrener Partner f\u00fcr Montageteams im Metall-, Fassaden- und Paneelbau. Seit vielen Jahren unterst\u00fctzen wir Bauunternehmen, Metallbauunternehmen, Hallenbauer und Anlagenbauer mit eingespielten Montageteams bei unterschiedlichsten Bauprojekten. Unsere Leistungen umfassen unter anderem Montagearbeiten im Metallfassadenbau, im Paneelbau f\u00fcr Dach- und Wandkonstruktionen, in der Industrieverglasung sowie im K\u00fchlraumbau.<\/p>\n<p>Unsere Montageteams sind auf Baustellen in ganz Deutschland im Einsatz und unterst\u00fctzen Projekte im Hallenbau, Anlagenbau, Logistikbau sowie bei industriellen Produktions- und Gewerbebauten. Durch unsere Erfahrung in gro\u00dffl\u00e4chigen Bauprojekten und unsere strukturierte Arbeitsweise k\u00f6nnen wir Bauunternehmen flexibel bei der Umsetzung ihrer Projekte unterst\u00fctzen.<\/p>\n<\/div><\/section><\/div><\/div><!--close column table wrapper. Autoclose: 1 --><div class='flex_column_table av-59tr-be075c420c8b5735724ad649fe5e348e sc-av_one_full av-equal-height-column-flextable'>\n<style type=\"text\/css\" data-created_by=\"avia_inline_auto\" id=\"style-css-av-59tr-be075c420c8b5735724ad649fe5e348e\">\n.flex_column.av-59tr-be075c420c8b5735724ad649fe5e348e{\nwidth:100%;\nmargin-left:0;\n}\n#top .flex_column_table.av-equal-height-column-flextable.av-59tr-be075c420c8b5735724ad649fe5e348e .av-flex-placeholder{\nwidth:0%;\n}\n<\/style>\n<div  class='flex_column av-59tr-be075c420c8b5735724ad649fe5e348e av_one_full  avia-builder-el-21  el_after_av_one_half  avia-builder-el-last  first flex_column_table_cell av-equal-height-column av-align-middle av-animated-generic fade-in-up  column-top-margin'     ><p><section  class='av_textblock_section av-mmn2o8em-3f2384db3301cf3f1fc0bc3cebe17e58 '   itemscope=\"itemscope\" itemtype=\"https:\/\/schema.org\/CreativeWork\" ><div class='avia_textblock'  itemprop=\"text\" ><p>Mit rund 200 Monteuren stellen wir eingespielte Montageteams zur Verf\u00fcgung, die Montagearbeiten zuverl\u00e4ssig und strukturiert umsetzen. Unsere Teams arbeiten auf Grundlage technischer Zeichnungen, Montagepl\u00e4ne und projektspezifischer Vorgaben und integrieren sich in bestehende Baustellenabl\u00e4ufe.<\/p>\n<\/div><\/section><br \/>\n<div  class='avia-button-wrap av-z6ln-ec8026d7bd31d69eb3ac43e720711cd0-wrap avia-button-left  avia-builder-el-23  el_after_av_textblock  avia-builder-el-last '><a href='https:\/\/www.monteure-auf-zeit.de\/home\/unternehmen\/'  class='avia-button av-z6ln-ec8026d7bd31d69eb3ac43e720711cd0 av-link-btn avia-icon_select-yes-left-icon avia-size-large avia-position-left avia-color-theme-color'   aria-label=\"mehr \u00fcber uns\"><span class='avia_button_icon avia_button_icon_left' aria-hidden='true' data-av_icon='\ue80b' data-av_iconfont='entypo-fontello'><\/span><span class='avia_iconbox_title' >mehr \u00fcber uns<\/span><\/a><\/div><\/p><\/div><\/div><!--close column table wrapper. Autoclose: 1 -->\n<\/p>\n<\/div><\/div><\/div><!-- close content main div --><\/div><\/div>\n<style type=\"text\/css\" data-created_by=\"avia_inline_auto\" id=\"style-css-av-1ga9j-877c7c3060459f56aa16ae5c44c96d67\">\n.avia-section.av-1ga9j-877c7c3060459f56aa16ae5c44c96d67{\nbackground-color:#525252;\nbackground-image:url(https:\/\/www.monteure-auf-zeit.de\/home\/wp-content\/uploads\/2022\/03\/background-1030x745-1.png);\nbackground-repeat:no-repeat;\nbackground-position:50% 50%;\nbackground-attachment:fixed;\nposition:relative;\n}\n.avia-section.av-1ga9j-877c7c3060459f56aa16ae5c44c96d67 .av-section-color-overlay{\nopacity:0.2;\nbackground-color:#000000;\n}\n.avia-section.av-1ga9j-877c7c3060459f56aa16ae5c44c96d67 .avia-divider-svg-top svg{\nheight:50px;\nwidth:calc(100% + 1.3px);\nfill:#ffffff;\n}\n.avia-section.av-1ga9j-877c7c3060459f56aa16ae5c44c96d67 .avia-divider-svg-bottom svg{\nheight:50px;\nwidth:calc(100% + 1.3px);\nfill:#f4f4f4;\n}\n<\/style>\n<div id='av_section_3'  class='avia-section av-1ga9j-877c7c3060459f56aa16ae5c44c96d67 main_color avia-section-default avia-no-border-styling  avia-builder-el-24  el_after_av_section  el_before_av_section  avia-full-stretch avia-bg-style-fixed av-section-color-overlay-active av-minimum-height av-minimum-height-33 av-height-percent  container_wrap sidebar_right'  data-section-bg-repeat='stretch' data-av_minimum_height_pc='33' data-av_min_height_opt='percent'><div class='avia-divider-svg avia-divider-svg-triangle-asymmetrical avia-divider-svg-top avia-to-front avia-svg-negative'><svg xmlns=\"http:\/\/www.w3.org\/2000\/svg\" viewBox=\"0 0 1000 100\" preserveAspectRatio=\"none\">\n\t<path d=\"M737.9,94.7L0,0v100h1000V0L737.9,94.7z\"\/>\n<\/svg><\/div><div class='avia-divider-svg avia-divider-svg-triangle-asymmetrical avia-divider-svg-bottom avia-to-front avia-svg-negative'><svg xmlns=\"http:\/\/www.w3.org\/2000\/svg\" viewBox=\"0 0 1000 100\" preserveAspectRatio=\"none\">\n\t<path d=\"M737.9,94.7L0,0v100h1000V0L737.9,94.7z\"\/>\n<\/svg><\/div><div class=\"av-section-color-overlay-wrap\"><div class=\"av-section-color-overlay\"><\/div><div class='container av-section-cont-open' ><div class='template-page content  av-content-small alpha units'><div class='post-entry post-entry-type-page post-entry-1332'><div class='entry-content-wrapper clearfix'>\n\n<style type=\"text\/css\" data-created_by=\"avia_inline_auto\" id=\"style-css-av-l0krnhl8-3f56da645b73978b52e2306140be302a\">\n#top .hr.hr-invisible.av-l0krnhl8-3f56da645b73978b52e2306140be302a{\nheight:40px;\n}\n<\/style>\n<div  class='hr av-l0krnhl8-3f56da645b73978b52e2306140be302a hr-invisible  avia-builder-el-25  el_before_av_one_full  avia-builder-el-first '><span class='hr-inner '><span class=\"hr-inner-style\"><\/span><\/span><\/div>\n<div class='flex_column_table av-l0kqdwxo-1c78b88b2b0676417c99c3c22094a474 sc-av_one_full av-equal-height-column-flextable'>\n<style type=\"text\/css\" data-created_by=\"avia_inline_auto\" id=\"style-css-av-l0kqdwxo-1c78b88b2b0676417c99c3c22094a474\">\n.flex_column.av-l0kqdwxo-1c78b88b2b0676417c99c3c22094a474{\nborder-radius:0px 0px 0px 0px;\npadding:0px 0px 0px 0px;\n}\n<\/style>\n<div  class='flex_column av-l0kqdwxo-1c78b88b2b0676417c99c3c22094a474 av_one_full  avia-builder-el-26  el_after_av_hr  el_before_av_one_full  first flex_column_table_cell av-equal-height-column av-align-middle av-animated-generic bottom-to-top av-zero-column-padding  '     ><style type=\"text\/css\" data-created_by=\"avia_inline_auto\" id=\"style-css-av-l0kqd9v9-4179f07161ef03377a348a88a79d5844\">\n#top .av_textblock_section.av-l0kqd9v9-4179f07161ef03377a348a88a79d5844 .avia_textblock{\ncolor:#ffffff;\n}\n<\/style>\n<section  class='av_textblock_section av-l0kqd9v9-4179f07161ef03377a348a88a79d5844 '   itemscope=\"itemscope\" itemtype=\"https:\/\/schema.org\/CreativeWork\" ><div class='avia_textblock av_inherit_color'  itemprop=\"text\" ><h2>Monteure Freiburg im Breisgau: Ihr Partner f\u00fcr erfolgreiche Projekte<\/h2>\n<p>Die Pientka GmbH ist stolz darauf, eine erstklassige Dienstleistung in der Wissenschaftsstadt Freiburg im Breisgau anzubieten. Unsere Monteure stehen Ihnen f\u00fcr Projekte jeder Gr\u00f6\u00dfenordnung zur Verf\u00fcgung und sind bestens mit den lokalen Gegebenheiten vertraut. Egal, ob Ihr Projekt in der N\u00e4he der renommierten Uni-Klinik oder im belebten Industriegebiet Nord stattfindet, wir bieten ma\u00dfgeschneiderte L\u00f6sungen, die auf Ihre spezifischen Anforderungen zugeschnitten sind. Unser Team bringt nicht nur technisches Know-how, sondern auch ein tiefes Verst\u00e4ndnis f\u00fcr die besonderen Anforderungen der Region mit.<\/p>\n<h3>Warum unsere Monteure in Freiburg im Breisgau die beste Wahl sind<\/h3>\n<p>Bei der Pientka GmbH legen wir gro\u00dfen Wert auf Qualit\u00e4t und Zuverl\u00e4ssigkeit. Unsere Monteure zeichnen sich durch Fachkompetenz und einen hohen Qualit\u00e4tsanspruch aus. Jeder unserer Fachleute durchl\u00e4uft ein striktes Auswahlverfahren, das sicherstellt, dass wir nur die qualifiziertesten Experten zu Ihren Projekten entsenden. Wir verstehen die Bedeutung pr\u00e4ziser Arbeit und setzen unsere Erfahrung ein, um Ihre Erwartungen stets zu \u00fcbertreffen. Das Vertrauen unserer Kunden in Freiburg und Umgebung basiert auf unserer F\u00e4higkeit, selbst anspruchsvollste Projekte effizient zu bew\u00e4ltigen.<\/p>\n<h3>Ma\u00dfgeschneiderte Dienstleistungen f\u00fcr die historische Altstadt und dar\u00fcber hinaus<\/h3>\n<p>Unsere Dienstleistung richtet sich an Unternehmen jeglicher Gr\u00f6\u00dfe und Branche, von kleinen Handwerksbetrieben bis hin zu gro\u00dfen Industriekomplexen. Egal, ob Sie Monteure f\u00fcr Installationen in der historischen Altstadt oder f\u00fcr umfangreiche Bauvorhaben am Schwarzwald-Tor ben\u00f6tigen, wir bieten flexible L\u00f6sungen, die sich nahtlos in Ihre Planungen einf\u00fcgen. Die N\u00e4he zu unseren Kunden und die schnelle Verf\u00fcgbarkeit unserer Fachkr\u00e4fte machen uns zu einem bevorzugten Partner f\u00fcr viele Projekte in der Region.<\/p>\n<h3>Optimale Planung und Ausf\u00fchrung f\u00fcr Ihre Projekte<\/h3>\n<p>Effizienz und pr\u00e4zise Ausf\u00fchrung sind bei der Pientka GmbH unverzichtbare Elemente unserer Arbeit. Dank unserer regionalen Pr\u00e4senz verstehen unsere Monteure die spezifischen Herausforderungen in Freiburg im Breisgau und k\u00f6nnen flexibel auf ge\u00e4nderte Projektanforderungen reagieren. Ein engagierter Projektkoordinator sorgt daf\u00fcr, dass Ihr Vorhaben reibungslos verl\u00e4uft und Sie jederzeit \u00fcber den Fortschritt informiert sind. Unsere Erfahrung in der Region erlaubt es uns, schnell auf unvorhergesehene Ereignisse zu reagieren und L\u00f6sungen zu finden, die Ihre Pl\u00e4ne nicht beeintr\u00e4chtigen.<\/p>\n<h3>Sichern Sie sich die Vorteile unserer Monteure in Freiburg im Breisgau<\/h3>\n<p>Dank unseres umfangreichen Netzwerks und der fundierten Kenntnisse der lokalen Gegebenheiten, ist die Pientka GmbH Ihre erste Wahl, wenn es um Monteure in Freiburg im Breisgau geht. Mit einem starken Fokus auf Kundenzufriedenheit und einer kontinuierlichen Weiterentwicklung unserer F\u00e4higkeiten, sind wir bestrebt, unseren Kunden stets den besten Service zu bieten. Setzen Sie auf einen Partner, der nicht nur Ihre Sprache spricht, sondern auch die kulturellen und geografischen Besonderheiten der Region kennt und wertsch\u00e4tzt. Kontaktieren Sie uns noch heute, um mehr \u00fcber unsere Dienstleistungen zu erfahren und Ihr n\u00e4chstes Projekt erfolgreich zu starten.<\/p>\n<\/div><\/section><\/div><\/div><!--close column table wrapper. Autoclose: 1 --><div class='flex_column_table av-y033-0046328e16928c110515692689443b81 sc-av_one_full av-equal-height-column-flextable'>\n<style type=\"text\/css\" data-created_by=\"avia_inline_auto\" id=\"style-css-av-y033-0046328e16928c110515692689443b81\">\n.flex_column.av-y033-0046328e16928c110515692689443b81{\nborder-radius:0px 0px 0px 0px;\npadding:0px 0px 0px 0px;\n}\n<\/style>\n<div  class='flex_column av-y033-0046328e16928c110515692689443b81 av_one_full  avia-builder-el-28  el_after_av_one_full  el_before_av_one_full  first flex_column_table_cell av-equal-height-column av-align-middle av-animated-generic bottom-to-top av-zero-column-padding  column-top-margin'     ><div id='av-masonry-1' class='av-masonry av-mmn24h8i-d27c125d9afb28ed68cce8d03c0518fa noHover av-fixed-size av-large-gap av-hover-overlay-active av-masonry-animation- av-masonry-col-3 av-caption-always av-caption-style-overlay av-masonry-gallery ' data-post_id=\"1332\"><div class=\"av-masonry-container isotope av-js-disabled\"><div class='av-masonry-entry isotope-item av-masonry-item-no-image '><\/div><a href=\"https:\/\/www.monteure-auf-zeit.de\/home\/leistungen\/metallfassaden\/\"  aria-label=\"Bild Metallfassaden\"  id='av-masonry-1-item-1145' data-av-masonry-item='1145' class='av-masonry-entry isotope-item post-1145 attachment type-attachment status-inherit hentry  av-masonry-item-with-image' title=\"Metallfassaden\" alt=\"Metallfassaden\"  data-av-masonry-custom-link=\"https:\/\/www.monteure-auf-zeit.de\/home\/leistungen\/metallfassaden\/\"  itemprop=\"thumbnailUrl\" ><div class='av-inner-masonry-sizer'><\/div><figure class='av-inner-masonry main_color'><div class=\"av-masonry-outerimage-container\"><div class='av-masonry-image-container' style=\"background-image: url(https:\/\/www.monteure-auf-zeit.de\/home\/wp-content\/uploads\/2026\/03\/metallfassaden-1-705x470.png);\"  title=\"Metallfassaden\" ><\/div><\/div><figcaption class='av-inner-masonry-content site-background'><div class='av-inner-masonry-content-pos'><div class='av-inner-masonry-content-pos-content'><div class='avia-arrow'><\/div><h3 class='av-masonry-entry-title entry-title '  itemprop=\"headline\" >Metallfassaden<\/h3><div class='av-masonry-entry-content entry-content'  itemprop=\"text\" >Aluminiumfassaden <br>Stahlfassaden <br>Kassettenfassaden <br>Blechfassaden <br>Vorgeh\u00e4ngte hinterl\u00fcftete Fassaden<\/div><\/div><\/div><\/figcaption><\/figure><\/a><!--end av-masonry entry--><a href=\"https:\/\/www.monteure-auf-zeit.de\/home\/leistungen\/industrieverglasung\/\"  aria-label=\"Bild industrieverglasung\"  id='av-masonry-1-item-1143' data-av-masonry-item='1143' class='av-masonry-entry isotope-item post-1143 attachment type-attachment status-inherit hentry  av-masonry-item-with-image' title=\"industrieverglasung\" alt=\"industrieverglasung\"  data-av-masonry-custom-link=\"https:\/\/www.monteure-auf-zeit.de\/home\/leistungen\/industrieverglasung\/\"  itemprop=\"thumbnailUrl\" ><div class='av-inner-masonry-sizer'><\/div><figure class='av-inner-masonry main_color'><div class=\"av-masonry-outerimage-container\"><div class='av-masonry-image-container' style=\"background-image: url(https:\/\/www.monteure-auf-zeit.de\/home\/wp-content\/uploads\/2026\/03\/industrieverglasung-1-705x470.png);\"  title=\"industrieverglasung\" ><\/div><\/div><figcaption class='av-inner-masonry-content site-background'><div class='av-inner-masonry-content-pos'><div class='av-inner-masonry-content-pos-content'><div class='avia-arrow'><\/div><h3 class='av-masonry-entry-title entry-title '  itemprop=\"headline\" >industrieverglasung<\/h3><div class='av-masonry-entry-content entry-content'  itemprop=\"text\" >Pfosten-Riegel-Konstruktionen <br>Elementfassaden <br>Glas-Aluminium-Fassaden <br>Curtain-Wall-Systeme <br>Brandschutzverglasungen<\/div><\/div><\/div><\/figcaption><\/figure><\/a><!--end av-masonry entry--><a href=\"https:\/\/www.monteure-auf-zeit.de\/home\/leistungen\/paneelbau\/\"  aria-label=\"Bild Paneelbau\"  id='av-masonry-1-item-1146' data-av-masonry-item='1146' class='av-masonry-entry isotope-item post-1146 attachment type-attachment status-inherit hentry  av-masonry-item-with-image' title=\"Paneelbau\" alt=\"Paneelbau\"  data-av-masonry-custom-link=\"https:\/\/www.monteure-auf-zeit.de\/home\/leistungen\/paneelbau\/\"  itemprop=\"thumbnailUrl\" ><div class='av-inner-masonry-sizer'><\/div><figure class='av-inner-masonry main_color'><div class=\"av-masonry-outerimage-container\"><div class='av-masonry-image-container' style=\"background-image: url(https:\/\/www.monteure-auf-zeit.de\/home\/wp-content\/uploads\/2026\/03\/paneelbau-1-705x470.png);\"  title=\"Paneelbau\" ><\/div><\/div><figcaption class='av-inner-masonry-content site-background'><div class='av-inner-masonry-content-pos'><div class='av-inner-masonry-content-pos-content'><div class='avia-arrow'><\/div><h3 class='av-masonry-entry-title entry-title '  itemprop=\"headline\" >Paneelbau<\/h3><div class='av-masonry-entry-content entry-content'  itemprop=\"text\" >Sandwichpaneele <br>Dachpaneele <br>Wandpaneele <br>Isopaneele <br>Trapezblech <br>Unterkonstruktionen<\/div><\/div><\/div><\/figcaption><\/figure><\/a><!--end av-masonry entry--><a href=\"https:\/\/www.monteure-auf-zeit.de\/home\/leistungen\/kuehlraumpaneele-isolierbau\/\"  aria-label=\"Bild K\u00fchlraumpaneele &#038; Isolierbau\"  id='av-masonry-1-item-1144' data-av-masonry-item='1144' class='av-masonry-entry isotope-item post-1144 attachment type-attachment status-inherit hentry  av-masonry-item-with-image' title=\"K\u00fchlraumpaneele &#038; Isolierbau\" alt=\"Monteure K\u00fchlraumpanele\"  data-av-masonry-custom-link=\"https:\/\/www.monteure-auf-zeit.de\/home\/leistungen\/kuehlraumpaneele-isolierbau\/\"  itemprop=\"thumbnailUrl\" ><div class='av-inner-masonry-sizer'><\/div><figure class='av-inner-masonry main_color'><div class=\"av-masonry-outerimage-container\"><div class='av-masonry-image-container' style=\"background-image: url(https:\/\/www.monteure-auf-zeit.de\/home\/wp-content\/uploads\/2026\/03\/kuehlraumpaneele-1-705x470.png);\"  title=\"K\u00fchlraumpaneele &#038; Isolierbau\" ><\/div><\/div><figcaption class='av-inner-masonry-content site-background'><div class='av-inner-masonry-content-pos'><div class='av-inner-masonry-content-pos-content'><div class='avia-arrow'><\/div><h3 class='av-masonry-entry-title entry-title '  itemprop=\"headline\" >K\u00fchlraumpaneele &#038; Isolierbau<\/h3><div class='av-masonry-entry-content entry-content'  itemprop=\"text\" >K\u00fchlraumpaneele <br>Tiefk\u00fchlpaneele <br>Reinraumpaneele <br>Hygienepaneele <br>Isolierte Decken- und Wandsysteme<\/div><\/div><\/div><\/figcaption><\/figure><\/a><!--end av-masonry entry--><a href=\"https:\/\/www.monteure-auf-zeit.de\/home\/leistungen\/stahlbau-metallbau\/\"  aria-label=\"Bild Stahlbau und Metallbau\"  id='av-masonry-1-item-1148' data-av-masonry-item='1148' class='av-masonry-entry isotope-item post-1148 attachment type-attachment status-inherit hentry  av-masonry-item-with-image' title=\"Stahlbau und Metallbau\" alt=\"Stahlbau &amp; Metallbau\"  data-av-masonry-custom-link=\"https:\/\/www.monteure-auf-zeit.de\/home\/leistungen\/stahlbau-metallbau\/\"  itemprop=\"thumbnailUrl\" ><div class='av-inner-masonry-sizer'><\/div><figure class='av-inner-masonry main_color'><div class=\"av-masonry-outerimage-container\"><div class='av-masonry-image-container' style=\"background-image: url(https:\/\/www.monteure-auf-zeit.de\/home\/wp-content\/uploads\/2026\/03\/stahlbau_metallbau-705x470.png);\"  title=\"Stahlbau und Metallbau\" ><\/div><\/div><figcaption class='av-inner-masonry-content site-background'><div class='av-inner-masonry-content-pos'><div class='av-inner-masonry-content-pos-content'><div class='avia-arrow'><\/div><h3 class='av-masonry-entry-title entry-title '  itemprop=\"headline\" >Stahlbau und Metallbau<\/h3><div class='av-masonry-entry-content entry-content'  itemprop=\"text\" >Stahlkonstruktionen <br>Metallunterkonstruktionen <br>Tragwerke f\u00fcr Fassaden <br>Hallenkonstruktionen<\/div><\/div><\/div><\/figcaption><\/figure><\/a><!--end av-masonry entry--><a href=\"https:\/\/www.monteure-auf-zeit.de\/home\/leistungen\/industriemontagen\/\"  aria-label=\"Bild Industriemontagen\"  id='av-masonry-1-item-1142' data-av-masonry-item='1142' class='av-masonry-entry isotope-item post-1142 attachment type-attachment status-inherit hentry  av-masonry-item-with-image' title=\"Industriemontagen\" alt=\"Industriemontagen\"  data-av-masonry-custom-link=\"https:\/\/www.monteure-auf-zeit.de\/home\/leistungen\/industriemontagen\/\"  itemprop=\"thumbnailUrl\" ><div class='av-inner-masonry-sizer'><\/div><figure class='av-inner-masonry main_color'><div class=\"av-masonry-outerimage-container\"><div class='av-masonry-image-container' style=\"background-image: url(https:\/\/www.monteure-auf-zeit.de\/home\/wp-content\/uploads\/2026\/03\/industriemontagen-1-705x470.png);\"  title=\"Industriemontagen\" ><\/div><\/div><figcaption class='av-inner-masonry-content site-background'><div class='av-inner-masonry-content-pos'><div class='av-inner-masonry-content-pos-content'><div class='avia-arrow'><\/div><h3 class='av-masonry-entry-title entry-title '  itemprop=\"headline\" >Industriemontagen<\/h3><div class='av-masonry-entry-content entry-content'  itemprop=\"text\" >Montagearbeiten im Industrieumfeld <br>Einhausungen technischer Anlagen <br>Einhausungen <br>Projektunterst\u00fctzung auf Gro\u00dfbaustellen<\/div><\/div><\/div><\/figcaption><\/figure><\/a><!--end av-masonry entry--><\/div><\/div><\/div><\/div><!--close column table wrapper. Autoclose: 1 --><div class='flex_column_table av-27m4z-f97f36af2f2acd99375967dfd1f636f0 sc-av_one_full av-equal-height-column-flextable'>\n<style type=\"text\/css\" data-created_by=\"avia_inline_auto\" id=\"style-css-av-27m4z-f97f36af2f2acd99375967dfd1f636f0\">\n.flex_column.av-27m4z-f97f36af2f2acd99375967dfd1f636f0{\nborder-radius:0px 0px 0px 0px;\npadding:0px 0px 0px 0px;\n}\n<\/style>\n<div  class='flex_column av-27m4z-f97f36af2f2acd99375967dfd1f636f0 av_one_full  avia-builder-el-30  el_after_av_one_full  el_before_av_one_full  first flex_column_table_cell av-equal-height-column av-align-middle av-animated-generic bottom-to-top av-zero-column-padding  column-top-margin'     ><style type=\"text\/css\" data-created_by=\"avia_inline_auto\" id=\"style-css-av-mmn299cj-b7c47180df28f9607a3206d49bde7cc4\">\n#top .av_textblock_section.av-mmn299cj-b7c47180df28f9607a3206d49bde7cc4 .avia_textblock{\ncolor:#ffffff;\n}\n<\/style>\n<section  class='av_textblock_section av-mmn299cj-b7c47180df28f9607a3206d49bde7cc4 '   itemscope=\"itemscope\" itemtype=\"https:\/\/schema.org\/CreativeWork\" ><div class='avia_textblock av_inherit_color'  itemprop=\"text\" ><h2>Monteure Freiburg im Breisgau: Vertrauen &#038; Lokale N\u00e4he<\/h2>\n<p>Die Pientka GmbH bietet seit Jahren exzellente Dienstleistungen im Bereich Metallbau und Stahlbau f\u00fcr Unternehmen in Freiburg im Breisgau. Mit einem besonderen Schwerpunkt auf Vertrauen und lokaler N\u00e4he sind wir Ihr verl\u00e4sslicher Partner vor Ort. Unsere erfahrenen Monteure verstehen die Anforderungen und Besonderheiten der Region umfassend, sei es in der pulsierenden Wissenschaftsstadt, dem Industriegebiet Nord oder in der idyllischen Umgebung des Schwarzwald-Tores.<\/p>\n<p>In Freiburg im Breisgau ist es entscheidend, einen Partner an der Seite zu haben, der nicht nur durch fachliche Kompetenz \u00fcberzeugt, sondern auch die regionale N\u00e4he voll aussch\u00f6pft. Unsere Monteure sind eng mit der Kultur und Wirtschaft der Stadt verwoben, was sich in ma\u00dfgeschneiderten L\u00f6sungen f\u00fcr Ihre Projekte widerspiegelt. Ob es sich um Gro\u00dfprojekte der Uni-Klinik oder spezielle Anforderungen der historischen Altstadt handelt, unsere Experten bieten stets individuelle Beratung und zuverl\u00e4ssige Unterst\u00fctzung.<\/p>\n<p>Mit der Pientka GmbH profitieren Sie nicht nur von der Expertise unserer Fachleute, sondern auch von der schnellen Reaktionsf\u00e4higkeit, die nur ein lokaler Dienstleister bieten kann. Unsere N\u00e4he zu den wichtigen Knotenpunkten der Stadt erm\u00f6glicht es uns, schnell vor Ort zu sein und flexibel auf Ihre Anforderungen zu reagieren. Dies minimiert Wartezeiten und sorgt daf\u00fcr, dass Ihre Projekte stets im Zeitplan bleiben.<\/p>\n<p>Im Bereich Metallbau und Stahlbau legen wir besonderen Wert auf hochwertige Materialien und pr\u00e4zise Verarbeitung. Unsere Monteure nutzen modernstes Equipment, um h\u00f6chste Standards zu gew\u00e4hrleisten. Davon profitieren nicht nur die industriellen Projekte im Industriegebiet Nord, sondern auch anspruchsvolle Projekte in anderen st\u00e4dtischen Bereichen. Jeder Auftrag wird mit dem Anspruch auf exzellente Ausf\u00fchrung und nachhaltige Qualit\u00e4t angegangen.<\/p>\n<p>Die pers\u00f6nliche Beratung steht bei uns im Mittelpunkt \u2013 wir h\u00f6ren Ihnen zu und entwickeln gemeinsam mit Ihnen ma\u00dfgeschneiderte L\u00f6sungen. Dies schafft Vertrauen und sorgt daf\u00fcr, dass wir als zuverl\u00e4ssiger Partner an Ihrer Seite stehen. Ganz gleich, ob Sie Projekte im Zentrum von Freiburg oder an den R\u00e4ndern der Stadt verwirklichen m\u00f6chten, unsere Monteure sind darauf vorbereitet, Ihren spezifischen Bed\u00fcrfnissen gerecht zu werden.<\/p>\n<p>Dank unserer tiefen Verwurzelung in Freiburg im Breisgau bieten wir nicht nur ausgezeichnete fachliche Leistungen, sondern verstehen uns auch als Teil der regionalen Infrastruktur. Unsere partnerschaftliche Zusammenarbeit mit Unternehmen vor Ort, kombiniert mit unserer Kompetenz im Metallbau und Stahlbau, macht uns zur idealen Wahl f\u00fcr Ihre Projekte. Verlassen Sie sich auf die Pientka GmbH und genie\u00dfen Sie den Vorteil, mit einem lokalen Experten zu arbeiten, der Ihre Sprache spricht und Ihre Bed\u00fcrfnisse versteht.<\/p>\n<p>Wenn Sie mehr \u00fcber unsere Dienstleistungen im Bereich Monteure Freiburg im Breisgau erfahren m\u00f6chten oder eine individuelle Beratung w\u00fcnschen, besuchen Sie unsere Webseite unter <a href=\"\"https:\/\/monteure-auf-zeit.de\/\"\">https:\/\/monteure-auf-zeit.de\/<\/a>. Lassen Sie uns gemeinsam die perfekte L\u00f6sung f\u00fcr Ihr Projekt in Freiburg im Breisgau entwickeln. Vertrauen Sie auf die Pientka GmbH \u2013 Ihren Partner f\u00fcr lokale N\u00e4he und erstklassige Qualit\u00e4t.<\/p>\n<\/div><\/section><\/div><\/div><!--close column table wrapper. Autoclose: 1 --><div class='flex_column_table av-1lvnj-a9be1db13e5148b8fc86174c988fae19 sc-av_one_full av-equal-height-column-flextable'>\n<style type=\"text\/css\" data-created_by=\"avia_inline_auto\" id=\"style-css-av-1lvnj-a9be1db13e5148b8fc86174c988fae19\">\n.flex_column.av-1lvnj-a9be1db13e5148b8fc86174c988fae19{\nborder-radius:0px 0px 0px 0px;\npadding:0px 0px 0px 0px;\n}\n<\/style>\n<div  class='flex_column av-1lvnj-a9be1db13e5148b8fc86174c988fae19 av_one_full  avia-builder-el-32  el_after_av_one_full  el_before_av_hr  first flex_column_table_cell av-equal-height-column av-align-middle av-animated-generic bottom-to-top av-zero-column-padding  column-top-margin'     ><div id='av-masonry-2' class='av-masonry av-yc4f-c8025a71d74ca144ef221d2789207617 noHover av-fixed-size av-large-gap av-hover-overlay-active av-masonry-animation- av-masonry-col-3 av-caption-always av-caption-style-overlay av-masonry-gallery ' data-post_id=\"1332\"><div class=\"av-masonry-container isotope av-js-disabled\"><div class='av-masonry-entry isotope-item av-masonry-item-no-image '><\/div><a href=\"https:\/\/www.monteure-auf-zeit.de\/home\/branchen\/anlagenbau-foerdertechnik\/\"  aria-label=\"Bild Industrieanlagen &#038; Produktionsstandorte\"  id='av-masonry-2-item-1156' data-av-masonry-item='1156' class='av-masonry-entry isotope-item post-1156 attachment type-attachment status-inherit hentry  av-masonry-item-with-image' title=\"Industrieanlagen &#038; Produktionsstandorte\" alt=\"Anlagenbau und F\u00f6rdertechnik\"  data-av-masonry-custom-link=\"https:\/\/www.monteure-auf-zeit.de\/home\/branchen\/anlagenbau-foerdertechnik\/\"  itemprop=\"thumbnailUrl\" ><div class='av-inner-masonry-sizer'><\/div><figure class='av-inner-masonry main_color'><div class=\"av-masonry-outerimage-container\"><div class='av-masonry-image-container' style=\"background-image: url(https:\/\/www.monteure-auf-zeit.de\/home\/wp-content\/uploads\/2026\/03\/anlagenbau_foerdertechnik-705x470.png);\"  title=\"Industrieanlagen &#038; Produktionsstandorte\" ><\/div><\/div><figcaption class='av-inner-masonry-content site-background'><div class='av-inner-masonry-content-pos'><div class='av-inner-masonry-content-pos-content'><div class='avia-arrow'><\/div><h3 class='av-masonry-entry-title entry-title '  itemprop=\"headline\" >Industrieanlagen &#038; Produktionsstandorte<\/h3><div class='av-masonry-entry-content entry-content'  itemprop=\"text\" >F\u00f6rderanlagenbau <br>Produktionslinien <br>Einhausungen technischer Anlagen <br>Industrieanlagen<\/div><\/div><\/div><\/figcaption><\/figure><\/a><!--end av-masonry entry--><a href=\"https:\/\/www.monteure-auf-zeit.de\/home\/branchen\/energie-kraftwerksbau-konventionell\/\"  aria-label=\"Bild Energie- &#038; Kraftwerksbau (konventionell)\"  id='av-masonry-2-item-1157' data-av-masonry-item='1157' class='av-masonry-entry isotope-item post-1157 attachment type-attachment status-inherit hentry  av-masonry-item-with-image' title=\"Energie- &#038; Kraftwerksbau (konventionell)\" alt=\"Energie und Kraftwerkbau\"  data-av-masonry-custom-link=\"https:\/\/www.monteure-auf-zeit.de\/home\/branchen\/energie-kraftwerksbau-konventionell\/\"  itemprop=\"thumbnailUrl\" ><div class='av-inner-masonry-sizer'><\/div><figure class='av-inner-masonry main_color'><div class=\"av-masonry-outerimage-container\"><div class='av-masonry-image-container' style=\"background-image: url(https:\/\/www.monteure-auf-zeit.de\/home\/wp-content\/uploads\/2026\/03\/energie_kraftwerksbau-705x470.png);\"  title=\"Energie- &#038; Kraftwerksbau (konventionell)\" ><\/div><\/div><figcaption class='av-inner-masonry-content site-background'><div class='av-inner-masonry-content-pos'><div class='av-inner-masonry-content-pos-content'><div class='avia-arrow'><\/div><h3 class='av-masonry-entry-title entry-title '  itemprop=\"headline\" >Energie- &#038; Kraftwerksbau (konventionell)<\/h3><div class='av-masonry-entry-content entry-content'  itemprop=\"text\" >Energieanlagen <br>Kraftwerksgeb\u00e4ude <br>Turbinenhallen <br>Technikzentralen<\/div><\/div><\/div><\/figcaption><\/figure><\/a><!--end av-masonry entry--><a href=\"https:\/\/www.monteure-auf-zeit.de\/home\/branchen\/objekt-gewerbebau\/\"  aria-label=\"Bild Objekt- &#038; Gewerbebau\"  id='av-masonry-2-item-1159' data-av-masonry-item='1159' class='av-masonry-entry isotope-item post-1159 attachment type-attachment status-inherit hentry  av-masonry-item-with-image' title=\"Objekt- &#038; Gewerbebau\" alt=\"Objekt und Gewerbebau\"  data-av-masonry-custom-link=\"https:\/\/www.monteure-auf-zeit.de\/home\/branchen\/objekt-gewerbebau\/\"  itemprop=\"thumbnailUrl\" ><div class='av-inner-masonry-sizer'><\/div><figure class='av-inner-masonry main_color'><div class=\"av-masonry-outerimage-container\"><div class='av-masonry-image-container' style=\"background-image: url(https:\/\/www.monteure-auf-zeit.de\/home\/wp-content\/uploads\/2026\/03\/objekt_gewerbebau_v2-705x471.png);\"  title=\"Objekt- &#038; Gewerbebau\" ><\/div><\/div><figcaption class='av-inner-masonry-content site-background'><div class='av-inner-masonry-content-pos'><div class='av-inner-masonry-content-pos-content'><div class='avia-arrow'><\/div><h3 class='av-masonry-entry-title entry-title '  itemprop=\"headline\" >Objekt- &#038; Gewerbebau<\/h3><div class='av-masonry-entry-content entry-content'  itemprop=\"text\" >Einkaufszentren <br>Gewerbeimmobilien <br>Ladenbau <br>Verwaltungsbauten<\/div><\/div><\/div><\/figcaption><\/figure><\/a><!--end av-masonry entry--><a href=\"https:\/\/www.monteure-auf-zeit.de\/home\/branchen\/kuehlraumbau-tiefkuehlbau\/\"  aria-label=\"Bild K\u00fchlraumbau &#038; Tiefk\u00fchlbau\"  id='av-masonry-2-item-1158' data-av-masonry-item='1158' class='av-masonry-entry isotope-item post-1158 attachment type-attachment status-inherit hentry  av-masonry-item-with-image' title=\"K\u00fchlraumbau &#038; Tiefk\u00fchlbau\" alt=\"K\u00fchlraumbau und Tiefk\u00fchlbau\"  data-av-masonry-custom-link=\"https:\/\/www.monteure-auf-zeit.de\/home\/branchen\/kuehlraumbau-tiefkuehlbau\/\"  itemprop=\"thumbnailUrl\" ><div class='av-inner-masonry-sizer'><\/div><figure class='av-inner-masonry main_color'><div class=\"av-masonry-outerimage-container\"><div class='av-masonry-image-container' style=\"background-image: url(https:\/\/www.monteure-auf-zeit.de\/home\/wp-content\/uploads\/2026\/03\/kuehlraumbau_tiefkuehlbau-705x470.png);\"  title=\"K\u00fchlraumbau &#038; Tiefk\u00fchlbau\" ><\/div><\/div><figcaption class='av-inner-masonry-content site-background'><div class='av-inner-masonry-content-pos'><div class='av-inner-masonry-content-pos-content'><div class='avia-arrow'><\/div><h3 class='av-masonry-entry-title entry-title '  itemprop=\"headline\" >K\u00fchlraumbau &#038; Tiefk\u00fchlbau<\/h3><div class='av-masonry-entry-content entry-content'  itemprop=\"text\" >K\u00fchlh\u00e4user <br>Tiefk\u00fchllager <br>Lebensmittelproduktion <br>Pharma-Produktionsst\u00e4tten <br>Hygienebereiche<\/div><\/div><\/div><\/figcaption><\/figure><\/a><!--end av-masonry entry--><a href=\"https:\/\/www.monteure-auf-zeit.de\/home\/branchen\/hallen-logistikbau\/\"  aria-label=\"Bild Hallen- &#038; Logistikbau\"  id='av-masonry-2-item-1160' data-av-masonry-item='1160' class='av-masonry-entry isotope-item post-1160 attachment type-attachment status-inherit hentry  av-masonry-item-with-image' title=\"Hallen- &#038; Logistikbau\" alt=\"Vier Monteure auf dem Dach einer Halle montieren Dachpaneelen.\"  data-av-masonry-custom-link=\"https:\/\/www.monteure-auf-zeit.de\/home\/branchen\/hallen-logistikbau\/\"  itemprop=\"thumbnailUrl\" ><div class='av-inner-masonry-sizer'><\/div><figure class='av-inner-masonry main_color'><div class=\"av-masonry-outerimage-container\"><div class='av-masonry-image-container' style=\"background-image: url(https:\/\/www.monteure-auf-zeit.de\/home\/wp-content\/uploads\/2026\/03\/hallen_logistikbau_v2-705x471.png);\"  title=\"Hallen- &#038; Logistikbau\" ><\/div><\/div><figcaption class='av-inner-masonry-content site-background'><div class='av-inner-masonry-content-pos'><div class='av-inner-masonry-content-pos-content'><div class='avia-arrow'><\/div><h3 class='av-masonry-entry-title entry-title '  itemprop=\"headline\" >Hallen- &#038; Logistikbau<\/h3><div class='av-masonry-entry-content entry-content'  itemprop=\"text\" >Lagerhallen <br>Logistikzentren <br>Gewerbehallen <br>Stahlhallen <br>Umschlaghallen<\/div><\/div><\/div><\/figcaption><\/figure><\/a><!--end av-masonry entry--><a href=\"https:\/\/www.monteure-auf-zeit.de\/home\/branchen\/industrieanlagen-produktionsstandorte\/\"  aria-label=\"Bild Anlagenbau &#038; F\u00f6rdertechnik\"  id='av-masonry-2-item-1161' data-av-masonry-item='1161' class='av-masonry-entry isotope-item post-1161 attachment type-attachment status-inherit hentry  av-masonry-item-with-image' title=\"Anlagenbau &#038; F\u00f6rdertechnik\" alt=\"Industrieanlagen\"  data-av-masonry-custom-link=\"https:\/\/www.monteure-auf-zeit.de\/home\/branchen\/industrieanlagen-produktionsstandorte\/\"  itemprop=\"thumbnailUrl\" ><div class='av-inner-masonry-sizer'><\/div><figure class='av-inner-masonry main_color'><div class=\"av-masonry-outerimage-container\"><div class='av-masonry-image-container' style=\"background-image: url(https:\/\/www.monteure-auf-zeit.de\/home\/wp-content\/uploads\/2026\/03\/industrieanlagen_v3-705x471.png);\"  title=\"Anlagenbau &#038; F\u00f6rdertechnik\" ><\/div><\/div><figcaption class='av-inner-masonry-content site-background'><div class='av-inner-masonry-content-pos'><div class='av-inner-masonry-content-pos-content'><div class='avia-arrow'><\/div><h3 class='av-masonry-entry-title entry-title '  itemprop=\"headline\" >Anlagenbau &#038; F\u00f6rdertechnik<\/h3><div class='av-masonry-entry-content entry-content'  itemprop=\"text\" >Produktionshallen <br>Industrieanlagen <br>Maschinenbau-Standorte <br>Technikgeb\u00e4ude <br>Erweiterungs- und Umbauprojekte <br>Papiermaschinen & Papierindustrie<\/div><\/div><\/div><\/figcaption><\/figure><\/a><!--end av-masonry entry--><\/div><\/div><\/div><\/div><!--close column table wrapper. Autoclose: 1 -->\n<style type=\"text\/css\" data-created_by=\"avia_inline_auto\" id=\"style-css-av-12evr-2952240bdecb64c88f1b904d7afa104a\">\n#top .hr.hr-invisible.av-12evr-2952240bdecb64c88f1b904d7afa104a{\nheight:40px;\n}\n<\/style>\n<div  class='hr av-12evr-2952240bdecb64c88f1b904d7afa104a hr-invisible  avia-builder-el-34  el_after_av_one_full  avia-builder-el-last '><span class='hr-inner '><span class=\"hr-inner-style\"><\/span><\/span><\/div>\n<\/div><\/div><\/div><!-- close content main div --><\/div><\/div><\/div>\n<style type=\"text\/css\" data-created_by=\"avia_inline_auto\" id=\"style-css-av-142oj-16-a4bac1380ddad05ea08a5b9673e51610\">\n.avia-section.av-142oj-16-a4bac1380ddad05ea08a5b9673e51610{\nbackground-color:#f4f4f4;\nbackground-image:unset;\n}\n<\/style>\n<div id='av_section_4'  class='avia-section av-142oj-16-a4bac1380ddad05ea08a5b9673e51610 main_color avia-section-default avia-no-border-styling  avia-builder-el-35  el_after_av_section  el_before_av_section  avia-bg-style-scroll container_wrap sidebar_right'  ><div class='container av-section-cont-open' ><div class='template-page content  av-content-small alpha units'><div class='post-entry post-entry-type-page post-entry-1332'><div class='entry-content-wrapper clearfix'>\n\n<style type=\"text\/css\" data-created_by=\"avia_inline_auto\" id=\"style-css-av-l0ksysdz-7-6f6b3ed647b89b5d9759e4d2ebc93073\">\n.flex_column.av-l0ksysdz-7-6f6b3ed647b89b5d9759e4d2ebc93073{\nborder-radius:0px 0px 0px 0px;\npadding:0px 0px 0px 0px;\n}\n<\/style>\n<div  class='flex_column av-l0ksysdz-7-6f6b3ed647b89b5d9759e4d2ebc93073 av_one_full  avia-builder-el-36  avia-builder-el-no-sibling  first flex_column_div av-animated-generic bottom-to-top av-zero-column-padding  '     ><\/div><\/div><\/div><\/div><!-- close content main div --><\/div><\/div>\n<style type=\"text\/css\" data-created_by=\"avia_inline_auto\" id=\"style-css-av-s5a7-36820c2f6536144889e101f7a2a059c3\">\n.avia-section.av-s5a7-36820c2f6536144889e101f7a2a059c3 .av-parallax .av-parallax-inner{\nbackground-repeat:no-repeat;\nbackground-image:url(https:\/\/www.monteure-auf-zeit.de\/home\/wp-content\/uploads\/2022\/03\/AdobeStock_43086186.jpeg);\nbackground-position:50% 50%;\nbackground-attachment:scroll;\n}\n.avia-section.av-s5a7-36820c2f6536144889e101f7a2a059c3 .av-section-color-overlay{\nopacity:0.5;\nbackground-color:#000000;\n}\n<\/style>\n<div id='av_section_5'  class='avia-section av-s5a7-36820c2f6536144889e101f7a2a059c3 main_color avia-section-default avia-no-border-styling  avia-builder-el-38  el_after_av_section  el_before_av_section  avia-full-stretch av-parallax-section avia-bg-style-parallax av-section-color-overlay-active av-minimum-height av-minimum-height-75 av-height-75  container_wrap sidebar_right'  data-section-bg-repeat='stretch' data-av_minimum_height_pc='75' data-av_min_height_opt='75'><div class='av-parallax' data-avia-parallax-ratio='0.3' ><div class='av-parallax-inner main_color avia-full-stretch'><\/div><\/div><div class=\"av-section-color-overlay-wrap\"><div class=\"av-section-color-overlay\"><\/div><div class='container av-section-cont-open' ><div class='template-page content  av-content-small alpha units'><div class='post-entry post-entry-type-page post-entry-1332'><div class='entry-content-wrapper clearfix'>\n\n<style type=\"text\/css\" data-created_by=\"avia_inline_auto\" id=\"style-css-av-1mwuf-55e482cfb622f82411c0434d13d9a75f\">\n.flex_column.av-1mwuf-55e482cfb622f82411c0434d13d9a75f{\nborder-radius:0px 0px 0px 0px;\npadding:0px 0px 0px 0px;\n}\n<\/style>\n<div  class='flex_column av-1mwuf-55e482cfb622f82411c0434d13d9a75f av_one_fourth  avia-builder-el-39  el_before_av_one_half  avia-builder-el-first  first flex_column_div av-zero-column-padding  '     ><\/div>\n<style type=\"text\/css\" data-created_by=\"avia_inline_auto\" id=\"style-css-av-1mwuf-1-689885c5d447987a9c79283bca7ef61e\">\n.flex_column.av-1mwuf-1-689885c5d447987a9c79283bca7ef61e{\nborder-radius:0px 0px 0px 0px;\npadding:0px 0px 0px 0px;\n}\n<\/style>\n<div  class='flex_column av-1mwuf-1-689885c5d447987a9c79283bca7ef61e av_one_half  avia-builder-el-40  el_after_av_one_fourth  avia-builder-el-last  flex_column_div av-zero-column-padding  '     ><div  class='avia-button-wrap avia-button-center  avia-builder-el-41  avia-builder-el-no-sibling '>\n<style type=\"text\/css\" data-created_by=\"avia_inline_auto\" id=\"style-css-av-kq9g73mb-3b191e19d5aa23e78653f57c7bc5deb1\">\n#top #wrap_all .avia-button.av-kq9g73mb-3b191e19d5aa23e78653f57c7bc5deb1{\ncolor:#ffffff;\ntransition:all 0.4s ease-in-out;\n}\n#top #wrap_all .avia-button.av-kq9g73mb-3b191e19d5aa23e78653f57c7bc5deb1:hover{\ncolor:#ffffff;\ntransition:all 0.4s ease-in-out;\n}\n<\/style>\n<a href='https:\/\/www.monteure-auf-zeit.de\/home\/kontakt\/' class='avia-color-theme-color avia-button avia-button-fullwidth av-kq9g73mb-3b191e19d5aa23e78653f57c7bc5deb1 avia-icon_select-yes-left-icon avia-color-theme-color'   aria-label=\"Hier geht\u2019s zum ersten Kontakt!\"><span class='avia_button_icon avia_button_icon_left' aria-hidden='true' data-av_icon='\ue80b' data-av_iconfont='entypo-fontello'><\/span><span class='avia_iconbox_title' >Hier geht\u2019s zum ersten Kontakt!<\/span><span class='avia_button_background avia-button avia-button-fullwidth avia-color-theme-color-highlight'><\/span><\/a><\/div><\/div>\n<\/p>\n<\/div><\/div><\/div><!-- close content main div --><\/div><\/div><\/div><div id='av_section_6'  class='avia-section av-av_section-e4ef95e6d64daa5d43c9bd2540e73530 main_color avia-section-default avia-no-border-styling  avia-builder-el-42  el_after_av_section  avia-builder-el-last  avia-bg-style-scroll container_wrap sidebar_right'  ><div class='container av-section-cont-open' ><div class='template-page content  av-content-small alpha units'><div class='post-entry post-entry-type-page post-entry-1332'><div class='entry-content-wrapper clearfix'>\n<div  class='flex_column av-av_one_full-a2cef933b0a555f25d1e39b22a8e9dae av_one_full  avia-builder-el-43  el_before_av_one_third  avia-builder-el-first  first flex_column_div  '     ><section  class='av_textblock_section av-mnyzpu4x-48b4546c6775be94d8b2690c7cac9cfd '   itemscope=\"itemscope\" itemtype=\"https:\/\/schema.org\/CreativeWork\" ><div class='avia_textblock'  itemprop=\"text\" ><p>Die Pientka GmbH bringt Ihnen Fachkompetenz und Erfahrung in den Bereichen Fassadenbau und Hallenbau direkt nach Freiburg im Breisgau. Unsere Monteure sind speziell ausgebildet, um Ihre Projekte im Breisgau pr\u00e4zise und effizient zu realisieren. Unsere Dienstleistungen als Monteure Freiburg im Breisgau spiegeln nicht nur unser handwerkliches K\u00f6nnen wider, sondern auch unsere tiefe Kenntnis der regionalen Anforderungen und Bauvorschriften.<\/p>\n<h2>Kompetenz und Erfahrung im Fassadenbau<\/h2>\n<p>Fassaden sind das Gesicht eines jeden Geb\u00e4udes und spielen eine entscheidende Rolle f\u00fcr dessen Energieeffizienz und \u00e4sthetische Wirkung. Die Monteure der Pientka GmbH sind darauf spezialisiert, innovative Fassadenl\u00f6sungen zu entwickeln, die sich harmonisch in die Umgebung Freiburgs einf\u00fcgen. Dank unserer langj\u00e4hrigen Erfahrung k\u00f6nnen wir unseren Kunden in Freiburg im Breisgau ma\u00dfgeschneiderte L\u00f6sungen anbieten, die sowohl die \u00e4sthetischen Erwartungen als auch die technischen Anforderungen erf\u00fcllen. Unsere Expertise erstreckt sich von traditionellen Materialien bis hin zu modernen Konstruktionen, um den spezifischen Herausforderungen des regionalen Klimas gerecht zu werden.<\/p>\n<h2>Hallenbau \u2013 Struktur und Design vereint<\/h2>\n<p>Im Bereich des Hallenbaus bieten unsere Monteure umfassende Dienstleistungen, die von der Planung \u00fcber die Bauleitung bis hin zur Fertigstellung reichen. Freiburg im Breisgau, bekannt f\u00fcr seine Mischung aus urbanen und l\u00e4ndlichen R\u00e4umen, profitiert von unseren flexiblen und anpassungsf\u00e4higen Hallenkonstruktionen. Die Pientka GmbH legt gro\u00dfen Wert darauf, effiziente Logistikl\u00f6sungen, Tragkonstruktionen und langlebige Materialien zu integrieren, die den Anforderungen eines vielf\u00e4ltigen Nutzungsprofils gerecht werden. Unsere L\u00f6sungen sind ideal f\u00fcr industrielle, agrarwirtschaftliche und kommerzielle Anwendungen.<\/p>\n<h2>Vorteile einer Zusammenarbeit mit der Pientka GmbH<\/h2>\n<p>Die Entscheidung f\u00fcr die Pientka GmbH als Monteure in Freiburg im Breisgau bietet zahlreiche Vorteile. Durch unsere lokalspezifische Fachkenntnis k\u00f6nnen wir auf die besonderen Anforderungen und Vorlieben der Region Freiburg eingehen. Unsere Monteure sind nicht nur f\u00fcr ihre technischen F\u00e4higkeiten bekannt, sondern auch f\u00fcr ihre Verl\u00e4sslichkeit und ihre F\u00e4higkeit, Projekte fristgerecht und innerhalb des Budgets abzuschlie\u00dfen. Eine Zusammenarbeit mit uns bedeutet, sich auf Qualit\u00e4t und Pr\u00e4zision verlassen zu k\u00f6nnen, was in jeder Bauphase von entscheidender Bedeutung ist.<\/p>\n<h2>Ihr Projekt in den besten H\u00e4nden<\/h2>\n<p>Jedes Bauprojekt in Freiburg im Breisgau ist einzigartig, und wir legen gro\u00dfen Wert darauf, die Visionen unserer Kunden in die Realit\u00e4t umzusetzen. Durch unsere sorgf\u00e4ltige Planung und unser Augenmerk auf Details gew\u00e4hrleisten unsere Monteure, dass jedes Projekt, ob gro\u00df oder klein, p\u00fcnktlich und einwandfrei abgeschlossen wird. Mit der Pientka GmbH als Monteure Freiburg im Breisgau haben Sie einen Partner, der nicht nur versteht, was Sie ben\u00f6tigen, sondern auch dar\u00fcber hinaus denkt, um innovative und nachhaltige L\u00f6sungen zu liefern.<\/p>\n<p>Wenn Sie auf der Suche nach zuverl\u00e4ssigen und qualifizierten Monteuren f\u00fcr Fassadenbau und Hallenbau in Freiburg im Breisgau sind, ist die Pientka GmbH Ihre erste Wahl. Vertrauen Sie unseren Experten, um Ihre Bauprojekte effizient und professionell zu realisieren und profitieren Sie von unserer lokalen Expertise und unserem Engagement f\u00fcr Exzellenz.<\/p>\n<\/div><\/section><\/div><div  class='flex_column av-av_one_third-a2cef933b0a555f25d1e39b22a8e9dae av_one_third  avia-builder-el-45  el_after_av_one_full  el_before_av_one_third  first flex_column_div  column-top-margin'     ><style type=\"text\/css\" data-created_by=\"avia_inline_auto\" id=\"style-css-av-mnyzqr0l-8a35c87daf82d6382e2820f4ac4567e1\">\n.avia-image-container.av-mnyzqr0l-8a35c87daf82d6382e2820f4ac4567e1 img.avia_image{\nbox-shadow:none;\n}\n.avia-image-container.av-mnyzqr0l-8a35c87daf82d6382e2820f4ac4567e1 .av-image-caption-overlay-center{\ncolor:#ffffff;\n}\n<\/style>\n<div  class='avia-image-container av-mnyzqr0l-8a35c87daf82d6382e2820f4ac4567e1 av-styling- avia-align-center  avia-builder-el-46  avia-builder-el-no-sibling '   itemprop=\"image\" itemscope=\"itemscope\" itemtype=\"https:\/\/schema.org\/ImageObject\" ><div class=\"avia-image-container-inner\"><div class=\"avia-image-overlay-wrap\"><img decoding=\"async\" fetchpriority=\"high\" class='wp-image-1146 avia-img-lazy-loading-not-1146 avia_image ' src=\"https:\/\/www.monteure-auf-zeit.de\/home\/wp-content\/uploads\/2026\/03\/paneelbau-1-845x684.png\" alt='Monteure Freiburg im Breisgau' title='Monteure Freiburg im Breisgau'  height=\"684\" width=\"845\"  itemprop=\"thumbnailUrl\" srcset=\"https:\/\/www.monteure-auf-zeit.de\/home\/wp-content\/uploads\/2026\/03\/paneelbau-1-845x684.png 845w, https:\/\/www.monteure-auf-zeit.de\/home\/wp-content\/uploads\/2026\/03\/paneelbau-1-495x400.png 495w\" sizes=\"(max-width: 845px) 100vw, 845px\" \/><\/div><\/div><\/div><\/div><div  class='flex_column av-av_one_third-538dd737667e19053994a94b9156413b av_one_third  avia-builder-el-47  el_after_av_one_third  el_before_av_one_third  flex_column_div  column-top-margin'     ><style type=\"text\/css\" data-created_by=\"avia_inline_auto\" id=\"style-css-av-mnyzrk86-e6292b8dcef7ff94df9cfd7672653a1b\">\n.avia-image-container.av-mnyzrk86-e6292b8dcef7ff94df9cfd7672653a1b img.avia_image{\nbox-shadow:none;\n}\n.avia-image-container.av-mnyzrk86-e6292b8dcef7ff94df9cfd7672653a1b .av-image-caption-overlay-center{\ncolor:#ffffff;\n}\n<\/style>\n<div  class='avia-image-container av-mnyzrk86-e6292b8dcef7ff94df9cfd7672653a1b av-styling- avia-align-center  avia-builder-el-48  avia-builder-el-no-sibling '   itemprop=\"image\" itemscope=\"itemscope\" itemtype=\"https:\/\/schema.org\/ImageObject\" ><div class=\"avia-image-container-inner\"><div class=\"avia-image-overlay-wrap\"><img decoding=\"async\" fetchpriority=\"high\" class='wp-image-1159 avia-img-lazy-loading-not-1159 avia_image ' src=\"https:\/\/www.monteure-auf-zeit.de\/home\/wp-content\/uploads\/2026\/03\/objekt_gewerbebau_v2-845x684.png\" alt='Monteure Freiburg im Breisgau' title='Monteure Freiburg im Breisgau'  height=\"684\" width=\"845\"  itemprop=\"thumbnailUrl\" srcset=\"https:\/\/www.monteure-auf-zeit.de\/home\/wp-content\/uploads\/2026\/03\/objekt_gewerbebau_v2-845x684.png 845w, https:\/\/www.monteure-auf-zeit.de\/home\/wp-content\/uploads\/2026\/03\/objekt_gewerbebau_v2-495x400.png 495w\" sizes=\"(max-width: 845px) 100vw, 845px\" \/><\/div><\/div><\/div><\/div><div  class='flex_column av-av_one_third-538dd737667e19053994a94b9156413b av_one_third  avia-builder-el-49  el_after_av_one_third  el_before_av_one_full  flex_column_div  column-top-margin'     ><style type=\"text\/css\" data-created_by=\"avia_inline_auto\" id=\"style-css-av-mnyzrz86-0e3e6aa63f0dae492e7f0e183c495cbd\">\n.avia-image-container.av-mnyzrz86-0e3e6aa63f0dae492e7f0e183c495cbd img.avia_image{\nbox-shadow:none;\n}\n.avia-image-container.av-mnyzrz86-0e3e6aa63f0dae492e7f0e183c495cbd .av-image-caption-overlay-center{\ncolor:#ffffff;\n}\n<\/style>\n<div  class='avia-image-container av-mnyzrz86-0e3e6aa63f0dae492e7f0e183c495cbd av-styling- avia-align-center  avia-builder-el-50  avia-builder-el-no-sibling '   itemprop=\"image\" itemscope=\"itemscope\" itemtype=\"https:\/\/schema.org\/ImageObject\" ><div class=\"avia-image-container-inner\"><div class=\"avia-image-overlay-wrap\"><img decoding=\"async\" fetchpriority=\"high\" class='wp-image-1144 avia-img-lazy-loading-not-1144 avia_image ' src=\"https:\/\/www.monteure-auf-zeit.de\/home\/wp-content\/uploads\/2026\/03\/kuehlraumpaneele-1-845x684.png\" alt='Monteure Freiburg im Breisgau' title='Monteure Freiburg im Breisgau'  height=\"684\" width=\"845\"  itemprop=\"thumbnailUrl\" srcset=\"https:\/\/www.monteure-auf-zeit.de\/home\/wp-content\/uploads\/2026\/03\/kuehlraumpaneele-1-845x684.png 845w, https:\/\/www.monteure-auf-zeit.de\/home\/wp-content\/uploads\/2026\/03\/kuehlraumpaneele-1-495x400.png 495w\" sizes=\"(max-width: 845px) 100vw, 845px\" \/><\/div><\/div><\/div><\/div><div  class='flex_column av-av_one_full-a2cef933b0a555f25d1e39b22a8e9dae av_one_full  avia-builder-el-51  el_after_av_one_third  el_before_av_one_full  first flex_column_div  column-top-margin'     ><section  class='av_textblock_section av-av_textblock-92ab5b4c5448b40ef3b82fb3d397e98e '   itemscope=\"itemscope\" itemtype=\"https:\/\/schema.org\/CreativeWork\" ><div class='avia_textblock'  itemprop=\"text\" ><p><h2>Professionelle Monteure in Freiburg im Breisgau: Ihr Partner f\u00fcr K\u00fchlraumbau<\/h2>\n<p>In der Region Freiburg im Breisgau sind spezialisierte Fachkr\u00e4fte im Bereich K\u00fchlraumbau unverzichtbar. Die Pientka GmbH versteht die Bedeutung pr\u00e4ziser Montagearbeiten, die nicht nur den nahtlosen Betrieb, sondern auch die Effizienz und Sicherheit garantieren. Unsere Monteure bringen jahrelange Erfahrung und Expertise in jedem Projekt ein. Freiburg, mit seinem einladenden Klima und der malerischen Umgebung, ist bekannt f\u00fcr seine hohen Standards. Genau diesen Qualit\u00e4tsanspruch erf\u00fcllen wir durch unsere ma\u00dfgeschneiderten L\u00f6sungen im K\u00fchlraumbau. Egal, welche Anforderungen Ihre R\u00e4umlichkeiten mit sich bringen, unsere Monteure stellen sicher, dass jede Montagearbeit bis ins Detail geplant und umgesetzt wird, ohne Kompromisse bei der Qualit\u00e4t einzugehen.<\/p>\n<p><h3>Lokale Fachkr\u00e4fte mit Expertise: Monteure Freiburg im Breisgau<\/h3>\n<p>Unsere Monteure in Freiburg im Breisgau verstehen die lokalen Anforderungen und Besonderheiten, die der K\u00fchlraumbau mit sich bringt. Die Pientka GmbH sieht sich als Teil der regionalen Wirtschaft und ist daher bestrebt, Arbeitspl\u00e4tze in der Region zu schaffen und zu st\u00e4rken. Die Verbindung zu Freiburgs Handwerkstradition macht uns zu einem zuverl\u00e4ssigen Partner f\u00fcr Ihr Bauprojekt. Der Einsatz unserer Monteure garantiert nicht nur die technische Richtigkeit der Montagen, sondern auch eine Zusammenarbeit, die auf Vertrauen und Verl\u00e4sslichkeit basiert. Im engen Austausch mit den Kunden entwickeln wir L\u00f6sungen, die spezifisch auf den Bedarf und die baulichen Gegebenheiten zugeschnitten sind. Dies sorgt f\u00fcr eine deutliche Effizienzsteigerung und hilft Ihnen, langfristig Ressourcen zu sparen.<\/p>\n<p><h3>Pientka GmbH: Ihre Wahl f\u00fcr qualifizierte Monteure in Freiburg im Breisgau<\/h3>\n<p>Abschlie\u00dfend l\u00e4sst sich sagen, dass die Pientka GmbH mit ihren Monteuren in Freiburg im Breisgau nicht nur f\u00fcr Qualit\u00e4t, sondern auch f\u00fcr Zuverl\u00e4ssigkeit steht. Wir begleiten Sie von der ersten Planung bis zur finalen Umsetzung Ihres Projekts im Bereich K\u00fchlraumbau. Dabei steht der Dialog mit Ihnen im Vordergrund, damit jede Entscheidung auf fundierten Informationen basiert und Ihre Bed\u00fcrfnisse ber\u00fccksichtigt. Unsere Monteure f\u00fchren jede Montage mit dem h\u00f6chsten Grad an Professionalit\u00e4t aus, um sicherzustellen, dass Ihre Investition nachhaltig zu Ihrem Gesch\u00e4ftserfolg beitr\u00e4gt. Vertrauen Sie auf die Expertise der Pientka GmbH und setzen Sie auf Monteure, die Freiburg im Breisgau bestens kennen und Ihre Bauprojekte auf h\u00f6chstem Niveau realisieren.<\/p>\n<\/div><\/section><\/div><div  class='flex_column av-av_one_full-a2cef933b0a555f25d1e39b22a8e9dae av_one_full  avia-builder-el-53  el_after_av_one_full  avia-builder-el-last  first flex_column_div  column-top-margin'     ><section  class='av_textblock_section av-mnyzqgws-dda1c92767e2c99ffd07b4dd2533a93b '   itemscope=\"itemscope\" itemtype=\"https:\/\/schema.org\/CreativeWork\" ><div class='avia_textblock'  itemprop=\"text\" ><h2>Warum die Pientka GmbH die beste Wahl f\u00fcr Monteure in Freiburg im Breisgau ist<\/h2>\n<p>Die Pientka GmbH ist ein Unternehmen, das sich auf die Bereitstellung von qualifizierten Monteuren in Freiburg im Breisgau spezialisiert hat. Als regional verankertes Unternehmen sind wir bestens mit den lokalen Gegebenheiten vertraut, was uns erm\u00f6glicht, ma\u00dfgeschneiderte L\u00f6sungen f\u00fcr unterschiedlichste Projekte anzubieten. Unsere Monteure sind nicht nur fachlich hervorragend ausgebildet, sondern zeichnen sich auch durch ihre Zuverl\u00e4ssigkeit und Flexibilit\u00e4t aus. Diese Eigenschaften sind besonders f\u00fcr ein dynamisches Umfeld wie Freiburg im Breisgau von unsch\u00e4tzbarem Wert. Wir verstehen die spezifischen Bed\u00fcrfnisse unserer Kunden und bieten dadurch einen echten Mehrwert durch die Reduzierung von Projektzeiten und eine erh\u00f6hte Effizienz.<\/p>\n<h3>Vorteile der Zusammenarbeit mit Pientka GmbH f\u00fcr Unternehmen in Freiburg<\/h3>\n<p>Die Zusammenarbeit mit der Pientka GmbH bietet Unternehmen in Freiburg viele Vorteile. Zun\u00e4chst einmal setzen wir auf einen kundenorientierten Service, der es uns erlaubt, auf individuelle Anforderungen flexibel einzugehen. Unsere Monteure sind sowohl in klassischen Aufgaben als auch in spezialisierten Bereichen t\u00e4tig, was uns zur ersten Wahl f\u00fcr Firmen macht, die in Freiburg im Breisgau auf der Suche nach Experten f\u00fcr ihre Projekte sind. Ob es sich um gro\u00dfe Bauvorhaben oder kurzfristige Reparatureins\u00e4tze handelt, unsere Monteure bieten eine zuverl\u00e4ssige und effiziente Unterst\u00fctzung. Durch unsere lokale Pr\u00e4senz sind wir in der Lage, schnell auf Anfragen zu reagieren, wodurch Verz\u00f6gerungen minimiert werden und Projekte termingerecht abgeschlossen werden.<\/p>\n<h4>Lokale Expertise f\u00fcr maximale Effizienz<\/h4>\n<p>Unsere St\u00e4rke liegt auch in unserer tiefen Verwurzelung in der Region Freiburg im Breisgau. Diese lokale Expertise erm\u00f6glicht es uns, mit den spezifischen Anforderungen und Herausforderungen der Region bestens vertraut zu sein und dadurch ma\u00dfgeschneiderte L\u00f6sungen f\u00fcr unsere Kunden anzubieten. Monteure Freiburg im Breisgau ist nicht nur ein Schlagwort, sondern unser Versprechen, Ihnen genau die Expertise zu liefern, die Sie f\u00fcr Ihr Projekt ben\u00f6tigen. Durch die enge Zusammenarbeit mit lokalen Partnern und Zulieferern k\u00f6nnen wir zudem eine nahtlose Integration in bestehende Projekte gew\u00e4hrleisten. Die Pientka GmbH ist Ihr verl\u00e4sslicher Partner f\u00fcr alle Herausforderungen im Bereich Montage und bietet Ihnen den entscheidenden Wettbewerbsvorteil, den Sie brauchen.<\/p>\n<p><iframe style='border: 0;' src='https:\/\/www.google.com\/maps?q=Freiburg im Breisgau+&#038;output=embed' width='100%' height='450' allowfullscreen='allowfullscreen'><\/iframe><\/p>\n<\/div><\/section><\/div><\/div><\/div><\/div><!-- close content main div --><\/div><\/div><div id='after_section_6'  class='main_color av_default_container_wrap container_wrap sidebar_right'  ><div class='container av-section-cont-open' ><div class='template-page content  av-content-small alpha units'><div class='post-entry post-entry-type-page post-entry-1332'><div class='entry-content-wrapper clearfix'>\n","protected":false},"excerpt":{"rendered":"","protected":false},"author":1,"featured_media":1160,"parent":736,"menu_order":0,"comment_status":"closed","ping_status":"closed","template":"","meta":{"footnotes":""},"class_list":["post-1332","page","type-page","status-publish","has-post-thumbnail","hentry"],"yoast_head":"<!-- This site is optimized with the Yoast SEO plugin v27.1.1 - https:\/\/yoast.com\/product\/yoast-seo-wordpress\/ -->\n<title>Monteure Freiburg im Breisgau | Erfahrene Monteure | kurzfristig einsatzbereit<\/title>\n<meta name=\"description\" content=\"Monteure Freiburg im Breisgau Montageteams f\u00fcr Metall-, Fassaden- und Paneelbau sowie K\u00fchlraumbau \u2013 \u2713erfahren \u2713pr\u00e4zise \u2713bundesweit kurzfristig einsatzbereit.\" \/>\n<meta name=\"robots\" content=\"index, follow, max-snippet:-1, max-image-preview:large, max-video-preview:-1\" \/>\n<link rel=\"canonical\" href=\"https:\/\/www.monteure-auf-zeit.de\/home\/monteure\/monteure-freiburg-im-breisgau\/\" \/>\n<meta property=\"og:locale\" content=\"de_DE\" \/>\n<meta property=\"og:type\" content=\"article\" \/>\n<meta property=\"og:title\" content=\"Monteure Freiburg im Breisgau | Erfahrene Monteure | kurzfristig einsatzbereit\" \/>\n<meta property=\"og:description\" content=\"Monteure Freiburg im Breisgau Montageteams f\u00fcr Metall-, Fassaden- und Paneelbau sowie K\u00fchlraumbau \u2013 \u2713erfahren \u2713pr\u00e4zise \u2713bundesweit kurzfristig einsatzbereit.\" \/>\n<meta property=\"og:url\" content=\"https:\/\/www.monteure-auf-zeit.de\/home\/monteure\/monteure-freiburg-im-breisgau\/\" \/>\n<meta property=\"og:site_name\" content=\"Pientka Monteure auf Zeit\" \/>\n<meta property=\"article:modified_time\" content=\"2026-04-14T19:44:15+00:00\" \/>\n<meta property=\"og:image\" content=\"https:\/\/www.monteure-auf-zeit.de\/home\/wp-content\/uploads\/2026\/03\/hallen_logistikbau_v2.png\" \/>\n\t<meta property=\"og:image:width\" content=\"1400\" \/>\n\t<meta property=\"og:image:height\" content=\"935\" \/>\n\t<meta property=\"og:image:type\" content=\"image\/png\" \/>\n<meta name=\"twitter:card\" content=\"summary_large_image\" \/>\n<meta name=\"twitter:label1\" content=\"Gesch\u00e4tzte Lesezeit\" \/>\n\t<meta name=\"twitter:data1\" content=\"76\u00a0Minuten\" \/>\n<script type=\"application\/ld+json\" class=\"yoast-schema-graph\">{\"@context\":\"https:\/\/schema.org\",\"@graph\":[{\"@type\":\"WebPage\",\"@id\":\"https:\/\/www.monteure-auf-zeit.de\/home\/monteure\/monteure-freiburg-im-breisgau\/\",\"url\":\"https:\/\/www.monteure-auf-zeit.de\/home\/monteure\/monteure-freiburg-im-breisgau\/\",\"name\":\"Monteure Freiburg im Breisgau | Erfahrene Monteure | kurzfristig einsatzbereit\",\"isPartOf\":{\"@id\":\"https:\/\/www.monteure-auf-zeit.de\/home\/#website\"},\"primaryImageOfPage\":{\"@id\":\"https:\/\/www.monteure-auf-zeit.de\/home\/monteure\/monteure-freiburg-im-breisgau\/#primaryimage\"},\"image\":{\"@id\":\"https:\/\/www.monteure-auf-zeit.de\/home\/monteure\/monteure-freiburg-im-breisgau\/#primaryimage\"},\"thumbnailUrl\":\"https:\/\/www.monteure-auf-zeit.de\/home\/wp-content\/uploads\/2026\/03\/hallen_logistikbau_v2.png\",\"datePublished\":\"2026-04-14T19:20:41+00:00\",\"dateModified\":\"2026-04-14T19:44:15+00:00\",\"description\":\"Monteure Freiburg im Breisgau Montageteams f\u00fcr Metall-, Fassaden- und Paneelbau sowie K\u00fchlraumbau \u2013 \u2713erfahren \u2713pr\u00e4zise \u2713bundesweit kurzfristig einsatzbereit.\",\"breadcrumb\":{\"@id\":\"https:\/\/www.monteure-auf-zeit.de\/home\/monteure\/monteure-freiburg-im-breisgau\/#breadcrumb\"},\"inLanguage\":\"de\",\"potentialAction\":[{\"@type\":\"ReadAction\",\"target\":[\"https:\/\/www.monteure-auf-zeit.de\/home\/monteure\/monteure-freiburg-im-breisgau\/\"]}]},{\"@type\":\"ImageObject\",\"inLanguage\":\"de\",\"@id\":\"https:\/\/www.monteure-auf-zeit.de\/home\/monteure\/monteure-freiburg-im-breisgau\/#primaryimage\",\"url\":\"https:\/\/www.monteure-auf-zeit.de\/home\/wp-content\/uploads\/2026\/03\/hallen_logistikbau_v2.png\",\"contentUrl\":\"https:\/\/www.monteure-auf-zeit.de\/home\/wp-content\/uploads\/2026\/03\/hallen_logistikbau_v2.png\",\"width\":1400,\"height\":935,\"caption\":\"Lagerhallen Logistikzentren Gewerbehallen Stahlhallen Umschlaghallen\"},{\"@type\":\"BreadcrumbList\",\"@id\":\"https:\/\/www.monteure-auf-zeit.de\/home\/monteure\/monteure-freiburg-im-breisgau\/#breadcrumb\",\"itemListElement\":[{\"@type\":\"ListItem\",\"position\":1,\"name\":\"Start\",\"item\":\"https:\/\/www.monteure-auf-zeit.de\/home\/home\/\"},{\"@type\":\"ListItem\",\"position\":2,\"name\":\"Monteure\",\"item\":\"https:\/\/www.monteure-auf-zeit.de\/home\/monteure\/\"},{\"@type\":\"ListItem\",\"position\":3,\"name\":\"Monteure Freiburg im Breisgau\"}]},{\"@type\":\"WebSite\",\"@id\":\"https:\/\/www.monteure-auf-zeit.de\/home\/#website\",\"url\":\"https:\/\/www.monteure-auf-zeit.de\/home\/\",\"name\":\"Pientka Monteure auf Zeit\",\"description\":\"Erfahrene Monteure deutschlandweit kurzfristig einsatzbereit\",\"publisher\":{\"@id\":\"https:\/\/www.monteure-auf-zeit.de\/home\/#organization\"},\"potentialAction\":[{\"@type\":\"SearchAction\",\"target\":{\"@type\":\"EntryPoint\",\"urlTemplate\":\"https:\/\/www.monteure-auf-zeit.de\/home\/?s={search_term_string}\"},\"query-input\":{\"@type\":\"PropertyValueSpecification\",\"valueRequired\":true,\"valueName\":\"search_term_string\"}}],\"inLanguage\":\"de\"},{\"@type\":\"Organization\",\"@id\":\"https:\/\/www.monteure-auf-zeit.de\/home\/#organization\",\"name\":\"Pientka Monteure auf Zeit\",\"url\":\"https:\/\/www.monteure-auf-zeit.de\/home\/\",\"logo\":{\"@type\":\"ImageObject\",\"inLanguage\":\"de\",\"@id\":\"https:\/\/www.monteure-auf-zeit.de\/home\/#\/schema\/logo\/image\/\",\"url\":\"https:\/\/www.monteure-auf-zeit.de\/home\/wp-content\/uploads\/2022\/03\/logo_zeit_abstand.png\",\"contentUrl\":\"https:\/\/www.monteure-auf-zeit.de\/home\/wp-content\/uploads\/2022\/03\/logo_zeit_abstand.png\",\"width\":703,\"height\":674,\"caption\":\"Pientka Monteure auf Zeit\"},\"image\":{\"@id\":\"https:\/\/www.monteure-auf-zeit.de\/home\/#\/schema\/logo\/image\/\"}}]}<\/script>\n<!-- \/ Yoast SEO plugin. -->","yoast_head_json":{"title":"Monteure Freiburg im Breisgau | Erfahrene Monteure | kurzfristig einsatzbereit","description":"Monteure Freiburg im Breisgau Montageteams f\u00fcr Metall-, Fassaden- und Paneelbau sowie K\u00fchlraumbau \u2013 \u2713erfahren \u2713pr\u00e4zise \u2713bundesweit kurzfristig einsatzbereit.","robots":{"index":"index","follow":"follow","max-snippet":"max-snippet:-1","max-image-preview":"max-image-preview:large","max-video-preview":"max-video-preview:-1"},"canonical":"https:\/\/www.monteure-auf-zeit.de\/home\/monteure\/monteure-freiburg-im-breisgau\/","og_locale":"de_DE","og_type":"article","og_title":"Monteure Freiburg im Breisgau | Erfahrene Monteure | kurzfristig einsatzbereit","og_description":"Monteure Freiburg im Breisgau Montageteams f\u00fcr Metall-, Fassaden- und Paneelbau sowie K\u00fchlraumbau \u2013 \u2713erfahren \u2713pr\u00e4zise \u2713bundesweit kurzfristig einsatzbereit.","og_url":"https:\/\/www.monteure-auf-zeit.de\/home\/monteure\/monteure-freiburg-im-breisgau\/","og_site_name":"Pientka Monteure auf Zeit","article_modified_time":"2026-04-14T19:44:15+00:00","og_image":[{"width":1400,"height":935,"url":"https:\/\/www.monteure-auf-zeit.de\/home\/wp-content\/uploads\/2026\/03\/hallen_logistikbau_v2.png","type":"image\/png"}],"twitter_card":"summary_large_image","twitter_misc":{"Gesch\u00e4tzte Lesezeit":"76\u00a0Minuten"},"schema":{"@context":"https:\/\/schema.org","@graph":[{"@type":"WebPage","@id":"https:\/\/www.monteure-auf-zeit.de\/home\/monteure\/monteure-freiburg-im-breisgau\/","url":"https:\/\/www.monteure-auf-zeit.de\/home\/monteure\/monteure-freiburg-im-breisgau\/","name":"Monteure Freiburg im Breisgau | Erfahrene Monteure | kurzfristig einsatzbereit","isPartOf":{"@id":"https:\/\/www.monteure-auf-zeit.de\/home\/#website"},"primaryImageOfPage":{"@id":"https:\/\/www.monteure-auf-zeit.de\/home\/monteure\/monteure-freiburg-im-breisgau\/#primaryimage"},"image":{"@id":"https:\/\/www.monteure-auf-zeit.de\/home\/monteure\/monteure-freiburg-im-breisgau\/#primaryimage"},"thumbnailUrl":"https:\/\/www.monteure-auf-zeit.de\/home\/wp-content\/uploads\/2026\/03\/hallen_logistikbau_v2.png","datePublished":"2026-04-14T19:20:41+00:00","dateModified":"2026-04-14T19:44:15+00:00","description":"Monteure Freiburg im Breisgau Montageteams f\u00fcr Metall-, Fassaden- und Paneelbau sowie K\u00fchlraumbau \u2013 \u2713erfahren \u2713pr\u00e4zise \u2713bundesweit kurzfristig einsatzbereit.","breadcrumb":{"@id":"https:\/\/www.monteure-auf-zeit.de\/home\/monteure\/monteure-freiburg-im-breisgau\/#breadcrumb"},"inLanguage":"de","potentialAction":[{"@type":"ReadAction","target":["https:\/\/www.monteure-auf-zeit.de\/home\/monteure\/monteure-freiburg-im-breisgau\/"]}]},{"@type":"ImageObject","inLanguage":"de","@id":"https:\/\/www.monteure-auf-zeit.de\/home\/monteure\/monteure-freiburg-im-breisgau\/#primaryimage","url":"https:\/\/www.monteure-auf-zeit.de\/home\/wp-content\/uploads\/2026\/03\/hallen_logistikbau_v2.png","contentUrl":"https:\/\/www.monteure-auf-zeit.de\/home\/wp-content\/uploads\/2026\/03\/hallen_logistikbau_v2.png","width":1400,"height":935,"caption":"Lagerhallen Logistikzentren Gewerbehallen Stahlhallen Umschlaghallen"},{"@type":"BreadcrumbList","@id":"https:\/\/www.monteure-auf-zeit.de\/home\/monteure\/monteure-freiburg-im-breisgau\/#breadcrumb","itemListElement":[{"@type":"ListItem","position":1,"name":"Start","item":"https:\/\/www.monteure-auf-zeit.de\/home\/home\/"},{"@type":"ListItem","position":2,"name":"Monteure","item":"https:\/\/www.monteure-auf-zeit.de\/home\/monteure\/"},{"@type":"ListItem","position":3,"name":"Monteure Freiburg im Breisgau"}]},{"@type":"WebSite","@id":"https:\/\/www.monteure-auf-zeit.de\/home\/#website","url":"https:\/\/www.monteure-auf-zeit.de\/home\/","name":"Pientka Monteure auf Zeit","description":"Erfahrene Monteure deutschlandweit kurzfristig einsatzbereit","publisher":{"@id":"https:\/\/www.monteure-auf-zeit.de\/home\/#organization"},"potentialAction":[{"@type":"SearchAction","target":{"@type":"EntryPoint","urlTemplate":"https:\/\/www.monteure-auf-zeit.de\/home\/?s={search_term_string}"},"query-input":{"@type":"PropertyValueSpecification","valueRequired":true,"valueName":"search_term_string"}}],"inLanguage":"de"},{"@type":"Organization","@id":"https:\/\/www.monteure-auf-zeit.de\/home\/#organization","name":"Pientka Monteure auf Zeit","url":"https:\/\/www.monteure-auf-zeit.de\/home\/","logo":{"@type":"ImageObject","inLanguage":"de","@id":"https:\/\/www.monteure-auf-zeit.de\/home\/#\/schema\/logo\/image\/","url":"https:\/\/www.monteure-auf-zeit.de\/home\/wp-content\/uploads\/2022\/03\/logo_zeit_abstand.png","contentUrl":"https:\/\/www.monteure-auf-zeit.de\/home\/wp-content\/uploads\/2022\/03\/logo_zeit_abstand.png","width":703,"height":674,"caption":"Pientka Monteure auf Zeit"},"image":{"@id":"https:\/\/www.monteure-auf-zeit.de\/home\/#\/schema\/logo\/image\/"}}]}},"_links":{"self":[{"href":"https:\/\/www.monteure-auf-zeit.de\/home\/wp-json\/wp\/v2\/pages\/1332","targetHints":{"allow":["GET"]}}],"collection":[{"href":"https:\/\/www.monteure-auf-zeit.de\/home\/wp-json\/wp\/v2\/pages"}],"about":[{"href":"https:\/\/www.monteure-auf-zeit.de\/home\/wp-json\/wp\/v2\/types\/page"}],"author":[{"embeddable":true,"href":"https:\/\/www.monteure-auf-zeit.de\/home\/wp-json\/wp\/v2\/users\/1"}],"replies":[{"embeddable":true,"href":"https:\/\/www.monteure-auf-zeit.de\/home\/wp-json\/wp\/v2\/comments?post=1332"}],"version-history":[{"count":7,"href":"https:\/\/www.monteure-auf-zeit.de\/home\/wp-json\/wp\/v2\/pages\/1332\/revisions"}],"predecessor-version":[{"id":1844,"href":"https:\/\/www.monteure-auf-zeit.de\/home\/wp-json\/wp\/v2\/pages\/1332\/revisions\/1844"}],"up":[{"embeddable":true,"href":"https:\/\/www.monteure-auf-zeit.de\/home\/wp-json\/wp\/v2\/pages\/736"}],"wp:featuredmedia":[{"embeddable":true,"href":"https:\/\/www.monteure-auf-zeit.de\/home\/wp-json\/wp\/v2\/media\/1160"}],"wp:attachment":[{"href":"https:\/\/www.monteure-auf-zeit.de\/home\/wp-json\/wp\/v2\/media?parent=1332"}],"curies":[{"name":"wp","href":"https:\/\/api.w.org\/{rel}","templated":true}]}}